{"id":19720,"date":"2026-04-24T14:16:35","date_gmt":"2026-04-24T18:16:35","guid":{"rendered":"https:\/\/www.fscindigenousfoundation.org\/?page_id=19720"},"modified":"2026-04-24T20:20:08","modified_gmt":"2026-04-25T00:20:08","slug":"comite-permanente-dos-povos-indigenas-do-fsc","status":"publish","type":"page","link":"https:\/\/www.fscindigenousfoundation.org\/pt-br\/comite-permanente-dos-povos-indigenas-do-fsc\/","title":{"rendered":"Comit\u00ea Permanente dos Povos Ind\u00edgenas do FSC"},"content":{"rendered":"\n<section id=\"block_b9f47e63019146e1ed9ca8a8b379c63e\" class=\"section slide-masthead \">\n  <div class=\"container--full-width\">\n    <div class=\"swiper slide-masthead__swiper\">\n      <div class=\"swiper-wrapper slide-masthead__swiper-wrapper\">\n        <div class=\"swiper-slide slide-masthead__swiper-slide\">\n  <div class=\"slide-masthead__image\">\n    <img decoding=\"async\" loading=\"lazy\" data-object-fit=\"cover\" data-object-position=\"center\" src=\"https:\/\/www.fscindigenousfoundation.org\/wp-content\/uploads\/2026\/04\/ga-bali-2022.jpg\" alt=\"GA Bali 2022\">\n  <\/div>\n\n  <div class=\"slide-masthead__content\">\n    <div class=\"container\">\n      <div class=\"swiper-pagination\"><\/div>\n\n      <h2 class=\"slide-masthead__title\">\n               <\/h2>\n\n          <\/div>\n  <\/div>\n<\/div><div class=\"swiper-slide slide-masthead__swiper-slide\">\n  <div class=\"slide-masthead__image\">\n    <img decoding=\"async\" loading=\"lazy\" data-object-fit=\"cover\" data-object-position=\"center\" src=\"https:\/\/www.fscindigenousfoundation.org\/wp-content\/uploads\/2026\/04\/oceania-reg-m-nz-2025.jpg\" alt=\"Oceania Reg M NZ 2025\">\n  <\/div>\n\n  <div class=\"slide-masthead__content\">\n    <div class=\"container\">\n      <div class=\"swiper-pagination\"><\/div>\n\n      <h2 class=\"slide-masthead__title\">\n               <\/h2>\n\n          <\/div>\n  <\/div>\n<\/div><div class=\"swiper-slide slide-masthead__swiper-slide\">\n  <div class=\"slide-masthead__image\">\n    <img decoding=\"async\" loading=\"lazy\" data-object-fit=\"cover\" data-object-position=\"center\" src=\"https:\/\/www.fscindigenousfoundation.org\/wp-content\/uploads\/2026\/04\/latam-reg-meeting-2025-pa.jpg\" alt=\"Latam Reg M PA 2025\">\n  <\/div>\n\n  <div class=\"slide-masthead__content\">\n    <div class=\"container\">\n      <div class=\"swiper-pagination\"><\/div>\n\n      <h2 class=\"slide-masthead__title\">\n               <\/h2>\n\n          <\/div>\n  <\/div>\n<\/div><div class=\"swiper-slide slide-masthead__swiper-slide\">\n  <div class=\"slide-masthead__image\">\n    <img decoding=\"async\" loading=\"lazy\" data-object-fit=\"cover\" data-object-position=\"center\" src=\"https:\/\/www.fscindigenousfoundation.org\/wp-content\/uploads\/2026\/04\/ga-2025-panama.jpg\" alt=\"GA Panama 2025\">\n  <\/div>\n\n  <div class=\"slide-masthead__content\">\n    <div class=\"container\">\n      <div class=\"swiper-pagination\"><\/div>\n\n      <h2 class=\"slide-masthead__title\">\n               <\/h2>\n\n          <\/div>\n  <\/div>\n<\/div><div class=\"swiper-slide slide-masthead__swiper-slide\">\n  <div class=\"slide-masthead__image\">\n    <img decoding=\"async\" loading=\"lazy\" data-object-fit=\"cover\" data-object-position=\"center\" src=\"https:\/\/www.fscindigenousfoundation.org\/wp-content\/uploads\/2026\/04\/asia-reg-m-thailand-2026.jpg\" alt=\"Asia Reg M Thailand 2026\">\n  <\/div>\n\n  <div class=\"slide-masthead__content\">\n    <div class=\"container\">\n      <div class=\"swiper-pagination\"><\/div>\n\n      <h2 class=\"slide-masthead__title\">\n               <\/h2>\n\n          <\/div>\n  <\/div>\n<\/div>      <\/div>\n    <\/div>\n  <\/div>\n<\/section>\n\n\n<div style=\"height:60px\" aria-hidden=\"true\" class=\"wp-block-spacer\"><\/div>\n\n\n<section id=\"block_be31ed52f86ea740057f78798d315486\" class=\"section header \"  style=\"background-color: #ffffff;\" >\n  <div class=\"container\">\n          <h2 class=\"section-header header__header\">\n        Hist\u00f3ria do PIPC do FSC      <\/h2>\n      <\/div>\n<\/section>\n\n<section id=\"block_e9dffcb471b47b4bcc8e9c4690a4c09a\" class=\"section generic-content generic-content--blue\"  style=\"background-color: #ffffff;\" >\n  <div class=\"container\">\n    \n    \n          <div class=\"generic-content__simple\"><p>O Comit\u00ea Permanente dos Povos Ind\u00edgenas (PIPC) do Forest Stewardship Council, A.C. foi criado em 2013 pela Mo\u00e7\u00e3o 19 da Assembleia Geral do FSC de 2011, para auxiliar a Organiza\u00e7\u00e3o em seus esfor\u00e7os para cumprir seu prop\u00f3sito de promover o manejo vi\u00e1vel dos recursos florestais e da produ\u00e7\u00e3o florestal que preserve o meio ambiente e respeite os direitos dos Povos Ind\u00edgenas.<\/p>\n<\/div>\n    \n    \n      <\/div>\n<\/section>\n\n\n<figure class=\"wp-block-gallery has-nested-images columns-default is-cropped wp-block-gallery-1 is-layout-flex wp-block-gallery-is-layout-flex\">\n<figure class=\"wp-block-image size-medium\"><img loading=\"lazy\" decoding=\"async\" width=\"768\" height=\"512\" data-id=\"19465\" src=\"https:\/\/www.fscindigenousfoundation.org\/wp-content\/uploads\/2026\/04\/ga-2014-sevilla-768x512.jpg\" alt=\"GA Sevilla 2014\" class=\"wp-image-19465\"\/><figcaption class=\"wp-element-caption\">Apresentando o PIPC, Assembleia Geral do FSC 2014, Sevilha<\/figcaption><\/figure>\n\n\n\n<figure class=\"wp-block-image size-large\"><img loading=\"lazy\" decoding=\"async\" width=\"2560\" height=\"1495\" data-id=\"19461\" src=\"https:\/\/www.fscindigenousfoundation.org\/wp-content\/uploads\/2026\/04\/pipc-m-2019-panama-scaled.jpg\" alt=\"PIPC M PA 2019\" class=\"wp-image-19461\"\/><figcaption class=\"wp-element-caption\">Reuni\u00e3o do PIPC em 2019, Panam\u00e1<\/figcaption><\/figure>\n\n\n\n<figure class=\"wp-block-image size-large\"><img loading=\"lazy\" decoding=\"async\" width=\"2000\" height=\"1334\" data-id=\"19457\" src=\"https:\/\/www.fscindigenousfoundation.org\/wp-content\/uploads\/2026\/04\/ocenia-reg-meeting-2025-nz.jpg\" alt=\"Oceania Reg M NZ 2025\" class=\"wp-image-19457\"\/><figcaption class=\"wp-element-caption\">Reuni\u00e3o Regional da Oceania, 2025, Nova Zel\u00e2ndia<\/figcaption><\/figure>\n\n\n\n<figure class=\"wp-block-image size-large\"><img loading=\"lazy\" decoding=\"async\" width=\"1280\" height=\"724\" data-id=\"19473\" src=\"https:\/\/www.fscindigenousfoundation.org\/wp-content\/uploads\/2026\/04\/africa-regional-meeting-2024.jpeg\" alt=\"Africa Reg M 2024\" class=\"wp-image-19473\"\/><figcaption class=\"wp-element-caption\">\u00c1frica, Reuni\u00e3o Regional, 2024, Qu\u00eania<\/figcaption><\/figure>\n\n\n\n<figure class=\"wp-block-image size-large\"><img loading=\"lazy\" decoding=\"async\" width=\"2000\" height=\"1267\" data-id=\"19453\" src=\"https:\/\/www.fscindigenousfoundation.org\/wp-content\/uploads\/2026\/04\/latam-reg-meet-panama-2025.jpg\" alt=\"Latam Reg M PA 2025\" class=\"wp-image-19453\"\/><figcaption class=\"wp-element-caption\">Reuni\u00e3o Regional da Am\u00e9rica Latina, 2025, Panam\u00e1<\/figcaption><\/figure>\n\n\n\n<figure class=\"wp-block-image size-large\"><img loading=\"lazy\" decoding=\"async\" width=\"2560\" height=\"1440\" data-id=\"19469\" src=\"https:\/\/www.fscindigenousfoundation.org\/wp-content\/uploads\/2026\/04\/asia-reg-meeting-2026-thailand-scaled.jpg\" alt=\"Asia Reg M Thailand 2026\" class=\"wp-image-19469\"\/><figcaption class=\"wp-element-caption\">Reuni\u00e3o Regional da \u00c1sia, 2026, Tail\u00e2ndia<\/figcaption><\/figure>\n<\/figure>\n\n\n<section id=\"block_973707038d4786b2e42386a2f32872a9\" class=\"section generic-content generic-content--blue\"  style=\"background-color: #ffffff;\" >\n  <div class=\"container\">\n    \n    \n          <div class=\"generic-content__simple\"><p>O PIPC \u00e9 um comit\u00ea permanente estabelecido para fornecer assessoria e recomenda\u00e7\u00f5es ao Conselho de Administra\u00e7\u00e3o (BoD) do FSC. O Conselho de Administra\u00e7\u00e3o do FSC dever\u00e1 solicitar assessoria sobre quest\u00f5es relacionadas aos Povos Ind\u00edgenas, incluindo as perspectivas Ind\u00edgenas sobre pol\u00edticas e padr\u00f5es, e o PIPC poder\u00e1, a seu crit\u00e9rio, fazer recomenda\u00e7\u00f5es ao Conselho de Administra\u00e7\u00e3o sobre qualquer quest\u00e3o Ind\u00edgena, mesmo quando a assessoria n\u00e3o for especificamente solicitada pelo Conselho de Administra\u00e7\u00e3o do FSC.<\/p>\n<\/div>\n    \n    \n      <\/div>\n<\/section>\n\n<section id=\"block_b099f828d6a7a752deeee17e91751119\" class=\"section header \"  style=\"background-color: #ffffff;\" >\n  <div class=\"container\">\n          <h2 class=\"section-header header__header\">\n        Miss\u00e3o e Objetivos do PIPC do FSC      <\/h2>\n      <\/div>\n<\/section>\n\n<section id=\"block_e677b11dea27b7fdf5fa718a4ae2e333\" class=\"section generic-content generic-content--blue\"  style=\"background-color: #ffffff;\" >\n  <div class=\"container\">\n    \n    \n          <div class=\"generic-content__simple\"><p>A miss\u00e3o do Comit\u00ea Permanente dos Povos Ind\u00edgenas \u00e9 concentrar os esfor\u00e7os dos Povos Ind\u00edgenas no sistema de certifica\u00e7\u00e3o do FSC, salvaguardar os direitos dos Povos Ind\u00edgenas e aprimorar o manejo florestal, por meio da inclus\u00e3o e do reconhecimento do conhecimento, da autoridade e das pr\u00e1ticas tradicionais Ind\u00edgenas; e apoiar os Povos Ind\u00edgenas na constru\u00e7\u00e3o de um manejo florestal certificado pelo FSC, aumentando sua participa\u00e7\u00e3o no mercado e seu valor.<\/p>\n<p>Os objetivos do PIPC fortalecem o envolvimento dos Povos Ind\u00edgenas com o FSC, por meio de:<\/p>\n<ul>\n<li>Aconselhar o Conselho de Administra\u00e7\u00e3o do FSC sobre como melhorar e ampliar o envolvimento dos Povos Ind\u00edgenas;<\/li>\n<li>Defender o compromisso do FSC de afirmar os direitos dos Povos Ind\u00edgenas e os valores tradicionais e consuetudin\u00e1rios no sistema de certifica\u00e7\u00e3o FSC e em espa\u00e7os de di\u00e1logo relevantes;<\/li>\n<li>Apoiar o engajamento dos Povos Ind\u00edgenas na constru\u00e7\u00e3o de neg\u00f3cios no setor florestal que sejam coerentes com os princ\u00edpios \u00e9ticos do FSC, al\u00e9m de seu compromisso social, ambiental e econ\u00f4mico, e para criar participa\u00e7\u00e3o no mercado.<\/li>\n<\/ul>\n<p>&nbsp;<\/p>\n<\/div>\n    \n    \n      <\/div>\n<\/section>\n\n\n<div style=\"height:60px\" aria-hidden=\"true\" class=\"wp-block-spacer\"><\/div>\n\n\n\n<figure class=\"wp-block-embed aligncenter is-type-video is-provider-youtube wp-block-embed-youtube wp-embed-aspect-16-9\"><div class=\"wp-block-embed__wrapper\">\n<iframe loading=\"lazy\" title=\"The Real Connection\" width=\"640\" height=\"360\" src=\"https:\/\/www.youtube.com\/embed\/9z5xBSJ73AU?feature=oembed\" frameborder=\"0\" allow=\"accelerometer; autoplay; clipboard-write; encrypted-media; gyroscope; picture-in-picture; web-share\" referrerpolicy=\"strict-origin-when-cross-origin\" allowfullscreen><\/iframe>\n<\/div><\/figure>\n\n\n\n<div style=\"height:60px\" aria-hidden=\"true\" class=\"wp-block-spacer\"><\/div>\n\n\n\n<section id=\"block_7c8979057d25550d554537d16e290a0e\" class=\"section teams-grid \"  style=\"background-color: #ffffff;\" >\n  <div class=\"container\">\n          <h2 class=\"section-header teams-grid__header\">\n        Membros do Comit\u00ea Permanente dos Povos Ind\u00edgenas do Forest Stewardship Council      <\/h2>\n    \n    \n    <div class=\"teams-grid__grid\">\n            <div class=\"teams-grid-card\">\n  <div class=\"teams-grid-card__container\">\n          <div class=\"teams-grid-card__image\">\n        <a href=\"https:\/\/www.fscindigenousfoundation.org\/pt-br\/teams\/david-flood\/\" class=\"posts__item-image\">\n          <img loading=\"lazy\" decoding=\"async\" width=\"768\" height=\"768\" src=\"https:\/\/www.fscindigenousfoundation.org\/wp-content\/uploads\/2025\/01\/david-flood-768x768.jpeg\" class=\"attachment-medium size-medium wp-post-image\" alt=\"David Flood\" \/>        <\/a>\n      <\/div>\n    \n          <span class=\"teams-grid-card__title\">\n        <a href=\"https:\/\/www.fscindigenousfoundation.org\/pt-br\/teams\/david-flood\/\">David Flood<\/a>\n      <\/span>\n    \n          <span class=\"teams-grid-card__description\">\n        Presidente e Representante do PIPC para a Am\u00e9rica do Norte      <\/span>\n      <\/div>\n<\/div><div class=\"teams-grid-card\">\n  <div class=\"teams-grid-card__container\">\n          <div class=\"teams-grid-card__image\">\n        <a href=\"https:\/\/www.fscindigenousfoundation.org\/pt-br\/teams\/praful-lakra\/\" class=\"posts__item-image\">\n          <img loading=\"lazy\" decoding=\"async\" width=\"768\" height=\"768\" src=\"https:\/\/www.fscindigenousfoundation.org\/wp-content\/uploads\/2025\/01\/portrait-6-768x768.jpeg\" class=\"attachment-medium size-medium wp-post-image\" alt=\"Praful Lakra\" \/>        <\/a>\n      <\/div>\n    \n          <span class=\"teams-grid-card__title\">\n        <a href=\"https:\/\/www.fscindigenousfoundation.org\/pt-br\/teams\/praful-lakra\/\">Praful Lakra<\/a>\n      <\/span>\n    \n          <span class=\"teams-grid-card__description\">\n        Vice-presidente do PIPC e representante para a \u00c1sia      <\/span>\n      <\/div>\n<\/div><div class=\"teams-grid-card\">\n  <div class=\"teams-grid-card__container\">\n          <div class=\"teams-grid-card__image\">\n        <a href=\"https:\/\/www.fscindigenousfoundation.org\/pt-br\/teams\/samante-anne\/\" class=\"posts__item-image\">\n          <img loading=\"lazy\" decoding=\"async\" width=\"768\" height=\"768\" src=\"https:\/\/www.fscindigenousfoundation.org\/wp-content\/uploads\/2025\/01\/dsc00429-768x768.jpeg\" class=\"attachment-medium size-medium wp-post-image\" alt=\"Samante Anne\" \/>        <\/a>\n      <\/div>\n    \n          <span class=\"teams-grid-card__title\">\n        <a href=\"https:\/\/www.fscindigenousfoundation.org\/pt-br\/teams\/samante-anne\/\">Samante Anne<\/a>\n      <\/span>\n    \n          <span class=\"teams-grid-card__description\">\n        Representante do PIPC para a \u00c1frica angl\u00f3fona      <\/span>\n      <\/div>\n<\/div><div class=\"teams-grid-card\">\n  <div class=\"teams-grid-card__container\">\n          <div class=\"teams-grid-card__image\">\n        <a href=\"https:\/\/www.fscindigenousfoundation.org\/pt-br\/teams\/niila-inga\/\" class=\"posts__item-image\">\n          <img loading=\"lazy\" decoding=\"async\" width=\"768\" height=\"768\" src=\"https:\/\/www.fscindigenousfoundation.org\/wp-content\/uploads\/2025\/01\/portrait-3-768x768.jpeg\" class=\"attachment-medium size-medium wp-post-image\" alt=\"Niila Inga\" \/>        <\/a>\n      <\/div>\n    \n          <span class=\"teams-grid-card__title\">\n        <a href=\"https:\/\/www.fscindigenousfoundation.org\/pt-br\/teams\/niila-inga\/\">Niila Inga<\/a>\n      <\/span>\n    \n          <span class=\"teams-grid-card__description\">\n        Representante do PIPC na Europa      <\/span>\n      <\/div>\n<\/div><div class=\"teams-grid-card\">\n  <div class=\"teams-grid-card__container\">\n          <div class=\"teams-grid-card__image\">\n        <a href=\"https:\/\/www.fscindigenousfoundation.org\/pt-br\/teams\/alina-liviet-santiago-jimenez\/\" class=\"posts__item-image\">\n          <img loading=\"lazy\" decoding=\"async\" width=\"752\" height=\"752\" src=\"https:\/\/www.fscindigenousfoundation.org\/wp-content\/uploads\/2025\/01\/whatsapp-image-2024-02-19-at-082758-3.jpeg\" class=\"attachment-medium size-medium wp-post-image\" alt=\"Alina Liviet Santiago Jimenez\" \/>        <\/a>\n      <\/div>\n    \n          <span class=\"teams-grid-card__title\">\n        <a href=\"https:\/\/www.fscindigenousfoundation.org\/pt-br\/teams\/alina-liviet-santiago-jimenez\/\">Alina Liviet Santiago Jimenez<\/a>\n      <\/span>\n    \n          <span class=\"teams-grid-card__description\">\n        Representante do PIPC para a Am\u00e9rica Central e o Caribe        <\/span>\n      <\/div>\n<\/div><div class=\"teams-grid-card\">\n  <div class=\"teams-grid-card__container\">\n          <div class=\"teams-grid-card__image\">\n        <a href=\"https:\/\/www.fscindigenousfoundation.org\/pt-br\/teams\/olga-kostrova\/\" class=\"posts__item-image\">\n          <img loading=\"lazy\" decoding=\"async\" width=\"768\" height=\"768\" src=\"https:\/\/www.fscindigenousfoundation.org\/wp-content\/uploads\/2025\/01\/olga-kostrova-768x768.png\" class=\"attachment-medium size-medium wp-post-image\" alt=\"\" \/>        <\/a>\n      <\/div>\n    \n          <span class=\"teams-grid-card__title\">\n        <a href=\"https:\/\/www.fscindigenousfoundation.org\/pt-br\/teams\/olga-kostrova\/\">Olga Kostrova<\/a>\n      <\/span>\n    \n          <span class=\"teams-grid-card__description\">\n        Representante do PIPC para a R\u00fassia e a Comunidade de Estados Independentes      <\/span>\n      <\/div>\n<\/div><div class=\"teams-grid-card\">\n  <div class=\"teams-grid-card__container\">\n          <div class=\"teams-grid-card__image\">\n        <a href=\"https:\/\/www.fscindigenousfoundation.org\/pt-br\/teams\/nadia-gomez\/\" class=\"posts__item-image\">\n          <img loading=\"lazy\" decoding=\"async\" width=\"768\" height=\"768\" src=\"https:\/\/www.fscindigenousfoundation.org\/wp-content\/uploads\/2025\/01\/whatsapp-image-2024-02-19-at-082853-1-768x768.jpeg\" class=\"attachment-medium size-medium wp-post-image\" alt=\"Nadia Gomez\" \/>        <\/a>\n      <\/div>\n    \n          <span class=\"teams-grid-card__title\">\n        <a href=\"https:\/\/www.fscindigenousfoundation.org\/pt-br\/teams\/nadia-gomez\/\">Nadia Gomez<\/a>\n      <\/span>\n    \n          <span class=\"teams-grid-card__description\">\n        Representante do PIPC para a Am\u00e9rica do Sul      <\/span>\n      <\/div>\n<\/div><div class=\"teams-grid-card\">\n  <div class=\"teams-grid-card__container\">\n          <div class=\"teams-grid-card__image\">\n        <a href=\"https:\/\/www.fscindigenousfoundation.org\/pt-br\/teams\/te-ngaehe-wanikau\/\" class=\"posts__item-image\">\n          <img loading=\"lazy\" decoding=\"async\" width=\"768\" height=\"768\" src=\"https:\/\/www.fscindigenousfoundation.org\/wp-content\/uploads\/2025\/09\/te-ngaehe-wanikau-profile-photo-min-768x768.png\" class=\"attachment-medium size-medium wp-post-image\" alt=\"FSC Remedy Forum in Jakarta\" \/>        <\/a>\n      <\/div>\n    \n          <span class=\"teams-grid-card__title\">\n        <a href=\"https:\/\/www.fscindigenousfoundation.org\/pt-br\/teams\/te-ngaehe-wanikau\/\">Te Ngaehe Wanikau<\/a>\n      <\/span>\n    \n          <span class=\"teams-grid-card__description\">\n        Representante do PIPC para a Oceania      <\/span>\n      <\/div>\n<\/div>    <\/div>\n  <\/div>\n<\/section>\n\n\n<div class=\"wp-block-buttons is-content-justification-center is-layout-flex wp-container-core-buttons-is-layout-16018d1d wp-block-buttons-is-layout-flex\">\n<div class=\"wp-block-button is-style-fill\"><a class=\"wp-block-button__link has-text-color has-background has-link-color has-custom-font-size wp-element-button\" href=\"https:\/\/www.fscindigenousfoundation.org\/pt-br\/quem-somos\/\" style=\"color:#000748;background-color:#ffa626;font-size:16px;font-style:normal;font-weight:700\" target=\"_blank\" rel=\"noreferrer noopener\">DESCUBRA MAIS<\/a><\/div>\n<\/div>\n\n\n\n<div style=\"height:60px\" aria-hidden=\"true\" class=\"wp-block-spacer\"><\/div>\n","protected":false},"excerpt":{"rendered":"","protected":false},"author":1,"featured_media":0,"parent":0,"menu_order":0,"comment_status":"closed","ping_status":"closed","template":"","meta":{"footnotes":""},"class_list":["post-19720","page","type-page","status-publish","hentry"],"acf":[],"yoast_head":"<!-- This site is optimized with the Yoast SEO plugin v26.9 - https:\/\/yoast.com\/product\/yoast-seo-wordpress\/ -->\n<title>Comit\u00ea Permanente dos Povos Ind\u00edgenas do FSC - FSC Funda\u00e7\u00e3o Ind\u00edgena<\/title>\n<meta name=\"robots\" content=\"index, follow, max-snippet:-1, max-image-preview:large, max-video-preview:-1\" \/>\n<link rel=\"canonical\" href=\"https:\/\/www.fscindigenousfoundation.org\/pt-br\/comite-permanente-dos-povos-indigenas-do-fsc\/\" \/>\n<meta property=\"og:locale\" content=\"pt_BR\" \/>\n<meta property=\"og:type\" content=\"article\" \/>\n<meta property=\"og:title\" content=\"Comit\u00ea Permanente dos Povos Ind\u00edgenas do FSC - FSC Funda\u00e7\u00e3o Ind\u00edgena\" \/>\n<meta property=\"og:url\" content=\"https:\/\/www.fscindigenousfoundation.org\/pt-br\/comite-permanente-dos-povos-indigenas-do-fsc\/\" \/>\n<meta property=\"og:site_name\" content=\"FSC Funda\u00e7\u00e3o Ind\u00edgena\" \/>\n<meta property=\"article:publisher\" content=\"https:\/\/www.facebook.com\/fscindigenousfoundation\" \/>\n<meta property=\"article:modified_time\" content=\"2026-04-25T00:20:08+00:00\" \/>\n<meta property=\"og:image\" content=\"https:\/\/www.fscindigenousfoundation.org\/wp-content\/uploads\/2026\/04\/ga-2014-sevilla-768x512.jpg\" \/>\n<meta name=\"twitter:card\" content=\"summary_large_image\" \/>\n<meta name=\"twitter:site\" content=\"@fsc_if\" \/>\n<meta name=\"twitter:label1\" content=\"Est. reading time\" \/>\n\t<meta name=\"twitter:data1\" content=\"2 minutes\" \/>\n<script type=\"application\/ld+json\" class=\"yoast-schema-graph\">{\"@context\":\"https:\/\/schema.org\",\"@graph\":[{\"@type\":\"WebPage\",\"@id\":\"https:\/\/www.fscindigenousfoundation.org\/pt-br\/comite-permanente-dos-povos-indigenas-do-fsc\/\",\"url\":\"https:\/\/www.fscindigenousfoundation.org\/pt-br\/comite-permanente-dos-povos-indigenas-do-fsc\/\",\"name\":\"Comit\u00ea Permanente dos Povos Ind\u00edgenas do FSC - FSC Funda\u00e7\u00e3o Ind\u00edgena\",\"isPartOf\":{\"@id\":\"https:\/\/www.fscindigenousfoundation.org\/pt-br\/#website\"},\"primaryImageOfPage\":{\"@id\":\"https:\/\/www.fscindigenousfoundation.org\/pt-br\/comite-permanente-dos-povos-indigenas-do-fsc\/#primaryimage\"},\"image\":{\"@id\":\"https:\/\/www.fscindigenousfoundation.org\/pt-br\/comite-permanente-dos-povos-indigenas-do-fsc\/#primaryimage\"},\"thumbnailUrl\":\"https:\/\/www.fscindigenousfoundation.org\/wp-content\/uploads\/2026\/04\/ga-2014-sevilla-768x512.jpg\",\"datePublished\":\"2026-04-24T18:16:35+00:00\",\"dateModified\":\"2026-04-25T00:20:08+00:00\",\"breadcrumb\":{\"@id\":\"https:\/\/www.fscindigenousfoundation.org\/pt-br\/comite-permanente-dos-povos-indigenas-do-fsc\/#breadcrumb\"},\"inLanguage\":\"pt-BR\",\"potentialAction\":[{\"@type\":\"ReadAction\",\"target\":[\"https:\/\/www.fscindigenousfoundation.org\/pt-br\/comite-permanente-dos-povos-indigenas-do-fsc\/\"]}]},{\"@type\":\"ImageObject\",\"inLanguage\":\"pt-BR\",\"@id\":\"https:\/\/www.fscindigenousfoundation.org\/pt-br\/comite-permanente-dos-povos-indigenas-do-fsc\/#primaryimage\",\"url\":\"https:\/\/www.fscindigenousfoundation.org\/wp-content\/uploads\/2026\/04\/ga-2014-sevilla-768x512.jpg\",\"contentUrl\":\"https:\/\/www.fscindigenousfoundation.org\/wp-content\/uploads\/2026\/04\/ga-2014-sevilla-768x512.jpg\"},{\"@type\":\"BreadcrumbList\",\"@id\":\"https:\/\/www.fscindigenousfoundation.org\/pt-br\/comite-permanente-dos-povos-indigenas-do-fsc\/#breadcrumb\",\"itemListElement\":[{\"@type\":\"ListItem\",\"position\":1,\"name\":\"Home\",\"item\":\"https:\/\/www.fscindigenousfoundation.org\/pt-br\/\"},{\"@type\":\"ListItem\",\"position\":2,\"name\":\"Comit\u00ea Permanente dos Povos Ind\u00edgenas do FSC\"}]},{\"@type\":\"WebSite\",\"@id\":\"https:\/\/www.fscindigenousfoundation.org\/pt-br\/#website\",\"url\":\"https:\/\/www.fscindigenousfoundation.org\/pt-br\/\",\"name\":\"IPARD\",\"description\":\"A FSC Funda\u00e7\u00e3o Ind\u00edgena \u00e9 uma funda\u00e7\u00e3o criada para oferecer solu\u00e7\u00f5es que garantam os direitos ind\u00edgenas e protejam seus territ\u00f3rios, floresta e conhecimento ancestral.\",\"publisher\":{\"@id\":\"https:\/\/www.fscindigenousfoundation.org\/pt-br\/#organization\"},\"potentialAction\":[{\"@type\":\"SearchAction\",\"target\":{\"@type\":\"EntryPoint\",\"urlTemplate\":\"https:\/\/www.fscindigenousfoundation.org\/pt-br\/?s={search_term_string}\"},\"query-input\":{\"@type\":\"PropertyValueSpecification\",\"valueRequired\":true,\"valueName\":\"search_term_string\"}}],\"inLanguage\":\"pt-BR\"},{\"@type\":\"Organization\",\"@id\":\"https:\/\/www.fscindigenousfoundation.org\/pt-br\/#organization\",\"name\":\"FSC Indigenous Foundation\",\"url\":\"https:\/\/www.fscindigenousfoundation.org\/pt-br\/\",\"logo\":{\"@type\":\"ImageObject\",\"inLanguage\":\"pt-BR\",\"@id\":\"https:\/\/www.fscindigenousfoundation.org\/pt-br\/#\/schema\/logo\/image\/\",\"url\":\"https:\/\/www.fscindigenousfoundation.org\/wp-content\/uploads\/2021\/09\/fsc-indigenous-foundation-color.png\",\"contentUrl\":\"https:\/\/www.fscindigenousfoundation.org\/wp-content\/uploads\/2021\/09\/fsc-indigenous-foundation-color.png\",\"width\":657,\"height\":197,\"caption\":\"FSC Indigenous Foundation\"},\"image\":{\"@id\":\"https:\/\/www.fscindigenousfoundation.org\/pt-br\/#\/schema\/logo\/image\/\"},\"sameAs\":[\"https:\/\/www.facebook.com\/fscindigenousfoundation\",\"https:\/\/x.com\/fsc_if\",\"https:\/\/instagram.com\/fscindigenousfoundation\"]}]}<\/script>\n<!-- \/ Yoast SEO plugin. -->","yoast_head_json":{"title":"Comit\u00ea Permanente dos Povos Ind\u00edgenas do FSC - FSC Funda\u00e7\u00e3o Ind\u00edgena","robots":{"index":"index","follow":"follow","max-snippet":"max-snippet:-1","max-image-preview":"max-image-preview:large","max-video-preview":"max-video-preview:-1"},"canonical":"https:\/\/www.fscindigenousfoundation.org\/pt-br\/comite-permanente-dos-povos-indigenas-do-fsc\/","og_locale":"pt_BR","og_type":"article","og_title":"Comit\u00ea Permanente dos Povos Ind\u00edgenas do FSC - FSC Funda\u00e7\u00e3o Ind\u00edgena","og_url":"https:\/\/www.fscindigenousfoundation.org\/pt-br\/comite-permanente-dos-povos-indigenas-do-fsc\/","og_site_name":"FSC Funda\u00e7\u00e3o Ind\u00edgena","article_publisher":"https:\/\/www.facebook.com\/fscindigenousfoundation","article_modified_time":"2026-04-25T00:20:08+00:00","og_image":[{"url":"https:\/\/www.fscindigenousfoundation.org\/wp-content\/uploads\/2026\/04\/ga-2014-sevilla-768x512.jpg","type":"","width":"","height":""}],"twitter_card":"summary_large_image","twitter_site":"@fsc_if","twitter_misc":{"Est. reading time":"2 minutes"},"schema":{"@context":"https:\/\/schema.org","@graph":[{"@type":"WebPage","@id":"https:\/\/www.fscindigenousfoundation.org\/pt-br\/comite-permanente-dos-povos-indigenas-do-fsc\/","url":"https:\/\/www.fscindigenousfoundation.org\/pt-br\/comite-permanente-dos-povos-indigenas-do-fsc\/","name":"Comit\u00ea Permanente dos Povos Ind\u00edgenas do FSC - FSC Funda\u00e7\u00e3o Ind\u00edgena","isPartOf":{"@id":"https:\/\/www.fscindigenousfoundation.org\/pt-br\/#website"},"primaryImageOfPage":{"@id":"https:\/\/www.fscindigenousfoundation.org\/pt-br\/comite-permanente-dos-povos-indigenas-do-fsc\/#primaryimage"},"image":{"@id":"https:\/\/www.fscindigenousfoundation.org\/pt-br\/comite-permanente-dos-povos-indigenas-do-fsc\/#primaryimage"},"thumbnailUrl":"https:\/\/www.fscindigenousfoundation.org\/wp-content\/uploads\/2026\/04\/ga-2014-sevilla-768x512.jpg","datePublished":"2026-04-24T18:16:35+00:00","dateModified":"2026-04-25T00:20:08+00:00","breadcrumb":{"@id":"https:\/\/www.fscindigenousfoundation.org\/pt-br\/comite-permanente-dos-povos-indigenas-do-fsc\/#breadcrumb"},"inLanguage":"pt-BR","potentialAction":[{"@type":"ReadAction","target":["https:\/\/www.fscindigenousfoundation.org\/pt-br\/comite-permanente-dos-povos-indigenas-do-fsc\/"]}]},{"@type":"ImageObject","inLanguage":"pt-BR","@id":"https:\/\/www.fscindigenousfoundation.org\/pt-br\/comite-permanente-dos-povos-indigenas-do-fsc\/#primaryimage","url":"https:\/\/www.fscindigenousfoundation.org\/wp-content\/uploads\/2026\/04\/ga-2014-sevilla-768x512.jpg","contentUrl":"https:\/\/www.fscindigenousfoundation.org\/wp-content\/uploads\/2026\/04\/ga-2014-sevilla-768x512.jpg"},{"@type":"BreadcrumbList","@id":"https:\/\/www.fscindigenousfoundation.org\/pt-br\/comite-permanente-dos-povos-indigenas-do-fsc\/#breadcrumb","itemListElement":[{"@type":"ListItem","position":1,"name":"Home","item":"https:\/\/www.fscindigenousfoundation.org\/pt-br\/"},{"@type":"ListItem","position":2,"name":"Comit\u00ea Permanente dos Povos Ind\u00edgenas do FSC"}]},{"@type":"WebSite","@id":"https:\/\/www.fscindigenousfoundation.org\/pt-br\/#website","url":"https:\/\/www.fscindigenousfoundation.org\/pt-br\/","name":"IPARD","description":"A FSC Funda\u00e7\u00e3o Ind\u00edgena \u00e9 uma funda\u00e7\u00e3o criada para oferecer solu\u00e7\u00f5es que garantam os direitos ind\u00edgenas e protejam seus territ\u00f3rios, floresta e conhecimento ancestral.","publisher":{"@id":"https:\/\/www.fscindigenousfoundation.org\/pt-br\/#organization"},"potentialAction":[{"@type":"SearchAction","target":{"@type":"EntryPoint","urlTemplate":"https:\/\/www.fscindigenousfoundation.org\/pt-br\/?s={search_term_string}"},"query-input":{"@type":"PropertyValueSpecification","valueRequired":true,"valueName":"search_term_string"}}],"inLanguage":"pt-BR"},{"@type":"Organization","@id":"https:\/\/www.fscindigenousfoundation.org\/pt-br\/#organization","name":"FSC Indigenous Foundation","url":"https:\/\/www.fscindigenousfoundation.org\/pt-br\/","logo":{"@type":"ImageObject","inLanguage":"pt-BR","@id":"https:\/\/www.fscindigenousfoundation.org\/pt-br\/#\/schema\/logo\/image\/","url":"https:\/\/www.fscindigenousfoundation.org\/wp-content\/uploads\/2021\/09\/fsc-indigenous-foundation-color.png","contentUrl":"https:\/\/www.fscindigenousfoundation.org\/wp-content\/uploads\/2021\/09\/fsc-indigenous-foundation-color.png","width":657,"height":197,"caption":"FSC Indigenous Foundation"},"image":{"@id":"https:\/\/www.fscindigenousfoundation.org\/pt-br\/#\/schema\/logo\/image\/"},"sameAs":["https:\/\/www.facebook.com\/fscindigenousfoundation","https:\/\/x.com\/fsc_if","https:\/\/instagram.com\/fscindigenousfoundation"]}]}},"_links":{"self":[{"href":"https:\/\/www.fscindigenousfoundation.org\/pt-br\/wp-json\/wp\/v2\/pages\/19720","targetHints":{"allow":["GET"]}}],"collection":[{"href":"https:\/\/www.fscindigenousfoundation.org\/pt-br\/wp-json\/wp\/v2\/pages"}],"about":[{"href":"https:\/\/www.fscindigenousfoundation.org\/pt-br\/wp-json\/wp\/v2\/types\/page"}],"author":[{"embeddable":true,"href":"https:\/\/www.fscindigenousfoundation.org\/pt-br\/wp-json\/wp\/v2\/users\/1"}],"replies":[{"embeddable":true,"href":"https:\/\/www.fscindigenousfoundation.org\/pt-br\/wp-json\/wp\/v2\/comments?post=19720"}],"version-history":[{"count":9,"href":"https:\/\/www.fscindigenousfoundation.org\/pt-br\/wp-json\/wp\/v2\/pages\/19720\/revisions"}],"predecessor-version":[{"id":20120,"href":"https:\/\/www.fscindigenousfoundation.org\/pt-br\/wp-json\/wp\/v2\/pages\/19720\/revisions\/20120"}],"wp:attachment":[{"href":"https:\/\/www.fscindigenousfoundation.org\/pt-br\/wp-json\/wp\/v2\/media?parent=19720"}],"curies":[{"name":"wp","href":"https:\/\/api.w.org\/{rel}","templated":true}]}}