{"id":2466,"date":"2021-09-16T20:47:57","date_gmt":"2021-09-17T00:47:57","guid":{"rendered":"https:\/\/www.fscindigenousfoundation.org\/news\/"},"modified":"2026-04-27T12:35:05","modified_gmt":"2026-04-27T16:35:05","slug":"actualites","status":"publish","type":"page","link":"https:\/\/www.fscindigenousfoundation.org\/fr\/actualites\/","title":{"rendered":"Actualit\u00e9s"},"content":{"rendered":"<section id=\"block_254315ffc99c816b127302f12473033d\" class=\"section masthead--with-icon \" >\n  <div class=\"container--full-width\">\n    <div class=\"masthead--with-icon__image\">\n      <img decoding=\"async\" loading=\"lazy\" src=\"https:\/\/www.fscindigenousfoundation.org\/wp-content\/uploads\/2025\/04\/fsc-wed-12.jpg\" alt=\"FSC IF Indigenous Peoples\">\n    <\/div>\n\n    <div class=\"masthead--with-icon__content\">\n      <div class=\"container\">\n                  <h2 class=\"masthead--with-icon__title\">\n            ACTUALIT\u00c9S          <\/h2>\n        \n                  <div class=\"masthead--with-icon__icon\">\n            <img decoding=\"async\" loading=\"lazy\" src=\"https:\/\/www.fscindigenousfoundation.org\/wp-content\/uploads\/2021\/09\/news-icon.png\" alt=\"News icon\">\n          <\/div>\n              <\/div>\n    <\/div>\n  <\/div>\n<\/section>\n\n\n<section id=\"block_dd56b9cfc8a4e8afb6c30929f99321c2\" class=\"section outstanding-news \"  style=\"background-color: #ffffff;\" >\n  <div class=\"container\">\n    \n    <div class=\"outstanding-news__items\">\n            <div class=\"outstanding-news__item\">\n  <div class=\"outstanding-news__item-image-wrapper\">\n    <a href=\"https:\/\/www.fscindigenousfoundation.org\/fr\/communaute-de-pratique-panama-mexique\/\" class=\"outstanding-news__item-image\">\n      <img loading=\"lazy\" decoding=\"async\" width=\"768\" height=\"224\" src=\"https:\/\/www.fscindigenousfoundation.org\/wp-content\/uploads\/2026\/04\/1-2-768x224.png\" class=\"attachment-medium size-medium wp-post-image\" alt=\"\" \/>    <\/a>\n  <\/div>\n\n  <div class=\"outstanding-news__item-info-wrapper\">\n    <a class=\"outstanding-news__item-title\" href=\"https:\/\/www.fscindigenousfoundation.org\/fr\/communaute-de-pratique-panama-mexique\/\">Communaut\u00e9 de pratique Panama, Mexique<\/a>\n\n    <p class=\"outstanding-news__item-excerpt\">\n      \u00c9change entre Peuples Autochtones et construction de mod\u00e8les \u00e9conomiques bas\u00e9s sur la nature    <\/p>\n\n    <a class=\"outstanding-news__item-link\" href=\"https:\/\/www.fscindigenousfoundation.org\/fr\/communaute-de-pratique-panama-mexique\/\">\u203a Read more<\/a>\n  <\/div>\n<\/div><div class=\"outstanding-news__item\">\n  <div class=\"outstanding-news__item-image-wrapper\">\n    <a href=\"https:\/\/www.fscindigenousfoundation.org\/fr\/indigenous-forest-stewardship-in-asia\/\" class=\"outstanding-news__item-image\">\n      <img loading=\"lazy\" decoding=\"async\" width=\"768\" height=\"224\" src=\"https:\/\/www.fscindigenousfoundation.org\/wp-content\/uploads\/2026\/04\/1-768x224.png\" class=\"attachment-medium size-medium wp-post-image\" alt=\"\" \/>    <\/a>\n  <\/div>\n\n  <div class=\"outstanding-news__item-info-wrapper\">\n    <a class=\"outstanding-news__item-title\" href=\"https:\/\/www.fscindigenousfoundation.org\/fr\/indigenous-forest-stewardship-in-asia\/\">La gestion foresti\u00e8re par les populations autochtones en Asie<\/a>\n\n    <p class=\"outstanding-news__item-excerpt\">\n      Tout savoir sur la certification FSC en Asie     <\/p>\n\n    <a class=\"outstanding-news__item-link\" href=\"https:\/\/www.fscindigenousfoundation.org\/fr\/indigenous-forest-stewardship-in-asia\/\">\u203a Read more<\/a>\n  <\/div>\n<\/div><div class=\"outstanding-news__item\">\n  <div class=\"outstanding-news__item-image-wrapper\">\n    <a href=\"https:\/\/www.fscindigenousfoundation.org\/fr\/david-flood-appointed-as-new-chair-of-the-fsc-permanent-indigenous-peoples-committee\/\" class=\"outstanding-news__item-image\">\n      <img loading=\"lazy\" decoding=\"async\" width=\"768\" height=\"284\" src=\"https:\/\/www.fscindigenousfoundation.org\/wp-content\/uploads\/2026\/03\/david-new-pipc-chair-768x284.png\" class=\"attachment-medium size-medium wp-post-image\" alt=\"\" \/>    <\/a>\n  <\/div>\n\n  <div class=\"outstanding-news__item-info-wrapper\">\n    <a class=\"outstanding-news__item-title\" href=\"https:\/\/www.fscindigenousfoundation.org\/fr\/david-flood-appointed-as-new-chair-of-the-fsc-permanent-indigenous-peoples-committee\/\">David Flood a \u00e9t\u00e9 nomm\u00e9 nouveau pr\u00e9sident du Comit\u00e9 permanent des peuples autochtones du FSC<\/a>\n\n    <p class=\"outstanding-news__item-excerpt\">\n      Nouveau pr\u00e9sident du FSC PIPC     <\/p>\n\n    <a class=\"outstanding-news__item-link\" href=\"https:\/\/www.fscindigenousfoundation.org\/fr\/david-flood-appointed-as-new-chair-of-the-fsc-permanent-indigenous-peoples-committee\/\">\u203a Read more<\/a>\n  <\/div>\n<\/div><div class=\"outstanding-news__item\">\n  <div class=\"outstanding-news__item-image-wrapper\">\n    <a href=\"https:\/\/www.fscindigenousfoundation.org\/fr\/international-womens-day-march-8\/\" class=\"outstanding-news__item-image\">\n      <img loading=\"lazy\" decoding=\"async\" width=\"768\" height=\"432\" src=\"https:\/\/www.fscindigenousfoundation.org\/wp-content\/uploads\/2026\/03\/2-768x432.png\" class=\"attachment-medium size-medium wp-post-image\" alt=\"\" \/>    <\/a>\n  <\/div>\n\n  <div class=\"outstanding-news__item-info-wrapper\">\n    <a class=\"outstanding-news__item-title\" href=\"https:\/\/www.fscindigenousfoundation.org\/fr\/international-womens-day-march-8\/\">Journ\u00e9e internationale de la femme &#8211; 8 mars<\/a>\n\n    <p class=\"outstanding-news__item-excerpt\">\n      Les femmes autochtones, leurs droits et la protection de M\u00e8re Nature.    <\/p>\n\n    <a class=\"outstanding-news__item-link\" href=\"https:\/\/www.fscindigenousfoundation.org\/fr\/international-womens-day-march-8\/\">\u203a Read more<\/a>\n  <\/div>\n<\/div><div class=\"outstanding-news__item\">\n  <div class=\"outstanding-news__item-image-wrapper\">\n    <a href=\"https:\/\/www.fscindigenousfoundation.org\/fr\/february-newsletter-2026\/\" class=\"outstanding-news__item-image\">\n      <img loading=\"lazy\" decoding=\"async\" width=\"768\" height=\"512\" src=\"https:\/\/www.fscindigenousfoundation.org\/wp-content\/uploads\/2026\/03\/gatc3-768x512.jpg\" class=\"attachment-medium size-medium wp-post-image\" alt=\"\" \/>    <\/a>\n  <\/div>\n\n  <div class=\"outstanding-news__item-info-wrapper\">\n    <a class=\"outstanding-news__item-title\" href=\"https:\/\/www.fscindigenousfoundation.org\/fr\/february-newsletter-2026\/\">Bulletin d&#8217;information de f\u00e9vrier 2026 du FSC-IF<\/a>\n\n    <p class=\"outstanding-news__item-excerpt\">\n      Les temps forts du mois et les activit\u00e9s \u00e0 venir    <\/p>\n\n    <a class=\"outstanding-news__item-link\" href=\"https:\/\/www.fscindigenousfoundation.org\/fr\/february-newsletter-2026\/\">\u203a Read more<\/a>\n  <\/div>\n<\/div><div class=\"outstanding-news__item\">\n  <div class=\"outstanding-news__item-image-wrapper\">\n    <a href=\"https:\/\/www.fscindigenousfoundation.org\/fr\/fsc-if-january-newsletter\/\" class=\"outstanding-news__item-image\">\n      <img loading=\"lazy\" decoding=\"async\" width=\"700\" height=\"350\" src=\"https:\/\/www.fscindigenousfoundation.org\/wp-content\/uploads\/2026\/01\/eventos-3.png\" class=\"attachment-medium size-medium wp-post-image\" alt=\"\" \/>    <\/a>\n  <\/div>\n\n  <div class=\"outstanding-news__item-info-wrapper\">\n    <a class=\"outstanding-news__item-title\" href=\"https:\/\/www.fscindigenousfoundation.org\/fr\/fsc-if-january-newsletter\/\">Bulletin d&#8217;information de janvier 2026 de la FSC-IF<\/a>\n\n    <p class=\"outstanding-news__item-excerpt\">\n      Nouvelle ann\u00e9e, nouvelles opportunit\u00e9s!    <\/p>\n\n    <a class=\"outstanding-news__item-link\" href=\"https:\/\/www.fscindigenousfoundation.org\/fr\/fsc-if-january-newsletter\/\">\u203a Read more<\/a>\n  <\/div>\n<\/div><div class=\"outstanding-news__item\">\n  <div class=\"outstanding-news__item-image-wrapper\">\n    <a href=\"https:\/\/www.fscindigenousfoundation.org\/fr\/fsc-ifs-end-of-the-year-series-newsletter\/\" class=\"outstanding-news__item-image\">\n      <img loading=\"lazy\" decoding=\"async\" width=\"768\" height=\"576\" src=\"https:\/\/www.fscindigenousfoundation.org\/wp-content\/uploads\/2025\/12\/endoftheyear-banner-768x576.jpeg\" class=\"attachment-medium size-medium wp-post-image\" alt=\"\" \/>    <\/a>\n  <\/div>\n\n  <div class=\"outstanding-news__item-info-wrapper\">\n    <a class=\"outstanding-news__item-title\" href=\"https:\/\/www.fscindigenousfoundation.org\/fr\/fsc-ifs-end-of-the-year-series-newsletter\/\">Bulletin d&#8217;information de fin d&#8217;ann\u00e9e<\/a>\n\n    <p class=\"outstanding-news__item-excerpt\">\n      D\u00e9couvrez les faits marquants de 2025     <\/p>\n\n    <a class=\"outstanding-news__item-link\" href=\"https:\/\/www.fscindigenousfoundation.org\/fr\/fsc-ifs-end-of-the-year-series-newsletter\/\">\u203a Read more<\/a>\n  <\/div>\n<\/div><div class=\"outstanding-news__item\">\n  <div class=\"outstanding-news__item-image-wrapper\">\n    <a href=\"https:\/\/www.fscindigenousfoundation.org\/fr\/aissatou-oumarou-ibrahim-is-fsc-pipc-representative-for-francophone-africa\/\" class=\"outstanding-news__item-image\">\n      <img loading=\"lazy\" decoding=\"async\" width=\"768\" height=\"432\" src=\"https:\/\/www.fscindigenousfoundation.org\/wp-content\/uploads\/2025\/12\/3-min-768x432.png\" class=\"attachment-medium size-medium wp-post-image\" alt=\"\" \/>    <\/a>\n  <\/div>\n\n  <div class=\"outstanding-news__item-info-wrapper\">\n    <a class=\"outstanding-news__item-title\" href=\"https:\/\/www.fscindigenousfoundation.org\/fr\/aissatou-oumarou-ibrahim-is-fsc-pipc-representative-for-francophone-africa\/\">Aissatou Oumarou est repr\u00e9sentante du FSC PIPC pour l&#8217;Afrique francophone.<\/a>\n\n    <p class=\"outstanding-news__item-excerpt\">\n      Aissatou Oumarou Ibrahim est la repr\u00e9sentante du FSC au Comit\u00e9 permanent des peuples autochtones (PIPC) pour l&#039;Afrique francophone    <\/p>\n\n    <a class=\"outstanding-news__item-link\" href=\"https:\/\/www.fscindigenousfoundation.org\/fr\/aissatou-oumarou-ibrahim-is-fsc-pipc-representative-for-francophone-africa\/\">\u203a Read more<\/a>\n  <\/div>\n<\/div><div class=\"outstanding-news__item\">\n  <div class=\"outstanding-news__item-image-wrapper\">\n    <a href=\"https:\/\/www.fscindigenousfoundation.org\/fr\/webinar-launch-recording-on-indigenous-peoples-and-just-energy-transition\/\" class=\"outstanding-news__item-image\">\n      <img loading=\"lazy\" decoding=\"async\" width=\"768\" height=\"432\" src=\"https:\/\/www.fscindigenousfoundation.org\/wp-content\/uploads\/2025\/12\/ip-jet-cover-twitter-768x432.jpg\" class=\"attachment-medium size-medium wp-post-image\" alt=\"\" \/>    <\/a>\n  <\/div>\n\n  <div class=\"outstanding-news__item-info-wrapper\">\n    <a class=\"outstanding-news__item-title\" href=\"https:\/\/www.fscindigenousfoundation.org\/fr\/webinar-launch-recording-on-indigenous-peoples-and-just-energy-transition\/\">Rapport du WWF et de l&#8217;AJET sur les Peuples Autochtones et la transition \u00e9nerg\u00e9tique \u00e9quitable<\/a>\n\n    <p class=\"outstanding-news__item-excerpt\">\n      Rapport et webinaire sur les Peuples Autochtones et la transition \u00e9nerg\u00e9tique \u00e9quitable.    <\/p>\n\n    <a class=\"outstanding-news__item-link\" href=\"https:\/\/www.fscindigenousfoundation.org\/fr\/webinar-launch-recording-on-indigenous-peoples-and-just-energy-transition\/\">\u203a Read more<\/a>\n  <\/div>\n<\/div><div class=\"outstanding-news__item\">\n  <div class=\"outstanding-news__item-image-wrapper\">\n    <a href=\"https:\/\/www.fscindigenousfoundation.org\/fr\/lancement-du-rapport-peuples-autochtones-et-transition-energetique-juste\/\" class=\"outstanding-news__item-image\">\n      <img loading=\"lazy\" decoding=\"async\" width=\"658\" height=\"768\" src=\"https:\/\/www.fscindigenousfoundation.org\/wp-content\/uploads\/2025\/12\/ip-jet-cover-web-658x768.jpg\" class=\"attachment-medium size-medium wp-post-image\" alt=\"banner report indigenous peoples and just fair transition\" \/>    <\/a>\n  <\/div>\n\n  <div class=\"outstanding-news__item-info-wrapper\">\n    <a class=\"outstanding-news__item-title\" href=\"https:\/\/www.fscindigenousfoundation.org\/fr\/lancement-du-rapport-peuples-autochtones-et-transition-energetique-juste\/\">Lancement du rapport : Peuples autochtones et transition \u00e9nerg\u00e9tique juste<\/a>\n\n    <p class=\"outstanding-news__item-excerpt\">\n      WWF et AJET, avec le soutien de la Fondation Indig\u00e8ne FSC, vous invitent au lancement du rapport : Peuples indig\u00e8nes et transition \u00e9nerg\u00e9tique juste.    <\/p>\n\n    <a class=\"outstanding-news__item-link\" href=\"https:\/\/www.fscindigenousfoundation.org\/fr\/lancement-du-rapport-peuples-autochtones-et-transition-energetique-juste\/\">\u203a Read more<\/a>\n  <\/div>\n<\/div><div class=\"outstanding-news__item\">\n  <div class=\"outstanding-news__item-image-wrapper\">\n    <a href=\"https:\/\/www.fscindigenousfoundation.org\/fr\/fsc-pipc-regional-meeting-for-latin-america\/\" class=\"outstanding-news__item-image\">\n      <img loading=\"lazy\" decoding=\"async\" width=\"768\" height=\"342\" src=\"https:\/\/www.fscindigenousfoundation.org\/wp-content\/uploads\/2025\/12\/pipc-lat-1-768x342.jpeg\" class=\"attachment-medium size-medium wp-post-image\" alt=\"\" \/>    <\/a>\n  <\/div>\n\n  <div class=\"outstanding-news__item-info-wrapper\">\n    <a class=\"outstanding-news__item-title\" href=\"https:\/\/www.fscindigenousfoundation.org\/fr\/fsc-pipc-regional-meeting-for-latin-america\/\">R\u00e9union r\u00e9gionale du PIPC du FSC pour l&#8217;Am\u00e9rique latine<\/a>\n\n    <p class=\"outstanding-news__item-excerpt\">\n      Priorit\u00e9s r\u00e9gionales pour une gouvernance foresti\u00e8re plus juste et culturellement pertinente    <\/p>\n\n    <a class=\"outstanding-news__item-link\" href=\"https:\/\/www.fscindigenousfoundation.org\/fr\/fsc-pipc-regional-meeting-for-latin-america\/\">\u203a Read more<\/a>\n  <\/div>\n<\/div><div class=\"outstanding-news__item\">\n  <div class=\"outstanding-news__item-image-wrapper\">\n    <a href=\"https:\/\/www.fscindigenousfoundation.org\/fr\/conseil-activites-communication-fsc-if\/\" class=\"outstanding-news__item-image\">\n      <img loading=\"lazy\" decoding=\"async\" width=\"768\" height=\"432\" src=\"https:\/\/www.fscindigenousfoundation.org\/wp-content\/uploads\/2025\/09\/banner-consultancy-on-communications-activities-execution-fsc-indigenous-foundation-blog-banner-min-768x432.png\" class=\"attachment-medium size-medium wp-post-image\" alt=\"TERMS OF REFERENCE Consultancy on Communications Activities Execution  FSC IF\" \/>    <\/a>\n  <\/div>\n\n  <div class=\"outstanding-news__item-info-wrapper\">\n    <a class=\"outstanding-news__item-title\" href=\"https:\/\/www.fscindigenousfoundation.org\/fr\/conseil-activites-communication-fsc-if\/\">Demande de Services de Conseil: Ex\u00e9cution des Activit\u00e9s de Communication pour la Fondation Autochtone FSC<\/a>\n\n    <p class=\"outstanding-news__item-excerpt\">\n      Soutenir la mise en \u0153uvre de la strat\u00e9gie mondiale de communication de la FSC-IF    <\/p>\n\n    <a class=\"outstanding-news__item-link\" href=\"https:\/\/www.fscindigenousfoundation.org\/fr\/conseil-activites-communication-fsc-if\/\">\u203a Read more<\/a>\n  <\/div>\n<\/div><div class=\"outstanding-news__item\">\n  <div class=\"outstanding-news__item-image-wrapper\">\n    <a href=\"https:\/\/www.fscindigenousfoundation.org\/fr\/forum-cadre-reparation-fsc-jakarta\/\" class=\"outstanding-news__item-image\">\n      <img loading=\"lazy\" decoding=\"async\" width=\"768\" height=\"452\" src=\"https:\/\/www.fscindigenousfoundation.org\/wp-content\/uploads\/2025\/09\/article-jakarta-min-768x452.jpeg\" class=\"attachment-medium size-medium wp-post-image\" alt=\"FSC Remedy Forum in Jakarta\" \/>    <\/a>\n  <\/div>\n\n  <div class=\"outstanding-news__item-info-wrapper\">\n    <a class=\"outstanding-news__item-title\" href=\"https:\/\/www.fscindigenousfoundation.org\/fr\/forum-cadre-reparation-fsc-jakarta\/\">Forum sur le Cadre de Rem\u00e9diation du FSC \u00e0 Jakarta: R\u00e9flexions sur l\u2019\u00e9quilibre sacr\u00e9 entre les for\u00eats et les peuples<\/a>\n\n    <p class=\"outstanding-news__item-excerpt\">\n      L\u2019unit\u00e9 d\u2019int\u00e9grit\u00e9 du syst\u00e8me du FSC a organis\u00e9 le Forum de Rem\u00e9diation Asie-Pacifique \u00e0 Jakarta, r\u00e9unissant divers acteurs pour renforcer la compr\u00e9hension du Cadre de Rem\u00e9diation du FSC    <\/p>\n\n    <a class=\"outstanding-news__item-link\" href=\"https:\/\/www.fscindigenousfoundation.org\/fr\/forum-cadre-reparation-fsc-jakarta\/\">\u203a Read more<\/a>\n  <\/div>\n<\/div><div class=\"outstanding-news__item\">\n  <div class=\"outstanding-news__item-image-wrapper\">\n    <a href=\"https:\/\/www.fscindigenousfoundation.org\/fr\/savoirs-autochtones-durabilite-philippines\/\" class=\"outstanding-news__item-image\">\n      <img loading=\"lazy\" decoding=\"async\" width=\"768\" height=\"724\" src=\"https:\/\/www.fscindigenousfoundation.org\/wp-content\/uploads\/2025\/08\/indigneous-youth1-768x724.jpg\" class=\"attachment-medium size-medium wp-post-image\" alt=\"Brewing a Future: Daniel Maches and Jaymar Garcia\u2019s Journey to economic sustainability rooted in Indigenous knowledge coffee\" \/>    <\/a>\n  <\/div>\n\n  <div class=\"outstanding-news__item-info-wrapper\">\n    <a class=\"outstanding-news__item-title\" href=\"https:\/\/www.fscindigenousfoundation.org\/fr\/savoirs-autochtones-durabilite-philippines\/\">Brassage le avenir: le parcours de Daniel Maches et Jaymar Garcia vers la durabilit\u00e9 \u00e9conomique fond\u00e9e sur les connaissances autochtones<\/a>\n\n    <p class=\"outstanding-news__item-excerpt\">\n      Comment deux jeunes autochtones cultivent la culture et la durabilit\u00e9    <\/p>\n\n    <a class=\"outstanding-news__item-link\" href=\"https:\/\/www.fscindigenousfoundation.org\/fr\/savoirs-autochtones-durabilite-philippines\/\">\u203a Read more<\/a>\n  <\/div>\n<\/div><div class=\"outstanding-news__item\">\n  <div class=\"outstanding-news__item-image-wrapper\">\n    <a href=\"https:\/\/www.fscindigenousfoundation.org\/fr\/peuples-autochtones-intelligence-artificielle\/\" class=\"outstanding-news__item-image\">\n      <img loading=\"lazy\" decoding=\"async\" width=\"768\" height=\"512\" src=\"https:\/\/www.fscindigenousfoundation.org\/wp-content\/uploads\/2025\/08\/pusaka-min-768x512.jpg\" class=\"attachment-medium size-medium wp-post-image\" alt=\"Pusaka, Photo contest, 2023\" \/>    <\/a>\n  <\/div>\n\n  <div class=\"outstanding-news__item-info-wrapper\">\n    <a class=\"outstanding-news__item-title\" href=\"https:\/\/www.fscindigenousfoundation.org\/fr\/peuples-autochtones-intelligence-artificielle\/\">Les Peuples Autochtones et l&#8217;intelligence artificielle: d\u00e9fendre les droits gr\u00e2ce aux principes du respect et du consentement<\/a>\n\n    <p class=\"outstanding-news__item-excerpt\">\n      \u00c0 l&#039;occasion de la Journ\u00e9e des Peuples Autochtones, nous soulignons que le respect et le consentement doivent guider \u00e0 la fois l&#039;engagement et l&#039;utilisation \u00e9thique de l&#039;intelligence artificielle.    <\/p>\n\n    <a class=\"outstanding-news__item-link\" href=\"https:\/\/www.fscindigenousfoundation.org\/fr\/peuples-autochtones-intelligence-artificielle\/\">\u203a Read more<\/a>\n  <\/div>\n<\/div><div class=\"outstanding-news__item\">\n  <div class=\"outstanding-news__item-image-wrapper\">\n    <a href=\"https:\/\/www.fscindigenousfoundation.org\/fr\/femmes-autochtones-cop30-panama\/\" class=\"outstanding-news__item-image\">\n      <img loading=\"lazy\" decoding=\"async\" width=\"768\" height=\"576\" src=\"https:\/\/www.fscindigenousfoundation.org\/wp-content\/uploads\/2025\/08\/img-20250521-wa0026-768x576.jpg\" class=\"attachment-medium size-medium wp-post-image\" alt=\"From the Ground to the Global Stage: Indigenous Women Prepare for COP30\" \/>    <\/a>\n  <\/div>\n\n  <div class=\"outstanding-news__item-info-wrapper\">\n    <a class=\"outstanding-news__item-title\" href=\"https:\/\/www.fscindigenousfoundation.org\/fr\/femmes-autochtones-cop30-panama\/\">De la terre \u00e0 la sc\u00e8ne mondiale: les femmes autochtones se pr\u00e9parent pour la COP30<\/a>\n\n    <p class=\"outstanding-news__item-excerpt\">\n      Une formation r\u00e9gionale co-organis\u00e9e par DGM Global, Conservation International et la Fondation autochtone FSC pendant la Semaine du climat au Panama 2025    <\/p>\n\n    <a class=\"outstanding-news__item-link\" href=\"https:\/\/www.fscindigenousfoundation.org\/fr\/femmes-autochtones-cop30-panama\/\">\u203a Read more<\/a>\n  <\/div>\n<\/div><div class=\"outstanding-news__item\">\n  <div class=\"outstanding-news__item-image-wrapper\">\n    <a href=\"https:\/\/www.fscindigenousfoundation.org\/fr\/fsc-if-panama-2025-climat-nature\/\" class=\"outstanding-news__item-image\">\n      <img loading=\"lazy\" decoding=\"async\" width=\"768\" height=\"284\" src=\"https:\/\/www.fscindigenousfoundation.org\/wp-content\/uploads\/2025\/05\/banner-climate-week-2025-1-1-768x284.png\" class=\"attachment-medium size-medium wp-post-image\" alt=\"Semana del Clima Nature Summit FSC IF\" \/>    <\/a>\n  <\/div>\n\n  <div class=\"outstanding-news__item-info-wrapper\">\n    <a class=\"outstanding-news__item-title\" href=\"https:\/\/www.fscindigenousfoundation.org\/fr\/fsc-if-panama-2025-climat-nature\/\">La Fondation Indig\u00e8ne FSC sera pr\u00e9sente au point de rencontre des \u00e9v\u00e9nements mondiaux \u00e0 Panama 2025<\/a>\n\n    <p class=\"outstanding-news__item-excerpt\">\n      La Semaine du Climat et le Sommet de la Nature \u00e0 Panama    <\/p>\n\n    <a class=\"outstanding-news__item-link\" href=\"https:\/\/www.fscindigenousfoundation.org\/fr\/fsc-if-panama-2025-climat-nature\/\">\u203a Read more<\/a>\n  <\/div>\n<\/div><div class=\"outstanding-news__item\">\n  <div class=\"outstanding-news__item-image-wrapper\">\n    <a href=\"https:\/\/www.fscindigenousfoundation.org\/fr\/minnie-degawan-directrice-generale-fsc-if\/\" class=\"outstanding-news__item-image\">\n      <img loading=\"lazy\" decoding=\"async\" width=\"768\" height=\"576\" src=\"https:\/\/www.fscindigenousfoundation.org\/wp-content\/uploads\/2025\/03\/minnie-degawan-fsc-if-new-managing-director-600-x-450-px-4-768x576.png\" class=\"attachment-medium size-medium wp-post-image\" alt=\"Minnie Degawan Directrice Ge\u0301ne\u0301rale FSC IF\" \/>    <\/a>\n  <\/div>\n\n  <div class=\"outstanding-news__item-info-wrapper\">\n    <a class=\"outstanding-news__item-title\" href=\"https:\/\/www.fscindigenousfoundation.org\/fr\/minnie-degawan-directrice-generale-fsc-if\/\">La Fondation Autochtone FSC accueille Minnie Degawan en tant que Directrice G\u00e9n\u00e9rale<\/a>\n\n    <p class=\"outstanding-news__item-excerpt\">\n      Nous sommes fiers d\u2019annoncer la nomination de Minnie Degawan en tant que nouvelle Directrice G\u00e9n\u00e9rale     <\/p>\n\n    <a class=\"outstanding-news__item-link\" href=\"https:\/\/www.fscindigenousfoundation.org\/fr\/minnie-degawan-directrice-generale-fsc-if\/\">\u203a Read more<\/a>\n  <\/div>\n<\/div><div class=\"outstanding-news__item\">\n  <div class=\"outstanding-news__item-image-wrapper\">\n    <a href=\"https:\/\/www.fscindigenousfoundation.org\/fr\/reflections-from-one-young-world\/\" class=\"outstanding-news__item-image\">\n      <img loading=\"lazy\" decoding=\"async\" width=\"768\" height=\"432\" src=\"https:\/\/www.fscindigenousfoundation.org\/wp-content\/uploads\/2024\/10\/dsc03091-768x432.jpg\" class=\"attachment-medium size-medium wp-post-image\" alt=\"FSC-IF Meeting\" \/>    <\/a>\n  <\/div>\n\n  <div class=\"outstanding-news__item-info-wrapper\">\n    <a class=\"outstanding-news__item-title\" href=\"https:\/\/www.fscindigenousfoundation.org\/fr\/reflections-from-one-young-world\/\">R\u00e9flexions de One Young World<\/a>\n\n    <p class=\"outstanding-news__item-excerpt\">\n      Lisez les blogs de jeunes leaders Autochtones sur leurs exp\u00e9riences au sommet et sur la mani\u00e8re dont ils transmettront ces connaissances \u00e0 leurs communaut\u00e9s.    <\/p>\n\n    <a class=\"outstanding-news__item-link\" href=\"https:\/\/www.fscindigenousfoundation.org\/fr\/reflections-from-one-young-world\/\">\u203a Read more<\/a>\n  <\/div>\n<\/div><div class=\"outstanding-news__item\">\n  <div class=\"outstanding-news__item-image-wrapper\">\n    <a href=\"https:\/\/www.fscindigenousfoundation.org\/fr\/nomination-subhra-bhattacharjee-directrice-generale-fsc\/\" class=\"outstanding-news__item-image\">\n      <img loading=\"lazy\" decoding=\"async\" width=\"425\" height=\"768\" src=\"https:\/\/www.fscindigenousfoundation.org\/wp-content\/uploads\/2024\/09\/subhra-headshot-425x768.jpg\" class=\"attachment-medium size-medium wp-post-image\" alt=\"Dr. Subhra Bhattacharjee\" \/>    <\/a>\n  <\/div>\n\n  <div class=\"outstanding-news__item-info-wrapper\">\n    <a class=\"outstanding-news__item-title\" href=\"https:\/\/www.fscindigenousfoundation.org\/fr\/nomination-subhra-bhattacharjee-directrice-generale-fsc\/\">Subhra Bhattacharjee nomm\u00e9e Directrice g\u00e9n\u00e9rale de FSC International<\/a>\n\n    <p class=\"outstanding-news__item-excerpt\">\n      La FSC Indigenous Foundation souhaite la bienvenue \u00e0 Mme Bhattacharjee au sein de la famille FSC.    <\/p>\n\n    <a class=\"outstanding-news__item-link\" href=\"https:\/\/www.fscindigenousfoundation.org\/fr\/nomination-subhra-bhattacharjee-directrice-generale-fsc\/\">\u203a Read more<\/a>\n  <\/div>\n<\/div><div class=\"outstanding-news__item\">\n  <div class=\"outstanding-news__item-image-wrapper\">\n    <a href=\"https:\/\/www.fscindigenousfoundation.org\/fr\/boursiers-deep-connections-jeunes-leaders-autochtones\/\" class=\"outstanding-news__item-image\">\n      <img loading=\"lazy\" decoding=\"async\" width=\"768\" height=\"433\" src=\"https:\/\/www.fscindigenousfoundation.org\/wp-content\/uploads\/2024\/09\/oyw-image-768x433.png\" class=\"attachment-medium size-medium wp-post-image\" alt=\"Banner Deep Connections Fellows\" \/>    <\/a>\n  <\/div>\n\n  <div class=\"outstanding-news__item-info-wrapper\">\n    <a class=\"outstanding-news__item-title\" href=\"https:\/\/www.fscindigenousfoundation.org\/fr\/boursiers-deep-connections-jeunes-leaders-autochtones\/\">Nous vous pr\u00e9sentons nos boursiers Connexions profondes !<\/a>\n\n    <p class=\"outstanding-news__item-excerpt\">\n      Des jeunes Autochtones du monde entier participeront au sommet One Young World et rejoindront notre r\u00e9seau de jeunes.    <\/p>\n\n    <a class=\"outstanding-news__item-link\" href=\"https:\/\/www.fscindigenousfoundation.org\/fr\/boursiers-deep-connections-jeunes-leaders-autochtones\/\">\u203a Read more<\/a>\n  <\/div>\n<\/div><div class=\"outstanding-news__item\">\n  <div class=\"outstanding-news__item-image-wrapper\">\n    <a href=\"https:\/\/www.fscindigenousfoundation.org\/fr\/indigenous-leadership-for-lands-forests-and-territories\/\" class=\"outstanding-news__item-image\">\n      <img loading=\"lazy\" decoding=\"async\" width=\"768\" height=\"523\" src=\"https:\/\/www.fscindigenousfoundation.org\/wp-content\/uploads\/2024\/08\/img-0559-768x523.jpeg\" class=\"attachment-medium size-medium wp-post-image\" alt=\"FSC-IF meeting\" \/>    <\/a>\n  <\/div>\n\n  <div class=\"outstanding-news__item-info-wrapper\">\n    <a class=\"outstanding-news__item-title\" href=\"https:\/\/www.fscindigenousfoundation.org\/fr\/indigenous-leadership-for-lands-forests-and-territories\/\">Le leadership Autochtone pour les terres, les for\u00eats et les territoires<\/a>\n\n    <p class=\"outstanding-news__item-excerpt\">\n      Des dirigeants Autochtones d&#039;Afrique centrale se sont r\u00e9unis pour un atelier sur la d\u00e9fense des droits, le leadership et la cartographie participative des terres \u00e0 Douala, au Cameroun. \n     <\/p>\n\n    <a class=\"outstanding-news__item-link\" href=\"https:\/\/www.fscindigenousfoundation.org\/fr\/indigenous-leadership-for-lands-forests-and-territories\/\">\u203a Read more<\/a>\n  <\/div>\n<\/div><div class=\"outstanding-news__item\">\n  <div class=\"outstanding-news__item-image-wrapper\">\n    <a href=\"https:\/\/www.fscindigenousfoundation.org\/fr\/join-the-deep-connections-fellowship\/\" class=\"outstanding-news__item-image\">\n      <img loading=\"lazy\" decoding=\"async\" width=\"768\" height=\"419\" src=\"https:\/\/www.fscindigenousfoundation.org\/wp-content\/uploads\/2024\/04\/frances-copy-768x419.png\" class=\"attachment-medium size-medium wp-post-image\" alt=\"Banner Bourses Connexions Profondes\" \/>    <\/a>\n  <\/div>\n\n  <div class=\"outstanding-news__item-info-wrapper\">\n    <a class=\"outstanding-news__item-title\" href=\"https:\/\/www.fscindigenousfoundation.org\/fr\/join-the-deep-connections-fellowship\/\">Rejoignez la bourse Connexions Profondes pour les jeunes leaders Autochtones<\/a>\n\n    <p class=\"outstanding-news__item-excerpt\">\n      D\u00e9posez votre candidature pour participer au sommet One Young World \u00e0 Montr\u00e9al, au Canada, et \u00e9changez votre exp\u00e9rience avec de jeunes leaders du monde entier.      <\/p>\n\n    <a class=\"outstanding-news__item-link\" href=\"https:\/\/www.fscindigenousfoundation.org\/fr\/join-the-deep-connections-fellowship\/\">\u203a Read more<\/a>\n  <\/div>\n<\/div><div class=\"outstanding-news__item\">\n  <div class=\"outstanding-news__item-image-wrapper\">\n    <a href=\"https:\/\/www.fscindigenousfoundation.org\/fr\/babbel-fsc-if-anglais-peuples-autochtones\/\" class=\"outstanding-news__item-image\">\n      <img loading=\"lazy\" decoding=\"async\" width=\"768\" height=\"384\" src=\"https:\/\/www.fscindigenousfoundation.org\/wp-content\/uploads\/2023\/11\/fsc-babbel-alliance-0828-a-768x384.jpg\" class=\"attachment-medium size-medium wp-post-image\" alt=\"FSC-IF Meeting\" \/>    <\/a>\n  <\/div>\n\n  <div class=\"outstanding-news__item-info-wrapper\">\n    <a class=\"outstanding-news__item-title\" href=\"https:\/\/www.fscindigenousfoundation.org\/fr\/babbel-fsc-if-anglais-peuples-autochtones\/\">Babbel s&#8217;associe \u00e0 la Fondation Indig\u00e8ne FSC pour faciliter l&#8217;apprentissage de l&#8217;anglais pour les Peuples Autochtones<\/a>\n\n    <p class=\"outstanding-news__item-excerpt\">\n      La langue est un outil qui donne du pouvoir et favorise la participation \u00e0 des discussions mondiales cruciales.     <\/p>\n\n    <a class=\"outstanding-news__item-link\" href=\"https:\/\/www.fscindigenousfoundation.org\/fr\/babbel-fsc-if-anglais-peuples-autochtones\/\">\u203a Read more<\/a>\n  <\/div>\n<\/div><div class=\"outstanding-news__item\">\n  <div class=\"outstanding-news__item-image-wrapper\">\n    <a href=\"https:\/\/www.fscindigenousfoundation.org\/fr\/lettre-ouverte-peuples-autochtones-soutien-redd-plus\/\" class=\"outstanding-news__item-image\">\n      <img loading=\"lazy\" decoding=\"async\" width=\"768\" height=\"432\" src=\"https:\/\/www.fscindigenousfoundation.org\/wp-content\/uploads\/2023\/05\/open-letter-graphic-redd-1920x1080-fr-768x432.jpg\" class=\"attachment-medium size-medium wp-post-image\" alt=\"Les pays du Sud en soutien a REDD+\" \/>    <\/a>\n  <\/div>\n\n  <div class=\"outstanding-news__item-info-wrapper\">\n    <a class=\"outstanding-news__item-title\" href=\"https:\/\/www.fscindigenousfoundation.org\/fr\/lettre-ouverte-peuples-autochtones-soutien-redd-plus\/\">Lettre ouverte des pays du Sud en soutien \u00e0 REDD+<\/a>\n\n    <p class=\"outstanding-news__item-excerpt\">\n      Les Peuples Autochtones du monde entier expriment l&#039;urgence de lutter contre la d\u00e9forestation avec des march\u00e9s du carbone \u00e0 haute int\u00e9grit\u00e9 et inclusifs.     <\/p>\n\n    <a class=\"outstanding-news__item-link\" href=\"https:\/\/www.fscindigenousfoundation.org\/fr\/lettre-ouverte-peuples-autochtones-soutien-redd-plus\/\">\u203a Read more<\/a>\n  <\/div>\n<\/div><div class=\"outstanding-news__item\">\n  <div class=\"outstanding-news__item-image-wrapper\">\n    <a href=\"https:\/\/www.fscindigenousfoundation.org\/fr\/indigenous-womens-ancestral-knowledge-and-technology\/\" class=\"outstanding-news__item-image\">\n      <img loading=\"lazy\" decoding=\"async\" width=\"768\" height=\"768\" src=\"https:\/\/www.fscindigenousfoundation.org\/wp-content\/uploads\/2023\/03\/iwd-2023-en-768x768.png\" class=\"attachment-medium size-medium wp-post-image\" alt=\"FSC IF indigenous women&#039;s ancestral knowledge\" \/>    <\/a>\n  <\/div>\n\n  <div class=\"outstanding-news__item-info-wrapper\">\n    <a class=\"outstanding-news__item-title\" href=\"https:\/\/www.fscindigenousfoundation.org\/fr\/indigenous-womens-ancestral-knowledge-and-technology\/\">La technologie et les connaissances ancestrales des Femmes Autochtones \u00a0<\/a>\n\n    <p class=\"outstanding-news__item-excerpt\">\n       \u00c0 l&#039;occasion de la Journ\u00e9e Internationale de la Femme, nous partageons les paroles de Femmes Autochtones sur l&#039;importance de ces savoirs pour les droits et l&#039;autod\u00e9termination des Peuples Autochtones.     <\/p>\n\n    <a class=\"outstanding-news__item-link\" href=\"https:\/\/www.fscindigenousfoundation.org\/fr\/indigenous-womens-ancestral-knowledge-and-technology\/\">\u203a Read more<\/a>\n  <\/div>\n<\/div><div class=\"outstanding-news__item\">\n  <div class=\"outstanding-news__item-image-wrapper\">\n    <a href=\"https:\/\/www.fscindigenousfoundation.org\/fr\/la-fondation-indigene-fsc-favorise-les-solutions-liees-aux-peuples-autochtones-lors-de-la-cop-27\/\" class=\"outstanding-news__item-image\">\n      <img loading=\"lazy\" decoding=\"async\" width=\"768\" height=\"446\" src=\"https:\/\/www.fscindigenousfoundation.org\/wp-content\/uploads\/2022\/11\/imagenes-mailing-1-768x446.png\" class=\"attachment-medium size-medium wp-post-image\" alt=\"FSC IF indigenous based solutions COP27\" \/>    <\/a>\n  <\/div>\n\n  <div class=\"outstanding-news__item-info-wrapper\">\n    <a class=\"outstanding-news__item-title\" href=\"https:\/\/www.fscindigenousfoundation.org\/fr\/la-fondation-indigene-fsc-favorise-les-solutions-liees-aux-peuples-autochtones-lors-de-la-cop-27\/\">La Fondation Indig\u00e8ne FSC favorise les solutions li\u00e9es aux Peuples Autochtones lors de la COP 27<\/a>\n\n    <p class=\"outstanding-news__item-excerpt\">\n      On a renforc\u00e9 les alliances avec les Peuples Autochtones et pour eux pour combattre et att\u00e9nuer la crise climatique mondiale.    <\/p>\n\n    <a class=\"outstanding-news__item-link\" href=\"https:\/\/www.fscindigenousfoundation.org\/fr\/la-fondation-indigene-fsc-favorise-les-solutions-liees-aux-peuples-autochtones-lors-de-la-cop-27\/\">\u203a Read more<\/a>\n  <\/div>\n<\/div><div class=\"outstanding-news__item\">\n  <div class=\"outstanding-news__item-image-wrapper\">\n    <a href=\"https:\/\/www.fscindigenousfoundation.org\/fr\/?p=7942\" class=\"outstanding-news__item-image\">\n      <img loading=\"lazy\" decoding=\"async\" width=\"768\" height=\"426\" src=\"https:\/\/www.fscindigenousfoundation.org\/wp-content\/uploads\/2022\/03\/fr-768x426.jpg\" class=\"attachment-medium size-medium wp-post-image\" alt=\"Banner FSC-IF Programme de Bourses\" \/>    <\/a>\n  <\/div>\n\n  <div class=\"outstanding-news__item-info-wrapper\">\n    <a class=\"outstanding-news__item-title\" href=\"https:\/\/www.fscindigenousfoundation.org\/fr\/?p=7942\">Programme de Bourses pour les Autochtones<\/a>\n\n    <p class=\"outstanding-news__item-excerpt\">\n      Nous avons re\u00e7u les candidatures des Peuples Autochtones passionn\u00e9s par la cr\u00e9ation de changements significatifs pour leurs communaut\u00e9s dans le monde entier.     <\/p>\n\n    <a class=\"outstanding-news__item-link\" href=\"https:\/\/www.fscindigenousfoundation.org\/fr\/?p=7942\">\u203a Read more<\/a>\n  <\/div>\n<\/div><div class=\"outstanding-news__item\">\n  <div class=\"outstanding-news__item-image-wrapper\">\n    <a href=\"https:\/\/www.fscindigenousfoundation.org\/fr\/la-fondation-indigene-du-fsc-etablit-des-partenariats-avec-et-pour-les-peuples-autochtones-du-monde-entier\/\" class=\"outstanding-news__item-image\">\n      <img loading=\"lazy\" decoding=\"async\" width=\"768\" height=\"576\" src=\"https:\/\/www.fscindigenousfoundation.org\/wp-content\/uploads\/2022\/11\/whatsapp-image-2022-11-11-at-72143-am-2-768x576.jpeg\" class=\"attachment-medium size-medium wp-post-image\" alt=\"FSC IF worldwide partnerships group photo\" \/>    <\/a>\n  <\/div>\n\n  <div class=\"outstanding-news__item-info-wrapper\">\n    <a class=\"outstanding-news__item-title\" href=\"https:\/\/www.fscindigenousfoundation.org\/fr\/la-fondation-indigene-du-fsc-etablit-des-partenariats-avec-et-pour-les-peuples-autochtones-du-monde-entier\/\">La Fondation Indig\u00e8ne du FSC \u00e9tablit des partenariats avec et pour les Peuples Autochtones du monde entier<\/a>\n\n    <p class=\"outstanding-news__item-excerpt\">\n      La Fondation Indig\u00e8ne du FSC \u00e9tablit des partenariats avec et pour les Peuples Autochtones du monde entier    <\/p>\n\n    <a class=\"outstanding-news__item-link\" href=\"https:\/\/www.fscindigenousfoundation.org\/fr\/la-fondation-indigene-du-fsc-etablit-des-partenariats-avec-et-pour-les-peuples-autochtones-du-monde-entier\/\">\u203a Read more<\/a>\n  <\/div>\n<\/div><div class=\"outstanding-news__item\">\n  <div class=\"outstanding-news__item-image-wrapper\">\n    <a href=\"https:\/\/www.fscindigenousfoundation.org\/fr\/les-dirigeants-autochtones-de-meso-amerique-dafrique-et-du-perou-ont-participe-a-latelier-de-formation-des-negociations-sur-le-changement-climatique\/\" class=\"outstanding-news__item-image\">\n      <img loading=\"lazy\" decoding=\"async\" width=\"768\" height=\"360\" src=\"https:\/\/www.fscindigenousfoundation.org\/wp-content\/uploads\/2022\/08\/banner-fsc2-768x360.jpg\" class=\"attachment-medium size-medium wp-post-image\" alt=\"FSC IF Indigenous leaders from Mesoamerica, Africa and Peru\" \/>    <\/a>\n  <\/div>\n\n  <div class=\"outstanding-news__item-info-wrapper\">\n    <a class=\"outstanding-news__item-title\" href=\"https:\/\/www.fscindigenousfoundation.org\/fr\/les-dirigeants-autochtones-de-meso-amerique-dafrique-et-du-perou-ont-participe-a-latelier-de-formation-des-negociations-sur-le-changement-climatique\/\">Les Dirigeants Autochtones de M\u00e9so-Am\u00e9rique, d&#8217;Afrique et du P\u00e9rou ont particip\u00e9 \u00e0 l&#8217;atelier de formation des n\u00e9gociations sur le changement climatique<\/a>\n\n    <p class=\"outstanding-news__item-excerpt\">\n      A quelques mois de la COP27, Ie programme IPARD, dont la strat\u00e9gie vise \u00e0 renforcer les capacit\u00e9s des organisations autochtones du monde entier et \u00e0 catalyser l&#039;auto d\u00e9veloppement holistique, a organis\u00e9 un atelier de formation sur la n\u00e9gociation du changement climatique.     <\/p>\n\n    <a class=\"outstanding-news__item-link\" href=\"https:\/\/www.fscindigenousfoundation.org\/fr\/les-dirigeants-autochtones-de-meso-amerique-dafrique-et-du-perou-ont-participe-a-latelier-de-formation-des-negociations-sur-le-changement-climatique\/\">\u203a Read more<\/a>\n  <\/div>\n<\/div><div class=\"outstanding-news__item\">\n  <div class=\"outstanding-news__item-image-wrapper\">\n    <a href=\"https:\/\/www.fscindigenousfoundation.org\/fr\/collaboration-pour-promouvoir-les-droits-et-lauto-developpement-des-peuples-autochtones-en-afrique\/\" class=\"outstanding-news__item-image\">\n      <img loading=\"lazy\" decoding=\"async\" width=\"768\" height=\"703\" src=\"https:\/\/www.fscindigenousfoundation.org\/wp-content\/uploads\/2022\/07\/frn2lunwuaya6r8-768x703.jpg\" class=\"attachment-medium size-medium wp-post-image\" alt=\"meeting in Nairobi\" \/>    <\/a>\n  <\/div>\n\n  <div class=\"outstanding-news__item-info-wrapper\">\n    <a class=\"outstanding-news__item-title\" href=\"https:\/\/www.fscindigenousfoundation.org\/fr\/collaboration-pour-promouvoir-les-droits-et-lauto-developpement-des-peuples-autochtones-en-afrique\/\">Collaboration pour promouvoir les droits et l&#8217;auto-d\u00e9veloppement des Peuples Autochtones en Afrique<\/a>\n\n    <p class=\"outstanding-news__item-excerpt\">\n      Une conversation avec Basiru Isa de REPALEAC sur les d\u00e9fis de la reconnaissance, les droits et les ressources naturelles des Peuples Autochtones.      <\/p>\n\n    <a class=\"outstanding-news__item-link\" href=\"https:\/\/www.fscindigenousfoundation.org\/fr\/collaboration-pour-promouvoir-les-droits-et-lauto-developpement-des-peuples-autochtones-en-afrique\/\">\u203a Read more<\/a>\n  <\/div>\n<\/div><div class=\"outstanding-news__item\">\n  <div class=\"outstanding-news__item-image-wrapper\">\n    <a href=\"https:\/\/www.fscindigenousfoundation.org\/fr\/gagnants-du-concours-photo-solutions-innovatrices-des-peuples-autochtones\/\" class=\"outstanding-news__item-image\">\n      <img loading=\"lazy\" decoding=\"async\" width=\"509\" height=\"768\" src=\"https:\/\/www.fscindigenousfoundation.org\/wp-content\/uploads\/2022\/06\/the-last-breath-509x768.jpg\" class=\"attachment-medium size-medium wp-post-image\" alt=\"Indigenous innovative solutions young boy holding a tree seedling\" \/>    <\/a>\n  <\/div>\n\n  <div class=\"outstanding-news__item-info-wrapper\">\n    <a class=\"outstanding-news__item-title\" href=\"https:\/\/www.fscindigenousfoundation.org\/fr\/gagnants-du-concours-photo-solutions-innovatrices-des-peuples-autochtones\/\">Gagnants du Concours Photo \u201cSolutions Innovantes des Peuples Autochtones&#8221;<\/a>\n\n    <p class=\"outstanding-news__item-excerpt\">\n      Des communicateurs et des photographes Autochtones du monde entier ont particip\u00e9 au concours &quot;Solutions innovantes des Peuples Autochtones&quot; visant \u00e0 transmettre les messages et les histoires de leurs communaut\u00e9s.     <\/p>\n\n    <a class=\"outstanding-news__item-link\" href=\"https:\/\/www.fscindigenousfoundation.org\/fr\/gagnants-du-concours-photo-solutions-innovatrices-des-peuples-autochtones\/\">\u203a Read more<\/a>\n  <\/div>\n<\/div><div class=\"outstanding-news__item\">\n  <div class=\"outstanding-news__item-image-wrapper\">\n    <a href=\"https:\/\/www.fscindigenousfoundation.org\/fr\/concours-photo-solutions-innovatrices-des-peuples-autochtones\/\" class=\"outstanding-news__item-image\">\n      <img loading=\"lazy\" decoding=\"async\" width=\"768\" height=\"768\" src=\"https:\/\/www.fscindigenousfoundation.org\/wp-content\/uploads\/2022\/03\/pieza1-1-1-1-768x768.jpg\" class=\"attachment-medium size-medium wp-post-image\" alt=\"Concours de photographie solutions innovatrices des peuples autochtones\" \/>    <\/a>\n  <\/div>\n\n  <div class=\"outstanding-news__item-info-wrapper\">\n    <a class=\"outstanding-news__item-title\" href=\"https:\/\/www.fscindigenousfoundation.org\/fr\/concours-photo-solutions-innovatrices-des-peuples-autochtones\/\">Concours Photo Solutions Innovatrices des Peuples Autochtones<\/a>\n\n    <p class=\"outstanding-news__item-excerpt\">\n      Nous comprenons que la meilleure m\u00e9thode pour d\u00e9fendre les droits et promouvoir les solutions cr\u00e9\u00e9es par les Peuples Autochtones consiste \u00e0 transmettre leurs propres visions, avec leurs propres mots et images.      <\/p>\n\n    <a class=\"outstanding-news__item-link\" href=\"https:\/\/www.fscindigenousfoundation.org\/fr\/concours-photo-solutions-innovatrices-des-peuples-autochtones\/\">\u203a Read more<\/a>\n  <\/div>\n<\/div><div class=\"outstanding-news__item\">\n  <div class=\"outstanding-news__item-image-wrapper\">\n    <a href=\"https:\/\/www.fscindigenousfoundation.org\/fr\/rassembler-les-perspectives-des-peuples-autochtones-du-monde-entier-pour-contribuer-au-projet-brouillon-de-strategie-climatique-de-lusaid\/\" class=\"outstanding-news__item-image\">\n      <img loading=\"lazy\" decoding=\"async\" width=\"768\" height=\"512\" src=\"https:\/\/www.fscindigenousfoundation.org\/wp-content\/uploads\/2022\/01\/brasil-katukina-768x512.jpg\" class=\"attachment-medium size-medium wp-post-image\" alt=\"Portrait Indigenous People\" \/>    <\/a>\n  <\/div>\n\n  <div class=\"outstanding-news__item-info-wrapper\">\n    <a class=\"outstanding-news__item-title\" href=\"https:\/\/www.fscindigenousfoundation.org\/fr\/rassembler-les-perspectives-des-peuples-autochtones-du-monde-entier-pour-contribuer-au-projet-brouillon-de-strategie-climatique-de-lusaid\/\">Rassembler les perspectives des Peuples Autochtones du monde entier pour contribuer au projet brouillon de strat\u00e9gie climatique de l&#8217;USAID<\/a>\n\n    <p class=\"outstanding-news__item-excerpt\">\n      La FSC-IF et l&#039;USAID ont co-organis\u00e9 deux sessions d&#039;\u00e9coute pour les leaders indig\u00e8nes du monde entier afin de partager leurs id\u00e9es sur la nouvelle strat\u00e9gie climatique de l&#039;USAID.    <\/p>\n\n    <a class=\"outstanding-news__item-link\" href=\"https:\/\/www.fscindigenousfoundation.org\/fr\/rassembler-les-perspectives-des-peuples-autochtones-du-monde-entier-pour-contribuer-au-projet-brouillon-de-strategie-climatique-de-lusaid\/\">\u203a Read more<\/a>\n  <\/div>\n<\/div><div class=\"outstanding-news__item\">\n  <div class=\"outstanding-news__item-image-wrapper\">\n    <a href=\"https:\/\/www.fscindigenousfoundation.org\/fr\/identifier-les-principaux-defis-des-economies-autochtones\/\" class=\"outstanding-news__item-image\">\n      <img loading=\"lazy\" decoding=\"async\" width=\"768\" height=\"432\" src=\"https:\/\/www.fscindigenousfoundation.org\/wp-content\/uploads\/2022\/01\/oline-meeting-768x432.jpg\" class=\"attachment-medium size-medium wp-post-image\" alt=\"Zoom meeting FSC IF Indigenous Economies\" \/>    <\/a>\n  <\/div>\n\n  <div class=\"outstanding-news__item-info-wrapper\">\n    <a class=\"outstanding-news__item-title\" href=\"https:\/\/www.fscindigenousfoundation.org\/fr\/identifier-les-principaux-defis-des-economies-autochtones\/\">Identifier les Principaux D\u00e9fis des \u00c9conomies Autochtones<\/a>\n\n    <p class=\"outstanding-news__item-excerpt\">\n      La Fondation Indig\u00e8ne FSC a organis\u00e9 un atelier avec des acad\u00e9miciens et des experts dans le domaine des \u00e9conomies Autochtones.    <\/p>\n\n    <a class=\"outstanding-news__item-link\" href=\"https:\/\/www.fscindigenousfoundation.org\/fr\/identifier-les-principaux-defis-des-economies-autochtones\/\">\u203a Read more<\/a>\n  <\/div>\n<\/div>    <\/div>\n  <\/div>\n<\/section>\n\n<section id=\"block_cc2673421cfdd5ae3eff8da89656de8a\" class=\"section form \"  style=\"background-color: #ffffff;\" >\n  <div class=\"container\">\n    <div class=\"form__form-wrapper\">\n              <h2 class=\"section-header form__header\">\n          REJOIGNEZ-NOUS        <\/h2>\n      \n              <p class=\"form__description\">Rejoignez-nous pour promouvoir les solutions Autochtones. \r\nInscrivez-vous pour recevoir notre bulletin et d\u00e9couvrez les opportunit\u00e9s de volontariat dans le monde entier.<\/p>\n      \n      \n<div class=\"wpcf7 no-js\" id=\"wpcf7-f849-o1\" lang=\"fr-FR\" dir=\"ltr\" data-wpcf7-id=\"849\">\n<div class=\"screen-reader-response\"><p role=\"status\" aria-live=\"polite\" aria-atomic=\"true\"><\/p> <ul><\/ul><\/div>\n<form action=\"\/fr\/wp-json\/wp\/v2\/pages\/2466#wpcf7-f849-o1\" method=\"post\" class=\"wpcf7-form init\" aria-label=\"Contact form\" novalidate=\"novalidate\" data-status=\"init\">\n<fieldset class=\"hidden-fields-container\"><input type=\"hidden\" name=\"_wpcf7\" value=\"849\" \/><input type=\"hidden\" name=\"_wpcf7_version\" value=\"6.1.5\" \/><input type=\"hidden\" name=\"_wpcf7_locale\" value=\"fr_FR\" \/><input type=\"hidden\" name=\"_wpcf7_unit_tag\" value=\"wpcf7-f849-o1\" \/><input type=\"hidden\" name=\"_wpcf7_container_post\" value=\"0\" \/><input type=\"hidden\" name=\"_wpcf7_posted_data_hash\" value=\"\" \/>\n<\/fieldset>\n<p><span class=\"wpcf7-form-control-wrap\" data-name=\"first-name\"><input size=\"40\" maxlength=\"400\" class=\"wpcf7-form-control wpcf7-text wpcf7-validates-as-required\" aria-required=\"true\" aria-invalid=\"false\" placeholder=\"Pr\u00e9nom\" value=\"\" type=\"text\" name=\"first-name\" \/><\/span>\n<\/p>\n<p><span class=\"wpcf7-form-control-wrap\" data-name=\"last-name\"><input size=\"40\" maxlength=\"400\" class=\"wpcf7-form-control wpcf7-text wpcf7-validates-as-required\" aria-required=\"true\" aria-invalid=\"false\" placeholder=\"Nom\" value=\"\" type=\"text\" name=\"last-name\" \/><\/span>\n<\/p>\n<p><span class=\"wpcf7-form-control-wrap\" data-name=\"your-email\"><input size=\"40\" maxlength=\"400\" class=\"wpcf7-form-control wpcf7-email wpcf7-validates-as-required wpcf7-text wpcf7-validates-as-email\" aria-required=\"true\" aria-invalid=\"false\" placeholder=\"E-mail\" value=\"\" type=\"email\" name=\"your-email\" \/><\/span>\n<\/p>\n<p><span class=\"wpcf7-form-control-wrap\" data-name=\"organization\"><input size=\"40\" maxlength=\"400\" class=\"wpcf7-form-control wpcf7-text wpcf7-validates-as-required\" aria-required=\"true\" aria-invalid=\"false\" placeholder=\"Institution \/ Organization\" value=\"\" type=\"text\" name=\"organization\" \/><\/span>\n<\/p>\n<p><span class=\"wpcf7-form-control-wrap\" data-name=\"country\"><input size=\"40\" maxlength=\"400\" class=\"wpcf7-form-control wpcf7-text\" aria-invalid=\"false\" placeholder=\"Pays\" value=\"\" type=\"text\" name=\"country\" \/><\/span>\n<\/p>\n<p><span class=\"wpcf7-form-control-wrap\" data-name=\"language\"><input size=\"40\" maxlength=\"400\" class=\"wpcf7-form-control wpcf7-text\" aria-invalid=\"false\" placeholder=\"Langue\" value=\"\" type=\"text\" name=\"language\" \/><\/span>\n<\/p>\n<p><input class=\"wpcf7-form-control wpcf7-submit has-spinner\" type=\"submit\" value=\"Envoyer\" \/>\n<\/p><div class=\"wpcf7-response-output\" aria-hidden=\"true\"><\/div>\n<\/form>\n<\/div>\n    <\/div>\n  <\/div>\n<\/section>","protected":false},"excerpt":{"rendered":"<p>Tenez-vous au courant de nos actions et de nos histoires.<\/p>\n","protected":false},"author":2,"featured_media":15345,"parent":0,"menu_order":0,"comment_status":"closed","ping_status":"closed","template":"","meta":{"footnotes":""},"class_list":["post-2466","page","type-page","status-publish","has-post-thumbnail","hentry"],"acf":[],"yoast_head":"<!-- This site is optimized with the Yoast SEO plugin v26.9 - https:\/\/yoast.com\/product\/yoast-seo-wordpress\/ -->\n<title>Actualit\u00e9s - Fondation Indig\u00e8ne FSC<\/title>\n<meta name=\"description\" content=\"Tenez-vous au courant de nos actions et de nos histoires. Rejoignez-nous pour promouvoir les solutions Autochtones.\" \/>\n<meta name=\"robots\" content=\"index, follow, max-snippet:-1, max-image-preview:large, max-video-preview:-1\" \/>\n<link rel=\"canonical\" href=\"https:\/\/www.fscindigenousfoundation.org\/fr\/actualites\/\" \/>\n<meta property=\"og:locale\" content=\"fr_FR\" \/>\n<meta property=\"og:type\" content=\"article\" \/>\n<meta property=\"og:title\" content=\"Actualit\u00e9s - Fondation Indig\u00e8ne FSC\" \/>\n<meta property=\"og:description\" content=\"Tenez-vous au courant de nos actions et de nos histoires. Rejoignez-nous pour promouvoir les solutions Autochtones.\" \/>\n<meta property=\"og:url\" content=\"https:\/\/www.fscindigenousfoundation.org\/fr\/actualites\/\" \/>\n<meta property=\"og:site_name\" content=\"Fondation Indig\u00e8ne FSC\" \/>\n<meta property=\"article:publisher\" content=\"https:\/\/www.facebook.com\/fscindigenousfoundation\" \/>\n<meta property=\"article:modified_time\" content=\"2026-04-27T16:35:05+00:00\" \/>\n<meta property=\"og:image\" content=\"https:\/\/www.fscindigenousfoundation.org\/wp-content\/uploads\/2025\/04\/fsc-wed-12.jpg\" \/>\n\t<meta property=\"og:image:width\" content=\"1349\" \/>\n\t<meta property=\"og:image:height\" content=\"900\" \/>\n\t<meta property=\"og:image:type\" content=\"image\/jpeg\" \/>\n<meta name=\"twitter:card\" content=\"summary_large_image\" \/>\n<meta name=\"twitter:site\" content=\"@fsc_if\" \/>\n<meta name=\"twitter:label1\" content=\"Est. reading time\" \/>\n\t<meta name=\"twitter:data1\" content=\"1 minute\" \/>\n<script type=\"application\/ld+json\" class=\"yoast-schema-graph\">{\"@context\":\"https:\/\/schema.org\",\"@graph\":[{\"@type\":\"WebPage\",\"@id\":\"https:\/\/www.fscindigenousfoundation.org\/fr\/actualites\/\",\"url\":\"https:\/\/www.fscindigenousfoundation.org\/fr\/actualites\/\",\"name\":\"Actualit\u00e9s - Fondation Indig\u00e8ne FSC\",\"isPartOf\":{\"@id\":\"https:\/\/www.fscindigenousfoundation.org\/fr\/#website\"},\"primaryImageOfPage\":{\"@id\":\"https:\/\/www.fscindigenousfoundation.org\/fr\/actualites\/#primaryimage\"},\"image\":{\"@id\":\"https:\/\/www.fscindigenousfoundation.org\/fr\/actualites\/#primaryimage\"},\"thumbnailUrl\":\"https:\/\/www.fscindigenousfoundation.org\/wp-content\/uploads\/2025\/04\/fsc-wed-12.jpg\",\"datePublished\":\"2021-09-17T00:47:57+00:00\",\"dateModified\":\"2026-04-27T16:35:05+00:00\",\"description\":\"Tenez-vous au courant de nos actions et de nos histoires. Rejoignez-nous pour promouvoir les solutions Autochtones.\",\"breadcrumb\":{\"@id\":\"https:\/\/www.fscindigenousfoundation.org\/fr\/actualites\/#breadcrumb\"},\"inLanguage\":\"fr-FR\",\"potentialAction\":[{\"@type\":\"ReadAction\",\"target\":[\"https:\/\/www.fscindigenousfoundation.org\/fr\/actualites\/\"]}]},{\"@type\":\"ImageObject\",\"inLanguage\":\"fr-FR\",\"@id\":\"https:\/\/www.fscindigenousfoundation.org\/fr\/actualites\/#primaryimage\",\"url\":\"https:\/\/www.fscindigenousfoundation.org\/wp-content\/uploads\/2025\/04\/fsc-wed-12.jpg\",\"contentUrl\":\"https:\/\/www.fscindigenousfoundation.org\/wp-content\/uploads\/2025\/04\/fsc-wed-12.jpg\",\"width\":1349,\"height\":900,\"caption\":\"FSC IF Indigenous Peoples\"},{\"@type\":\"BreadcrumbList\",\"@id\":\"https:\/\/www.fscindigenousfoundation.org\/fr\/actualites\/#breadcrumb\",\"itemListElement\":[{\"@type\":\"ListItem\",\"position\":1,\"name\":\"Home\",\"item\":\"https:\/\/www.fscindigenousfoundation.org\/fr\/\"},{\"@type\":\"ListItem\",\"position\":2,\"name\":\"Actualit\u00e9s\"}]},{\"@type\":\"WebSite\",\"@id\":\"https:\/\/www.fscindigenousfoundation.org\/fr\/#website\",\"url\":\"https:\/\/www.fscindigenousfoundation.org\/fr\/\",\"name\":\"IPARD\",\"description\":\"La Fondation Indig\u00e8ne FSC est une fondation cr\u00e9\u00e9e pour apporter des solutions qui garantissent les droits des Autochtones et prot\u00e8gent leur territoire, leurs for\u00eats et leurs connaissances ancestrales.\",\"publisher\":{\"@id\":\"https:\/\/www.fscindigenousfoundation.org\/fr\/#organization\"},\"potentialAction\":[{\"@type\":\"SearchAction\",\"target\":{\"@type\":\"EntryPoint\",\"urlTemplate\":\"https:\/\/www.fscindigenousfoundation.org\/fr\/?s={search_term_string}\"},\"query-input\":{\"@type\":\"PropertyValueSpecification\",\"valueRequired\":true,\"valueName\":\"search_term_string\"}}],\"inLanguage\":\"fr-FR\"},{\"@type\":\"Organization\",\"@id\":\"https:\/\/www.fscindigenousfoundation.org\/fr\/#organization\",\"name\":\"FSC Indigenous Foundation\",\"url\":\"https:\/\/www.fscindigenousfoundation.org\/fr\/\",\"logo\":{\"@type\":\"ImageObject\",\"inLanguage\":\"fr-FR\",\"@id\":\"https:\/\/www.fscindigenousfoundation.org\/fr\/#\/schema\/logo\/image\/\",\"url\":\"https:\/\/www.fscindigenousfoundation.org\/wp-content\/uploads\/2021\/09\/fsc-indigenous-foundation-color.png\",\"contentUrl\":\"https:\/\/www.fscindigenousfoundation.org\/wp-content\/uploads\/2021\/09\/fsc-indigenous-foundation-color.png\",\"width\":657,\"height\":197,\"caption\":\"FSC Indigenous Foundation\"},\"image\":{\"@id\":\"https:\/\/www.fscindigenousfoundation.org\/fr\/#\/schema\/logo\/image\/\"},\"sameAs\":[\"https:\/\/www.facebook.com\/fscindigenousfoundation\",\"https:\/\/x.com\/fsc_if\",\"https:\/\/instagram.com\/fscindigenousfoundation\"]}]}<\/script>\n<!-- \/ Yoast SEO plugin. -->","yoast_head_json":{"title":"Actualit\u00e9s - Fondation Indig\u00e8ne FSC","description":"Tenez-vous au courant de nos actions et de nos histoires. Rejoignez-nous pour promouvoir les solutions Autochtones.","robots":{"index":"index","follow":"follow","max-snippet":"max-snippet:-1","max-image-preview":"max-image-preview:large","max-video-preview":"max-video-preview:-1"},"canonical":"https:\/\/www.fscindigenousfoundation.org\/fr\/actualites\/","og_locale":"fr_FR","og_type":"article","og_title":"Actualit\u00e9s - Fondation Indig\u00e8ne FSC","og_description":"Tenez-vous au courant de nos actions et de nos histoires. Rejoignez-nous pour promouvoir les solutions Autochtones.","og_url":"https:\/\/www.fscindigenousfoundation.org\/fr\/actualites\/","og_site_name":"Fondation Indig\u00e8ne FSC","article_publisher":"https:\/\/www.facebook.com\/fscindigenousfoundation","article_modified_time":"2026-04-27T16:35:05+00:00","og_image":[{"width":1349,"height":900,"url":"https:\/\/www.fscindigenousfoundation.org\/wp-content\/uploads\/2025\/04\/fsc-wed-12.jpg","type":"image\/jpeg"}],"twitter_card":"summary_large_image","twitter_site":"@fsc_if","twitter_misc":{"Est. reading time":"1 minute"},"schema":{"@context":"https:\/\/schema.org","@graph":[{"@type":"WebPage","@id":"https:\/\/www.fscindigenousfoundation.org\/fr\/actualites\/","url":"https:\/\/www.fscindigenousfoundation.org\/fr\/actualites\/","name":"Actualit\u00e9s - Fondation Indig\u00e8ne FSC","isPartOf":{"@id":"https:\/\/www.fscindigenousfoundation.org\/fr\/#website"},"primaryImageOfPage":{"@id":"https:\/\/www.fscindigenousfoundation.org\/fr\/actualites\/#primaryimage"},"image":{"@id":"https:\/\/www.fscindigenousfoundation.org\/fr\/actualites\/#primaryimage"},"thumbnailUrl":"https:\/\/www.fscindigenousfoundation.org\/wp-content\/uploads\/2025\/04\/fsc-wed-12.jpg","datePublished":"2021-09-17T00:47:57+00:00","dateModified":"2026-04-27T16:35:05+00:00","description":"Tenez-vous au courant de nos actions et de nos histoires. Rejoignez-nous pour promouvoir les solutions Autochtones.","breadcrumb":{"@id":"https:\/\/www.fscindigenousfoundation.org\/fr\/actualites\/#breadcrumb"},"inLanguage":"fr-FR","potentialAction":[{"@type":"ReadAction","target":["https:\/\/www.fscindigenousfoundation.org\/fr\/actualites\/"]}]},{"@type":"ImageObject","inLanguage":"fr-FR","@id":"https:\/\/www.fscindigenousfoundation.org\/fr\/actualites\/#primaryimage","url":"https:\/\/www.fscindigenousfoundation.org\/wp-content\/uploads\/2025\/04\/fsc-wed-12.jpg","contentUrl":"https:\/\/www.fscindigenousfoundation.org\/wp-content\/uploads\/2025\/04\/fsc-wed-12.jpg","width":1349,"height":900,"caption":"FSC IF Indigenous Peoples"},{"@type":"BreadcrumbList","@id":"https:\/\/www.fscindigenousfoundation.org\/fr\/actualites\/#breadcrumb","itemListElement":[{"@type":"ListItem","position":1,"name":"Home","item":"https:\/\/www.fscindigenousfoundation.org\/fr\/"},{"@type":"ListItem","position":2,"name":"Actualit\u00e9s"}]},{"@type":"WebSite","@id":"https:\/\/www.fscindigenousfoundation.org\/fr\/#website","url":"https:\/\/www.fscindigenousfoundation.org\/fr\/","name":"IPARD","description":"La Fondation Indig\u00e8ne FSC est une fondation cr\u00e9\u00e9e pour apporter des solutions qui garantissent les droits des Autochtones et prot\u00e8gent leur territoire, leurs for\u00eats et leurs connaissances ancestrales.","publisher":{"@id":"https:\/\/www.fscindigenousfoundation.org\/fr\/#organization"},"potentialAction":[{"@type":"SearchAction","target":{"@type":"EntryPoint","urlTemplate":"https:\/\/www.fscindigenousfoundation.org\/fr\/?s={search_term_string}"},"query-input":{"@type":"PropertyValueSpecification","valueRequired":true,"valueName":"search_term_string"}}],"inLanguage":"fr-FR"},{"@type":"Organization","@id":"https:\/\/www.fscindigenousfoundation.org\/fr\/#organization","name":"FSC Indigenous Foundation","url":"https:\/\/www.fscindigenousfoundation.org\/fr\/","logo":{"@type":"ImageObject","inLanguage":"fr-FR","@id":"https:\/\/www.fscindigenousfoundation.org\/fr\/#\/schema\/logo\/image\/","url":"https:\/\/www.fscindigenousfoundation.org\/wp-content\/uploads\/2021\/09\/fsc-indigenous-foundation-color.png","contentUrl":"https:\/\/www.fscindigenousfoundation.org\/wp-content\/uploads\/2021\/09\/fsc-indigenous-foundation-color.png","width":657,"height":197,"caption":"FSC Indigenous Foundation"},"image":{"@id":"https:\/\/www.fscindigenousfoundation.org\/fr\/#\/schema\/logo\/image\/"},"sameAs":["https:\/\/www.facebook.com\/fscindigenousfoundation","https:\/\/x.com\/fsc_if","https:\/\/instagram.com\/fscindigenousfoundation"]}]}},"_links":{"self":[{"href":"https:\/\/www.fscindigenousfoundation.org\/fr\/wp-json\/wp\/v2\/pages\/2466","targetHints":{"allow":["GET"]}}],"collection":[{"href":"https:\/\/www.fscindigenousfoundation.org\/fr\/wp-json\/wp\/v2\/pages"}],"about":[{"href":"https:\/\/www.fscindigenousfoundation.org\/fr\/wp-json\/wp\/v2\/types\/page"}],"author":[{"embeddable":true,"href":"https:\/\/www.fscindigenousfoundation.org\/fr\/wp-json\/wp\/v2\/users\/2"}],"replies":[{"embeddable":true,"href":"https:\/\/www.fscindigenousfoundation.org\/fr\/wp-json\/wp\/v2\/comments?post=2466"}],"version-history":[{"count":97,"href":"https:\/\/www.fscindigenousfoundation.org\/fr\/wp-json\/wp\/v2\/pages\/2466\/revisions"}],"predecessor-version":[{"id":20141,"href":"https:\/\/www.fscindigenousfoundation.org\/fr\/wp-json\/wp\/v2\/pages\/2466\/revisions\/20141"}],"wp:featuredmedia":[{"embeddable":true,"href":"https:\/\/www.fscindigenousfoundation.org\/fr\/wp-json\/wp\/v2\/media\/15345"}],"wp:attachment":[{"href":"https:\/\/www.fscindigenousfoundation.org\/fr\/wp-json\/wp\/v2\/media?parent=2466"}],"curies":[{"name":"wp","href":"https:\/\/api.w.org\/{rel}","templated":true}]}}