{"id":19541,"date":"2026-04-23T10:18:39","date_gmt":"2026-04-23T14:18:39","guid":{"rendered":"https:\/\/www.fscindigenousfoundation.org\/?page_id=19541"},"modified":"2026-04-24T20:14:32","modified_gmt":"2026-04-25T00:14:32","slug":"le-comite-permanent-des-peuples-autochtones","status":"publish","type":"page","link":"https:\/\/www.fscindigenousfoundation.org\/fr\/le-comite-permanent-des-peuples-autochtones\/","title":{"rendered":"Le Comit\u00e9 Permanent des Peuples Autochtones"},"content":{"rendered":"\n<section id=\"block_7f0842fa2ce4d4e6189f7d055a12a20c\" class=\"section slide-masthead \">\n  <div class=\"container--full-width\">\n    <div class=\"swiper slide-masthead__swiper\">\n      <div class=\"swiper-wrapper slide-masthead__swiper-wrapper\">\n        <div class=\"swiper-slide slide-masthead__swiper-slide\">\n  <div class=\"slide-masthead__image\">\n    <img decoding=\"async\" loading=\"lazy\" data-object-fit=\"cover\" data-object-position=\"center\" src=\"https:\/\/www.fscindigenousfoundation.org\/wp-content\/uploads\/2026\/04\/ga-bali-2022.jpg\" alt=\"GA Bali 2022\">\n  <\/div>\n\n  <div class=\"slide-masthead__content\">\n    <div class=\"container\">\n      <div class=\"swiper-pagination\"><\/div>\n\n      <h2 class=\"slide-masthead__title\">\n               <\/h2>\n\n          <\/div>\n  <\/div>\n<\/div><div class=\"swiper-slide slide-masthead__swiper-slide\">\n  <div class=\"slide-masthead__image\">\n    <img decoding=\"async\" loading=\"lazy\" data-object-fit=\"cover\" data-object-position=\"center\" src=\"https:\/\/www.fscindigenousfoundation.org\/wp-content\/uploads\/2026\/04\/oceania-reg-m-nz-2025.jpg\" alt=\"Oceania Reg M NZ 2025\">\n  <\/div>\n\n  <div class=\"slide-masthead__content\">\n    <div class=\"container\">\n      <div class=\"swiper-pagination\"><\/div>\n\n      <h2 class=\"slide-masthead__title\">\n               <\/h2>\n\n          <\/div>\n  <\/div>\n<\/div><div class=\"swiper-slide slide-masthead__swiper-slide\">\n  <div class=\"slide-masthead__image\">\n    <img decoding=\"async\" loading=\"lazy\" data-object-fit=\"cover\" data-object-position=\"center\" src=\"https:\/\/www.fscindigenousfoundation.org\/wp-content\/uploads\/2026\/04\/latam-reg-meeting-2025-pa.jpg\" alt=\"Latam Reg M PA 2025\">\n  <\/div>\n\n  <div class=\"slide-masthead__content\">\n    <div class=\"container\">\n      <div class=\"swiper-pagination\"><\/div>\n\n      <h2 class=\"slide-masthead__title\">\n               <\/h2>\n\n          <\/div>\n  <\/div>\n<\/div><div class=\"swiper-slide slide-masthead__swiper-slide\">\n  <div class=\"slide-masthead__image\">\n    <img decoding=\"async\" loading=\"lazy\" data-object-fit=\"cover\" data-object-position=\"center\" src=\"https:\/\/www.fscindigenousfoundation.org\/wp-content\/uploads\/2026\/04\/ga-2025-panama.jpg\" alt=\"GA Panama 2025\">\n  <\/div>\n\n  <div class=\"slide-masthead__content\">\n    <div class=\"container\">\n      <div class=\"swiper-pagination\"><\/div>\n\n      <h2 class=\"slide-masthead__title\">\n               <\/h2>\n\n          <\/div>\n  <\/div>\n<\/div><div class=\"swiper-slide slide-masthead__swiper-slide\">\n  <div class=\"slide-masthead__image\">\n    <img decoding=\"async\" loading=\"lazy\" data-object-fit=\"cover\" data-object-position=\"center\" src=\"https:\/\/www.fscindigenousfoundation.org\/wp-content\/uploads\/2026\/04\/asia-reg-m-thailand-2026.jpg\" alt=\"Asia Reg M Thailand 2026\">\n  <\/div>\n\n  <div class=\"slide-masthead__content\">\n    <div class=\"container\">\n      <div class=\"swiper-pagination\"><\/div>\n\n      <h2 class=\"slide-masthead__title\">\n               <\/h2>\n\n          <\/div>\n  <\/div>\n<\/div>      <\/div>\n    <\/div>\n  <\/div>\n<\/section>\n\n<section id=\"block_0797d0cf7bdd793acd6ee157896a8c01\" class=\"section header \"  style=\"background-color: #ffffff;\" >\n  <div class=\"container\">\n          <h2 class=\"section-header header__header\">\n        Histoire du Comit\u00e9 Permanent des Peuples Autochtones du FSC      <\/h2>\n      <\/div>\n<\/section>\n\n<section id=\"block_143a179b4e483c1cf60d4d29df17ffb4\" class=\"section generic-content generic-content--blue\"  style=\"background-color: #ffffff;\" >\n  <div class=\"container\">\n    \n    \n          <div class=\"generic-content__simple\"><p>Le Comit\u00e9 Permanent des Peuples Autochtones (PIPC) du Forest Stewardship Council, A.C. a \u00e9t\u00e9 cr\u00e9\u00e9 en 2013 par la motion 19 de l&#8217;Assembl\u00e9e g\u00e9n\u00e9rale du FSC de 2011, afin d&#8217;aider l&#8217;Organisation dans ses efforts visant \u00e0 remplir son objectif de promotion d&#8217;une gestion viable des ressources foresti\u00e8res et de la production foresti\u00e8re qui pr\u00e9serve l&#8217;environnement et respecte les droits des Peuples Autochtones.<\/p>\n<\/div>\n    \n    \n      <\/div>\n<\/section>\n\n\n<figure class=\"wp-block-gallery has-nested-images columns-default is-cropped wp-block-gallery-1 is-layout-flex wp-block-gallery-is-layout-flex\">\n<figure class=\"wp-block-image size-medium\"><img loading=\"lazy\" decoding=\"async\" width=\"768\" height=\"512\" data-id=\"19465\" src=\"https:\/\/www.fscindigenousfoundation.org\/wp-content\/uploads\/2026\/04\/ga-2014-sevilla-768x512.jpg\" alt=\"GA Sevilla 2014\" class=\"wp-image-19465\"\/><figcaption class=\"wp-element-caption\">Pr\u00e9sentation du PIPC, Assembl\u00e9e g\u00e9n\u00e9rale du FSC 2014, S\u00e9ville<\/figcaption><\/figure>\n\n\n\n<figure class=\"wp-block-image size-large\"><img loading=\"lazy\" decoding=\"async\" width=\"2560\" height=\"1495\" data-id=\"19461\" src=\"https:\/\/www.fscindigenousfoundation.org\/wp-content\/uploads\/2026\/04\/pipc-m-2019-panama-scaled.jpg\" alt=\"PIPC M PA 2019\" class=\"wp-image-19461\"\/><figcaption class=\"wp-element-caption\">R\u00e9union du PIPC en 2019, Panama<\/figcaption><\/figure>\n\n\n\n<figure class=\"wp-block-image size-large\"><img loading=\"lazy\" decoding=\"async\" width=\"2000\" height=\"1334\" data-id=\"19457\" src=\"https:\/\/www.fscindigenousfoundation.org\/wp-content\/uploads\/2026\/04\/ocenia-reg-meeting-2025-nz.jpg\" alt=\"Oceania Reg M NZ 2025\" class=\"wp-image-19457\"\/><figcaption class=\"wp-element-caption\">R\u00e9union r\u00e9gionale de l&#8217;Oc\u00e9anie, 2025, Nouvelle-Z\u00e9lande<\/figcaption><\/figure>\n\n\n\n<figure class=\"wp-block-image size-large\"><img loading=\"lazy\" decoding=\"async\" width=\"1280\" height=\"724\" data-id=\"19473\" src=\"https:\/\/www.fscindigenousfoundation.org\/wp-content\/uploads\/2026\/04\/africa-regional-meeting-2024.jpeg\" alt=\"Africa Reg M 2024\" class=\"wp-image-19473\"\/><figcaption class=\"wp-element-caption\">Afrique, R\u00e9union r\u00e9gionale, 2024, Kenya<\/figcaption><\/figure>\n\n\n\n<figure class=\"wp-block-image size-large\"><img loading=\"lazy\" decoding=\"async\" width=\"2000\" height=\"1267\" data-id=\"19453\" src=\"https:\/\/www.fscindigenousfoundation.org\/wp-content\/uploads\/2026\/04\/latam-reg-meet-panama-2025.jpg\" alt=\"Latam Reg M PA 2025\" class=\"wp-image-19453\"\/><figcaption class=\"wp-element-caption\">R\u00e9union r\u00e9gionale pour l&#8217;Am\u00e9rique latine, 2025, Panama<\/figcaption><\/figure>\n\n\n\n<figure class=\"wp-block-image size-large\"><img loading=\"lazy\" decoding=\"async\" width=\"2560\" height=\"1440\" data-id=\"19469\" src=\"https:\/\/www.fscindigenousfoundation.org\/wp-content\/uploads\/2026\/04\/asia-reg-meeting-2026-thailand-scaled.jpg\" alt=\"Asia Reg M Thailand 2026\" class=\"wp-image-19469\"\/><figcaption class=\"wp-element-caption\">R\u00e9union r\u00e9gionale Asie, 2026, Tha\u00eflande<\/figcaption><\/figure>\n<\/figure>\n\n\n<section id=\"block_24c9ccea0e2d4fc687a3441974034761\" class=\"section generic-content generic-content--blue\"  style=\"background-color: #ffffff;\" >\n  <div class=\"container\">\n    \n    \n          <div class=\"generic-content__simple\"><p>Le PIPC est un comit\u00e9 permanent cr\u00e9\u00e9 pour fournir des conseils et des recommandations au Conseil d&#8217;administration (CA) du FSC. Le CA du FSC sollicite des conseils sur les questions relatives aux Peuples Autochtones, y compris les perspectives Autochtones sur les politiques et les normes, et le PIPC peut, \u00e0 sa discr\u00e9tion, formuler des recommandations au CA sur toute question Autochtone, m\u00eame lorsque le CA du FSC n&#8217;a pas sp\u00e9cifiquement sollicit\u00e9 de conseils.<\/p>\n<\/div>\n    \n    \n      <\/div>\n<\/section>\n\n<section id=\"block_ce1ed85d5b6aab22a6230117fb63d5d0\" class=\"section header \"  style=\"background-color: #ffffff;\" >\n  <div class=\"container\">\n          <h2 class=\"section-header header__header\">\n        Mission et objectifs du PIPC du FSC      <\/h2>\n      <\/div>\n<\/section>\n\n<section id=\"block_89dea767c039096da916a04a5ed5594c\" class=\"section generic-content generic-content--blue\"  style=\"background-color: #ffffff;\" >\n  <div class=\"container\">\n    \n    \n          <div class=\"generic-content__simple\"><p>La mission du Comit\u00e9 Permanent des Peuples Autochtones est de concentrer les efforts des Peuples Autochtones au sein du syst\u00e8me de certification FSC, de prot\u00e9ger les droits des Peuples Autochtones et d\u2019am\u00e9liorer la gestion foresti\u00e8re, par l\u2019inclusion et la reconnaissance des savoirs, de l\u2019autorit\u00e9 et des pratiques traditionnelles autochtones ; et de soutenir les Peuples Autochtones dans la mise en place d\u2019une gestion foresti\u00e8re certifi\u00e9e FSC, en augmentant leur part de march\u00e9 et leur valeur.<\/p>\n<p>Les objectifs du PIPC visent \u00e0 renforcer la participation des Peuples Autochtones au sein du FSC, en :<\/p>\n<ul>\n<li>conseillant le conseil d&#8217;administration du FSC sur la mani\u00e8re d&#8217;am\u00e9liorer et de renforcer la participation des Peuples Autochtones ;<\/li>\n<li>d\u00e9fendant l&#8217;engagement du FSC \u00e0 affirmer les droits des Peuples Autochtones ainsi que leurs valeurs traditionnelles et coutumi\u00e8res dans le syst\u00e8me de certification FSC et dans les espaces de dialogue pertinents ;<\/li>\n<li>soutenant l&#8217;engagement des Peuples Autochtones \u00e0 d\u00e9velopper des activit\u00e9s dans le secteur forestier qui soient coh\u00e9rentes avec les principes \u00e9thiques du FSC, en plus de leur engagement social, environnemental et \u00e9conomique, et \u00e0 gagner des parts de march\u00e9.<\/li>\n<\/ul>\n<\/div>\n    \n    \n      <\/div>\n<\/section>\n\n\n<figure class=\"wp-block-embed aligncenter is-type-video is-provider-youtube wp-block-embed-youtube wp-embed-aspect-16-9\"><div class=\"wp-block-embed__wrapper\">\n<iframe loading=\"lazy\" title=\"The Real Connection\" width=\"640\" height=\"360\" src=\"https:\/\/www.youtube.com\/embed\/9z5xBSJ73AU?feature=oembed\" frameborder=\"0\" allow=\"accelerometer; autoplay; clipboard-write; encrypted-media; gyroscope; picture-in-picture; web-share\" referrerpolicy=\"strict-origin-when-cross-origin\" allowfullscreen><\/iframe>\n<\/div><\/figure>\n\n\n\n<section id=\"block_29b571487dc53faa0942134cfa9de33c\" class=\"section teams-grid \"  style=\"background-color: #ffffff;\" >\n  <div class=\"container\">\n          <h2 class=\"section-header teams-grid__header\">\n        Membres du Comit\u00e9 Permanent des Peuples Autochtones du Forest Stewardship Council      <\/h2>\n    \n    \n    <div class=\"teams-grid__grid\">\n            <div class=\"teams-grid-card\">\n  <div class=\"teams-grid-card__container\">\n          <div class=\"teams-grid-card__image\">\n        <a href=\"https:\/\/www.fscindigenousfoundation.org\/fr\/teams\/samante-anne\/\" class=\"posts__item-image\">\n          <img loading=\"lazy\" decoding=\"async\" width=\"768\" height=\"768\" src=\"https:\/\/www.fscindigenousfoundation.org\/wp-content\/uploads\/2025\/01\/dsc00429-768x768.jpeg\" class=\"attachment-medium size-medium wp-post-image\" alt=\"Samante Anne\" \/>        <\/a>\n      <\/div>\n    \n          <span class=\"teams-grid-card__title\">\n        <a href=\"https:\/\/www.fscindigenousfoundation.org\/fr\/teams\/samante-anne\/\">Samante Anne<\/a>\n      <\/span>\n    \n          <span class=\"teams-grid-card__description\">\n        Repr\u00e9sentant du PIPC pour l&#039;Afrique anglophone      <\/span>\n      <\/div>\n<\/div><div class=\"teams-grid-card\">\n  <div class=\"teams-grid-card__container\">\n          <div class=\"teams-grid-card__image\">\n        <a href=\"https:\/\/www.fscindigenousfoundation.org\/fr\/teams\/niila-inga\/\" class=\"posts__item-image\">\n          <img loading=\"lazy\" decoding=\"async\" width=\"768\" height=\"768\" src=\"https:\/\/www.fscindigenousfoundation.org\/wp-content\/uploads\/2025\/01\/portrait-3-768x768.jpeg\" class=\"attachment-medium size-medium wp-post-image\" alt=\"Niila Inga\" \/>        <\/a>\n      <\/div>\n    \n          <span class=\"teams-grid-card__title\">\n        <a href=\"https:\/\/www.fscindigenousfoundation.org\/fr\/teams\/niila-inga\/\">Niila Inga<\/a>\n      <\/span>\n    \n          <span class=\"teams-grid-card__description\">\n        Repr\u00e9sentant du PIPC pour l&#039;Europe      <\/span>\n      <\/div>\n<\/div><div class=\"teams-grid-card\">\n  <div class=\"teams-grid-card__container\">\n          <div class=\"teams-grid-card__image\">\n        <a href=\"https:\/\/www.fscindigenousfoundation.org\/fr\/teams\/alina-liviet-santiago-jimenez\/\" class=\"posts__item-image\">\n          <img loading=\"lazy\" decoding=\"async\" width=\"752\" height=\"752\" src=\"https:\/\/www.fscindigenousfoundation.org\/wp-content\/uploads\/2025\/01\/whatsapp-image-2024-02-19-at-082758-3.jpeg\" class=\"attachment-medium size-medium wp-post-image\" alt=\"Alina Liviet Santiago Jimenez\" \/>        <\/a>\n      <\/div>\n    \n          <span class=\"teams-grid-card__title\">\n        <a href=\"https:\/\/www.fscindigenousfoundation.org\/fr\/teams\/alina-liviet-santiago-jimenez\/\">Alina Liviet Santiago Jimenez<\/a>\n      <\/span>\n    \n          <span class=\"teams-grid-card__description\">\n        Repr\u00e9sentant du PIPC pour l&#039;Am\u00e9rique centrale et les Cara\u00efbes      <\/span>\n      <\/div>\n<\/div><div class=\"teams-grid-card\">\n  <div class=\"teams-grid-card__container\">\n          <div class=\"teams-grid-card__image\">\n        <a href=\"https:\/\/www.fscindigenousfoundation.org\/fr\/teams\/olga-kostrova\/\" class=\"posts__item-image\">\n          <img loading=\"lazy\" decoding=\"async\" width=\"768\" height=\"768\" src=\"https:\/\/www.fscindigenousfoundation.org\/wp-content\/uploads\/2025\/01\/olga-kostrova-768x768.png\" class=\"attachment-medium size-medium wp-post-image\" alt=\"\" \/>        <\/a>\n      <\/div>\n    \n          <span class=\"teams-grid-card__title\">\n        <a href=\"https:\/\/www.fscindigenousfoundation.org\/fr\/teams\/olga-kostrova\/\">Olga Kostrova<\/a>\n      <\/span>\n    \n          <span class=\"teams-grid-card__description\">\n        Repr\u00e9sentante du PIPC pour la Russie et la Communaut\u00e9 des \u00c9tats ind\u00e9pendants      <\/span>\n      <\/div>\n<\/div><div class=\"teams-grid-card\">\n  <div class=\"teams-grid-card__container\">\n          <div class=\"teams-grid-card__image\">\n        <a href=\"https:\/\/www.fscindigenousfoundation.org\/fr\/teams\/nadia-gomez\/\" class=\"posts__item-image\">\n          <img loading=\"lazy\" decoding=\"async\" width=\"768\" height=\"768\" src=\"https:\/\/www.fscindigenousfoundation.org\/wp-content\/uploads\/2025\/01\/whatsapp-image-2024-02-19-at-082853-1-768x768.jpeg\" class=\"attachment-medium size-medium wp-post-image\" alt=\"Nadia Gomez\" \/>        <\/a>\n      <\/div>\n    \n          <span class=\"teams-grid-card__title\">\n        <a href=\"https:\/\/www.fscindigenousfoundation.org\/fr\/teams\/nadia-gomez\/\">Nadia Gomez<\/a>\n      <\/span>\n    \n          <span class=\"teams-grid-card__description\">\n        Repr\u00e9sentant du PIPC pour l&#039;Am\u00e9rique du Sud       <\/span>\n      <\/div>\n<\/div><div class=\"teams-grid-card\">\n  <div class=\"teams-grid-card__container\">\n          <div class=\"teams-grid-card__image\">\n        <a href=\"https:\/\/www.fscindigenousfoundation.org\/fr\/teams\/david-flood\/\" class=\"posts__item-image\">\n          <img loading=\"lazy\" decoding=\"async\" width=\"768\" height=\"768\" src=\"https:\/\/www.fscindigenousfoundation.org\/wp-content\/uploads\/2025\/01\/david-flood-768x768.jpeg\" class=\"attachment-medium size-medium wp-post-image\" alt=\"David Flood\" \/>        <\/a>\n      <\/div>\n    \n          <span class=\"teams-grid-card__title\">\n        <a href=\"https:\/\/www.fscindigenousfoundation.org\/fr\/teams\/david-flood\/\">David Flood<\/a>\n      <\/span>\n    \n          <span class=\"teams-grid-card__description\">\n        Pr\u00e9sident et repr\u00e9sentant du PIPC pour l\u2019Am\u00e9rique du Nord      <\/span>\n      <\/div>\n<\/div><div class=\"teams-grid-card\">\n  <div class=\"teams-grid-card__container\">\n          <div class=\"teams-grid-card__image\">\n        <a href=\"https:\/\/www.fscindigenousfoundation.org\/fr\/teams\/praful-lakra\/\" class=\"posts__item-image\">\n          <img loading=\"lazy\" decoding=\"async\" width=\"768\" height=\"768\" src=\"https:\/\/www.fscindigenousfoundation.org\/wp-content\/uploads\/2025\/01\/portrait-6-768x768.jpeg\" class=\"attachment-medium size-medium wp-post-image\" alt=\"Praful Lakra\" \/>        <\/a>\n      <\/div>\n    \n          <span class=\"teams-grid-card__title\">\n        <a href=\"https:\/\/www.fscindigenousfoundation.org\/fr\/teams\/praful-lakra\/\">Praful Lakra<\/a>\n      <\/span>\n    \n          <span class=\"teams-grid-card__description\">\n        Vice-pr\u00e9sident du PIPC et repr\u00e9sentant pour l&#039;Asie      <\/span>\n      <\/div>\n<\/div><div class=\"teams-grid-card\">\n  <div class=\"teams-grid-card__container\">\n          <div class=\"teams-grid-card__image\">\n        <a href=\"https:\/\/www.fscindigenousfoundation.org\/fr\/teams\/te-ngaehe-wanikau\/\" class=\"posts__item-image\">\n          <img loading=\"lazy\" decoding=\"async\" width=\"768\" height=\"768\" src=\"https:\/\/www.fscindigenousfoundation.org\/wp-content\/uploads\/2025\/09\/te-ngaehe-wanikau-profile-photo-min-768x768.png\" class=\"attachment-medium size-medium wp-post-image\" alt=\"FSC Remedy Forum in Jakarta\" \/>        <\/a>\n      <\/div>\n    \n          <span class=\"teams-grid-card__title\">\n        <a href=\"https:\/\/www.fscindigenousfoundation.org\/fr\/teams\/te-ngaehe-wanikau\/\">Te Ngaehe Wanikau<\/a>\n      <\/span>\n    \n          <span class=\"teams-grid-card__description\">\n        Repr\u00e9sentant du PIPC pour l\u2019Oc\u00e9anie      <\/span>\n      <\/div>\n<\/div>    <\/div>\n  <\/div>\n<\/section>\n\n\n<div class=\"wp-block-buttons is-content-justification-center is-layout-flex wp-container-core-buttons-is-layout-16018d1d wp-block-buttons-is-layout-flex\">\n<div class=\"wp-block-button is-style-fill\"><a class=\"wp-block-button__link has-text-color has-background has-link-color has-custom-font-size wp-element-button\" href=\"https:\/\/www.fscindigenousfoundation.org\/fr\/a-propos-de-nous\/\" style=\"color:#000748;background-color:#ffa626;font-size:16px;font-style:normal;font-weight:700\" target=\"_blank\" rel=\"noreferrer noopener\">EN SAVOIR PLUS<\/a><\/div>\n<\/div>\n\n\n\n<div style=\"height:60px\" aria-hidden=\"true\" class=\"wp-block-spacer\"><\/div>\n","protected":false},"excerpt":{"rendered":"","protected":false},"author":1,"featured_media":0,"parent":0,"menu_order":0,"comment_status":"closed","ping_status":"closed","template":"","meta":{"footnotes":""},"class_list":["post-19541","page","type-page","status-publish","hentry"],"acf":[],"yoast_head":"<!-- This site is optimized with the Yoast SEO plugin v26.9 - https:\/\/yoast.com\/product\/yoast-seo-wordpress\/ -->\n<title>Le Comit\u00e9 Permanent des Peuples Autochtones - Fondation Indig\u00e8ne FSC<\/title>\n<meta name=\"robots\" content=\"index, follow, max-snippet:-1, max-image-preview:large, max-video-preview:-1\" \/>\n<link rel=\"canonical\" href=\"https:\/\/www.fscindigenousfoundation.org\/fr\/le-comite-permanent-des-peuples-autochtones\/\" \/>\n<meta property=\"og:locale\" content=\"fr_FR\" \/>\n<meta property=\"og:type\" content=\"article\" \/>\n<meta property=\"og:title\" content=\"Le Comit\u00e9 Permanent des Peuples Autochtones - Fondation Indig\u00e8ne FSC\" \/>\n<meta property=\"og:url\" content=\"https:\/\/www.fscindigenousfoundation.org\/fr\/le-comite-permanent-des-peuples-autochtones\/\" \/>\n<meta property=\"og:site_name\" content=\"Fondation Indig\u00e8ne FSC\" \/>\n<meta property=\"article:publisher\" content=\"https:\/\/www.facebook.com\/fscindigenousfoundation\" \/>\n<meta property=\"article:modified_time\" content=\"2026-04-25T00:14:32+00:00\" \/>\n<meta property=\"og:image\" content=\"https:\/\/www.fscindigenousfoundation.org\/wp-content\/uploads\/2026\/04\/ga-2014-sevilla-768x512.jpg\" \/>\n<meta name=\"twitter:card\" content=\"summary_large_image\" \/>\n<meta name=\"twitter:site\" content=\"@fsc_if\" \/>\n<meta name=\"twitter:label1\" content=\"Est. reading time\" \/>\n\t<meta name=\"twitter:data1\" content=\"2 minutes\" \/>\n<script type=\"application\/ld+json\" class=\"yoast-schema-graph\">{\"@context\":\"https:\/\/schema.org\",\"@graph\":[{\"@type\":\"WebPage\",\"@id\":\"https:\/\/www.fscindigenousfoundation.org\/fr\/le-comite-permanent-des-peuples-autochtones\/\",\"url\":\"https:\/\/www.fscindigenousfoundation.org\/fr\/le-comite-permanent-des-peuples-autochtones\/\",\"name\":\"Le Comit\u00e9 Permanent des Peuples Autochtones - Fondation Indig\u00e8ne FSC\",\"isPartOf\":{\"@id\":\"https:\/\/www.fscindigenousfoundation.org\/fr\/#website\"},\"primaryImageOfPage\":{\"@id\":\"https:\/\/www.fscindigenousfoundation.org\/fr\/le-comite-permanent-des-peuples-autochtones\/#primaryimage\"},\"image\":{\"@id\":\"https:\/\/www.fscindigenousfoundation.org\/fr\/le-comite-permanent-des-peuples-autochtones\/#primaryimage\"},\"thumbnailUrl\":\"https:\/\/www.fscindigenousfoundation.org\/wp-content\/uploads\/2026\/04\/ga-2014-sevilla-768x512.jpg\",\"datePublished\":\"2026-04-23T14:18:39+00:00\",\"dateModified\":\"2026-04-25T00:14:32+00:00\",\"breadcrumb\":{\"@id\":\"https:\/\/www.fscindigenousfoundation.org\/fr\/le-comite-permanent-des-peuples-autochtones\/#breadcrumb\"},\"inLanguage\":\"fr-FR\",\"potentialAction\":[{\"@type\":\"ReadAction\",\"target\":[\"https:\/\/www.fscindigenousfoundation.org\/fr\/le-comite-permanent-des-peuples-autochtones\/\"]}]},{\"@type\":\"ImageObject\",\"inLanguage\":\"fr-FR\",\"@id\":\"https:\/\/www.fscindigenousfoundation.org\/fr\/le-comite-permanent-des-peuples-autochtones\/#primaryimage\",\"url\":\"https:\/\/www.fscindigenousfoundation.org\/wp-content\/uploads\/2026\/04\/ga-2014-sevilla-768x512.jpg\",\"contentUrl\":\"https:\/\/www.fscindigenousfoundation.org\/wp-content\/uploads\/2026\/04\/ga-2014-sevilla-768x512.jpg\"},{\"@type\":\"BreadcrumbList\",\"@id\":\"https:\/\/www.fscindigenousfoundation.org\/fr\/le-comite-permanent-des-peuples-autochtones\/#breadcrumb\",\"itemListElement\":[{\"@type\":\"ListItem\",\"position\":1,\"name\":\"Home\",\"item\":\"https:\/\/www.fscindigenousfoundation.org\/fr\/\"},{\"@type\":\"ListItem\",\"position\":2,\"name\":\"Le Comit\u00e9 Permanent des Peuples Autochtones\"}]},{\"@type\":\"WebSite\",\"@id\":\"https:\/\/www.fscindigenousfoundation.org\/fr\/#website\",\"url\":\"https:\/\/www.fscindigenousfoundation.org\/fr\/\",\"name\":\"IPARD\",\"description\":\"La Fondation Indig\u00e8ne FSC est une fondation cr\u00e9\u00e9e pour apporter des solutions qui garantissent les droits des Autochtones et prot\u00e8gent leur territoire, leurs for\u00eats et leurs connaissances ancestrales.\",\"publisher\":{\"@id\":\"https:\/\/www.fscindigenousfoundation.org\/fr\/#organization\"},\"potentialAction\":[{\"@type\":\"SearchAction\",\"target\":{\"@type\":\"EntryPoint\",\"urlTemplate\":\"https:\/\/www.fscindigenousfoundation.org\/fr\/?s={search_term_string}\"},\"query-input\":{\"@type\":\"PropertyValueSpecification\",\"valueRequired\":true,\"valueName\":\"search_term_string\"}}],\"inLanguage\":\"fr-FR\"},{\"@type\":\"Organization\",\"@id\":\"https:\/\/www.fscindigenousfoundation.org\/fr\/#organization\",\"name\":\"FSC Indigenous Foundation\",\"url\":\"https:\/\/www.fscindigenousfoundation.org\/fr\/\",\"logo\":{\"@type\":\"ImageObject\",\"inLanguage\":\"fr-FR\",\"@id\":\"https:\/\/www.fscindigenousfoundation.org\/fr\/#\/schema\/logo\/image\/\",\"url\":\"https:\/\/www.fscindigenousfoundation.org\/wp-content\/uploads\/2021\/09\/fsc-indigenous-foundation-color.png\",\"contentUrl\":\"https:\/\/www.fscindigenousfoundation.org\/wp-content\/uploads\/2021\/09\/fsc-indigenous-foundation-color.png\",\"width\":657,\"height\":197,\"caption\":\"FSC Indigenous Foundation\"},\"image\":{\"@id\":\"https:\/\/www.fscindigenousfoundation.org\/fr\/#\/schema\/logo\/image\/\"},\"sameAs\":[\"https:\/\/www.facebook.com\/fscindigenousfoundation\",\"https:\/\/x.com\/fsc_if\",\"https:\/\/instagram.com\/fscindigenousfoundation\"]}]}<\/script>\n<!-- \/ Yoast SEO plugin. -->","yoast_head_json":{"title":"Le Comit\u00e9 Permanent des Peuples Autochtones - Fondation Indig\u00e8ne FSC","robots":{"index":"index","follow":"follow","max-snippet":"max-snippet:-1","max-image-preview":"max-image-preview:large","max-video-preview":"max-video-preview:-1"},"canonical":"https:\/\/www.fscindigenousfoundation.org\/fr\/le-comite-permanent-des-peuples-autochtones\/","og_locale":"fr_FR","og_type":"article","og_title":"Le Comit\u00e9 Permanent des Peuples Autochtones - Fondation Indig\u00e8ne FSC","og_url":"https:\/\/www.fscindigenousfoundation.org\/fr\/le-comite-permanent-des-peuples-autochtones\/","og_site_name":"Fondation Indig\u00e8ne FSC","article_publisher":"https:\/\/www.facebook.com\/fscindigenousfoundation","article_modified_time":"2026-04-25T00:14:32+00:00","og_image":[{"url":"https:\/\/www.fscindigenousfoundation.org\/wp-content\/uploads\/2026\/04\/ga-2014-sevilla-768x512.jpg","type":"","width":"","height":""}],"twitter_card":"summary_large_image","twitter_site":"@fsc_if","twitter_misc":{"Est. reading time":"2 minutes"},"schema":{"@context":"https:\/\/schema.org","@graph":[{"@type":"WebPage","@id":"https:\/\/www.fscindigenousfoundation.org\/fr\/le-comite-permanent-des-peuples-autochtones\/","url":"https:\/\/www.fscindigenousfoundation.org\/fr\/le-comite-permanent-des-peuples-autochtones\/","name":"Le Comit\u00e9 Permanent des Peuples Autochtones - Fondation Indig\u00e8ne FSC","isPartOf":{"@id":"https:\/\/www.fscindigenousfoundation.org\/fr\/#website"},"primaryImageOfPage":{"@id":"https:\/\/www.fscindigenousfoundation.org\/fr\/le-comite-permanent-des-peuples-autochtones\/#primaryimage"},"image":{"@id":"https:\/\/www.fscindigenousfoundation.org\/fr\/le-comite-permanent-des-peuples-autochtones\/#primaryimage"},"thumbnailUrl":"https:\/\/www.fscindigenousfoundation.org\/wp-content\/uploads\/2026\/04\/ga-2014-sevilla-768x512.jpg","datePublished":"2026-04-23T14:18:39+00:00","dateModified":"2026-04-25T00:14:32+00:00","breadcrumb":{"@id":"https:\/\/www.fscindigenousfoundation.org\/fr\/le-comite-permanent-des-peuples-autochtones\/#breadcrumb"},"inLanguage":"fr-FR","potentialAction":[{"@type":"ReadAction","target":["https:\/\/www.fscindigenousfoundation.org\/fr\/le-comite-permanent-des-peuples-autochtones\/"]}]},{"@type":"ImageObject","inLanguage":"fr-FR","@id":"https:\/\/www.fscindigenousfoundation.org\/fr\/le-comite-permanent-des-peuples-autochtones\/#primaryimage","url":"https:\/\/www.fscindigenousfoundation.org\/wp-content\/uploads\/2026\/04\/ga-2014-sevilla-768x512.jpg","contentUrl":"https:\/\/www.fscindigenousfoundation.org\/wp-content\/uploads\/2026\/04\/ga-2014-sevilla-768x512.jpg"},{"@type":"BreadcrumbList","@id":"https:\/\/www.fscindigenousfoundation.org\/fr\/le-comite-permanent-des-peuples-autochtones\/#breadcrumb","itemListElement":[{"@type":"ListItem","position":1,"name":"Home","item":"https:\/\/www.fscindigenousfoundation.org\/fr\/"},{"@type":"ListItem","position":2,"name":"Le Comit\u00e9 Permanent des Peuples Autochtones"}]},{"@type":"WebSite","@id":"https:\/\/www.fscindigenousfoundation.org\/fr\/#website","url":"https:\/\/www.fscindigenousfoundation.org\/fr\/","name":"IPARD","description":"La Fondation Indig\u00e8ne FSC est une fondation cr\u00e9\u00e9e pour apporter des solutions qui garantissent les droits des Autochtones et prot\u00e8gent leur territoire, leurs for\u00eats et leurs connaissances ancestrales.","publisher":{"@id":"https:\/\/www.fscindigenousfoundation.org\/fr\/#organization"},"potentialAction":[{"@type":"SearchAction","target":{"@type":"EntryPoint","urlTemplate":"https:\/\/www.fscindigenousfoundation.org\/fr\/?s={search_term_string}"},"query-input":{"@type":"PropertyValueSpecification","valueRequired":true,"valueName":"search_term_string"}}],"inLanguage":"fr-FR"},{"@type":"Organization","@id":"https:\/\/www.fscindigenousfoundation.org\/fr\/#organization","name":"FSC Indigenous Foundation","url":"https:\/\/www.fscindigenousfoundation.org\/fr\/","logo":{"@type":"ImageObject","inLanguage":"fr-FR","@id":"https:\/\/www.fscindigenousfoundation.org\/fr\/#\/schema\/logo\/image\/","url":"https:\/\/www.fscindigenousfoundation.org\/wp-content\/uploads\/2021\/09\/fsc-indigenous-foundation-color.png","contentUrl":"https:\/\/www.fscindigenousfoundation.org\/wp-content\/uploads\/2021\/09\/fsc-indigenous-foundation-color.png","width":657,"height":197,"caption":"FSC Indigenous Foundation"},"image":{"@id":"https:\/\/www.fscindigenousfoundation.org\/fr\/#\/schema\/logo\/image\/"},"sameAs":["https:\/\/www.facebook.com\/fscindigenousfoundation","https:\/\/x.com\/fsc_if","https:\/\/instagram.com\/fscindigenousfoundation"]}]}},"_links":{"self":[{"href":"https:\/\/www.fscindigenousfoundation.org\/fr\/wp-json\/wp\/v2\/pages\/19541","targetHints":{"allow":["GET"]}}],"collection":[{"href":"https:\/\/www.fscindigenousfoundation.org\/fr\/wp-json\/wp\/v2\/pages"}],"about":[{"href":"https:\/\/www.fscindigenousfoundation.org\/fr\/wp-json\/wp\/v2\/types\/page"}],"author":[{"embeddable":true,"href":"https:\/\/www.fscindigenousfoundation.org\/fr\/wp-json\/wp\/v2\/users\/1"}],"replies":[{"embeddable":true,"href":"https:\/\/www.fscindigenousfoundation.org\/fr\/wp-json\/wp\/v2\/comments?post=19541"}],"version-history":[{"count":17,"href":"https:\/\/www.fscindigenousfoundation.org\/fr\/wp-json\/wp\/v2\/pages\/19541\/revisions"}],"predecessor-version":[{"id":20111,"href":"https:\/\/www.fscindigenousfoundation.org\/fr\/wp-json\/wp\/v2\/pages\/19541\/revisions\/20111"}],"wp:attachment":[{"href":"https:\/\/www.fscindigenousfoundation.org\/fr\/wp-json\/wp\/v2\/media?parent=19541"}],"curies":[{"name":"wp","href":"https:\/\/api.w.org\/{rel}","templated":true}]}}