{"id":2474,"date":"2021-09-16T20:48:57","date_gmt":"2021-09-17T00:48:57","guid":{"rendered":"https:\/\/www.fscindigenousfoundation.org\/support-us\/"},"modified":"2026-05-25T19:46:25","modified_gmt":"2026-05-25T23:46:25","slug":"apoyanos","status":"publish","type":"page","link":"https:\/\/www.fscindigenousfoundation.org\/es\/apoyanos\/","title":{"rendered":"Ap\u00f3yanos"},"content":{"rendered":"<section id=\"block_16599fa19c7f5df2c7ac14bea8864890\" class=\"section masthead--with-icon \" >\n  <div class=\"container--full-width\">\n    <div class=\"masthead--with-icon__image\">\n      <img decoding=\"async\" loading=\"lazy\" src=\"https:\/\/www.fscindigenousfoundation.org\/wp-content\/uploads\/2026\/05\/cop30-lcipp-1.jpg\" alt=\"COP30 LCIPP\">\n    <\/div>\n\n    <div class=\"masthead--with-icon__content\">\n      <div class=\"container\">\n                  <h2 class=\"masthead--with-icon__title\">\n            AP\u00d3YANOS          <\/h2>\n        \n                  <div class=\"masthead--with-icon__icon\">\n            <img decoding=\"async\" loading=\"lazy\" src=\"https:\/\/www.fscindigenousfoundation.org\/wp-content\/uploads\/2021\/09\/get-involved-icon.png\" alt=\"Get Involved icon\">\n          <\/div>\n              <\/div>\n    <\/div>\n  <\/div>\n<\/section>\n\n\n<div style=\"height:100px\" aria-hidden=\"true\" class=\"wp-block-spacer\"><\/div>\n\n\n\n<div class=\"wp-block-group is-vertical is-content-justification-center is-layout-flex wp-container-core-group-is-layout-4b2eccd6 wp-block-group-is-layout-flex\">\n<div class=\"wp-block-columns is-layout-flex wp-container-core-columns-is-layout-9d6595d7 wp-block-columns-is-layout-flex\">\n<div class=\"wp-block-column is-layout-flow wp-block-column-is-layout-flow\" style=\"flex-basis:50%\">\n<figure class=\"wp-block-image size-full is-style-default\"><img loading=\"lazy\" decoding=\"async\" width=\"1000\" height=\"667\" src=\"https:\/\/www.fscindigenousfoundation.org\/wp-content\/uploads\/2025\/04\/img-9918.jpg\" alt=\"FSC IF Indigenous Peoples\" class=\"wp-image-15340\"\/><\/figure>\n<\/div>\n\n\n\n<div class=\"wp-block-column is-vertically-aligned-center is-layout-flow wp-block-column-is-layout-flow\" style=\"flex-basis:50%\">\n<p class=\"has-text-color has-link-color wp-elements-ed964502b2780324a263ec6e0baade1e\" style=\"color:#000748;font-style:normal;font-weight:500\">La Fundaci\u00f3n Ind\u00edgena FSC (FSC-IF) est\u00e1 generando un cambio impactante y duradero con y para los Pueblos Ind\u00edgenas en todo el mundo. Pero este trabajo no puede realizarse <strong>sin un apoyo financiero urgente y sostenido<\/strong>. <\/p>\n\n\n\n<p class=\"has-text-color has-link-color wp-elements-b34f18a8379b4b4c973e267e1816d375\" style=\"color:#000748;font-style:normal;font-weight:500\">Para proteger los bosques, preservar las lenguas ancestrales y ampliar las soluciones clim\u00e1ticas lideradas por los Pueblos Ind\u00edgenas, necesitamos <strong>colaboradores valientes<\/strong> que crean en la <strong>equidad, la justicia y el cuidado del medio ambiente.<\/strong> Este momento exige <strong>alianzas estrat\u00e9gicas<\/strong> dispuestas a respaldar a los Pueblos Ind\u00edgenas y a impulsar una acci\u00f3n transformadora.<\/p>\n\n\n\n<p class=\"has-text-color has-link-color wp-elements-1048afa668bcc8a016fc3419f52ec707\" style=\"color:#000748;font-style:normal;font-weight:500\">Te invitamos a unirte a nosotros como aliado estrat\u00e9gico de la FSC-IF. Tu apoyo puede generar un cambio real\u2014por las Personas y por el Planeta.<\/p>\n<\/div>\n<\/div>\n\n\n\n<div style=\"height:0px\" aria-hidden=\"true\" class=\"wp-block-spacer wp-container-content-d64d2fc5\"><\/div>\n<\/div>\n\n\n<section id=\"block_c8c5b37d6a945643b3392cd8f43d3024\" class=\"section generic-content generic-content--blue old-support-banner\"  style=\"background-color: #ffffff;\" >\n  <div class=\"container\">\n    \n    \n          <div class=\"generic-content__simple\"><p style=\"text-align: center\">La Fundaci\u00f3n Ind\u00edgena FSC (FSC-IF) est\u00e1 generando un cambio impactante y duradero con y para los Pueblos Ind\u00edgenas en todo el mundo. Pero este trabajo no puede realizarse <strong>sin un apoyo financiero urgente y sostenido<\/strong>. Para proteger los bosques, preservar las lenguas ancestrales y ampliar las soluciones clim\u00e1ticas lideradas por los Pueblos Ind\u00edgenas, necesitamos <strong>colaboradores valientes<\/strong> que crean en la <strong>equidad, la justicia y el cuidado del medio ambiente.<\/strong> Este momento exige <strong>alianzas estrat\u00e9gicas<\/strong> dispuestas a respaldar a los Pueblos Ind\u00edgenas y a impulsar una acci\u00f3n transformadora.<\/p>\n<p style=\"text-align: center\">Te invitamos a unirte a nosotros como aliado estrat\u00e9gico de la FSC-IF. Tu apoyo puede generar un cambio real\u2014por las Personas y por el Planeta.<\/p>\n<\/div>\n    \n    \n      <\/div>\n<\/section>\n\n\n<div class=\"wp-block-group is-vertical is-content-justification-center is-layout-flex wp-container-core-group-is-layout-4b2eccd6 wp-block-group-is-layout-flex\">\n<div class=\"wp-block-columns is-layout-flex wp-container-core-columns-is-layout-9d6595d7 wp-block-columns-is-layout-flex\">\n<div class=\"wp-block-column is-vertically-aligned-center is-layout-flow wp-block-column-is-layout-flow\" style=\"flex-basis:50%\"><section id=\"block_5a6c48bc455c846f6f9bd48424c46375\" class=\"section header \"  style=\"background-color: #ffffff;\" >\n  <div class=\"container\">\n          <h2 class=\"section-header header__header\">\n        Dona y colabora      <\/h2>\n      <\/div>\n<\/section>\n\n\n<p style=\"font-style:normal;font-weight:500\">A trav\u00e9s de apoyo en especie o contribuciones monetarias, nuestros aliados estrat\u00e9gicos nos ayudan a aprovechar aportes clave de otros actores del sector privado y entidades filantr\u00f3picas para ampliar el alcance del trabajo previsto para este a\u00f1o y m\u00e1s all\u00e1.<\/p>\n\n\n\n<p style=\"font-style:normal;font-weight:500\">Tu alianza e inversi\u00f3n en esta etapa respaldan el empoderamiento a largo plazo de los Pueblos Ind\u00edgenas para que puedan definir su propio desarrollo, sus territorios y sus medios de vida en todo el mundo.<\/p>\n\n\n\n<p style=\"font-style:normal;font-weight:500\"><strong>\ud83d\udce9 Escr\u00edbenos a <a href=\"mailto:fsc.if@fsc.org\">fsc.if@fsc.org<\/a> para sumarte hoy.<\/strong><\/p>\n<\/div>\n\n\n\n<div class=\"wp-block-column is-vertically-aligned-center is-layout-flow wp-block-column-is-layout-flow\" style=\"flex-basis:50%\"><div class=\"wp-block-image is-style-rounded\">\n<figure class=\"aligncenter size-full is-resized\"><img loading=\"lazy\" decoding=\"async\" width=\"2560\" height=\"1707\" src=\"https:\/\/www.fscindigenousfoundation.org\/wp-content\/uploads\/2025\/08\/pusaka-min-scaled.jpg\" alt=\"Pusaka, Photo contest, 2023\" class=\"wp-image-15992\" style=\"aspect-ratio:1;object-fit:cover;width:506px;height:auto\"\/><\/figure><\/div><\/div>\n<\/div>\n<\/div>\n\n\n<section id=\"block_d9dc153d84428e135cdeec803d2f156f\" class=\"section generic-content  old-support-banner\"  style=\"background-color: #ffffff;\" >\n  <div class=\"container\">\n    \n          <h2 class=\"section-header generic-content__header\">\n        Dona y Colabora      <\/h2>\n    \n          <div class=\"generic-content__simple\"><p style=\"text-align: center\">A trav\u00e9s de apoyo en especie o contribuciones monetarias, nuestros aliados estrat\u00e9gicos nos ayudan a aprovechar aportes clave de otros actores del sector privado y entidades filantr\u00f3picas para ampliar el alcance del trabajo previsto para este a\u00f1o y m\u00e1s all\u00e1.<\/p>\n<p style=\"text-align: center\">Tu alianza e inversi\u00f3n en esta etapa respaldan el empoderamiento a largo plazo de los Pueblos Ind\u00edgenas para que puedan definir su propio desarrollo, sus territorios y sus medios de vida en todo el mundo.<\/p>\n<p style=\"text-align: center\"><strong>\ud83d\udce9 Escr\u00edbenos a <a href=\"mailto:fsc.if@fsc.org\">fsc.if@fsc.org<\/a> para sumarte hoy.<\/strong><\/p>\n<\/div>\n    \n    \n      <\/div>\n<\/section>\n\n\n<div class=\"wp-block-group is-vertical is-content-justification-center is-layout-flex wp-container-core-group-is-layout-4b2eccd6 wp-block-group-is-layout-flex\"><section id=\"block_7192eb08c764b81f0ff729c5b6712661\" class=\"section header \"  style=\"background-color: #ffffff;\" >\n  <div class=\"container\">\n          <h2 class=\"section-header header__header\">\n        Sigue nuestro trabajo      <\/h2>\n      <\/div>\n<\/section>\n\n\n<p class=\"has-text-align-center\" style=\"font-style:normal;font-weight:500\">\ud83d\udce2 Amplifica las Voces Ind\u00edgenas<br>\u00a1Ay\u00fadanos a difundir el mensaje! Comparte nuestro contenido y genera conciencia sobre las soluciones clim\u00e1ticas lideradas por los Pueblos Ind\u00edgenas.<\/p>\n\n\n\n<p class=\"has-text-align-center\" style=\"font-style:normal;font-weight:500\">Cada publicaci\u00f3n hace la diferencia.<\/p>\n\n\n\n<div style=\"height:0px\" aria-hidden=\"true\" class=\"wp-block-spacer wp-container-content-d64d2fc5\"><\/div>\n\n\n\n<ul class=\"wp-block-social-links has-huge-icon-size has-icon-background-color is-style-default wp-container-content-9cfa9a5a is-content-justification-center is-layout-flex wp-container-core-social-links-is-layout-16018d1d wp-block-social-links-is-layout-flex\"><li style=\"background-color: #23acdb; \" class=\"wp-social-link wp-social-link-facebook  wp-block-social-link\"><a href=\"https:\/\/www.facebook.com\/fscindigenousfoundation\" class=\"wp-block-social-link-anchor\"><svg width=\"24\" height=\"24\" viewBox=\"0 0 24 24\" version=\"1.1\" xmlns=\"http:\/\/www.w3.org\/2000\/svg\" aria-hidden=\"true\" focusable=\"false\"><path d=\"M12 2C6.5 2 2 6.5 2 12c0 5 3.7 9.1 8.4 9.9v-7H7.9V12h2.5V9.8c0-2.5 1.5-3.9 3.8-3.9 1.1 0 2.2.2 2.2.2v2.5h-1.3c-1.2 0-1.6.8-1.6 1.6V12h2.8l-.4 2.9h-2.3v7C18.3 21.1 22 17 22 12c0-5.5-4.5-10-10-10z\"><\/path><\/svg><span class=\"wp-block-social-link-label screen-reader-text\">Facebook<\/span><\/a><\/li>\n\n<li style=\"background-color: #23acdb; \" class=\"wp-social-link wp-social-link-x  wp-block-social-link\"><a href=\"https:\/\/twitter.com\/fsc_if\" class=\"wp-block-social-link-anchor\"><svg width=\"24\" height=\"24\" viewBox=\"0 0 24 24\" version=\"1.1\" xmlns=\"http:\/\/www.w3.org\/2000\/svg\" aria-hidden=\"true\" focusable=\"false\"><path d=\"M13.982 10.622 20.54 3h-1.554l-5.693 6.618L8.745 3H3.5l6.876 10.007L3.5 21h1.554l6.012-6.989L15.868 21h5.245l-7.131-10.378Zm-2.128 2.474-.697-.997-5.543-7.93H8l4.474 6.4.697.996 5.815 8.318h-2.387l-4.745-6.787Z\" \/><\/svg><span class=\"wp-block-social-link-label screen-reader-text\">X<\/span><\/a><\/li>\n\n<li style=\"background-color: #23acdb; \" class=\"wp-social-link wp-social-link-instagram  wp-block-social-link\"><a href=\"https:\/\/www.instagram.com\/fscindigenousfoundation\/\" class=\"wp-block-social-link-anchor\"><svg width=\"24\" height=\"24\" viewBox=\"0 0 24 24\" version=\"1.1\" xmlns=\"http:\/\/www.w3.org\/2000\/svg\" aria-hidden=\"true\" focusable=\"false\"><path d=\"M12,4.622c2.403,0,2.688,0.009,3.637,0.052c0.877,0.04,1.354,0.187,1.671,0.31c0.42,0.163,0.72,0.358,1.035,0.673 c0.315,0.315,0.51,0.615,0.673,1.035c0.123,0.317,0.27,0.794,0.31,1.671c0.043,0.949,0.052,1.234,0.052,3.637 s-0.009,2.688-0.052,3.637c-0.04,0.877-0.187,1.354-0.31,1.671c-0.163,0.42-0.358,0.72-0.673,1.035 c-0.315,0.315-0.615,0.51-1.035,0.673c-0.317,0.123-0.794,0.27-1.671,0.31c-0.949,0.043-1.233,0.052-3.637,0.052 s-2.688-0.009-3.637-0.052c-0.877-0.04-1.354-0.187-1.671-0.31c-0.42-0.163-0.72-0.358-1.035-0.673 c-0.315-0.315-0.51-0.615-0.673-1.035c-0.123-0.317-0.27-0.794-0.31-1.671C4.631,14.688,4.622,14.403,4.622,12 s0.009-2.688,0.052-3.637c0.04-0.877,0.187-1.354,0.31-1.671c0.163-0.42,0.358-0.72,0.673-1.035 c0.315-0.315,0.615-0.51,1.035-0.673c0.317-0.123,0.794-0.27,1.671-0.31C9.312,4.631,9.597,4.622,12,4.622 M12,3 C9.556,3,9.249,3.01,8.289,3.054C7.331,3.098,6.677,3.25,6.105,3.472C5.513,3.702,5.011,4.01,4.511,4.511 c-0.5,0.5-0.808,1.002-1.038,1.594C3.25,6.677,3.098,7.331,3.054,8.289C3.01,9.249,3,9.556,3,12c0,2.444,0.01,2.751,0.054,3.711 c0.044,0.958,0.196,1.612,0.418,2.185c0.23,0.592,0.538,1.094,1.038,1.594c0.5,0.5,1.002,0.808,1.594,1.038 c0.572,0.222,1.227,0.375,2.185,0.418C9.249,20.99,9.556,21,12,21s2.751-0.01,3.711-0.054c0.958-0.044,1.612-0.196,2.185-0.418 c0.592-0.23,1.094-0.538,1.594-1.038c0.5-0.5,0.808-1.002,1.038-1.594c0.222-0.572,0.375-1.227,0.418-2.185 C20.99,14.751,21,14.444,21,12s-0.01-2.751-0.054-3.711c-0.044-0.958-0.196-1.612-0.418-2.185c-0.23-0.592-0.538-1.094-1.038-1.594 c-0.5-0.5-1.002-0.808-1.594-1.038c-0.572-0.222-1.227-0.375-2.185-0.418C14.751,3.01,14.444,3,12,3L12,3z M12,7.378 c-2.552,0-4.622,2.069-4.622,4.622S9.448,16.622,12,16.622s4.622-2.069,4.622-4.622S14.552,7.378,12,7.378z M12,15 c-1.657,0-3-1.343-3-3s1.343-3,3-3s3,1.343,3,3S13.657,15,12,15z M16.804,6.116c-0.596,0-1.08,0.484-1.08,1.08 s0.484,1.08,1.08,1.08c0.596,0,1.08-0.484,1.08-1.08S17.401,6.116,16.804,6.116z\"><\/path><\/svg><span class=\"wp-block-social-link-label screen-reader-text\">Instagram<\/span><\/a><\/li>\n\n<li style=\"background-color: #23acdb; \" class=\"wp-social-link wp-social-link-linkedin  wp-block-social-link\"><a href=\"https:\/\/www.linkedin.com\/company\/fsc-indigenous-foundation\/\" class=\"wp-block-social-link-anchor\"><svg width=\"24\" height=\"24\" viewBox=\"0 0 24 24\" version=\"1.1\" xmlns=\"http:\/\/www.w3.org\/2000\/svg\" aria-hidden=\"true\" focusable=\"false\"><path d=\"M19.7,3H4.3C3.582,3,3,3.582,3,4.3v15.4C3,20.418,3.582,21,4.3,21h15.4c0.718,0,1.3-0.582,1.3-1.3V4.3 C21,3.582,20.418,3,19.7,3z M8.339,18.338H5.667v-8.59h2.672V18.338z M7.004,8.574c-0.857,0-1.549-0.694-1.549-1.548 c0-0.855,0.691-1.548,1.549-1.548c0.854,0,1.547,0.694,1.547,1.548C8.551,7.881,7.858,8.574,7.004,8.574z M18.339,18.338h-2.669 v-4.177c0-0.996-0.017-2.278-1.387-2.278c-1.389,0-1.601,1.086-1.601,2.206v4.249h-2.667v-8.59h2.559v1.174h0.037 c0.356-0.675,1.227-1.387,2.526-1.387c2.703,0,3.203,1.779,3.203,4.092V18.338z\"><\/path><\/svg><span class=\"wp-block-social-link-label screen-reader-text\">LinkedIn<\/span><\/a><\/li><\/ul>\n\n\n\n<div style=\"height:0px\" aria-hidden=\"true\" class=\"wp-block-spacer wp-container-content-d64d2fc5\"><\/div>\n\n\n\n<p class=\"has-text-align-center\" style=\"font-style:normal;font-weight:500\">Para consultas de comunicaci\u00f3n y prensa, por favor contactar a:<\/p>\n\n\n\n<p class=\"has-text-align-center\" style=\"font-style:normal;font-weight:500\">Mar\u00eda De Le\u00f3n, Especialista en Comunicaciones, al correo <a href=\"mailto:m.deleon@fsc.org\">m.deleon@fsc.org<\/a>.<\/p>\n<\/div>\n\n\n<section id=\"block_13f050354924838ffd025c88cd11190c\" class=\"section social-media  old-support-banner\"  style=\"background-color: #ffffff;\" >\n  <div class=\"container\">\n          <h2 class=\"section-header social-media__header\">\n        Redes sociales      <\/h2>\n    \n          <div class=\"social-media__description\">\ud83d\udce2 Amplifica las Voces Ind\u00edgenas\r\n\u00a1Ay\u00fadanos a difundir el mensaje! Comparte nuestro contenido y genera conciencia sobre las soluciones clim\u00e1ticas lideradas por los Pueblos Ind\u00edgenas. Cada publicaci\u00f3n hace la diferencia. \ud83c\udf3f\u2728\r\n\r\nPara consultas de comunicaci\u00f3n y prensa, por favor contactar a:\r\n\r\nMar\u00eda De Le\u00f3n, Especialista en Comunicaciones, al correo m.deleon@fsc.org.<\/div>\n    \n    \n    <div class=\"social-media__network\">\n      <div class=\"social-media__links\">\n                  <a target=\"_blank\" href=\"https:\/\/www.facebook.com\/fscindigenousfoundation\">\n            <img decoding=\"async\" src=\"https:\/\/www.fscindigenousfoundation.org\/wp-content\/uploads\/2021\/10\/facebook-red.png\">\n          <\/a>\n                  <a target=\"_blank\" href=\"https:\/\/twitter.com\/fsc_if\">\n            <img decoding=\"async\" src=\"https:\/\/www.fscindigenousfoundation.org\/wp-content\/uploads\/2021\/10\/twitter-red.png\">\n          <\/a>\n                  <a target=\"_blank\" href=\"https:\/\/www.instagram.com\/fscindigenousfoundation\/\">\n            <img decoding=\"async\" src=\"https:\/\/www.fscindigenousfoundation.org\/wp-content\/uploads\/2021\/10\/instagram-red.png\">\n          <\/a>\n                  <a target=\"_blank\" href=\"https:\/\/www.linkedin.com\/company\/fsc-indigenous-foundation\/\">\n            <img decoding=\"async\" src=\"https:\/\/www.fscindigenousfoundation.org\/wp-content\/uploads\/2021\/12\/sin-nombre-3.png\">\n          <\/a>\n              <\/div>\n    <\/div>\n  <\/div>\n<\/section>\n\n\n<div style=\"height:45px\" aria-hidden=\"true\" class=\"wp-block-spacer\"><\/div>\n\n\n\n<div id=\"sb_instagram\"  class=\"sbi sbi_mob_col_1 sbi_tab_col_2 sbi_col_4 sbi_width_resp\" style=\"padding-bottom: 10px;\"\t data-feedid=\"*4\"  data-res=\"auto\" data-cols=\"4\" data-colsmobile=\"1\" data-colstablet=\"2\" data-num=\"12\" data-nummobile=\"4\" data-item-padding=\"5\"\t data-shortcode-atts=\"{&quot;feed&quot;:&quot;4&quot;}\"  data-postid=\"2474\" data-locatornonce=\"1b18a0205d\" data-imageaspectratio=\"1:1\" data-sbi-flags=\"favorLocal\">\n\t<div class=\"sb_instagram_header  sbi_medium\"   >\n\t<a class=\"sbi_header_link\" target=\"_blank\"\n\t   rel=\"nofollow noopener\" href=\"https:\/\/www.instagram.com\/fscindigenousfoundation\/\" title=\"@fscindigenousfoundation\">\n\t\t<div class=\"sbi_header_text\">\n\t\t\t<div class=\"sbi_header_img\"  data-avatar-url=\"https:\/\/scontent-ord5-2.cdninstagram.com\/v\/t51.2885-19\/336271722_736109274820270_7258592108831166909_n.jpg?stp=dst-jpg_s206x206_tt6&amp;_nc_cat=107&amp;ccb=7-5&amp;_nc_sid=bf7eb4&amp;efg=eyJ2ZW5jb2RlX3RhZyI6InByb2ZpbGVfcGljLnd3dy40MDEuQzMifQ%3D%3D&amp;_nc_ohc=AoqHxNYCFWQQ7kNvwHH4s7z&amp;_nc_oc=AdqkUOS4ySa1XzdeUKIktd4spOPkawbtcihcetIYefEjLivwbHTTnWpWcTrUpxDYqzQ&amp;_nc_zt=24&amp;_nc_ht=scontent-ord5-2.cdninstagram.com&amp;edm=AP4hL3IEAAAA&amp;_nc_tpa=Q5bMBQLwa3GhsfXz3SBVbCPMhYuCBo5lbGba2erWN4JKhoWOB1vnsTBZ_4DjTD4dyBBGoQTzUCVBbwEkhg&amp;oh=00_AQL3zPjJeKvQvTXTS012kmqBPbi3PJT1tWVDWkgVwcdocQ&amp;oe=6AA1858A\">\n\t\t\t\t\t\t\t\t\t<div class=\"sbi_header_img_hover\"  ><svg class=\"sbi_new_logo fa-instagram fa-w-14\" aria-hidden=\"true\" data-fa-processed=\"\" aria-label=\"Instagram\" data-prefix=\"fab\" data-icon=\"instagram\" role=\"img\" viewBox=\"0 0 448 512\">\n                    <path fill=\"currentColor\" d=\"M224.1 141c-63.6 0-114.9 51.3-114.9 114.9s51.3 114.9 114.9 114.9S339 319.5 339 255.9 287.7 141 224.1 141zm0 189.6c-41.1 0-74.7-33.5-74.7-74.7s33.5-74.7 74.7-74.7 74.7 33.5 74.7 74.7-33.6 74.7-74.7 74.7zm146.4-194.3c0 14.9-12 26.8-26.8 26.8-14.9 0-26.8-12-26.8-26.8s12-26.8 26.8-26.8 26.8 12 26.8 26.8zm76.1 27.2c-1.7-35.9-9.9-67.7-36.2-93.9-26.2-26.2-58-34.4-93.9-36.2-37-2.1-147.9-2.1-184.9 0-35.8 1.7-67.6 9.9-93.9 36.1s-34.4 58-36.2 93.9c-2.1 37-2.1 147.9 0 184.9 1.7 35.9 9.9 67.7 36.2 93.9s58 34.4 93.9 36.2c37 2.1 147.9 2.1 184.9 0 35.9-1.7 67.7-9.9 93.9-36.2 26.2-26.2 34.4-58 36.2-93.9 2.1-37 2.1-147.8 0-184.8zM398.8 388c-7.8 19.6-22.9 34.7-42.6 42.6-29.5 11.7-99.5 9-132.1 9s-102.7 2.6-132.1-9c-19.6-7.8-34.7-22.9-42.6-42.6-11.7-29.5-9-99.5-9-132.1s-2.6-102.7 9-132.1c7.8-19.6 22.9-34.7 42.6-42.6 29.5-11.7 99.5-9 132.1-9s102.7-2.6 132.1 9c19.6 7.8 34.7 22.9 42.6 42.6 11.7 29.5 9 99.5 9 132.1s2.7 102.7-9 132.1z\"><\/path>\n                <\/svg><\/div>\n\t\t\t\t\t<img loading=\"lazy\" decoding=\"async\"  src=\"http:\/\/www.fscindigenousfoundation.org\/wp-content\/uploads\/sb-instagram-feed-images\/fscindigenousfoundation.webp\" alt=\"\" width=\"50\" height=\"50\">\n\t\t\t\t\n\t\t\t\t\t\t\t<\/div>\n\n\t\t\t<div class=\"sbi_feedtheme_header_text\">\n\t\t\t\t<h3>fscindigenousfoundation<\/h3>\n\t\t\t\t\t\t\t\t\t<p class=\"sbi_bio\">\ud83c\udf33 FSC-IF | Global &amp; Indigenous-led \ud83c\udf0e<br>\n\u270a\ud83c\udf3f Supporting Indigenous self-development and self-governance everywhere. \ud83c\udf00\ud83c\udf43<br>\nPart of @fsc_international \ud83c\udf32<\/p>\n\t\t\t\t\t\t\t<\/div>\n\t\t<\/div>\n\t<\/a>\n<\/div>\n\n\t<div id=\"sbi_images\"  style=\"gap: 10px;\">\n\t\t<div class=\"sbi_item sbi_type_carousel sbi_new sbi_transition\"\n\tid=\"sbi_18153761290514101\" data-date=\"1787922117\">\n\t<div class=\"sbi_photo_wrap\">\n\t\t<a class=\"sbi_photo\" href=\"https:\/\/www.instagram.com\/p\/Dcla-ovHL8_\/\" target=\"_blank\" rel=\"noopener nofollow\"\n\t\t\tdata-full-res=\"https:\/\/scontent-ord5-1.cdninstagram.com\/v\/t51.82787-15\/784491423_18084292400662885_226825778143646977_n.jpg?stp=dst-jpg_e35_tt6&#038;_nc_cat=106&#038;ccb=7-5&#038;_nc_sid=18de74&#038;efg=eyJlZmdfdGFnIjoiQ0FST1VTRUxfSVRFTS5iZXN0X2ltYWdlX3VybGdlbi5DMyJ9&#038;_nc_ohc=THQQtaCrjQ0Q7kNvwH4u89e&#038;_nc_oc=AdrjSGzBQq5b46qpaSwwJgrk3Yrms5e1S0QZu16gIQzZykuR6JMUa1ho-TK6uPNAzs8&#038;_nc_zt=23&#038;_nc_ht=scontent-ord5-1.cdninstagram.com&#038;edm=ANo9K5cEAAAA&#038;_nc_gid=sg68o_dTf6P0cf4xV7aTLQ&#038;_nc_tpa=Q5bMBQJcx6CleqPZli1e0DBHAqpUyEZpi9umlaUgjMKUCeVrrZbodphkvM_I1CdM0bm3uu1bDJhAbGA2cw&#038;oh=00_AQK1xZzEfxA-99V1VHGy989WsdNADVBff0jRY6WtflQSlQ&#038;oe=6AA17B6F\"\n\t\t\tdata-img-src-set=\"{&quot;d&quot;:&quot;https:\\\/\\\/scontent-ord5-1.cdninstagram.com\\\/v\\\/t51.82787-15\\\/784491423_18084292400662885_226825778143646977_n.jpg?stp=dst-jpg_e35_tt6&amp;_nc_cat=106&amp;ccb=7-5&amp;_nc_sid=18de74&amp;efg=eyJlZmdfdGFnIjoiQ0FST1VTRUxfSVRFTS5iZXN0X2ltYWdlX3VybGdlbi5DMyJ9&amp;_nc_ohc=THQQtaCrjQ0Q7kNvwH4u89e&amp;_nc_oc=AdrjSGzBQq5b46qpaSwwJgrk3Yrms5e1S0QZu16gIQzZykuR6JMUa1ho-TK6uPNAzs8&amp;_nc_zt=23&amp;_nc_ht=scontent-ord5-1.cdninstagram.com&amp;edm=ANo9K5cEAAAA&amp;_nc_gid=sg68o_dTf6P0cf4xV7aTLQ&amp;_nc_tpa=Q5bMBQJcx6CleqPZli1e0DBHAqpUyEZpi9umlaUgjMKUCeVrrZbodphkvM_I1CdM0bm3uu1bDJhAbGA2cw&amp;oh=00_AQK1xZzEfxA-99V1VHGy989WsdNADVBff0jRY6WtflQSlQ&amp;oe=6AA17B6F&quot;,&quot;150&quot;:&quot;https:\\\/\\\/scontent-ord5-1.cdninstagram.com\\\/v\\\/t51.82787-15\\\/784491423_18084292400662885_226825778143646977_n.jpg?stp=dst-jpg_e35_tt6&amp;_nc_cat=106&amp;ccb=7-5&amp;_nc_sid=18de74&amp;efg=eyJlZmdfdGFnIjoiQ0FST1VTRUxfSVRFTS5iZXN0X2ltYWdlX3VybGdlbi5DMyJ9&amp;_nc_ohc=THQQtaCrjQ0Q7kNvwH4u89e&amp;_nc_oc=AdrjSGzBQq5b46qpaSwwJgrk3Yrms5e1S0QZu16gIQzZykuR6JMUa1ho-TK6uPNAzs8&amp;_nc_zt=23&amp;_nc_ht=scontent-ord5-1.cdninstagram.com&amp;edm=ANo9K5cEAAAA&amp;_nc_gid=sg68o_dTf6P0cf4xV7aTLQ&amp;_nc_tpa=Q5bMBQJcx6CleqPZli1e0DBHAqpUyEZpi9umlaUgjMKUCeVrrZbodphkvM_I1CdM0bm3uu1bDJhAbGA2cw&amp;oh=00_AQK1xZzEfxA-99V1VHGy989WsdNADVBff0jRY6WtflQSlQ&amp;oe=6AA17B6F&quot;,&quot;320&quot;:&quot;https:\\\/\\\/scontent-ord5-1.cdninstagram.com\\\/v\\\/t51.82787-15\\\/784491423_18084292400662885_226825778143646977_n.jpg?stp=dst-jpg_e35_tt6&amp;_nc_cat=106&amp;ccb=7-5&amp;_nc_sid=18de74&amp;efg=eyJlZmdfdGFnIjoiQ0FST1VTRUxfSVRFTS5iZXN0X2ltYWdlX3VybGdlbi5DMyJ9&amp;_nc_ohc=THQQtaCrjQ0Q7kNvwH4u89e&amp;_nc_oc=AdrjSGzBQq5b46qpaSwwJgrk3Yrms5e1S0QZu16gIQzZykuR6JMUa1ho-TK6uPNAzs8&amp;_nc_zt=23&amp;_nc_ht=scontent-ord5-1.cdninstagram.com&amp;edm=ANo9K5cEAAAA&amp;_nc_gid=sg68o_dTf6P0cf4xV7aTLQ&amp;_nc_tpa=Q5bMBQJcx6CleqPZli1e0DBHAqpUyEZpi9umlaUgjMKUCeVrrZbodphkvM_I1CdM0bm3uu1bDJhAbGA2cw&amp;oh=00_AQK1xZzEfxA-99V1VHGy989WsdNADVBff0jRY6WtflQSlQ&amp;oe=6AA17B6F&quot;,&quot;640&quot;:&quot;https:\\\/\\\/scontent-ord5-1.cdninstagram.com\\\/v\\\/t51.82787-15\\\/784491423_18084292400662885_226825778143646977_n.jpg?stp=dst-jpg_e35_tt6&amp;_nc_cat=106&amp;ccb=7-5&amp;_nc_sid=18de74&amp;efg=eyJlZmdfdGFnIjoiQ0FST1VTRUxfSVRFTS5iZXN0X2ltYWdlX3VybGdlbi5DMyJ9&amp;_nc_ohc=THQQtaCrjQ0Q7kNvwH4u89e&amp;_nc_oc=AdrjSGzBQq5b46qpaSwwJgrk3Yrms5e1S0QZu16gIQzZykuR6JMUa1ho-TK6uPNAzs8&amp;_nc_zt=23&amp;_nc_ht=scontent-ord5-1.cdninstagram.com&amp;edm=ANo9K5cEAAAA&amp;_nc_gid=sg68o_dTf6P0cf4xV7aTLQ&amp;_nc_tpa=Q5bMBQJcx6CleqPZli1e0DBHAqpUyEZpi9umlaUgjMKUCeVrrZbodphkvM_I1CdM0bm3uu1bDJhAbGA2cw&amp;oh=00_AQK1xZzEfxA-99V1VHGy989WsdNADVBff0jRY6WtflQSlQ&amp;oe=6AA17B6F&quot;}\">\n\t\t\t<span class=\"sbi-screenreader\">The next fire won\u2019t wait. How can we build resilie<\/span>\n\t\t\t<svg class=\"svg-inline--fa fa-clone fa-w-16 sbi_lightbox_carousel_icon\" aria-hidden=\"true\" aria-label=\"Clone\" data-fa-pro\u0192cessed=\"\" data-prefix=\"far\" data-icon=\"clone\" role=\"img\" xmlns=\"http:\/\/www.w3.org\/2000\/svg\" viewBox=\"0 0 512 512\">\n                    <path fill=\"currentColor\" d=\"M464 0H144c-26.51 0-48 21.49-48 48v48H48c-26.51 0-48 21.49-48 48v320c0 26.51 21.49 48 48 48h320c26.51 0 48-21.49 48-48v-48h48c26.51 0 48-21.49 48-48V48c0-26.51-21.49-48-48-48zM362 464H54a6 6 0 0 1-6-6V150a6 6 0 0 1 6-6h42v224c0 26.51 21.49 48 48 48h224v42a6 6 0 0 1-6 6zm96-96H150a6 6 0 0 1-6-6V54a6 6 0 0 1 6-6h308a6 6 0 0 1 6 6v308a6 6 0 0 1-6 6z\"><\/path>\n                <\/svg>\t\t\t\t\t\t<img decoding=\"async\" src=\"https:\/\/www.fscindigenousfoundation.org\/wp-content\/plugins\/instagram-feed\/img\/placeholder.png\" alt=\"The next fire won\u2019t wait. How can we build resilience before it starts? \ud83d\udd25\ud83c\udf0e\n\nAt #COP17, the conversation on wildfires also emerged, with a focus on moving beyond reactive firefighting toward prevention, integrated fire management, and resilient landscapes\n\nBut resilience is also about rights.\n\nHow can Indigenous knowledge contribute to wildfire prevention if the rights of the Peoples who hold that knowledge are not respected?\n\nMinnie Degawan brought this question to the heart of the discussion:\n\n\u201cIndigenous Peoples\u2019 knowledge has something to contribute, but we also do not want to just be contributing without actually being respected.\u201d\n\nWildfire resilience means supporting Indigenous Peoples\u2019 rights, territories, and the relationships that enable them to continue caring for their lands and the world\u2019s forests\n\n#United4Land #IndigenousKnowledge #WildfireResilience #COP17\" aria-hidden=\"true\">\n\t\t<\/a>\n\t<\/div>\n<\/div><div class=\"sbi_item sbi_type_carousel sbi_new sbi_transition\"\n\tid=\"sbi_17877436248690500\" data-date=\"1787835795\">\n\t<div class=\"sbi_photo_wrap\">\n\t\t<a class=\"sbi_photo\" href=\"https:\/\/www.instagram.com\/p\/Dci2JSzifzm\/\" target=\"_blank\" rel=\"noopener nofollow\"\n\t\t\tdata-full-res=\"https:\/\/scontent-ord5-2.cdninstagram.com\/v\/t51.82787-15\/787367243_18084145196662885_1684922913803207052_n.jpg?stp=dst-jpg_e35_tt6&#038;_nc_cat=103&#038;ccb=7-5&#038;_nc_sid=18de74&#038;efg=eyJlZmdfdGFnIjoiQ0FST1VTRUxfSVRFTS5iZXN0X2ltYWdlX3VybGdlbi5DMyJ9&#038;_nc_ohc=yYnGxwOI2LMQ7kNvwHqTCzz&#038;_nc_oc=AdoZRlhnj12f0gSBHkfXd_wvRG7zEbz6SOAFMsDnOLoxMoVtWNr-P5xzytMCjK0K18s&#038;_nc_zt=23&#038;_nc_ht=scontent-ord5-2.cdninstagram.com&#038;edm=ANo9K5cEAAAA&#038;_nc_gid=sg68o_dTf6P0cf4xV7aTLQ&#038;_nc_tpa=Q5bMBQKMLr73kf7YyW_0cP4nAcKCKmWl6GgxQngKNi52m37mJ543e1iRNAG_RShfVMI3DL5Qu9reVOTtYA&#038;oh=00_AQJJy7bRXhxAAZ3_ydhO2hB_buwf4GmfYcxWPFXZCFeQSw&#038;oe=6AA17592\"\n\t\t\tdata-img-src-set=\"{&quot;d&quot;:&quot;https:\\\/\\\/scontent-ord5-2.cdninstagram.com\\\/v\\\/t51.82787-15\\\/787367243_18084145196662885_1684922913803207052_n.jpg?stp=dst-jpg_e35_tt6&amp;_nc_cat=103&amp;ccb=7-5&amp;_nc_sid=18de74&amp;efg=eyJlZmdfdGFnIjoiQ0FST1VTRUxfSVRFTS5iZXN0X2ltYWdlX3VybGdlbi5DMyJ9&amp;_nc_ohc=yYnGxwOI2LMQ7kNvwHqTCzz&amp;_nc_oc=AdoZRlhnj12f0gSBHkfXd_wvRG7zEbz6SOAFMsDnOLoxMoVtWNr-P5xzytMCjK0K18s&amp;_nc_zt=23&amp;_nc_ht=scontent-ord5-2.cdninstagram.com&amp;edm=ANo9K5cEAAAA&amp;_nc_gid=sg68o_dTf6P0cf4xV7aTLQ&amp;_nc_tpa=Q5bMBQKMLr73kf7YyW_0cP4nAcKCKmWl6GgxQngKNi52m37mJ543e1iRNAG_RShfVMI3DL5Qu9reVOTtYA&amp;oh=00_AQJJy7bRXhxAAZ3_ydhO2hB_buwf4GmfYcxWPFXZCFeQSw&amp;oe=6AA17592&quot;,&quot;150&quot;:&quot;https:\\\/\\\/scontent-ord5-2.cdninstagram.com\\\/v\\\/t51.82787-15\\\/787367243_18084145196662885_1684922913803207052_n.jpg?stp=dst-jpg_e35_tt6&amp;_nc_cat=103&amp;ccb=7-5&amp;_nc_sid=18de74&amp;efg=eyJlZmdfdGFnIjoiQ0FST1VTRUxfSVRFTS5iZXN0X2ltYWdlX3VybGdlbi5DMyJ9&amp;_nc_ohc=yYnGxwOI2LMQ7kNvwHqTCzz&amp;_nc_oc=AdoZRlhnj12f0gSBHkfXd_wvRG7zEbz6SOAFMsDnOLoxMoVtWNr-P5xzytMCjK0K18s&amp;_nc_zt=23&amp;_nc_ht=scontent-ord5-2.cdninstagram.com&amp;edm=ANo9K5cEAAAA&amp;_nc_gid=sg68o_dTf6P0cf4xV7aTLQ&amp;_nc_tpa=Q5bMBQKMLr73kf7YyW_0cP4nAcKCKmWl6GgxQngKNi52m37mJ543e1iRNAG_RShfVMI3DL5Qu9reVOTtYA&amp;oh=00_AQJJy7bRXhxAAZ3_ydhO2hB_buwf4GmfYcxWPFXZCFeQSw&amp;oe=6AA17592&quot;,&quot;320&quot;:&quot;https:\\\/\\\/scontent-ord5-2.cdninstagram.com\\\/v\\\/t51.82787-15\\\/787367243_18084145196662885_1684922913803207052_n.jpg?stp=dst-jpg_e35_tt6&amp;_nc_cat=103&amp;ccb=7-5&amp;_nc_sid=18de74&amp;efg=eyJlZmdfdGFnIjoiQ0FST1VTRUxfSVRFTS5iZXN0X2ltYWdlX3VybGdlbi5DMyJ9&amp;_nc_ohc=yYnGxwOI2LMQ7kNvwHqTCzz&amp;_nc_oc=AdoZRlhnj12f0gSBHkfXd_wvRG7zEbz6SOAFMsDnOLoxMoVtWNr-P5xzytMCjK0K18s&amp;_nc_zt=23&amp;_nc_ht=scontent-ord5-2.cdninstagram.com&amp;edm=ANo9K5cEAAAA&amp;_nc_gid=sg68o_dTf6P0cf4xV7aTLQ&amp;_nc_tpa=Q5bMBQKMLr73kf7YyW_0cP4nAcKCKmWl6GgxQngKNi52m37mJ543e1iRNAG_RShfVMI3DL5Qu9reVOTtYA&amp;oh=00_AQJJy7bRXhxAAZ3_ydhO2hB_buwf4GmfYcxWPFXZCFeQSw&amp;oe=6AA17592&quot;,&quot;640&quot;:&quot;https:\\\/\\\/scontent-ord5-2.cdninstagram.com\\\/v\\\/t51.82787-15\\\/787367243_18084145196662885_1684922913803207052_n.jpg?stp=dst-jpg_e35_tt6&amp;_nc_cat=103&amp;ccb=7-5&amp;_nc_sid=18de74&amp;efg=eyJlZmdfdGFnIjoiQ0FST1VTRUxfSVRFTS5iZXN0X2ltYWdlX3VybGdlbi5DMyJ9&amp;_nc_ohc=yYnGxwOI2LMQ7kNvwHqTCzz&amp;_nc_oc=AdoZRlhnj12f0gSBHkfXd_wvRG7zEbz6SOAFMsDnOLoxMoVtWNr-P5xzytMCjK0K18s&amp;_nc_zt=23&amp;_nc_ht=scontent-ord5-2.cdninstagram.com&amp;edm=ANo9K5cEAAAA&amp;_nc_gid=sg68o_dTf6P0cf4xV7aTLQ&amp;_nc_tpa=Q5bMBQKMLr73kf7YyW_0cP4nAcKCKmWl6GgxQngKNi52m37mJ543e1iRNAG_RShfVMI3DL5Qu9reVOTtYA&amp;oh=00_AQJJy7bRXhxAAZ3_ydhO2hB_buwf4GmfYcxWPFXZCFeQSw&amp;oe=6AA17592&quot;}\">\n\t\t\t<span class=\"sbi-screenreader\">Fire can destroy. But guided by generations of Ind<\/span>\n\t\t\t<svg class=\"svg-inline--fa fa-clone fa-w-16 sbi_lightbox_carousel_icon\" aria-hidden=\"true\" aria-label=\"Clone\" data-fa-pro\u0192cessed=\"\" data-prefix=\"far\" data-icon=\"clone\" role=\"img\" xmlns=\"http:\/\/www.w3.org\/2000\/svg\" viewBox=\"0 0 512 512\">\n                    <path fill=\"currentColor\" d=\"M464 0H144c-26.51 0-48 21.49-48 48v48H48c-26.51 0-48 21.49-48 48v320c0 26.51 21.49 48 48 48h320c26.51 0 48-21.49 48-48v-48h48c26.51 0 48-21.49 48-48V48c0-26.51-21.49-48-48-48zM362 464H54a6 6 0 0 1-6-6V150a6 6 0 0 1 6-6h42v224c0 26.51 21.49 48 48 48h224v42a6 6 0 0 1-6 6zm96-96H150a6 6 0 0 1-6-6V54a6 6 0 0 1 6-6h308a6 6 0 0 1 6 6v308a6 6 0 0 1-6 6z\"><\/path>\n                <\/svg>\t\t\t\t\t\t<img decoding=\"async\" src=\"https:\/\/www.fscindigenousfoundation.org\/wp-content\/plugins\/instagram-feed\/img\/placeholder.png\" alt=\"Fire can destroy. But guided by generations of Indigenous knowledge, fire can also care for the land. \ud83d\udd25\ud83c\udf3f\n\nAt the International Summit on Ancestral Fire in M\u00e9rida, Mexico, Indigenous Peoples and Local Communities came together through dialogue, workshops and collective action to work on the Global Indigenous Declaration on Fire.\n\nResponding to wildfires starts long before a fire begins. It means investing in prevention, territorial governance, resilient landscapes and Indigenous Peoples\u2019 rights.\n\nThrough the Wildfire Action Accelerator Pledge, we are working alongside @environmental_defense_fund  to connect prevention, financing and traditional fire governance, from the local to the global level.\n\nEvent&#039;s photos by Darwin Velasquez\n#IndigenousPeoples #AncestralFire #WildfireResilience #IndigenousKnowledge\" aria-hidden=\"true\">\n\t\t<\/a>\n\t<\/div>\n<\/div><div class=\"sbi_item sbi_type_carousel sbi_new sbi_transition\"\n\tid=\"sbi_18077551097372668\" data-date=\"1787820784\">\n\t<div class=\"sbi_photo_wrap\">\n\t\t<a class=\"sbi_photo\" href=\"https:\/\/www.instagram.com\/p\/DciZxGaFcqX\/\" target=\"_blank\" rel=\"noopener nofollow\"\n\t\t\tdata-full-res=\"https:\/\/scontent-ord5-1.cdninstagram.com\/v\/t51.82787-15\/782184755_18084124232662885_5329206348667209995_n.heic?stp=dst-jpg_e35_tt6&#038;_nc_cat=111&#038;ccb=7-5&#038;_nc_sid=18de74&#038;efg=eyJlZmdfdGFnIjoiQ0FST1VTRUxfSVRFTS5iZXN0X2ltYWdlX3VybGdlbi5DMyJ9&#038;_nc_ohc=WwqbJTmJfNUQ7kNvwFWtLMh&#038;_nc_oc=AdrKsQWJ7TwTf8rWbSTvQxsmNVs1bXGKF1TdjR78Q-vN_6PmdEsWRpbeyURmwATJnpk&#038;_nc_zt=23&#038;_nc_ht=scontent-ord5-1.cdninstagram.com&#038;edm=ANo9K5cEAAAA&#038;_nc_gid=sg68o_dTf6P0cf4xV7aTLQ&#038;_nc_tpa=Q5bMBQKIaiZ7niMHAC8VLzH3FNsVOmwLNHVud11jlePfpoqBwxGk-3_1lZl8aWGO6Yb4ywP5VrT0nXmR6Q&#038;oh=00_AQJDVbySfU096bEHco5UQsp0jGPB7VAkGMwFb1XreqCyQQ&#038;oe=6AA19774\"\n\t\t\tdata-img-src-set=\"{&quot;d&quot;:&quot;https:\\\/\\\/scontent-ord5-1.cdninstagram.com\\\/v\\\/t51.82787-15\\\/782184755_18084124232662885_5329206348667209995_n.heic?stp=dst-jpg_e35_tt6&amp;_nc_cat=111&amp;ccb=7-5&amp;_nc_sid=18de74&amp;efg=eyJlZmdfdGFnIjoiQ0FST1VTRUxfSVRFTS5iZXN0X2ltYWdlX3VybGdlbi5DMyJ9&amp;_nc_ohc=WwqbJTmJfNUQ7kNvwFWtLMh&amp;_nc_oc=AdrKsQWJ7TwTf8rWbSTvQxsmNVs1bXGKF1TdjR78Q-vN_6PmdEsWRpbeyURmwATJnpk&amp;_nc_zt=23&amp;_nc_ht=scontent-ord5-1.cdninstagram.com&amp;edm=ANo9K5cEAAAA&amp;_nc_gid=sg68o_dTf6P0cf4xV7aTLQ&amp;_nc_tpa=Q5bMBQKIaiZ7niMHAC8VLzH3FNsVOmwLNHVud11jlePfpoqBwxGk-3_1lZl8aWGO6Yb4ywP5VrT0nXmR6Q&amp;oh=00_AQJDVbySfU096bEHco5UQsp0jGPB7VAkGMwFb1XreqCyQQ&amp;oe=6AA19774&quot;,&quot;150&quot;:&quot;https:\\\/\\\/scontent-ord5-1.cdninstagram.com\\\/v\\\/t51.82787-15\\\/782184755_18084124232662885_5329206348667209995_n.heic?stp=dst-jpg_e35_tt6&amp;_nc_cat=111&amp;ccb=7-5&amp;_nc_sid=18de74&amp;efg=eyJlZmdfdGFnIjoiQ0FST1VTRUxfSVRFTS5iZXN0X2ltYWdlX3VybGdlbi5DMyJ9&amp;_nc_ohc=WwqbJTmJfNUQ7kNvwFWtLMh&amp;_nc_oc=AdrKsQWJ7TwTf8rWbSTvQxsmNVs1bXGKF1TdjR78Q-vN_6PmdEsWRpbeyURmwATJnpk&amp;_nc_zt=23&amp;_nc_ht=scontent-ord5-1.cdninstagram.com&amp;edm=ANo9K5cEAAAA&amp;_nc_gid=sg68o_dTf6P0cf4xV7aTLQ&amp;_nc_tpa=Q5bMBQKIaiZ7niMHAC8VLzH3FNsVOmwLNHVud11jlePfpoqBwxGk-3_1lZl8aWGO6Yb4ywP5VrT0nXmR6Q&amp;oh=00_AQJDVbySfU096bEHco5UQsp0jGPB7VAkGMwFb1XreqCyQQ&amp;oe=6AA19774&quot;,&quot;320&quot;:&quot;https:\\\/\\\/scontent-ord5-1.cdninstagram.com\\\/v\\\/t51.82787-15\\\/782184755_18084124232662885_5329206348667209995_n.heic?stp=dst-jpg_e35_tt6&amp;_nc_cat=111&amp;ccb=7-5&amp;_nc_sid=18de74&amp;efg=eyJlZmdfdGFnIjoiQ0FST1VTRUxfSVRFTS5iZXN0X2ltYWdlX3VybGdlbi5DMyJ9&amp;_nc_ohc=WwqbJTmJfNUQ7kNvwFWtLMh&amp;_nc_oc=AdrKsQWJ7TwTf8rWbSTvQxsmNVs1bXGKF1TdjR78Q-vN_6PmdEsWRpbeyURmwATJnpk&amp;_nc_zt=23&amp;_nc_ht=scontent-ord5-1.cdninstagram.com&amp;edm=ANo9K5cEAAAA&amp;_nc_gid=sg68o_dTf6P0cf4xV7aTLQ&amp;_nc_tpa=Q5bMBQKIaiZ7niMHAC8VLzH3FNsVOmwLNHVud11jlePfpoqBwxGk-3_1lZl8aWGO6Yb4ywP5VrT0nXmR6Q&amp;oh=00_AQJDVbySfU096bEHco5UQsp0jGPB7VAkGMwFb1XreqCyQQ&amp;oe=6AA19774&quot;,&quot;640&quot;:&quot;https:\\\/\\\/scontent-ord5-1.cdninstagram.com\\\/v\\\/t51.82787-15\\\/782184755_18084124232662885_5329206348667209995_n.heic?stp=dst-jpg_e35_tt6&amp;_nc_cat=111&amp;ccb=7-5&amp;_nc_sid=18de74&amp;efg=eyJlZmdfdGFnIjoiQ0FST1VTRUxfSVRFTS5iZXN0X2ltYWdlX3VybGdlbi5DMyJ9&amp;_nc_ohc=WwqbJTmJfNUQ7kNvwFWtLMh&amp;_nc_oc=AdrKsQWJ7TwTf8rWbSTvQxsmNVs1bXGKF1TdjR78Q-vN_6PmdEsWRpbeyURmwATJnpk&amp;_nc_zt=23&amp;_nc_ht=scontent-ord5-1.cdninstagram.com&amp;edm=ANo9K5cEAAAA&amp;_nc_gid=sg68o_dTf6P0cf4xV7aTLQ&amp;_nc_tpa=Q5bMBQKIaiZ7niMHAC8VLzH3FNsVOmwLNHVud11jlePfpoqBwxGk-3_1lZl8aWGO6Yb4ywP5VrT0nXmR6Q&amp;oh=00_AQJDVbySfU096bEHco5UQsp0jGPB7VAkGMwFb1XreqCyQQ&amp;oe=6AA19774&quot;}\">\n\t\t\t<span class=\"sbi-screenreader\">\u270a\ud83c\udffd \u201cThe people, united!\u201d Indigenous Peoples are ma<\/span>\n\t\t\t<svg class=\"svg-inline--fa fa-clone fa-w-16 sbi_lightbox_carousel_icon\" aria-hidden=\"true\" aria-label=\"Clone\" data-fa-pro\u0192cessed=\"\" data-prefix=\"far\" data-icon=\"clone\" role=\"img\" xmlns=\"http:\/\/www.w3.org\/2000\/svg\" viewBox=\"0 0 512 512\">\n                    <path fill=\"currentColor\" d=\"M464 0H144c-26.51 0-48 21.49-48 48v48H48c-26.51 0-48 21.49-48 48v320c0 26.51 21.49 48 48 48h320c26.51 0 48-21.49 48-48v-48h48c26.51 0 48-21.49 48-48V48c0-26.51-21.49-48-48-48zM362 464H54a6 6 0 0 1-6-6V150a6 6 0 0 1 6-6h42v224c0 26.51 21.49 48 48 48h224v42a6 6 0 0 1-6 6zm96-96H150a6 6 0 0 1-6-6V54a6 6 0 0 1 6-6h308a6 6 0 0 1 6 6v308a6 6 0 0 1-6 6z\"><\/path>\n                <\/svg>\t\t\t\t\t\t<img decoding=\"async\" src=\"https:\/\/www.fscindigenousfoundation.org\/wp-content\/plugins\/instagram-feed\/img\/placeholder.png\" alt=\"\u270a\ud83c\udffd \u201cThe people, united!\u201d Indigenous Peoples are making their voices heard at #UNCCDCOP17.\n\nA collective call for Indigenous Peoples to be recognized as rights holders and to have a meaningful place in decisions affecting their lands, territories, and forests they have stewarded for generations: &quot;We are the guardians of the land.&quot; \ud83c\udf0e\n\nPhotos: UNCCD &amp; Indigenous Peoples Caucus representatives\n#IndigenousRights #COP17\" aria-hidden=\"true\">\n\t\t<\/a>\n\t<\/div>\n<\/div><div class=\"sbi_item sbi_type_image sbi_new sbi_transition\"\n\tid=\"sbi_18104430506219088\" data-date=\"1787788606\">\n\t<div class=\"sbi_photo_wrap\">\n\t\t<a class=\"sbi_photo\" href=\"https:\/\/www.instagram.com\/p\/DchcZIrlZpT\/\" target=\"_blank\" rel=\"noopener nofollow\"\n\t\t\tdata-full-res=\"https:\/\/scontent-ord5-2.cdninstagram.com\/v\/t51.82787-15\/785234012_18084081992662885_5513920967870728080_n.jpg?stp=dst-jpg_e35_tt6&#038;_nc_cat=102&#038;ccb=7-5&#038;_nc_sid=18de74&#038;efg=eyJlZmdfdGFnIjoiRkVFRC5iZXN0X2ltYWdlX3VybGdlbi5DMyJ9&#038;_nc_ohc=unqo1nd4Gt4Q7kNvwGEVnkm&#038;_nc_oc=Adr4C6Q9XtTak3p2CnKK_l9wmoalNym6gXONYq81QVqKaJoE2XE09uz1y9DNsK5fAlM&#038;_nc_zt=23&#038;_nc_ht=scontent-ord5-2.cdninstagram.com&#038;edm=ANo9K5cEAAAA&#038;_nc_gid=sg68o_dTf6P0cf4xV7aTLQ&#038;_nc_tpa=Q5bMBQIGeByb9BPkmBya8hFrpfuFpXJtSxN94yWLEqQwlPMDEzMY-MkBFqVoquZY5Sj3UAyIntHKWbc1uw&#038;oh=00_AQIs8tAT-BEdH6dEFoV59rIU_F7nu6LVM2IF3WHtnf5bag&#038;oe=6AA1702D\"\n\t\t\tdata-img-src-set=\"{&quot;d&quot;:&quot;https:\\\/\\\/scontent-ord5-2.cdninstagram.com\\\/v\\\/t51.82787-15\\\/785234012_18084081992662885_5513920967870728080_n.jpg?stp=dst-jpg_e35_tt6&amp;_nc_cat=102&amp;ccb=7-5&amp;_nc_sid=18de74&amp;efg=eyJlZmdfdGFnIjoiRkVFRC5iZXN0X2ltYWdlX3VybGdlbi5DMyJ9&amp;_nc_ohc=unqo1nd4Gt4Q7kNvwGEVnkm&amp;_nc_oc=Adr4C6Q9XtTak3p2CnKK_l9wmoalNym6gXONYq81QVqKaJoE2XE09uz1y9DNsK5fAlM&amp;_nc_zt=23&amp;_nc_ht=scontent-ord5-2.cdninstagram.com&amp;edm=ANo9K5cEAAAA&amp;_nc_gid=sg68o_dTf6P0cf4xV7aTLQ&amp;_nc_tpa=Q5bMBQIGeByb9BPkmBya8hFrpfuFpXJtSxN94yWLEqQwlPMDEzMY-MkBFqVoquZY5Sj3UAyIntHKWbc1uw&amp;oh=00_AQIs8tAT-BEdH6dEFoV59rIU_F7nu6LVM2IF3WHtnf5bag&amp;oe=6AA1702D&quot;,&quot;150&quot;:&quot;https:\\\/\\\/scontent-ord5-2.cdninstagram.com\\\/v\\\/t51.82787-15\\\/785234012_18084081992662885_5513920967870728080_n.jpg?stp=dst-jpg_e35_tt6&amp;_nc_cat=102&amp;ccb=7-5&amp;_nc_sid=18de74&amp;efg=eyJlZmdfdGFnIjoiRkVFRC5iZXN0X2ltYWdlX3VybGdlbi5DMyJ9&amp;_nc_ohc=unqo1nd4Gt4Q7kNvwGEVnkm&amp;_nc_oc=Adr4C6Q9XtTak3p2CnKK_l9wmoalNym6gXONYq81QVqKaJoE2XE09uz1y9DNsK5fAlM&amp;_nc_zt=23&amp;_nc_ht=scontent-ord5-2.cdninstagram.com&amp;edm=ANo9K5cEAAAA&amp;_nc_gid=sg68o_dTf6P0cf4xV7aTLQ&amp;_nc_tpa=Q5bMBQIGeByb9BPkmBya8hFrpfuFpXJtSxN94yWLEqQwlPMDEzMY-MkBFqVoquZY5Sj3UAyIntHKWbc1uw&amp;oh=00_AQIs8tAT-BEdH6dEFoV59rIU_F7nu6LVM2IF3WHtnf5bag&amp;oe=6AA1702D&quot;,&quot;320&quot;:&quot;https:\\\/\\\/scontent-ord5-2.cdninstagram.com\\\/v\\\/t51.82787-15\\\/785234012_18084081992662885_5513920967870728080_n.jpg?stp=dst-jpg_e35_tt6&amp;_nc_cat=102&amp;ccb=7-5&amp;_nc_sid=18de74&amp;efg=eyJlZmdfdGFnIjoiRkVFRC5iZXN0X2ltYWdlX3VybGdlbi5DMyJ9&amp;_nc_ohc=unqo1nd4Gt4Q7kNvwGEVnkm&amp;_nc_oc=Adr4C6Q9XtTak3p2CnKK_l9wmoalNym6gXONYq81QVqKaJoE2XE09uz1y9DNsK5fAlM&amp;_nc_zt=23&amp;_nc_ht=scontent-ord5-2.cdninstagram.com&amp;edm=ANo9K5cEAAAA&amp;_nc_gid=sg68o_dTf6P0cf4xV7aTLQ&amp;_nc_tpa=Q5bMBQIGeByb9BPkmBya8hFrpfuFpXJtSxN94yWLEqQwlPMDEzMY-MkBFqVoquZY5Sj3UAyIntHKWbc1uw&amp;oh=00_AQIs8tAT-BEdH6dEFoV59rIU_F7nu6LVM2IF3WHtnf5bag&amp;oe=6AA1702D&quot;,&quot;640&quot;:&quot;https:\\\/\\\/scontent-ord5-2.cdninstagram.com\\\/v\\\/t51.82787-15\\\/785234012_18084081992662885_5513920967870728080_n.jpg?stp=dst-jpg_e35_tt6&amp;_nc_cat=102&amp;ccb=7-5&amp;_nc_sid=18de74&amp;efg=eyJlZmdfdGFnIjoiRkVFRC5iZXN0X2ltYWdlX3VybGdlbi5DMyJ9&amp;_nc_ohc=unqo1nd4Gt4Q7kNvwGEVnkm&amp;_nc_oc=Adr4C6Q9XtTak3p2CnKK_l9wmoalNym6gXONYq81QVqKaJoE2XE09uz1y9DNsK5fAlM&amp;_nc_zt=23&amp;_nc_ht=scontent-ord5-2.cdninstagram.com&amp;edm=ANo9K5cEAAAA&amp;_nc_gid=sg68o_dTf6P0cf4xV7aTLQ&amp;_nc_tpa=Q5bMBQIGeByb9BPkmBya8hFrpfuFpXJtSxN94yWLEqQwlPMDEzMY-MkBFqVoquZY5Sj3UAyIntHKWbc1uw&amp;oh=00_AQIs8tAT-BEdH6dEFoV59rIU_F7nu6LVM2IF3WHtnf5bag&amp;oe=6AA1702D&quot;}\">\n\t\t\t<span class=\"sbi-screenreader\">On Land and People Day, Indigenous Peoples and pas<\/span>\n\t\t\t\t\t\t\t\t\t<img decoding=\"async\" src=\"https:\/\/www.fscindigenousfoundation.org\/wp-content\/plugins\/instagram-feed\/img\/placeholder.png\" alt=\"On Land and People Day, Indigenous Peoples and pastoralists brought their voices, knowledge, and leadership to the heart of #COP17.\n\nThey called for recognition as rights holders and essential partners in action, and for stronger support for Indigenous-led land stewardship.\n\nHealthy lands depend on the people who know, steward, and sustain them.\n\nSupport the Indigenous movement today and follow the conversations.\n\nPhoto credits: Hbieser\/Pixabay; Bablu Virinder Singh\/FSC; IP Caucus representatives\n\n#LandAndPeopleDay #UNCCDCOP17\" aria-hidden=\"true\">\n\t\t<\/a>\n\t<\/div>\n<\/div><div class=\"sbi_item sbi_type_carousel sbi_new sbi_transition\"\n\tid=\"sbi_17916541797439235\" data-date=\"1787599904\">\n\t<div class=\"sbi_photo_wrap\">\n\t\t<a class=\"sbi_photo\" href=\"https:\/\/www.instagram.com\/p\/Dcb0b2Pmkg3\/\" target=\"_blank\" rel=\"noopener nofollow\"\n\t\t\tdata-full-res=\"https:\/\/scontent-ord5-1.cdninstagram.com\/v\/t51.82787-15\/784915240_18083782796662885_6961686936653897221_n.jpg?stp=dst-jpg_e35_tt6&#038;_nc_cat=101&#038;ccb=7-5&#038;_nc_sid=18de74&#038;efg=eyJlZmdfdGFnIjoiQ0FST1VTRUxfSVRFTS5iZXN0X2ltYWdlX3VybGdlbi5DMyJ9&#038;_nc_ohc=kAo2kMi9BZIQ7kNvwFufIGy&#038;_nc_oc=AdoTz2V2_Sgw-8AeflRhHtntw_1ILEMdOtX0EkOX5T_8ycT2X4heNNODk2tyQCrdZbo&#038;_nc_zt=23&#038;_nc_ht=scontent-ord5-1.cdninstagram.com&#038;edm=ANo9K5cEAAAA&#038;_nc_gid=sg68o_dTf6P0cf4xV7aTLQ&#038;_nc_tpa=Q5bMBQLnrNfJ3fZ-iZHPvlkON6FTeBbMwmCemn_IqpWconWllssb0PDi9QZfi01fvruO83r-GnXPT_OPwQ&#038;oh=00_AQLwv6OvgDtxt5StDB2r8Z6agsCgwx9A5SlceicWf-niRQ&#038;oe=6AA180B6\"\n\t\t\tdata-img-src-set=\"{&quot;d&quot;:&quot;https:\\\/\\\/scontent-ord5-1.cdninstagram.com\\\/v\\\/t51.82787-15\\\/784915240_18083782796662885_6961686936653897221_n.jpg?stp=dst-jpg_e35_tt6&amp;_nc_cat=101&amp;ccb=7-5&amp;_nc_sid=18de74&amp;efg=eyJlZmdfdGFnIjoiQ0FST1VTRUxfSVRFTS5iZXN0X2ltYWdlX3VybGdlbi5DMyJ9&amp;_nc_ohc=kAo2kMi9BZIQ7kNvwFufIGy&amp;_nc_oc=AdoTz2V2_Sgw-8AeflRhHtntw_1ILEMdOtX0EkOX5T_8ycT2X4heNNODk2tyQCrdZbo&amp;_nc_zt=23&amp;_nc_ht=scontent-ord5-1.cdninstagram.com&amp;edm=ANo9K5cEAAAA&amp;_nc_gid=sg68o_dTf6P0cf4xV7aTLQ&amp;_nc_tpa=Q5bMBQLnrNfJ3fZ-iZHPvlkON6FTeBbMwmCemn_IqpWconWllssb0PDi9QZfi01fvruO83r-GnXPT_OPwQ&amp;oh=00_AQLwv6OvgDtxt5StDB2r8Z6agsCgwx9A5SlceicWf-niRQ&amp;oe=6AA180B6&quot;,&quot;150&quot;:&quot;https:\\\/\\\/scontent-ord5-1.cdninstagram.com\\\/v\\\/t51.82787-15\\\/784915240_18083782796662885_6961686936653897221_n.jpg?stp=dst-jpg_e35_tt6&amp;_nc_cat=101&amp;ccb=7-5&amp;_nc_sid=18de74&amp;efg=eyJlZmdfdGFnIjoiQ0FST1VTRUxfSVRFTS5iZXN0X2ltYWdlX3VybGdlbi5DMyJ9&amp;_nc_ohc=kAo2kMi9BZIQ7kNvwFufIGy&amp;_nc_oc=AdoTz2V2_Sgw-8AeflRhHtntw_1ILEMdOtX0EkOX5T_8ycT2X4heNNODk2tyQCrdZbo&amp;_nc_zt=23&amp;_nc_ht=scontent-ord5-1.cdninstagram.com&amp;edm=ANo9K5cEAAAA&amp;_nc_gid=sg68o_dTf6P0cf4xV7aTLQ&amp;_nc_tpa=Q5bMBQLnrNfJ3fZ-iZHPvlkON6FTeBbMwmCemn_IqpWconWllssb0PDi9QZfi01fvruO83r-GnXPT_OPwQ&amp;oh=00_AQLwv6OvgDtxt5StDB2r8Z6agsCgwx9A5SlceicWf-niRQ&amp;oe=6AA180B6&quot;,&quot;320&quot;:&quot;https:\\\/\\\/scontent-ord5-1.cdninstagram.com\\\/v\\\/t51.82787-15\\\/784915240_18083782796662885_6961686936653897221_n.jpg?stp=dst-jpg_e35_tt6&amp;_nc_cat=101&amp;ccb=7-5&amp;_nc_sid=18de74&amp;efg=eyJlZmdfdGFnIjoiQ0FST1VTRUxfSVRFTS5iZXN0X2ltYWdlX3VybGdlbi5DMyJ9&amp;_nc_ohc=kAo2kMi9BZIQ7kNvwFufIGy&amp;_nc_oc=AdoTz2V2_Sgw-8AeflRhHtntw_1ILEMdOtX0EkOX5T_8ycT2X4heNNODk2tyQCrdZbo&amp;_nc_zt=23&amp;_nc_ht=scontent-ord5-1.cdninstagram.com&amp;edm=ANo9K5cEAAAA&amp;_nc_gid=sg68o_dTf6P0cf4xV7aTLQ&amp;_nc_tpa=Q5bMBQLnrNfJ3fZ-iZHPvlkON6FTeBbMwmCemn_IqpWconWllssb0PDi9QZfi01fvruO83r-GnXPT_OPwQ&amp;oh=00_AQLwv6OvgDtxt5StDB2r8Z6agsCgwx9A5SlceicWf-niRQ&amp;oe=6AA180B6&quot;,&quot;640&quot;:&quot;https:\\\/\\\/scontent-ord5-1.cdninstagram.com\\\/v\\\/t51.82787-15\\\/784915240_18083782796662885_6961686936653897221_n.jpg?stp=dst-jpg_e35_tt6&amp;_nc_cat=101&amp;ccb=7-5&amp;_nc_sid=18de74&amp;efg=eyJlZmdfdGFnIjoiQ0FST1VTRUxfSVRFTS5iZXN0X2ltYWdlX3VybGdlbi5DMyJ9&amp;_nc_ohc=kAo2kMi9BZIQ7kNvwFufIGy&amp;_nc_oc=AdoTz2V2_Sgw-8AeflRhHtntw_1ILEMdOtX0EkOX5T_8ycT2X4heNNODk2tyQCrdZbo&amp;_nc_zt=23&amp;_nc_ht=scontent-ord5-1.cdninstagram.com&amp;edm=ANo9K5cEAAAA&amp;_nc_gid=sg68o_dTf6P0cf4xV7aTLQ&amp;_nc_tpa=Q5bMBQLnrNfJ3fZ-iZHPvlkON6FTeBbMwmCemn_IqpWconWllssb0PDi9QZfi01fvruO83r-GnXPT_OPwQ&amp;oh=00_AQLwv6OvgDtxt5StDB2r8Z6agsCgwx9A5SlceicWf-niRQ&amp;oe=6AA180B6&quot;}\">\n\t\t\t<span class=\"sbi-screenreader\">At #COP17 Finance Day, the International Indigenou<\/span>\n\t\t\t<svg class=\"svg-inline--fa fa-clone fa-w-16 sbi_lightbox_carousel_icon\" aria-hidden=\"true\" aria-label=\"Clone\" data-fa-pro\u0192cessed=\"\" data-prefix=\"far\" data-icon=\"clone\" role=\"img\" xmlns=\"http:\/\/www.w3.org\/2000\/svg\" viewBox=\"0 0 512 512\">\n                    <path fill=\"currentColor\" d=\"M464 0H144c-26.51 0-48 21.49-48 48v48H48c-26.51 0-48 21.49-48 48v320c0 26.51 21.49 48 48 48h320c26.51 0 48-21.49 48-48v-48h48c26.51 0 48-21.49 48-48V48c0-26.51-21.49-48-48-48zM362 464H54a6 6 0 0 1-6-6V150a6 6 0 0 1 6-6h42v224c0 26.51 21.49 48 48 48h224v42a6 6 0 0 1-6 6zm96-96H150a6 6 0 0 1-6-6V54a6 6 0 0 1 6-6h308a6 6 0 0 1 6 6v308a6 6 0 0 1-6 6z\"><\/path>\n                <\/svg>\t\t\t\t\t\t<img decoding=\"async\" src=\"https:\/\/www.fscindigenousfoundation.org\/wp-content\/plugins\/instagram-feed\/img\/placeholder.png\" alt=\"At #COP17 Finance Day, the International Indigenous Peoples Forum of the UNCCD called for land and drought finance that recognizes Indigenous Peoples as rights-holders and essential partners, not simply beneficiaries.\n\nThe statement, delivered by @kaleaada Kalea Aquino on behalf of the Forum, called for direct and accessible financing, respect for Indigenous Peoples\u2019 rights, and meaningful participation in financial decision-making.\n\nIt also highlighted the need for predictable resources across the three Rio Conventions and raised concern about ensuring continued recognition and participation of the Caucus of Indigenous Peoples.\n\nAddressing land degradation and drought requires collaboration. We invite governments, financial institutions, civil society, and other partners to support this call and work alongside Indigenous Peoples to advance land and drought resilience.\n#LandRestoration #DroughtResilience #UNCCDCOP17\" aria-hidden=\"true\">\n\t\t<\/a>\n\t<\/div>\n<\/div><div class=\"sbi_item sbi_type_carousel sbi_new sbi_transition\"\n\tid=\"sbi_18111488975068899\" data-date=\"1787092695\">\n\t<div class=\"sbi_photo_wrap\">\n\t\t<a class=\"sbi_photo\" href=\"https:\/\/www.instagram.com\/p\/DcMsxHDGnk4\/\" target=\"_blank\" rel=\"noopener nofollow\"\n\t\t\tdata-full-res=\"https:\/\/scontent-ord5-1.cdninstagram.com\/v\/t51.82787-15\/774712553_18082913618662885_4708439328928656638_n.jpg?stp=dst-jpg_e35_tt6&#038;_nc_cat=111&#038;ccb=7-5&#038;_nc_sid=18de74&#038;efg=eyJlZmdfdGFnIjoiQ0FST1VTRUxfSVRFTS5iZXN0X2ltYWdlX3VybGdlbi5DMyJ9&#038;_nc_ohc=ktESJZe9eWEQ7kNvwE154Lr&#038;_nc_oc=AdrKjqKKEzUymNibUSdeaeJFV4PjIe8rwLd_LP-g6_odr9SkbxQmbZz4k9-ChKx4BFw&#038;_nc_zt=23&#038;_nc_ht=scontent-ord5-1.cdninstagram.com&#038;edm=ANo9K5cEAAAA&#038;_nc_gid=sg68o_dTf6P0cf4xV7aTLQ&#038;_nc_tpa=Q5bMBQLIwF7FTSsk1QDFF4hmAbbhoUZpMALkA8qpSIktRBrLcjNpNhXcUf7FkOztjgnOEYxLUsULiaKf1w&#038;oh=00_AQI2ybvB_Q9k5D2W_mHsAkq45YsGQMyEqrndTFfwtrpDsg&#038;oe=6AA18B4E\"\n\t\t\tdata-img-src-set=\"{&quot;d&quot;:&quot;https:\\\/\\\/scontent-ord5-1.cdninstagram.com\\\/v\\\/t51.82787-15\\\/774712553_18082913618662885_4708439328928656638_n.jpg?stp=dst-jpg_e35_tt6&amp;_nc_cat=111&amp;ccb=7-5&amp;_nc_sid=18de74&amp;efg=eyJlZmdfdGFnIjoiQ0FST1VTRUxfSVRFTS5iZXN0X2ltYWdlX3VybGdlbi5DMyJ9&amp;_nc_ohc=ktESJZe9eWEQ7kNvwE154Lr&amp;_nc_oc=AdrKjqKKEzUymNibUSdeaeJFV4PjIe8rwLd_LP-g6_odr9SkbxQmbZz4k9-ChKx4BFw&amp;_nc_zt=23&amp;_nc_ht=scontent-ord5-1.cdninstagram.com&amp;edm=ANo9K5cEAAAA&amp;_nc_gid=sg68o_dTf6P0cf4xV7aTLQ&amp;_nc_tpa=Q5bMBQLIwF7FTSsk1QDFF4hmAbbhoUZpMALkA8qpSIktRBrLcjNpNhXcUf7FkOztjgnOEYxLUsULiaKf1w&amp;oh=00_AQI2ybvB_Q9k5D2W_mHsAkq45YsGQMyEqrndTFfwtrpDsg&amp;oe=6AA18B4E&quot;,&quot;150&quot;:&quot;https:\\\/\\\/scontent-ord5-1.cdninstagram.com\\\/v\\\/t51.82787-15\\\/774712553_18082913618662885_4708439328928656638_n.jpg?stp=dst-jpg_e35_tt6&amp;_nc_cat=111&amp;ccb=7-5&amp;_nc_sid=18de74&amp;efg=eyJlZmdfdGFnIjoiQ0FST1VTRUxfSVRFTS5iZXN0X2ltYWdlX3VybGdlbi5DMyJ9&amp;_nc_ohc=ktESJZe9eWEQ7kNvwE154Lr&amp;_nc_oc=AdrKjqKKEzUymNibUSdeaeJFV4PjIe8rwLd_LP-g6_odr9SkbxQmbZz4k9-ChKx4BFw&amp;_nc_zt=23&amp;_nc_ht=scontent-ord5-1.cdninstagram.com&amp;edm=ANo9K5cEAAAA&amp;_nc_gid=sg68o_dTf6P0cf4xV7aTLQ&amp;_nc_tpa=Q5bMBQLIwF7FTSsk1QDFF4hmAbbhoUZpMALkA8qpSIktRBrLcjNpNhXcUf7FkOztjgnOEYxLUsULiaKf1w&amp;oh=00_AQI2ybvB_Q9k5D2W_mHsAkq45YsGQMyEqrndTFfwtrpDsg&amp;oe=6AA18B4E&quot;,&quot;320&quot;:&quot;https:\\\/\\\/scontent-ord5-1.cdninstagram.com\\\/v\\\/t51.82787-15\\\/774712553_18082913618662885_4708439328928656638_n.jpg?stp=dst-jpg_e35_tt6&amp;_nc_cat=111&amp;ccb=7-5&amp;_nc_sid=18de74&amp;efg=eyJlZmdfdGFnIjoiQ0FST1VTRUxfSVRFTS5iZXN0X2ltYWdlX3VybGdlbi5DMyJ9&amp;_nc_ohc=ktESJZe9eWEQ7kNvwE154Lr&amp;_nc_oc=AdrKjqKKEzUymNibUSdeaeJFV4PjIe8rwLd_LP-g6_odr9SkbxQmbZz4k9-ChKx4BFw&amp;_nc_zt=23&amp;_nc_ht=scontent-ord5-1.cdninstagram.com&amp;edm=ANo9K5cEAAAA&amp;_nc_gid=sg68o_dTf6P0cf4xV7aTLQ&amp;_nc_tpa=Q5bMBQLIwF7FTSsk1QDFF4hmAbbhoUZpMALkA8qpSIktRBrLcjNpNhXcUf7FkOztjgnOEYxLUsULiaKf1w&amp;oh=00_AQI2ybvB_Q9k5D2W_mHsAkq45YsGQMyEqrndTFfwtrpDsg&amp;oe=6AA18B4E&quot;,&quot;640&quot;:&quot;https:\\\/\\\/scontent-ord5-1.cdninstagram.com\\\/v\\\/t51.82787-15\\\/774712553_18082913618662885_4708439328928656638_n.jpg?stp=dst-jpg_e35_tt6&amp;_nc_cat=111&amp;ccb=7-5&amp;_nc_sid=18de74&amp;efg=eyJlZmdfdGFnIjoiQ0FST1VTRUxfSVRFTS5iZXN0X2ltYWdlX3VybGdlbi5DMyJ9&amp;_nc_ohc=ktESJZe9eWEQ7kNvwE154Lr&amp;_nc_oc=AdrKjqKKEzUymNibUSdeaeJFV4PjIe8rwLd_LP-g6_odr9SkbxQmbZz4k9-ChKx4BFw&amp;_nc_zt=23&amp;_nc_ht=scontent-ord5-1.cdninstagram.com&amp;edm=ANo9K5cEAAAA&amp;_nc_gid=sg68o_dTf6P0cf4xV7aTLQ&amp;_nc_tpa=Q5bMBQLIwF7FTSsk1QDFF4hmAbbhoUZpMALkA8qpSIktRBrLcjNpNhXcUf7FkOztjgnOEYxLUsULiaKf1w&amp;oh=00_AQI2ybvB_Q9k5D2W_mHsAkq45YsGQMyEqrndTFfwtrpDsg&amp;oe=6AA18B4E&quot;}\">\n\t\t\t<span class=\"sbi-screenreader\">\ud83c\udf33 Forests \ud83c\udf33 Indigenous Peoples &amp; Allies \ud83c\udf33 Shared A<\/span>\n\t\t\t<svg class=\"svg-inline--fa fa-clone fa-w-16 sbi_lightbox_carousel_icon\" aria-hidden=\"true\" aria-label=\"Clone\" data-fa-pro\u0192cessed=\"\" data-prefix=\"far\" data-icon=\"clone\" role=\"img\" xmlns=\"http:\/\/www.w3.org\/2000\/svg\" viewBox=\"0 0 512 512\">\n                    <path fill=\"currentColor\" d=\"M464 0H144c-26.51 0-48 21.49-48 48v48H48c-26.51 0-48 21.49-48 48v320c0 26.51 21.49 48 48 48h320c26.51 0 48-21.49 48-48v-48h48c26.51 0 48-21.49 48-48V48c0-26.51-21.49-48-48-48zM362 464H54a6 6 0 0 1-6-6V150a6 6 0 0 1 6-6h42v224c0 26.51 21.49 48 48 48h224v42a6 6 0 0 1-6 6zm96-96H150a6 6 0 0 1-6-6V54a6 6 0 0 1 6-6h308a6 6 0 0 1 6 6v308a6 6 0 0 1-6 6z\"><\/path>\n                <\/svg>\t\t\t\t\t\t<img decoding=\"async\" src=\"https:\/\/www.fscindigenousfoundation.org\/wp-content\/plugins\/instagram-feed\/img\/placeholder.png\" alt=\"\ud83c\udf33 Forests \ud83c\udf33 Indigenous Peoples &amp; Allies \ud83c\udf33 Shared Action\n\nAt our #UNCCD side event, Indigenous leaders working across different regions and institutions, including REPALEAC, FUNAI and The Nature Conservancy, joined the Forest Stewardship Council to discuss the role of forests in preventing land degradation and building resilient landscapes.\n\nDifferent roles and experiences, but clear common ground: prevention matters, Indigenous rights and knowledge are essential, and long-term financing and cooperation are needed to turn shared priorities into action. \ud83c\udf3f\n\n\ud83d\udd17 Learn about the key outcomes from the discussion through the link in our bio.\n\n#IndigenousPeoples #IndigenousLeadership #Forests\" aria-hidden=\"true\">\n\t\t<\/a>\n\t<\/div>\n<\/div><div class=\"sbi_item sbi_type_carousel sbi_new sbi_transition\"\n\tid=\"sbi_18095197325531934\" data-date=\"1786996944\">\n\t<div class=\"sbi_photo_wrap\">\n\t\t<a class=\"sbi_photo\" href=\"https:\/\/www.instagram.com\/p\/DcJ2Q9QlIe9\/\" target=\"_blank\" rel=\"noopener nofollow\"\n\t\t\tdata-full-res=\"https:\/\/scontent-ord5-1.cdninstagram.com\/v\/t51.82787-15\/774242269_18082761470662885_7341581982568808529_n.jpg?stp=dst-jpg_e35_tt6&#038;_nc_cat=109&#038;ccb=7-5&#038;_nc_sid=18de74&#038;efg=eyJlZmdfdGFnIjoiQ0FST1VTRUxfSVRFTS5iZXN0X2ltYWdlX3VybGdlbi5DMyJ9&#038;_nc_ohc=YFg-cLrkRqwQ7kNvwG1a77H&#038;_nc_oc=Adpcetb3AAF6gPoUaAWAgXgXYQqV-ioMOp-E6f1Lk1DxkQoDjtMuHJ6Ax2hX-8vhSP4&#038;_nc_zt=23&#038;_nc_ht=scontent-ord5-1.cdninstagram.com&#038;edm=ANo9K5cEAAAA&#038;_nc_gid=sg68o_dTf6P0cf4xV7aTLQ&#038;_nc_tpa=Q5bMBQL79zn7dEOEBhfKNXiguDRriH4pFxij7BvBcZxbKVW6iBIHddzvYvNSMfmBYmMgHWYLj9f21S3_Jg&#038;oh=00_AQL4hxJDcFKlBWSm0mExthXswQ1ZAjKPeXKz9Wd8WPpRdQ&#038;oe=6AA18500\"\n\t\t\tdata-img-src-set=\"{&quot;d&quot;:&quot;https:\\\/\\\/scontent-ord5-1.cdninstagram.com\\\/v\\\/t51.82787-15\\\/774242269_18082761470662885_7341581982568808529_n.jpg?stp=dst-jpg_e35_tt6&amp;_nc_cat=109&amp;ccb=7-5&amp;_nc_sid=18de74&amp;efg=eyJlZmdfdGFnIjoiQ0FST1VTRUxfSVRFTS5iZXN0X2ltYWdlX3VybGdlbi5DMyJ9&amp;_nc_ohc=YFg-cLrkRqwQ7kNvwG1a77H&amp;_nc_oc=Adpcetb3AAF6gPoUaAWAgXgXYQqV-ioMOp-E6f1Lk1DxkQoDjtMuHJ6Ax2hX-8vhSP4&amp;_nc_zt=23&amp;_nc_ht=scontent-ord5-1.cdninstagram.com&amp;edm=ANo9K5cEAAAA&amp;_nc_gid=sg68o_dTf6P0cf4xV7aTLQ&amp;_nc_tpa=Q5bMBQL79zn7dEOEBhfKNXiguDRriH4pFxij7BvBcZxbKVW6iBIHddzvYvNSMfmBYmMgHWYLj9f21S3_Jg&amp;oh=00_AQL4hxJDcFKlBWSm0mExthXswQ1ZAjKPeXKz9Wd8WPpRdQ&amp;oe=6AA18500&quot;,&quot;150&quot;:&quot;https:\\\/\\\/scontent-ord5-1.cdninstagram.com\\\/v\\\/t51.82787-15\\\/774242269_18082761470662885_7341581982568808529_n.jpg?stp=dst-jpg_e35_tt6&amp;_nc_cat=109&amp;ccb=7-5&amp;_nc_sid=18de74&amp;efg=eyJlZmdfdGFnIjoiQ0FST1VTRUxfSVRFTS5iZXN0X2ltYWdlX3VybGdlbi5DMyJ9&amp;_nc_ohc=YFg-cLrkRqwQ7kNvwG1a77H&amp;_nc_oc=Adpcetb3AAF6gPoUaAWAgXgXYQqV-ioMOp-E6f1Lk1DxkQoDjtMuHJ6Ax2hX-8vhSP4&amp;_nc_zt=23&amp;_nc_ht=scontent-ord5-1.cdninstagram.com&amp;edm=ANo9K5cEAAAA&amp;_nc_gid=sg68o_dTf6P0cf4xV7aTLQ&amp;_nc_tpa=Q5bMBQL79zn7dEOEBhfKNXiguDRriH4pFxij7BvBcZxbKVW6iBIHddzvYvNSMfmBYmMgHWYLj9f21S3_Jg&amp;oh=00_AQL4hxJDcFKlBWSm0mExthXswQ1ZAjKPeXKz9Wd8WPpRdQ&amp;oe=6AA18500&quot;,&quot;320&quot;:&quot;https:\\\/\\\/scontent-ord5-1.cdninstagram.com\\\/v\\\/t51.82787-15\\\/774242269_18082761470662885_7341581982568808529_n.jpg?stp=dst-jpg_e35_tt6&amp;_nc_cat=109&amp;ccb=7-5&amp;_nc_sid=18de74&amp;efg=eyJlZmdfdGFnIjoiQ0FST1VTRUxfSVRFTS5iZXN0X2ltYWdlX3VybGdlbi5DMyJ9&amp;_nc_ohc=YFg-cLrkRqwQ7kNvwG1a77H&amp;_nc_oc=Adpcetb3AAF6gPoUaAWAgXgXYQqV-ioMOp-E6f1Lk1DxkQoDjtMuHJ6Ax2hX-8vhSP4&amp;_nc_zt=23&amp;_nc_ht=scontent-ord5-1.cdninstagram.com&amp;edm=ANo9K5cEAAAA&amp;_nc_gid=sg68o_dTf6P0cf4xV7aTLQ&amp;_nc_tpa=Q5bMBQL79zn7dEOEBhfKNXiguDRriH4pFxij7BvBcZxbKVW6iBIHddzvYvNSMfmBYmMgHWYLj9f21S3_Jg&amp;oh=00_AQL4hxJDcFKlBWSm0mExthXswQ1ZAjKPeXKz9Wd8WPpRdQ&amp;oe=6AA18500&quot;,&quot;640&quot;:&quot;https:\\\/\\\/scontent-ord5-1.cdninstagram.com\\\/v\\\/t51.82787-15\\\/774242269_18082761470662885_7341581982568808529_n.jpg?stp=dst-jpg_e35_tt6&amp;_nc_cat=109&amp;ccb=7-5&amp;_nc_sid=18de74&amp;efg=eyJlZmdfdGFnIjoiQ0FST1VTRUxfSVRFTS5iZXN0X2ltYWdlX3VybGdlbi5DMyJ9&amp;_nc_ohc=YFg-cLrkRqwQ7kNvwG1a77H&amp;_nc_oc=Adpcetb3AAF6gPoUaAWAgXgXYQqV-ioMOp-E6f1Lk1DxkQoDjtMuHJ6Ax2hX-8vhSP4&amp;_nc_zt=23&amp;_nc_ht=scontent-ord5-1.cdninstagram.com&amp;edm=ANo9K5cEAAAA&amp;_nc_gid=sg68o_dTf6P0cf4xV7aTLQ&amp;_nc_tpa=Q5bMBQL79zn7dEOEBhfKNXiguDRriH4pFxij7BvBcZxbKVW6iBIHddzvYvNSMfmBYmMgHWYLj9f21S3_Jg&amp;oh=00_AQL4hxJDcFKlBWSm0mExthXswQ1ZAjKPeXKz9Wd8WPpRdQ&amp;oe=6AA18500&quot;}\">\n\t\t\t<span class=\"sbi-screenreader\">On the first day of UNCCD COP17, Pastoralists, Ind<\/span>\n\t\t\t<svg class=\"svg-inline--fa fa-clone fa-w-16 sbi_lightbox_carousel_icon\" aria-hidden=\"true\" aria-label=\"Clone\" data-fa-pro\u0192cessed=\"\" data-prefix=\"far\" data-icon=\"clone\" role=\"img\" xmlns=\"http:\/\/www.w3.org\/2000\/svg\" viewBox=\"0 0 512 512\">\n                    <path fill=\"currentColor\" d=\"M464 0H144c-26.51 0-48 21.49-48 48v48H48c-26.51 0-48 21.49-48 48v320c0 26.51 21.49 48 48 48h320c26.51 0 48-21.49 48-48v-48h48c26.51 0 48-21.49 48-48V48c0-26.51-21.49-48-48-48zM362 464H54a6 6 0 0 1-6-6V150a6 6 0 0 1 6-6h42v224c0 26.51 21.49 48 48 48h224v42a6 6 0 0 1-6 6zm96-96H150a6 6 0 0 1-6-6V54a6 6 0 0 1 6-6h308a6 6 0 0 1 6 6v308a6 6 0 0 1-6 6z\"><\/path>\n                <\/svg>\t\t\t\t\t\t<img decoding=\"async\" src=\"https:\/\/www.fscindigenousfoundation.org\/wp-content\/plugins\/instagram-feed\/img\/placeholder.png\" alt=\"On the first day of UNCCD COP17, Pastoralists, Indigenous Peoples, and other groups from various regions of the world marched together to deliver the \u201cGlobal Pastoralist and Indigenous Pastoralists&#039; Call For Action: Ulaanbaatar Declaration\u201d to the COP17 Presidency.\n\nAt the heart of the Declaration is a powerful reminder:\n\n\ud83c\udf3f \u201cPastoralists are custodians of nature, biodiversity and ecosystems, with an experience-based and systematic knowledge base.\u201d\n\n#COP17 #UlaanbaatarDeclaration #Biodiversity #LandRestoration #IndigenousKnowledge\" aria-hidden=\"true\">\n\t\t<\/a>\n\t<\/div>\n<\/div><div class=\"sbi_item sbi_type_image sbi_new sbi_transition\"\n\tid=\"sbi_18110838493952531\" data-date=\"1786903081\">\n\t<div class=\"sbi_photo_wrap\">\n\t\t<a class=\"sbi_photo\" href=\"https:\/\/www.instagram.com\/p\/DcHDY3glSlC\/\" target=\"_blank\" rel=\"noopener nofollow\"\n\t\t\tdata-full-res=\"https:\/\/scontent-ord5-1.cdninstagram.com\/v\/t51.82787-15\/775048472_18082596305662885_689829460109057119_n.jpg?stp=dst-jpg_e35_tt6&#038;_nc_cat=101&#038;ccb=7-5&#038;_nc_sid=18de74&#038;efg=eyJlZmdfdGFnIjoiRkVFRC5iZXN0X2ltYWdlX3VybGdlbi5DMyJ9&#038;_nc_ohc=QFplYNjAfT0Q7kNvwF4Qny5&#038;_nc_oc=AdpL4NucOM13J82Jkpe_7ulNOIETKlt0npBnsTwiVksca7MKkuFXdNvy-PRgCsbrvDc&#038;_nc_zt=23&#038;_nc_ht=scontent-ord5-1.cdninstagram.com&#038;edm=ANo9K5cEAAAA&#038;_nc_gid=sg68o_dTf6P0cf4xV7aTLQ&#038;_nc_tpa=Q5bMBQI9wnxliAgNUfelYD07GtHdYNJM4tY7GYQF1-I2EZ0DJrDXK5TRDXX7Q8JAJq4m-2dWPToQhu_dQw&#038;oh=00_AQJWXsKxYCGiv6YLhpa7ElEpy_BfLGjiseo8itur-GUmow&#038;oe=6AA1A222\"\n\t\t\tdata-img-src-set=\"{&quot;d&quot;:&quot;https:\\\/\\\/scontent-ord5-1.cdninstagram.com\\\/v\\\/t51.82787-15\\\/775048472_18082596305662885_689829460109057119_n.jpg?stp=dst-jpg_e35_tt6&amp;_nc_cat=101&amp;ccb=7-5&amp;_nc_sid=18de74&amp;efg=eyJlZmdfdGFnIjoiRkVFRC5iZXN0X2ltYWdlX3VybGdlbi5DMyJ9&amp;_nc_ohc=QFplYNjAfT0Q7kNvwF4Qny5&amp;_nc_oc=AdpL4NucOM13J82Jkpe_7ulNOIETKlt0npBnsTwiVksca7MKkuFXdNvy-PRgCsbrvDc&amp;_nc_zt=23&amp;_nc_ht=scontent-ord5-1.cdninstagram.com&amp;edm=ANo9K5cEAAAA&amp;_nc_gid=sg68o_dTf6P0cf4xV7aTLQ&amp;_nc_tpa=Q5bMBQI9wnxliAgNUfelYD07GtHdYNJM4tY7GYQF1-I2EZ0DJrDXK5TRDXX7Q8JAJq4m-2dWPToQhu_dQw&amp;oh=00_AQJWXsKxYCGiv6YLhpa7ElEpy_BfLGjiseo8itur-GUmow&amp;oe=6AA1A222&quot;,&quot;150&quot;:&quot;https:\\\/\\\/scontent-ord5-1.cdninstagram.com\\\/v\\\/t51.82787-15\\\/775048472_18082596305662885_689829460109057119_n.jpg?stp=dst-jpg_e35_tt6&amp;_nc_cat=101&amp;ccb=7-5&amp;_nc_sid=18de74&amp;efg=eyJlZmdfdGFnIjoiRkVFRC5iZXN0X2ltYWdlX3VybGdlbi5DMyJ9&amp;_nc_ohc=QFplYNjAfT0Q7kNvwF4Qny5&amp;_nc_oc=AdpL4NucOM13J82Jkpe_7ulNOIETKlt0npBnsTwiVksca7MKkuFXdNvy-PRgCsbrvDc&amp;_nc_zt=23&amp;_nc_ht=scontent-ord5-1.cdninstagram.com&amp;edm=ANo9K5cEAAAA&amp;_nc_gid=sg68o_dTf6P0cf4xV7aTLQ&amp;_nc_tpa=Q5bMBQI9wnxliAgNUfelYD07GtHdYNJM4tY7GYQF1-I2EZ0DJrDXK5TRDXX7Q8JAJq4m-2dWPToQhu_dQw&amp;oh=00_AQJWXsKxYCGiv6YLhpa7ElEpy_BfLGjiseo8itur-GUmow&amp;oe=6AA1A222&quot;,&quot;320&quot;:&quot;https:\\\/\\\/scontent-ord5-1.cdninstagram.com\\\/v\\\/t51.82787-15\\\/775048472_18082596305662885_689829460109057119_n.jpg?stp=dst-jpg_e35_tt6&amp;_nc_cat=101&amp;ccb=7-5&amp;_nc_sid=18de74&amp;efg=eyJlZmdfdGFnIjoiRkVFRC5iZXN0X2ltYWdlX3VybGdlbi5DMyJ9&amp;_nc_ohc=QFplYNjAfT0Q7kNvwF4Qny5&amp;_nc_oc=AdpL4NucOM13J82Jkpe_7ulNOIETKlt0npBnsTwiVksca7MKkuFXdNvy-PRgCsbrvDc&amp;_nc_zt=23&amp;_nc_ht=scontent-ord5-1.cdninstagram.com&amp;edm=ANo9K5cEAAAA&amp;_nc_gid=sg68o_dTf6P0cf4xV7aTLQ&amp;_nc_tpa=Q5bMBQI9wnxliAgNUfelYD07GtHdYNJM4tY7GYQF1-I2EZ0DJrDXK5TRDXX7Q8JAJq4m-2dWPToQhu_dQw&amp;oh=00_AQJWXsKxYCGiv6YLhpa7ElEpy_BfLGjiseo8itur-GUmow&amp;oe=6AA1A222&quot;,&quot;640&quot;:&quot;https:\\\/\\\/scontent-ord5-1.cdninstagram.com\\\/v\\\/t51.82787-15\\\/775048472_18082596305662885_689829460109057119_n.jpg?stp=dst-jpg_e35_tt6&amp;_nc_cat=101&amp;ccb=7-5&amp;_nc_sid=18de74&amp;efg=eyJlZmdfdGFnIjoiRkVFRC5iZXN0X2ltYWdlX3VybGdlbi5DMyJ9&amp;_nc_ohc=QFplYNjAfT0Q7kNvwF4Qny5&amp;_nc_oc=AdpL4NucOM13J82Jkpe_7ulNOIETKlt0npBnsTwiVksca7MKkuFXdNvy-PRgCsbrvDc&amp;_nc_zt=23&amp;_nc_ht=scontent-ord5-1.cdninstagram.com&amp;edm=ANo9K5cEAAAA&amp;_nc_gid=sg68o_dTf6P0cf4xV7aTLQ&amp;_nc_tpa=Q5bMBQI9wnxliAgNUfelYD07GtHdYNJM4tY7GYQF1-I2EZ0DJrDXK5TRDXX7Q8JAJq4m-2dWPToQhu_dQw&amp;oh=00_AQJWXsKxYCGiv6YLhpa7ElEpy_BfLGjiseo8itur-GUmow&amp;oe=6AA1A222&quot;}\">\n\t\t\t<span class=\"sbi-screenreader\">Forests are essential allies in combating desertif<\/span>\n\t\t\t\t\t\t\t\t\t<img decoding=\"async\" src=\"https:\/\/www.fscindigenousfoundation.org\/wp-content\/plugins\/instagram-feed\/img\/placeholder.png\" alt=\"Forests are essential allies in combating desertification and restoring our lands. \ud83c\udf33\n\nAt #UNCCDCOP17, the FSC Indigenous Foundation and partners will bring together key voices to explore the role of #forests in advancing the objectives of the UN Convention to Combat Desertification.\n\n\ud83d\udcc5 17 August 2026\n\ud83d\udd52 3:00\u20134:30 PM\n\ud83d\udccd Room ME-01\n\nJoin the conversation.\n\n#IndigenousPeoples #LandRestoration\" aria-hidden=\"true\">\n\t\t<\/a>\n\t<\/div>\n<\/div><div class=\"sbi_item sbi_type_image sbi_new sbi_transition\"\n\tid=\"sbi_18125952877749452\" data-date=\"1786658458\">\n\t<div class=\"sbi_photo_wrap\">\n\t\t<a class=\"sbi_photo\" href=\"https:\/\/www.instagram.com\/p\/Db_wyk3GuTN\/\" target=\"_blank\" rel=\"noopener nofollow\"\n\t\t\tdata-full-res=\"https:\/\/scontent-ord5-1.cdninstagram.com\/v\/t51.82787-15\/774407537_18082110014662885_2388728869086174760_n.jpg?stp=dst-jpg_e35_tt6&#038;_nc_cat=101&#038;ccb=7-5&#038;_nc_sid=18de74&#038;efg=eyJlZmdfdGFnIjoiRkVFRC5iZXN0X2ltYWdlX3VybGdlbi5DMyJ9&#038;_nc_ohc=B0_WBngWuEMQ7kNvwGf8BQu&#038;_nc_oc=Adpl2IU0G1oEtSIClzxVyQ2Q9EnXU_Paapmm5D3saCDL8tzohiye0F95LNS1U4eBFm0&#038;_nc_zt=23&#038;_nc_ht=scontent-ord5-1.cdninstagram.com&#038;edm=ANo9K5cEAAAA&#038;_nc_gid=sg68o_dTf6P0cf4xV7aTLQ&#038;_nc_tpa=Q5bMBQLyB5vKTLmGhdu6Q8AnKVJHW-uQ8BIzq6uN3G4f1MlrOzkDCCjGG_1Y4e1bkpAIfbAICJHSqcVVEA&#038;oh=00_AQKtcKFdGfWsZBxNoeXz_5el__LfTgB8Cy8mqspdavZ9xw&#038;oe=6AA18094\"\n\t\t\tdata-img-src-set=\"{&quot;d&quot;:&quot;https:\\\/\\\/scontent-ord5-1.cdninstagram.com\\\/v\\\/t51.82787-15\\\/774407537_18082110014662885_2388728869086174760_n.jpg?stp=dst-jpg_e35_tt6&amp;_nc_cat=101&amp;ccb=7-5&amp;_nc_sid=18de74&amp;efg=eyJlZmdfdGFnIjoiRkVFRC5iZXN0X2ltYWdlX3VybGdlbi5DMyJ9&amp;_nc_ohc=B0_WBngWuEMQ7kNvwGf8BQu&amp;_nc_oc=Adpl2IU0G1oEtSIClzxVyQ2Q9EnXU_Paapmm5D3saCDL8tzohiye0F95LNS1U4eBFm0&amp;_nc_zt=23&amp;_nc_ht=scontent-ord5-1.cdninstagram.com&amp;edm=ANo9K5cEAAAA&amp;_nc_gid=sg68o_dTf6P0cf4xV7aTLQ&amp;_nc_tpa=Q5bMBQLyB5vKTLmGhdu6Q8AnKVJHW-uQ8BIzq6uN3G4f1MlrOzkDCCjGG_1Y4e1bkpAIfbAICJHSqcVVEA&amp;oh=00_AQKtcKFdGfWsZBxNoeXz_5el__LfTgB8Cy8mqspdavZ9xw&amp;oe=6AA18094&quot;,&quot;150&quot;:&quot;https:\\\/\\\/scontent-ord5-1.cdninstagram.com\\\/v\\\/t51.82787-15\\\/774407537_18082110014662885_2388728869086174760_n.jpg?stp=dst-jpg_e35_tt6&amp;_nc_cat=101&amp;ccb=7-5&amp;_nc_sid=18de74&amp;efg=eyJlZmdfdGFnIjoiRkVFRC5iZXN0X2ltYWdlX3VybGdlbi5DMyJ9&amp;_nc_ohc=B0_WBngWuEMQ7kNvwGf8BQu&amp;_nc_oc=Adpl2IU0G1oEtSIClzxVyQ2Q9EnXU_Paapmm5D3saCDL8tzohiye0F95LNS1U4eBFm0&amp;_nc_zt=23&amp;_nc_ht=scontent-ord5-1.cdninstagram.com&amp;edm=ANo9K5cEAAAA&amp;_nc_gid=sg68o_dTf6P0cf4xV7aTLQ&amp;_nc_tpa=Q5bMBQLyB5vKTLmGhdu6Q8AnKVJHW-uQ8BIzq6uN3G4f1MlrOzkDCCjGG_1Y4e1bkpAIfbAICJHSqcVVEA&amp;oh=00_AQKtcKFdGfWsZBxNoeXz_5el__LfTgB8Cy8mqspdavZ9xw&amp;oe=6AA18094&quot;,&quot;320&quot;:&quot;https:\\\/\\\/scontent-ord5-1.cdninstagram.com\\\/v\\\/t51.82787-15\\\/774407537_18082110014662885_2388728869086174760_n.jpg?stp=dst-jpg_e35_tt6&amp;_nc_cat=101&amp;ccb=7-5&amp;_nc_sid=18de74&amp;efg=eyJlZmdfdGFnIjoiRkVFRC5iZXN0X2ltYWdlX3VybGdlbi5DMyJ9&amp;_nc_ohc=B0_WBngWuEMQ7kNvwGf8BQu&amp;_nc_oc=Adpl2IU0G1oEtSIClzxVyQ2Q9EnXU_Paapmm5D3saCDL8tzohiye0F95LNS1U4eBFm0&amp;_nc_zt=23&amp;_nc_ht=scontent-ord5-1.cdninstagram.com&amp;edm=ANo9K5cEAAAA&amp;_nc_gid=sg68o_dTf6P0cf4xV7aTLQ&amp;_nc_tpa=Q5bMBQLyB5vKTLmGhdu6Q8AnKVJHW-uQ8BIzq6uN3G4f1MlrOzkDCCjGG_1Y4e1bkpAIfbAICJHSqcVVEA&amp;oh=00_AQKtcKFdGfWsZBxNoeXz_5el__LfTgB8Cy8mqspdavZ9xw&amp;oe=6AA18094&quot;,&quot;640&quot;:&quot;https:\\\/\\\/scontent-ord5-1.cdninstagram.com\\\/v\\\/t51.82787-15\\\/774407537_18082110014662885_2388728869086174760_n.jpg?stp=dst-jpg_e35_tt6&amp;_nc_cat=101&amp;ccb=7-5&amp;_nc_sid=18de74&amp;efg=eyJlZmdfdGFnIjoiRkVFRC5iZXN0X2ltYWdlX3VybGdlbi5DMyJ9&amp;_nc_ohc=B0_WBngWuEMQ7kNvwGf8BQu&amp;_nc_oc=Adpl2IU0G1oEtSIClzxVyQ2Q9EnXU_Paapmm5D3saCDL8tzohiye0F95LNS1U4eBFm0&amp;_nc_zt=23&amp;_nc_ht=scontent-ord5-1.cdninstagram.com&amp;edm=ANo9K5cEAAAA&amp;_nc_gid=sg68o_dTf6P0cf4xV7aTLQ&amp;_nc_tpa=Q5bMBQLyB5vKTLmGhdu6Q8AnKVJHW-uQ8BIzq6uN3G4f1MlrOzkDCCjGG_1Y4e1bkpAIfbAICJHSqcVVEA&amp;oh=00_AQKtcKFdGfWsZBxNoeXz_5el__LfTgB8Cy8mqspdavZ9xw&amp;oe=6AA18094&quot;}\">\n\t\t\t<span class=\"sbi-screenreader\">For Indigenous Peoples, the Earth has never been f<\/span>\n\t\t\t\t\t\t\t\t\t<img decoding=\"async\" src=\"https:\/\/www.fscindigenousfoundation.org\/wp-content\/plugins\/instagram-feed\/img\/placeholder.png\" alt=\"For Indigenous Peoples, the Earth has never been fragmented.\n\nClimate, biodiversity, land and life are connected. Our global environmental systems must recognize these connections and center Indigenous leadership.\n\nRead Minnie Degawan\u2019s new report, \u201cBeyond Fragmentation: Advancing Coherence, Equity, and Indigenous Leadership Across the Rio Conventions,\u201d and learn how crucial their synergy is.\n\nLaunching at #UNCCDCOP17 in Ulaanbaatar, Mongolia, August 17\u201328, 2026.\n\nLink in bio.\n\nPhoto: T&#039;nalak People - Shutterstock\n\n#IndigenousLeadership #RioConventions\" aria-hidden=\"true\">\n\t\t<\/a>\n\t<\/div>\n<\/div><div class=\"sbi_item sbi_type_carousel sbi_new sbi_transition\"\n\tid=\"sbi_18144244252533348\" data-date=\"1784930858\">\n\t<div class=\"sbi_photo_wrap\">\n\t\t<a class=\"sbi_photo\" href=\"https:\/\/www.instagram.com\/p\/DbMRiTugQmY\/\" target=\"_blank\" rel=\"noopener nofollow\"\n\t\t\tdata-full-res=\"https:\/\/scontent-ord5-2.cdninstagram.com\/v\/t51.71878-15\/754143172_947830681662167_9038887395966181166_n.jpg?stp=dst-jpg_e35_tt6&#038;_nc_cat=102&#038;ccb=7-5&#038;_nc_sid=18de74&#038;efg=eyJlZmdfdGFnIjoiQ0FST1VTRUxfSVRFTS5iZXN0X2ltYWdlX3VybGdlbi5DMyJ9&#038;_nc_ohc=hOOw9JNReCsQ7kNvwGHLT9_&#038;_nc_oc=AdrvSHfQuEk_iWHcK5l7gze0296JhHJRpwWrcCgN85g23vVMWcft2nKYQtcRBeeEDe4&#038;_nc_zt=23&#038;_nc_ht=scontent-ord5-2.cdninstagram.com&#038;edm=ANo9K5cEAAAA&#038;_nc_gid=sg68o_dTf6P0cf4xV7aTLQ&#038;_nc_tpa=Q5bMBQIyi3m4_W-BYiPB024BToPPR7ICj-Asoor1Tch2qJUCwEvf5v04iwFFb_nU3lrtR-Vnjn5BvL9wKg&#038;oh=00_AQKifkxyKNXLHdc_m5TKNPIgDrpFRwHhEKNponhIz6slTQ&#038;oe=6AA1A1A4\"\n\t\t\tdata-img-src-set=\"{&quot;d&quot;:&quot;https:\\\/\\\/scontent-ord5-2.cdninstagram.com\\\/v\\\/t51.71878-15\\\/754143172_947830681662167_9038887395966181166_n.jpg?stp=dst-jpg_e35_tt6&amp;_nc_cat=102&amp;ccb=7-5&amp;_nc_sid=18de74&amp;efg=eyJlZmdfdGFnIjoiQ0FST1VTRUxfSVRFTS5iZXN0X2ltYWdlX3VybGdlbi5DMyJ9&amp;_nc_ohc=hOOw9JNReCsQ7kNvwGHLT9_&amp;_nc_oc=AdrvSHfQuEk_iWHcK5l7gze0296JhHJRpwWrcCgN85g23vVMWcft2nKYQtcRBeeEDe4&amp;_nc_zt=23&amp;_nc_ht=scontent-ord5-2.cdninstagram.com&amp;edm=ANo9K5cEAAAA&amp;_nc_gid=sg68o_dTf6P0cf4xV7aTLQ&amp;_nc_tpa=Q5bMBQIyi3m4_W-BYiPB024BToPPR7ICj-Asoor1Tch2qJUCwEvf5v04iwFFb_nU3lrtR-Vnjn5BvL9wKg&amp;oh=00_AQKifkxyKNXLHdc_m5TKNPIgDrpFRwHhEKNponhIz6slTQ&amp;oe=6AA1A1A4&quot;,&quot;150&quot;:&quot;https:\\\/\\\/scontent-ord5-2.cdninstagram.com\\\/v\\\/t51.71878-15\\\/754143172_947830681662167_9038887395966181166_n.jpg?stp=dst-jpg_e35_tt6&amp;_nc_cat=102&amp;ccb=7-5&amp;_nc_sid=18de74&amp;efg=eyJlZmdfdGFnIjoiQ0FST1VTRUxfSVRFTS5iZXN0X2ltYWdlX3VybGdlbi5DMyJ9&amp;_nc_ohc=hOOw9JNReCsQ7kNvwGHLT9_&amp;_nc_oc=AdrvSHfQuEk_iWHcK5l7gze0296JhHJRpwWrcCgN85g23vVMWcft2nKYQtcRBeeEDe4&amp;_nc_zt=23&amp;_nc_ht=scontent-ord5-2.cdninstagram.com&amp;edm=ANo9K5cEAAAA&amp;_nc_gid=sg68o_dTf6P0cf4xV7aTLQ&amp;_nc_tpa=Q5bMBQIyi3m4_W-BYiPB024BToPPR7ICj-Asoor1Tch2qJUCwEvf5v04iwFFb_nU3lrtR-Vnjn5BvL9wKg&amp;oh=00_AQKifkxyKNXLHdc_m5TKNPIgDrpFRwHhEKNponhIz6slTQ&amp;oe=6AA1A1A4&quot;,&quot;320&quot;:&quot;https:\\\/\\\/scontent-ord5-2.cdninstagram.com\\\/v\\\/t51.71878-15\\\/754143172_947830681662167_9038887395966181166_n.jpg?stp=dst-jpg_e35_tt6&amp;_nc_cat=102&amp;ccb=7-5&amp;_nc_sid=18de74&amp;efg=eyJlZmdfdGFnIjoiQ0FST1VTRUxfSVRFTS5iZXN0X2ltYWdlX3VybGdlbi5DMyJ9&amp;_nc_ohc=hOOw9JNReCsQ7kNvwGHLT9_&amp;_nc_oc=AdrvSHfQuEk_iWHcK5l7gze0296JhHJRpwWrcCgN85g23vVMWcft2nKYQtcRBeeEDe4&amp;_nc_zt=23&amp;_nc_ht=scontent-ord5-2.cdninstagram.com&amp;edm=ANo9K5cEAAAA&amp;_nc_gid=sg68o_dTf6P0cf4xV7aTLQ&amp;_nc_tpa=Q5bMBQIyi3m4_W-BYiPB024BToPPR7ICj-Asoor1Tch2qJUCwEvf5v04iwFFb_nU3lrtR-Vnjn5BvL9wKg&amp;oh=00_AQKifkxyKNXLHdc_m5TKNPIgDrpFRwHhEKNponhIz6slTQ&amp;oe=6AA1A1A4&quot;,&quot;640&quot;:&quot;https:\\\/\\\/scontent-ord5-2.cdninstagram.com\\\/v\\\/t51.71878-15\\\/754143172_947830681662167_9038887395966181166_n.jpg?stp=dst-jpg_e35_tt6&amp;_nc_cat=102&amp;ccb=7-5&amp;_nc_sid=18de74&amp;efg=eyJlZmdfdGFnIjoiQ0FST1VTRUxfSVRFTS5iZXN0X2ltYWdlX3VybGdlbi5DMyJ9&amp;_nc_ohc=hOOw9JNReCsQ7kNvwGHLT9_&amp;_nc_oc=AdrvSHfQuEk_iWHcK5l7gze0296JhHJRpwWrcCgN85g23vVMWcft2nKYQtcRBeeEDe4&amp;_nc_zt=23&amp;_nc_ht=scontent-ord5-2.cdninstagram.com&amp;edm=ANo9K5cEAAAA&amp;_nc_gid=sg68o_dTf6P0cf4xV7aTLQ&amp;_nc_tpa=Q5bMBQIyi3m4_W-BYiPB024BToPPR7ICj-Asoor1Tch2qJUCwEvf5v04iwFFb_nU3lrtR-Vnjn5BvL9wKg&amp;oh=00_AQKifkxyKNXLHdc_m5TKNPIgDrpFRwHhEKNponhIz6slTQ&amp;oe=6AA1A1A4&quot;}\">\n\t\t\t<span class=\"sbi-screenreader\">Last June, Indigenous leaders, forestry profession<\/span>\n\t\t\t<svg class=\"svg-inline--fa fa-clone fa-w-16 sbi_lightbox_carousel_icon\" aria-hidden=\"true\" aria-label=\"Clone\" data-fa-pro\u0192cessed=\"\" data-prefix=\"far\" data-icon=\"clone\" role=\"img\" xmlns=\"http:\/\/www.w3.org\/2000\/svg\" viewBox=\"0 0 512 512\">\n                    <path fill=\"currentColor\" d=\"M464 0H144c-26.51 0-48 21.49-48 48v48H48c-26.51 0-48 21.49-48 48v320c0 26.51 21.49 48 48 48h320c26.51 0 48-21.49 48-48v-48h48c26.51 0 48-21.49 48-48V48c0-26.51-21.49-48-48-48zM362 464H54a6 6 0 0 1-6-6V150a6 6 0 0 1 6-6h42v224c0 26.51 21.49 48 48 48h224v42a6 6 0 0 1-6 6zm96-96H150a6 6 0 0 1-6-6V54a6 6 0 0 1 6-6h308a6 6 0 0 1 6 6v308a6 6 0 0 1-6 6z\"><\/path>\n                <\/svg>\t\t\t\t\t\t<img decoding=\"async\" src=\"https:\/\/www.fscindigenousfoundation.org\/wp-content\/plugins\/instagram-feed\/img\/placeholder.png\" alt=\"Last June, Indigenous leaders, forestry professionals, and partners gathered at the 49th Annual National Indian Timber Symposium to exchange knowledge and strengthen relationships around Indigenous forest stewardship in the U.S.A.\n\nIn parallel, the FSC Indigenous Foundation hosted a regional meeting to support the selection of the U.S. member from the North America Region on the FSC PIPC, reinforcing Indigenous-led governance within FSC.\n\nPIPC Chair David Flood also thanked the Menominee people and Menominee Tribal Enterprise for their generous hospitality and leadership throughout the week.\n\n\ud83d\udd17 Read the full story through the link in our bio.\n\n#IndigenousLeadership #ForestStewardship\" aria-hidden=\"true\">\n\t\t<\/a>\n\t<\/div>\n<\/div><div class=\"sbi_item sbi_type_carousel sbi_new sbi_transition\"\n\tid=\"sbi_18104660285027321\" data-date=\"1783724283\">\n\t<div class=\"sbi_photo_wrap\">\n\t\t<a class=\"sbi_photo\" href=\"https:\/\/www.instagram.com\/p\/DaoURrCGs_b\/\" target=\"_blank\" rel=\"noopener nofollow\"\n\t\t\tdata-full-res=\"https:\/\/scontent-ord5-1.cdninstagram.com\/v\/t51.82787-15\/742155341_18077211539662885_1717418890063328374_n.jpg?stp=dst-jpg_e35_tt6&#038;_nc_cat=101&#038;ccb=7-5&#038;_nc_sid=18de74&#038;efg=eyJlZmdfdGFnIjoiQ0FST1VTRUxfSVRFTS5iZXN0X2ltYWdlX3VybGdlbi5DMyJ9&#038;_nc_ohc=AeXoP_FSDusQ7kNvwHtNatK&#038;_nc_oc=Adr6N5IUUPDWyU9dZv4StLnXZULYWw8-Hby7CoI5flXUkyhZ_7yMQEsYiIu-62FQj2c&#038;_nc_zt=23&#038;_nc_ht=scontent-ord5-1.cdninstagram.com&#038;edm=ANo9K5cEAAAA&#038;_nc_gid=sg68o_dTf6P0cf4xV7aTLQ&#038;_nc_tpa=Q5bMBQLwAAlpFTOT6B3CbDqJoGds00WHePbeEuK6B4-hg9bjThS6wGeGcfd6FXGv1KQXnx5O3jrt-fPsvw&#038;oh=00_AQJVbjys7Rm2OnGOuL27stH6UcYEwQQDU6v21V6mo_tjuQ&#038;oe=6AA17A1A\"\n\t\t\tdata-img-src-set=\"{&quot;d&quot;:&quot;https:\\\/\\\/scontent-ord5-1.cdninstagram.com\\\/v\\\/t51.82787-15\\\/742155341_18077211539662885_1717418890063328374_n.jpg?stp=dst-jpg_e35_tt6&amp;_nc_cat=101&amp;ccb=7-5&amp;_nc_sid=18de74&amp;efg=eyJlZmdfdGFnIjoiQ0FST1VTRUxfSVRFTS5iZXN0X2ltYWdlX3VybGdlbi5DMyJ9&amp;_nc_ohc=AeXoP_FSDusQ7kNvwHtNatK&amp;_nc_oc=Adr6N5IUUPDWyU9dZv4StLnXZULYWw8-Hby7CoI5flXUkyhZ_7yMQEsYiIu-62FQj2c&amp;_nc_zt=23&amp;_nc_ht=scontent-ord5-1.cdninstagram.com&amp;edm=ANo9K5cEAAAA&amp;_nc_gid=sg68o_dTf6P0cf4xV7aTLQ&amp;_nc_tpa=Q5bMBQLwAAlpFTOT6B3CbDqJoGds00WHePbeEuK6B4-hg9bjThS6wGeGcfd6FXGv1KQXnx5O3jrt-fPsvw&amp;oh=00_AQJVbjys7Rm2OnGOuL27stH6UcYEwQQDU6v21V6mo_tjuQ&amp;oe=6AA17A1A&quot;,&quot;150&quot;:&quot;https:\\\/\\\/scontent-ord5-1.cdninstagram.com\\\/v\\\/t51.82787-15\\\/742155341_18077211539662885_1717418890063328374_n.jpg?stp=dst-jpg_e35_tt6&amp;_nc_cat=101&amp;ccb=7-5&amp;_nc_sid=18de74&amp;efg=eyJlZmdfdGFnIjoiQ0FST1VTRUxfSVRFTS5iZXN0X2ltYWdlX3VybGdlbi5DMyJ9&amp;_nc_ohc=AeXoP_FSDusQ7kNvwHtNatK&amp;_nc_oc=Adr6N5IUUPDWyU9dZv4StLnXZULYWw8-Hby7CoI5flXUkyhZ_7yMQEsYiIu-62FQj2c&amp;_nc_zt=23&amp;_nc_ht=scontent-ord5-1.cdninstagram.com&amp;edm=ANo9K5cEAAAA&amp;_nc_gid=sg68o_dTf6P0cf4xV7aTLQ&amp;_nc_tpa=Q5bMBQLwAAlpFTOT6B3CbDqJoGds00WHePbeEuK6B4-hg9bjThS6wGeGcfd6FXGv1KQXnx5O3jrt-fPsvw&amp;oh=00_AQJVbjys7Rm2OnGOuL27stH6UcYEwQQDU6v21V6mo_tjuQ&amp;oe=6AA17A1A&quot;,&quot;320&quot;:&quot;https:\\\/\\\/scontent-ord5-1.cdninstagram.com\\\/v\\\/t51.82787-15\\\/742155341_18077211539662885_1717418890063328374_n.jpg?stp=dst-jpg_e35_tt6&amp;_nc_cat=101&amp;ccb=7-5&amp;_nc_sid=18de74&amp;efg=eyJlZmdfdGFnIjoiQ0FST1VTRUxfSVRFTS5iZXN0X2ltYWdlX3VybGdlbi5DMyJ9&amp;_nc_ohc=AeXoP_FSDusQ7kNvwHtNatK&amp;_nc_oc=Adr6N5IUUPDWyU9dZv4StLnXZULYWw8-Hby7CoI5flXUkyhZ_7yMQEsYiIu-62FQj2c&amp;_nc_zt=23&amp;_nc_ht=scontent-ord5-1.cdninstagram.com&amp;edm=ANo9K5cEAAAA&amp;_nc_gid=sg68o_dTf6P0cf4xV7aTLQ&amp;_nc_tpa=Q5bMBQLwAAlpFTOT6B3CbDqJoGds00WHePbeEuK6B4-hg9bjThS6wGeGcfd6FXGv1KQXnx5O3jrt-fPsvw&amp;oh=00_AQJVbjys7Rm2OnGOuL27stH6UcYEwQQDU6v21V6mo_tjuQ&amp;oe=6AA17A1A&quot;,&quot;640&quot;:&quot;https:\\\/\\\/scontent-ord5-1.cdninstagram.com\\\/v\\\/t51.82787-15\\\/742155341_18077211539662885_1717418890063328374_n.jpg?stp=dst-jpg_e35_tt6&amp;_nc_cat=101&amp;ccb=7-5&amp;_nc_sid=18de74&amp;efg=eyJlZmdfdGFnIjoiQ0FST1VTRUxfSVRFTS5iZXN0X2ltYWdlX3VybGdlbi5DMyJ9&amp;_nc_ohc=AeXoP_FSDusQ7kNvwHtNatK&amp;_nc_oc=Adr6N5IUUPDWyU9dZv4StLnXZULYWw8-Hby7CoI5flXUkyhZ_7yMQEsYiIu-62FQj2c&amp;_nc_zt=23&amp;_nc_ht=scontent-ord5-1.cdninstagram.com&amp;edm=ANo9K5cEAAAA&amp;_nc_gid=sg68o_dTf6P0cf4xV7aTLQ&amp;_nc_tpa=Q5bMBQLwAAlpFTOT6B3CbDqJoGds00WHePbeEuK6B4-hg9bjThS6wGeGcfd6FXGv1KQXnx5O3jrt-fPsvw&amp;oh=00_AQJVbjys7Rm2OnGOuL27stH6UcYEwQQDU6v21V6mo_tjuQ&amp;oe=6AA17A1A&quot;}\">\n\t\t\t<span class=\"sbi-screenreader\">&quot;Nothing about us, without us.&quot; \ud83c\udf3f \n\nAt the Ninth M<\/span>\n\t\t\t<svg class=\"svg-inline--fa fa-clone fa-w-16 sbi_lightbox_carousel_icon\" aria-hidden=\"true\" aria-label=\"Clone\" data-fa-pro\u0192cessed=\"\" data-prefix=\"far\" data-icon=\"clone\" role=\"img\" xmlns=\"http:\/\/www.w3.org\/2000\/svg\" viewBox=\"0 0 512 512\">\n                    <path fill=\"currentColor\" d=\"M464 0H144c-26.51 0-48 21.49-48 48v48H48c-26.51 0-48 21.49-48 48v320c0 26.51 21.49 48 48 48h320c26.51 0 48-21.49 48-48v-48h48c26.51 0 48-21.49 48-48V48c0-26.51-21.49-48-48-48zM362 464H54a6 6 0 0 1-6-6V150a6 6 0 0 1 6-6h42v224c0 26.51 21.49 48 48 48h224v42a6 6 0 0 1-6 6zm96-96H150a6 6 0 0 1-6-6V54a6 6 0 0 1 6-6h308a6 6 0 0 1 6 6v308a6 6 0 0 1-6 6z\"><\/path>\n                <\/svg>\t\t\t\t\t\t<img decoding=\"async\" src=\"https:\/\/www.fscindigenousfoundation.org\/wp-content\/plugins\/instagram-feed\/img\/placeholder.png\" alt=\"&quot;Nothing about us, without us.&quot; \ud83c\udf3f \n\nAt the Ninth Meeting of the Board of the Fund for Responding to Loss and Damage (FRLD), Indigenous Peoples called for climate finance that respects rights, guarantees Free, Prior and Informed Consent (FPIC), and reaches Indigenous communities directly.\n\nAs climate impacts continue to grow, Indigenous Peoples must be recognized not only as those most affected, but as rights-holders and essential partners in shaping climate solutions.\n\n#FRLD #LossAndDamage #ClimateJustice #IndigenousPeoples #FPIC #ClimateFinance #IndigenousRights\" aria-hidden=\"true\">\n\t\t<\/a>\n\t<\/div>\n<\/div><div class=\"sbi_item sbi_type_carousel sbi_new sbi_transition\"\n\tid=\"sbi_18014344256717152\" data-date=\"1783543185\">\n\t<div class=\"sbi_photo_wrap\">\n\t\t<a class=\"sbi_photo\" href=\"https:\/\/www.instagram.com\/p\/Dai63GGjWjZ\/\" target=\"_blank\" rel=\"noopener nofollow\"\n\t\t\tdata-full-res=\"https:\/\/scontent-ord5-2.cdninstagram.com\/v\/t51.82787-15\/734406892_18076910942662885_9048083261099872808_n.jpg?stp=dst-jpg_e35_tt6&#038;_nc_cat=107&#038;ccb=7-5&#038;_nc_sid=18de74&#038;efg=eyJlZmdfdGFnIjoiQ0FST1VTRUxfSVRFTS5iZXN0X2ltYWdlX3VybGdlbi5DMyJ9&#038;_nc_ohc=i-4gUODK4HcQ7kNvwHWAM9t&#038;_nc_oc=AdqrcVJmmfLc34YwNdx7_CSdsl_uMWSPVhM90UlFOGpQqFb878ztBRhF4n2nwmKMaDA&#038;_nc_zt=23&#038;_nc_ht=scontent-ord5-2.cdninstagram.com&#038;edm=ANo9K5cEAAAA&#038;_nc_gid=sg68o_dTf6P0cf4xV7aTLQ&#038;_nc_tpa=Q5bMBQJw_F6KOryxDq_7DKSVjt1_7w24Kbe3EUM2FzlZVUckh1ar73MciWBVnQOlwlrYriri35gE9MAwAg&#038;oh=00_AQJTFwdtNcl3SclpUcJucERfsM2naIJdI0T-PKnH-wtJHA&#038;oe=6AA19827\"\n\t\t\tdata-img-src-set=\"{&quot;d&quot;:&quot;https:\\\/\\\/scontent-ord5-2.cdninstagram.com\\\/v\\\/t51.82787-15\\\/734406892_18076910942662885_9048083261099872808_n.jpg?stp=dst-jpg_e35_tt6&amp;_nc_cat=107&amp;ccb=7-5&amp;_nc_sid=18de74&amp;efg=eyJlZmdfdGFnIjoiQ0FST1VTRUxfSVRFTS5iZXN0X2ltYWdlX3VybGdlbi5DMyJ9&amp;_nc_ohc=i-4gUODK4HcQ7kNvwHWAM9t&amp;_nc_oc=AdqrcVJmmfLc34YwNdx7_CSdsl_uMWSPVhM90UlFOGpQqFb878ztBRhF4n2nwmKMaDA&amp;_nc_zt=23&amp;_nc_ht=scontent-ord5-2.cdninstagram.com&amp;edm=ANo9K5cEAAAA&amp;_nc_gid=sg68o_dTf6P0cf4xV7aTLQ&amp;_nc_tpa=Q5bMBQJw_F6KOryxDq_7DKSVjt1_7w24Kbe3EUM2FzlZVUckh1ar73MciWBVnQOlwlrYriri35gE9MAwAg&amp;oh=00_AQJTFwdtNcl3SclpUcJucERfsM2naIJdI0T-PKnH-wtJHA&amp;oe=6AA19827&quot;,&quot;150&quot;:&quot;https:\\\/\\\/scontent-ord5-2.cdninstagram.com\\\/v\\\/t51.82787-15\\\/734406892_18076910942662885_9048083261099872808_n.jpg?stp=dst-jpg_e35_tt6&amp;_nc_cat=107&amp;ccb=7-5&amp;_nc_sid=18de74&amp;efg=eyJlZmdfdGFnIjoiQ0FST1VTRUxfSVRFTS5iZXN0X2ltYWdlX3VybGdlbi5DMyJ9&amp;_nc_ohc=i-4gUODK4HcQ7kNvwHWAM9t&amp;_nc_oc=AdqrcVJmmfLc34YwNdx7_CSdsl_uMWSPVhM90UlFOGpQqFb878ztBRhF4n2nwmKMaDA&amp;_nc_zt=23&amp;_nc_ht=scontent-ord5-2.cdninstagram.com&amp;edm=ANo9K5cEAAAA&amp;_nc_gid=sg68o_dTf6P0cf4xV7aTLQ&amp;_nc_tpa=Q5bMBQJw_F6KOryxDq_7DKSVjt1_7w24Kbe3EUM2FzlZVUckh1ar73MciWBVnQOlwlrYriri35gE9MAwAg&amp;oh=00_AQJTFwdtNcl3SclpUcJucERfsM2naIJdI0T-PKnH-wtJHA&amp;oe=6AA19827&quot;,&quot;320&quot;:&quot;https:\\\/\\\/scontent-ord5-2.cdninstagram.com\\\/v\\\/t51.82787-15\\\/734406892_18076910942662885_9048083261099872808_n.jpg?stp=dst-jpg_e35_tt6&amp;_nc_cat=107&amp;ccb=7-5&amp;_nc_sid=18de74&amp;efg=eyJlZmdfdGFnIjoiQ0FST1VTRUxfSVRFTS5iZXN0X2ltYWdlX3VybGdlbi5DMyJ9&amp;_nc_ohc=i-4gUODK4HcQ7kNvwHWAM9t&amp;_nc_oc=AdqrcVJmmfLc34YwNdx7_CSdsl_uMWSPVhM90UlFOGpQqFb878ztBRhF4n2nwmKMaDA&amp;_nc_zt=23&amp;_nc_ht=scontent-ord5-2.cdninstagram.com&amp;edm=ANo9K5cEAAAA&amp;_nc_gid=sg68o_dTf6P0cf4xV7aTLQ&amp;_nc_tpa=Q5bMBQJw_F6KOryxDq_7DKSVjt1_7w24Kbe3EUM2FzlZVUckh1ar73MciWBVnQOlwlrYriri35gE9MAwAg&amp;oh=00_AQJTFwdtNcl3SclpUcJucERfsM2naIJdI0T-PKnH-wtJHA&amp;oe=6AA19827&quot;,&quot;640&quot;:&quot;https:\\\/\\\/scontent-ord5-2.cdninstagram.com\\\/v\\\/t51.82787-15\\\/734406892_18076910942662885_9048083261099872808_n.jpg?stp=dst-jpg_e35_tt6&amp;_nc_cat=107&amp;ccb=7-5&amp;_nc_sid=18de74&amp;efg=eyJlZmdfdGFnIjoiQ0FST1VTRUxfSVRFTS5iZXN0X2ltYWdlX3VybGdlbi5DMyJ9&amp;_nc_ohc=i-4gUODK4HcQ7kNvwHWAM9t&amp;_nc_oc=AdqrcVJmmfLc34YwNdx7_CSdsl_uMWSPVhM90UlFOGpQqFb878ztBRhF4n2nwmKMaDA&amp;_nc_zt=23&amp;_nc_ht=scontent-ord5-2.cdninstagram.com&amp;edm=ANo9K5cEAAAA&amp;_nc_gid=sg68o_dTf6P0cf4xV7aTLQ&amp;_nc_tpa=Q5bMBQJw_F6KOryxDq_7DKSVjt1_7w24Kbe3EUM2FzlZVUckh1ar73MciWBVnQOlwlrYriri35gE9MAwAg&amp;oh=00_AQJTFwdtNcl3SclpUcJucERfsM2naIJdI0T-PKnH-wtJHA&amp;oe=6AA19827&quot;}\">\n\t\t\t<span class=\"sbi-screenreader\">\u00a1Convocatoria abierta de Candidaturas! \ud83c\udf3f \n\nLa Fund<\/span>\n\t\t\t<svg class=\"svg-inline--fa fa-clone fa-w-16 sbi_lightbox_carousel_icon\" aria-hidden=\"true\" aria-label=\"Clone\" data-fa-pro\u0192cessed=\"\" data-prefix=\"far\" data-icon=\"clone\" role=\"img\" xmlns=\"http:\/\/www.w3.org\/2000\/svg\" viewBox=\"0 0 512 512\">\n                    <path fill=\"currentColor\" d=\"M464 0H144c-26.51 0-48 21.49-48 48v48H48c-26.51 0-48 21.49-48 48v320c0 26.51 21.49 48 48 48h320c26.51 0 48-21.49 48-48v-48h48c26.51 0 48-21.49 48-48V48c0-26.51-21.49-48-48-48zM362 464H54a6 6 0 0 1-6-6V150a6 6 0 0 1 6-6h42v224c0 26.51 21.49 48 48 48h224v42a6 6 0 0 1-6 6zm96-96H150a6 6 0 0 1-6-6V54a6 6 0 0 1 6-6h308a6 6 0 0 1 6 6v308a6 6 0 0 1-6 6z\"><\/path>\n                <\/svg>\t\t\t\t\t\t<img decoding=\"async\" src=\"https:\/\/www.fscindigenousfoundation.org\/wp-content\/plugins\/instagram-feed\/img\/placeholder.png\" alt=\"\u00a1Convocatoria abierta de Candidaturas! \ud83c\udf3f \n\nLa Fundaci\u00f3n Ind\u00edgena FSC (FSC-IF) abre la convocatoria de candidaturas para ser miembro de su Consejo, para la regi\u00f3n de Centroam\u00e9rica, Sudam\u00e9rica y el Caribe.\n\nBuscamos una lideresa o l\u00edder ind\u00edgena comprometida con los derechos de los Pueblos Ind\u00edgenas y la gobernanza forestal.\n\n\ud83d\udcc5 Fecha l\u00edmite: 26 de julio de 2026.\n\n\ud83d\udd17 Consulta la convocatoria completa y post\u00falate a trav\u00e9s del enlace en nuestra biograf\u00eda.\n\n#PueblosInd\u00edgenas #Fundaci\u00f3nInd\u00edgenaFSC #GobernanzaForestal #LiderazgoInd\u00edgena #CLPI #Bosques #FPIC\" aria-hidden=\"true\">\n\t\t<\/a>\n\t<\/div>\n<\/div>\t<\/div>\n\n\t<div id=\"sbi_load\" >\n\n\t\t\t<button class=\"sbi_load_btn\"\n\t\t\ttype=\"button\" >\n\t\t\t<span class=\"sbi_btn_text\" >Load More<\/span>\n\t\t\t<span class=\"sbi_loader sbi_hidden\" style=\"background-color: rgb(255, 255, 255);\" aria-hidden=\"true\"><\/span>\n\t\t<\/button>\n\t\n\t\t\t<span class=\"sbi_follow_btn sbi_custom\" >\n\t\t\t<a target=\"_blank\"\n\t\t\t\trel=\"nofollow noopener\"  href=\"https:\/\/www.instagram.com\/fscindigenousfoundation\/\" style=\"background: rgb(64,139,209);\">\n\t\t\t\t<svg class=\"svg-inline--fa fa-instagram fa-w-14\" aria-hidden=\"true\" data-fa-processed=\"\" aria-label=\"Instagram\" data-prefix=\"fab\" data-icon=\"instagram\" role=\"img\" viewBox=\"0 0 448 512\">\n                    <path fill=\"currentColor\" d=\"M224.1 141c-63.6 0-114.9 51.3-114.9 114.9s51.3 114.9 114.9 114.9S339 319.5 339 255.9 287.7 141 224.1 141zm0 189.6c-41.1 0-74.7-33.5-74.7-74.7s33.5-74.7 74.7-74.7 74.7 33.5 74.7 74.7-33.6 74.7-74.7 74.7zm146.4-194.3c0 14.9-12 26.8-26.8 26.8-14.9 0-26.8-12-26.8-26.8s12-26.8 26.8-26.8 26.8 12 26.8 26.8zm76.1 27.2c-1.7-35.9-9.9-67.7-36.2-93.9-26.2-26.2-58-34.4-93.9-36.2-37-2.1-147.9-2.1-184.9 0-35.8 1.7-67.6 9.9-93.9 36.1s-34.4 58-36.2 93.9c-2.1 37-2.1 147.9 0 184.9 1.7 35.9 9.9 67.7 36.2 93.9s58 34.4 93.9 36.2c37 2.1 147.9 2.1 184.9 0 35.9-1.7 67.7-9.9 93.9-36.2 26.2-26.2 34.4-58 36.2-93.9 2.1-37 2.1-147.8 0-184.8zM398.8 388c-7.8 19.6-22.9 34.7-42.6 42.6-29.5 11.7-99.5 9-132.1 9s-102.7 2.6-132.1-9c-19.6-7.8-34.7-22.9-42.6-42.6-11.7-29.5-9-99.5-9-132.1s-2.6-102.7 9-132.1c7.8-19.6 22.9-34.7 42.6-42.6 29.5-11.7 99.5-9 132.1-9s102.7-2.6 132.1 9c19.6 7.8 34.7 22.9 42.6 42.6 11.7 29.5 9 99.5 9 132.1s2.7 102.7-9 132.1z\"><\/path>\n                <\/svg>\t\t\t\t<span>Follow on Instagram<\/span>\n\t\t\t<\/a>\n\t\t<\/span>\n\t\n<\/div>\n\t\t<span class=\"sbi_resized_image_data\" data-feed-id=\"*4\"\n\t\t  data-resized=\"{&quot;18014344256717152&quot;:{&quot;id&quot;:&quot;734406892_18076910942662885_9048083261099872808_n&quot;,&quot;ratio&quot;:&quot;0.80&quot;,&quot;sizes&quot;:{&quot;full&quot;:640,&quot;low&quot;:320,&quot;thumb&quot;:150},&quot;extension&quot;:&quot;.webp&quot;},&quot;18104660285027321&quot;:{&quot;id&quot;:&quot;742155341_18077211539662885_1717418890063328374_n&quot;,&quot;ratio&quot;:&quot;0.80&quot;,&quot;sizes&quot;:{&quot;full&quot;:640,&quot;low&quot;:320,&quot;thumb&quot;:150},&quot;extension&quot;:&quot;.webp&quot;},&quot;18144244252533348&quot;:{&quot;id&quot;:&quot;754143172_947830681662167_9038887395966181166_n&quot;,&quot;ratio&quot;:&quot;0.80&quot;,&quot;sizes&quot;:{&quot;full&quot;:640,&quot;low&quot;:320,&quot;thumb&quot;:150},&quot;extension&quot;:&quot;.webp&quot;},&quot;18153761290514101&quot;:{&quot;id&quot;:&quot;784491423_18084292400662885_226825778143646977_n&quot;,&quot;ratio&quot;:&quot;0.80&quot;,&quot;sizes&quot;:{&quot;full&quot;:640,&quot;low&quot;:320,&quot;thumb&quot;:150},&quot;extension&quot;:&quot;.webp&quot;},&quot;17877436248690500&quot;:{&quot;id&quot;:&quot;787367243_18084145196662885_1684922913803207052_n&quot;,&quot;ratio&quot;:&quot;0.80&quot;,&quot;sizes&quot;:{&quot;full&quot;:640,&quot;low&quot;:320,&quot;thumb&quot;:150},&quot;extension&quot;:&quot;.webp&quot;},&quot;18077551097372668&quot;:{&quot;id&quot;:&quot;782184755_18084124232662885_5329206348667209995_n.heic&quot;,&quot;ratio&quot;:&quot;1.50&quot;,&quot;sizes&quot;:{&quot;full&quot;:640,&quot;low&quot;:320,&quot;thumb&quot;:150},&quot;extension&quot;:&quot;.webp&quot;},&quot;18104430506219088&quot;:{&quot;id&quot;:&quot;785234012_18084081992662885_5513920967870728080_n&quot;,&quot;ratio&quot;:&quot;0.80&quot;,&quot;sizes&quot;:{&quot;full&quot;:640,&quot;low&quot;:320,&quot;thumb&quot;:150},&quot;extension&quot;:&quot;.webp&quot;},&quot;17916541797439235&quot;:{&quot;id&quot;:&quot;784915240_18083782796662885_6961686936653897221_n&quot;,&quot;ratio&quot;:&quot;0.80&quot;,&quot;sizes&quot;:{&quot;full&quot;:640,&quot;low&quot;:320,&quot;thumb&quot;:150},&quot;extension&quot;:&quot;.webp&quot;},&quot;18111488975068899&quot;:{&quot;id&quot;:&quot;774712553_18082913618662885_4708439328928656638_n&quot;,&quot;ratio&quot;:&quot;1.00&quot;,&quot;sizes&quot;:{&quot;full&quot;:640,&quot;low&quot;:320,&quot;thumb&quot;:150},&quot;extension&quot;:&quot;.webp&quot;},&quot;18095197325531934&quot;:{&quot;id&quot;:&quot;774242269_18082761470662885_7341581982568808529_n&quot;,&quot;ratio&quot;:&quot;1.00&quot;,&quot;sizes&quot;:{&quot;full&quot;:640,&quot;low&quot;:320,&quot;thumb&quot;:150},&quot;extension&quot;:&quot;.webp&quot;},&quot;18110838493952531&quot;:{&quot;id&quot;:&quot;775048472_18082596305662885_689829460109057119_n&quot;,&quot;ratio&quot;:&quot;0.74&quot;,&quot;sizes&quot;:{&quot;full&quot;:640,&quot;low&quot;:320,&quot;thumb&quot;:150},&quot;extension&quot;:&quot;.webp&quot;},&quot;18125952877749452&quot;:{&quot;id&quot;:&quot;774407537_18082110014662885_2388728869086174760_n&quot;,&quot;ratio&quot;:&quot;0.80&quot;,&quot;sizes&quot;:{&quot;full&quot;:640,&quot;low&quot;:320,&quot;thumb&quot;:150},&quot;extension&quot;:&quot;.webp&quot;}}\">\n\t<\/span>\n\t<\/div>\n\n<script type=\"text\/javascript\">var sb_instagram_js_options = {\"font_method\":\"svg\",\"placeholder\":\"https:\\\/\\\/www.fscindigenousfoundation.org\\\/wp-content\\\/plugins\\\/instagram-feed\\\/img\\\/placeholder.png\",\"resized_url\":\"https:\\\/\\\/www.fscindigenousfoundation.org\\\/wp-content\\\/uploads\\\/sb-instagram-feed-images\\\/\",\"ajax_url\":\"https:\\\/\\\/www.fscindigenousfoundation.org\\\/wp-admin\\\/admin-ajax.php\"};<\/script><script type='text\/javascript' src='https:\/\/www.fscindigenousfoundation.org\/wp-content\/plugins\/instagram-feed\/js\/sbi-scripts.min.js?ver=6.10.0'><\/script>\n\n\n<div style=\"height:90px\" aria-hidden=\"true\" class=\"wp-block-spacer\"><\/div>\n","protected":false},"excerpt":{"rendered":"<p>Respalda nuestros proyectos y acciones.<\/p>\n","protected":false},"author":2,"featured_media":15307,"parent":0,"menu_order":0,"comment_status":"closed","ping_status":"closed","template":"","meta":{"footnotes":""},"class_list":["post-2474","page","type-page","status-publish","has-post-thumbnail","hentry"],"acf":[],"yoast_head":"<!-- This site is optimized with the Yoast SEO plugin v26.9 - https:\/\/yoast.com\/product\/yoast-seo-wordpress\/ -->\n<title>Ap\u00f3yanos - Fundaci\u00f3n Ind\u00edgena FSC<\/title>\n<meta name=\"description\" content=\"Respalda nuestros proyectos y acciones.\" \/>\n<meta name=\"robots\" content=\"index, follow, max-snippet:-1, max-image-preview:large, max-video-preview:-1\" \/>\n<link rel=\"canonical\" href=\"https:\/\/www.fscindigenousfoundation.org\/es\/apoyanos\/\" \/>\n<meta property=\"og:locale\" content=\"es_ES\" \/>\n<meta property=\"og:type\" content=\"article\" \/>\n<meta property=\"og:title\" content=\"Ap\u00f3yanos - Fundaci\u00f3n Ind\u00edgena FSC\" \/>\n<meta property=\"og:description\" content=\"Respalda nuestros proyectos y acciones.\" \/>\n<meta property=\"og:url\" content=\"https:\/\/www.fscindigenousfoundation.org\/es\/apoyanos\/\" \/>\n<meta property=\"og:site_name\" content=\"Fundaci\u00f3n Ind\u00edgena FSC\" \/>\n<meta property=\"article:publisher\" content=\"https:\/\/www.facebook.com\/fscindigenousfoundation\" \/>\n<meta property=\"article:modified_time\" content=\"2026-05-25T23:46:25+00:00\" \/>\n<meta property=\"og:image\" content=\"https:\/\/www.fscindigenousfoundation.org\/wp-content\/uploads\/2025\/04\/ses4154.jpg\" \/>\n\t<meta property=\"og:image:width\" content=\"1287\" \/>\n\t<meta property=\"og:image:height\" content=\"859\" \/>\n\t<meta property=\"og:image:type\" content=\"image\/jpeg\" \/>\n<meta name=\"twitter:card\" content=\"summary_large_image\" \/>\n<meta name=\"twitter:site\" content=\"@fsc_if\" \/>\n<meta name=\"twitter:label1\" content=\"Est. reading time\" \/>\n\t<meta name=\"twitter:data1\" content=\"2 minutes\" \/>\n<script type=\"application\/ld+json\" class=\"yoast-schema-graph\">{\"@context\":\"https:\/\/schema.org\",\"@graph\":[{\"@type\":\"WebPage\",\"@id\":\"https:\/\/www.fscindigenousfoundation.org\/es\/apoyanos\/\",\"url\":\"https:\/\/www.fscindigenousfoundation.org\/es\/apoyanos\/\",\"name\":\"Ap\u00f3yanos - Fundaci\u00f3n Ind\u00edgena FSC\",\"isPartOf\":{\"@id\":\"https:\/\/www.fscindigenousfoundation.org\/es\/#website\"},\"primaryImageOfPage\":{\"@id\":\"https:\/\/www.fscindigenousfoundation.org\/es\/apoyanos\/#primaryimage\"},\"image\":{\"@id\":\"https:\/\/www.fscindigenousfoundation.org\/es\/apoyanos\/#primaryimage\"},\"thumbnailUrl\":\"https:\/\/www.fscindigenousfoundation.org\/wp-content\/uploads\/2025\/04\/ses4154.jpg\",\"datePublished\":\"2021-09-17T00:48:57+00:00\",\"dateModified\":\"2026-05-25T23:46:25+00:00\",\"description\":\"Respalda nuestros proyectos y acciones.\",\"breadcrumb\":{\"@id\":\"https:\/\/www.fscindigenousfoundation.org\/es\/apoyanos\/#breadcrumb\"},\"inLanguage\":\"es-ES\",\"potentialAction\":[{\"@type\":\"ReadAction\",\"target\":[\"https:\/\/www.fscindigenousfoundation.org\/es\/apoyanos\/\"]}]},{\"@type\":\"ImageObject\",\"inLanguage\":\"es-ES\",\"@id\":\"https:\/\/www.fscindigenousfoundation.org\/es\/apoyanos\/#primaryimage\",\"url\":\"https:\/\/www.fscindigenousfoundation.org\/wp-content\/uploads\/2025\/04\/ses4154.jpg\",\"contentUrl\":\"https:\/\/www.fscindigenousfoundation.org\/wp-content\/uploads\/2025\/04\/ses4154.jpg\",\"width\":1287,\"height\":859,\"caption\":\"FSC IF Indigenous Peoples\"},{\"@type\":\"BreadcrumbList\",\"@id\":\"https:\/\/www.fscindigenousfoundation.org\/es\/apoyanos\/#breadcrumb\",\"itemListElement\":[{\"@type\":\"ListItem\",\"position\":1,\"name\":\"Home\",\"item\":\"https:\/\/www.fscindigenousfoundation.org\/es\/\"},{\"@type\":\"ListItem\",\"position\":2,\"name\":\"Ap\u00f3yanos\"}]},{\"@type\":\"WebSite\",\"@id\":\"https:\/\/www.fscindigenousfoundation.org\/es\/#website\",\"url\":\"https:\/\/www.fscindigenousfoundation.org\/es\/\",\"name\":\"IPARD\",\"description\":\"La Fundaci\u00f3n Ind\u00edgena FSC es una fundaci\u00f3n creada para proporcionar soluciones que garanticen los derechos ind\u00edgenas y proteger sus territorios, bosques y conocimiento ancestral.\",\"publisher\":{\"@id\":\"https:\/\/www.fscindigenousfoundation.org\/es\/#organization\"},\"potentialAction\":[{\"@type\":\"SearchAction\",\"target\":{\"@type\":\"EntryPoint\",\"urlTemplate\":\"https:\/\/www.fscindigenousfoundation.org\/es\/?s={search_term_string}\"},\"query-input\":{\"@type\":\"PropertyValueSpecification\",\"valueRequired\":true,\"valueName\":\"search_term_string\"}}],\"inLanguage\":\"es-ES\"},{\"@type\":\"Organization\",\"@id\":\"https:\/\/www.fscindigenousfoundation.org\/es\/#organization\",\"name\":\"FSC Indigenous Foundation\",\"url\":\"https:\/\/www.fscindigenousfoundation.org\/es\/\",\"logo\":{\"@type\":\"ImageObject\",\"inLanguage\":\"es-ES\",\"@id\":\"https:\/\/www.fscindigenousfoundation.org\/es\/#\/schema\/logo\/image\/\",\"url\":\"https:\/\/www.fscindigenousfoundation.org\/wp-content\/uploads\/2021\/09\/fsc-indigenous-foundation-color.png\",\"contentUrl\":\"https:\/\/www.fscindigenousfoundation.org\/wp-content\/uploads\/2021\/09\/fsc-indigenous-foundation-color.png\",\"width\":657,\"height\":197,\"caption\":\"FSC Indigenous Foundation\"},\"image\":{\"@id\":\"https:\/\/www.fscindigenousfoundation.org\/es\/#\/schema\/logo\/image\/\"},\"sameAs\":[\"https:\/\/www.facebook.com\/fscindigenousfoundation\",\"https:\/\/x.com\/fsc_if\",\"https:\/\/instagram.com\/fscindigenousfoundation\"]}]}<\/script>\n<!-- \/ Yoast SEO plugin. -->","yoast_head_json":{"title":"Ap\u00f3yanos - Fundaci\u00f3n Ind\u00edgena FSC","description":"Respalda nuestros proyectos y acciones.","robots":{"index":"index","follow":"follow","max-snippet":"max-snippet:-1","max-image-preview":"max-image-preview:large","max-video-preview":"max-video-preview:-1"},"canonical":"https:\/\/www.fscindigenousfoundation.org\/es\/apoyanos\/","og_locale":"es_ES","og_type":"article","og_title":"Ap\u00f3yanos - Fundaci\u00f3n Ind\u00edgena FSC","og_description":"Respalda nuestros proyectos y acciones.","og_url":"https:\/\/www.fscindigenousfoundation.org\/es\/apoyanos\/","og_site_name":"Fundaci\u00f3n Ind\u00edgena FSC","article_publisher":"https:\/\/www.facebook.com\/fscindigenousfoundation","article_modified_time":"2026-05-25T23:46:25+00:00","og_image":[{"width":1287,"height":859,"url":"https:\/\/www.fscindigenousfoundation.org\/wp-content\/uploads\/2025\/04\/ses4154.jpg","type":"image\/jpeg"}],"twitter_card":"summary_large_image","twitter_site":"@fsc_if","twitter_misc":{"Est. reading time":"2 minutes"},"schema":{"@context":"https:\/\/schema.org","@graph":[{"@type":"WebPage","@id":"https:\/\/www.fscindigenousfoundation.org\/es\/apoyanos\/","url":"https:\/\/www.fscindigenousfoundation.org\/es\/apoyanos\/","name":"Ap\u00f3yanos - Fundaci\u00f3n Ind\u00edgena FSC","isPartOf":{"@id":"https:\/\/www.fscindigenousfoundation.org\/es\/#website"},"primaryImageOfPage":{"@id":"https:\/\/www.fscindigenousfoundation.org\/es\/apoyanos\/#primaryimage"},"image":{"@id":"https:\/\/www.fscindigenousfoundation.org\/es\/apoyanos\/#primaryimage"},"thumbnailUrl":"https:\/\/www.fscindigenousfoundation.org\/wp-content\/uploads\/2025\/04\/ses4154.jpg","datePublished":"2021-09-17T00:48:57+00:00","dateModified":"2026-05-25T23:46:25+00:00","description":"Respalda nuestros proyectos y acciones.","breadcrumb":{"@id":"https:\/\/www.fscindigenousfoundation.org\/es\/apoyanos\/#breadcrumb"},"inLanguage":"es-ES","potentialAction":[{"@type":"ReadAction","target":["https:\/\/www.fscindigenousfoundation.org\/es\/apoyanos\/"]}]},{"@type":"ImageObject","inLanguage":"es-ES","@id":"https:\/\/www.fscindigenousfoundation.org\/es\/apoyanos\/#primaryimage","url":"https:\/\/www.fscindigenousfoundation.org\/wp-content\/uploads\/2025\/04\/ses4154.jpg","contentUrl":"https:\/\/www.fscindigenousfoundation.org\/wp-content\/uploads\/2025\/04\/ses4154.jpg","width":1287,"height":859,"caption":"FSC IF Indigenous Peoples"},{"@type":"BreadcrumbList","@id":"https:\/\/www.fscindigenousfoundation.org\/es\/apoyanos\/#breadcrumb","itemListElement":[{"@type":"ListItem","position":1,"name":"Home","item":"https:\/\/www.fscindigenousfoundation.org\/es\/"},{"@type":"ListItem","position":2,"name":"Ap\u00f3yanos"}]},{"@type":"WebSite","@id":"https:\/\/www.fscindigenousfoundation.org\/es\/#website","url":"https:\/\/www.fscindigenousfoundation.org\/es\/","name":"IPARD","description":"La Fundaci\u00f3n Ind\u00edgena FSC es una fundaci\u00f3n creada para proporcionar soluciones que garanticen los derechos ind\u00edgenas y proteger sus territorios, bosques y conocimiento ancestral.","publisher":{"@id":"https:\/\/www.fscindigenousfoundation.org\/es\/#organization"},"potentialAction":[{"@type":"SearchAction","target":{"@type":"EntryPoint","urlTemplate":"https:\/\/www.fscindigenousfoundation.org\/es\/?s={search_term_string}"},"query-input":{"@type":"PropertyValueSpecification","valueRequired":true,"valueName":"search_term_string"}}],"inLanguage":"es-ES"},{"@type":"Organization","@id":"https:\/\/www.fscindigenousfoundation.org\/es\/#organization","name":"FSC Indigenous Foundation","url":"https:\/\/www.fscindigenousfoundation.org\/es\/","logo":{"@type":"ImageObject","inLanguage":"es-ES","@id":"https:\/\/www.fscindigenousfoundation.org\/es\/#\/schema\/logo\/image\/","url":"https:\/\/www.fscindigenousfoundation.org\/wp-content\/uploads\/2021\/09\/fsc-indigenous-foundation-color.png","contentUrl":"https:\/\/www.fscindigenousfoundation.org\/wp-content\/uploads\/2021\/09\/fsc-indigenous-foundation-color.png","width":657,"height":197,"caption":"FSC Indigenous Foundation"},"image":{"@id":"https:\/\/www.fscindigenousfoundation.org\/es\/#\/schema\/logo\/image\/"},"sameAs":["https:\/\/www.facebook.com\/fscindigenousfoundation","https:\/\/x.com\/fsc_if","https:\/\/instagram.com\/fscindigenousfoundation"]}]}},"_links":{"self":[{"href":"https:\/\/www.fscindigenousfoundation.org\/es\/wp-json\/wp\/v2\/pages\/2474","targetHints":{"allow":["GET"]}}],"collection":[{"href":"https:\/\/www.fscindigenousfoundation.org\/es\/wp-json\/wp\/v2\/pages"}],"about":[{"href":"https:\/\/www.fscindigenousfoundation.org\/es\/wp-json\/wp\/v2\/types\/page"}],"author":[{"embeddable":true,"href":"https:\/\/www.fscindigenousfoundation.org\/es\/wp-json\/wp\/v2\/users\/2"}],"replies":[{"embeddable":true,"href":"https:\/\/www.fscindigenousfoundation.org\/es\/wp-json\/wp\/v2\/comments?post=2474"}],"version-history":[{"count":67,"href":"https:\/\/www.fscindigenousfoundation.org\/es\/wp-json\/wp\/v2\/pages\/2474\/revisions"}],"predecessor-version":[{"id":20611,"href":"https:\/\/www.fscindigenousfoundation.org\/es\/wp-json\/wp\/v2\/pages\/2474\/revisions\/20611"}],"wp:featuredmedia":[{"embeddable":true,"href":"https:\/\/www.fscindigenousfoundation.org\/es\/wp-json\/wp\/v2\/media\/15307"}],"wp:attachment":[{"href":"https:\/\/www.fscindigenousfoundation.org\/es\/wp-json\/wp\/v2\/media?parent=2474"}],"curies":[{"name":"wp","href":"https:\/\/api.w.org\/{rel}","templated":true}]}}