{"id":2471,"date":"2021-11-21T11:27:56","date_gmt":"2021-11-21T16:27:56","guid":{"rendered":"https:\/\/www.fscindigenousfoundation.org\/our-work\/"},"modified":"2026-04-24T19:56:36","modified_gmt":"2026-04-24T23:56:36","slug":"nuestro-trabajo","status":"publish","type":"page","link":"https:\/\/www.fscindigenousfoundation.org\/es\/nuestro-trabajo\/","title":{"rendered":"Nuestro trabajo"},"content":{"rendered":"<section id=\"block_abb1563cb129d22b5731bcc9c0914eba\" class=\"section masthead--with-icon \" >\n  <div class=\"container--full-width\">\n    <div class=\"masthead--with-icon__image\">\n      <img decoding=\"async\" loading=\"lazy\" src=\"https:\/\/www.fscindigenousfoundation.org\/wp-content\/uploads\/2021\/09\/group-of-black-women.jpeg\" alt=\"Tres mujeres ind\u00edgenas afrodescendientes de Kenya vistiendo ropa tradicional.\">\n    <\/div>\n\n    <div class=\"masthead--with-icon__content\">\n      <div class=\"container\">\n                  <h2 class=\"masthead--with-icon__title\">\n            NUESTRO TRABAJO          <\/h2>\n        \n                  <div class=\"masthead--with-icon__icon\">\n            <img decoding=\"async\" loading=\"lazy\" src=\"https:\/\/www.fscindigenousfoundation.org\/wp-content\/uploads\/2021\/11\/our-work-icon.png\" alt=\"Our Work icon\">\n          <\/div>\n              <\/div>\n    <\/div>\n  <\/div>\n<\/section>\n\n<section id=\"block_8e6dae08fb6144709bfe8adf3f9a9420\" class=\"section navigation-list  old-support-banner\" >\n  <div class=\"container\">\n    <nav class=\"navigation-list__nav\">\n      <ul><\/ul>\n    <\/nav>\n  <\/div>\n<\/section>\n\n\n<div style=\"height:60px\" aria-hidden=\"true\" class=\"wp-block-spacer\"><\/div>\n\n\n<section id=\"block_b4e765fea0fb1f71266adb9c28a2f138\" class=\"section generic-content \"  style=\"background-color: #ffffff;\" >\n  <div class=\"container\">\n    \n    \n          <div class=\"generic-content__simple\"><p>La Fundaci\u00f3n Ind\u00edgena del FSC (FSC-IF) trabaja junto a los Pueblos Ind\u00edgenas de todo el mundo, apoyando sus iniciativas y su liderazgo en la protecci\u00f3n y la gesti\u00f3n sostenible de los bosques, la biodiversidad y las culturas. Nuestro enfoque se rige por el principio del consentimiento libre, previo e informado (CLPI), lo que garantiza que todas nuestras acciones se basen en el respeto, la confianza y el entendimiento mutuo.<\/p>\n<p>Nuestro enfoque colaborativo garantiza que las iniciativas no solo sean culturalmente relevantes y basadas en los derechos, sino que tambi\u00e9n est\u00e9n dise\u00f1adas para generar beneficios a largo plazo definidos por los propios Pueblos Ind\u00edgenas.<\/p>\n<p>&nbsp;<\/p>\n<\/div>\n    \n    \n      <\/div>\n<\/section>\n\n\n<section id=\"block_21436321a9e1e5c9ae30b3a95ec9143e\" class=\"section slide-masthead \">\n  <div class=\"container--full-width\">\n    <div class=\"swiper slide-masthead__swiper\">\n      <div class=\"swiper-wrapper slide-masthead__swiper-wrapper\">\n        <div class=\"swiper-slide slide-masthead__swiper-slide\">\n  <div class=\"slide-masthead__image\">\n    <img decoding=\"async\" loading=\"lazy\" data-object-fit=\"cover\" data-object-position=\"center\" src=\"https:\/\/www.fscindigenousfoundation.org\/wp-content\/uploads\/2026\/04\/img-7550-1.jpg\" alt=\"Community of Practice, Boosting Indigenous Nature-Based Business Models program in Darien, Panama.\">\n  <\/div>\n\n  <div class=\"slide-masthead__content\">\n    <div class=\"container\">\n      <div class=\"swiper-pagination\"><\/div>\n\n      <h2 class=\"slide-masthead__title\">\n        Comunidad de Pr\u00e1ctica, programa de impulso de modelos de negocio ind\u00edgenas basados en la naturaleza en Dari\u00e9n, Panam\u00e1      <\/h2>\n\n          <\/div>\n  <\/div>\n<\/div><div class=\"swiper-slide slide-masthead__swiper-slide\">\n  <div class=\"slide-masthead__image\">\n    <img decoding=\"async\" loading=\"lazy\" data-object-fit=\"cover\" data-object-position=\"center\" src=\"https:\/\/www.fscindigenousfoundation.org\/wp-content\/uploads\/2026\/04\/peru-taller-aidesep-1.jpg\" alt=\"\">\n  <\/div>\n\n  <div class=\"slide-masthead__content\">\n    <div class=\"container\">\n      <div class=\"swiper-pagination\"><\/div>\n\n      <h2 class=\"slide-masthead__title\">\n        Di\u00e1logo nacional sobre gobernanza forestal y certificaci\u00f3n, coorganizado con AIDESEP, Per\u00fa      <\/h2>\n\n          <\/div>\n  <\/div>\n<\/div><div class=\"swiper-slide slide-masthead__swiper-slide\">\n  <div class=\"slide-masthead__image\">\n    <img decoding=\"async\" loading=\"lazy\" data-object-fit=\"cover\" data-object-position=\"center\" src=\"https:\/\/www.fscindigenousfoundation.org\/wp-content\/uploads\/2026\/04\/asia-thailand-meeting.jpg\" alt=\"Dialogue between Indigenous Peoples on Indigenous Forest Stewardship: Navigating FSC Certification in Asia.\">\n  <\/div>\n\n  <div class=\"slide-masthead__content\">\n    <div class=\"container\">\n      <div class=\"swiper-pagination\"><\/div>\n\n      <h2 class=\"slide-masthead__title\">\n        Di\u00e1logo entre Pueblos Ind\u00edgenas sobre la gesti\u00f3n forestal ind\u00edgena: c\u00f3mo abordar la certificaci\u00f3n FSC en Asia      <\/h2>\n\n          <\/div>\n  <\/div>\n<\/div>      <\/div>\n    <\/div>\n  <\/div>\n<\/section>\n\n<section id=\"block_250451bd4a8c79a47228ff58d45385e0\" class=\"section navigation-target \" data-navigation-name=\"Motivations\" data-navigation-hash=\"#motivations\">\n  <\/section>\n\n<section id=\"block_2e0728b9adf64915b36a41e03f7dc5af\" class=\"section generic-content  old-support-banner\"  style=\"background-color: #e1e1e1;\" >\n  <div class=\"container\">\n    \n          <h2 class=\"section-header generic-content__header\">\n        Motivations      <\/h2>\n    \n          <div class=\"generic-content__simple\"><p style=\"text-align: center\">The motivations that led us to create the FSC Indigenous Foundation are:<\/p>\n<\/div>\n    \n          <div class=\"generic-content__columns\">\n        <div class=\"generic-content__column\"><ul>\n<li>The global importance of Indigenous Peoples who <strong>manage a quarter of the world\u2019s land surface<\/strong>, containing even richer biodiversity than protected areas.<\/li>\n<li>Indigenous territories are a source of <strong>global solutions to climate change<\/strong> <strong>and carbon cycle management<\/strong>, while delivering sustainable livelihoods and strengthening sustainable forest economies.<\/li>\n<li>The participation of Indigenous Peoples in sustainable production chains corresponds to <strong>only 1% of the 300 million hectares of certified forest on the planet.<\/strong><\/li>\n<\/ul>\n<\/div>\n\n        <div class=\"generic-content__column\"><ul>\n<li>Only a <strong>fraction of funding<\/strong> for Indigenous Peoples and local communities land tenure and forest management directly reaches Indigenous Peoples&#8217; organizations and local communities.<\/li>\n<li>The importance of <strong>protecting Indigenous customary rights and valuing their livelihoods and practices<\/strong> as an underlying principle for promoting sustainable forest-nature-based solutions and Indigenous forest enterprises linking Indigenous values, vision, and knowledge and\u00a0 the <strong>FSC<\/strong> certification system.<\/li>\n<\/ul>\n<\/div>\n      <\/div>\n    \n      <\/div>\n<\/section>\n\n<section id=\"block_5566ac4e80dfe0b56f7aa1dbdcb7b682\" class=\"section header  header__row-1\"  style=\"background-color: #ffffff;\" >\n  <div class=\"container\">\n          <h3 class=\"section-header header__header\">\n        Impacto global: nuestro trabajo con el FSC      <\/h3>\n      <\/div>\n<\/section>\n\n\n<div class=\"wp-block-group has-white-background-color has-background is-vertical is-content-justification-center is-layout-flex wp-container-core-group-is-layout-4b2eccd6 wp-block-group-is-layout-flex\">\n<div class=\"wp-block-columns is-layout-flex wp-container-core-columns-is-layout-9d6595d7 wp-block-columns-is-layout-flex\">\n<div class=\"wp-block-column is-layout-flow wp-block-column-is-layout-flow\" style=\"flex-basis:50%\">\n<figure class=\"wp-block-image size-full stack-centrado-custom\"><img loading=\"lazy\" decoding=\"async\" width=\"2560\" height=\"1440\" src=\"https:\/\/www.fscindigenousfoundation.org\/wp-content\/uploads\/2026\/04\/pipc-bonn-scaled.jpeg\" alt=\"\" class=\"wp-image-19213\"\/><\/figure>\n<\/div>\n\n\n\n<div class=\"wp-block-column is-vertically-aligned-center is-layout-flow wp-block-column-is-layout-flow\" style=\"flex-basis:50%\">\n<p class=\"has-text-color has-link-color wp-elements-fdb261af623eadf2e96a149d107673cb\" style=\"color:#000748;font-style:normal;font-weight:200\">Colaboramos con el Consejo de Administraci\u00f3n Forestal (FSC) para garantizar que los derechos y el liderazgo de los Pueblos Ind\u00edgenas sean fundamentales para la silvicultura sostenible en todo el mundo. Descubra c\u00f3mo nuestra colaboraci\u00f3n est\u00e1 dando forma al futuro de los bosques.<\/p>\n\n\n\n<div style=\"height:45px\" aria-hidden=\"true\" class=\"wp-block-spacer\"><\/div>\n\n\n\n<div class=\"wp-block-buttons is-layout-flex wp-block-buttons-is-layout-flex\">\n<div class=\"wp-block-button is-style-fill\"><a class=\"wp-block-button__link has-text-color has-background has-link-color has-custom-font-size wp-element-button\" href=\"https:\/\/www.fscindigenousfoundation.org\/es\/impacto-global-nuestro-trabajo-con-fsc\/\" style=\"color:#000748;background-color:#ffa626;font-size:16px;font-style:normal;font-weight:700\">DESCUBRE M\u00c1S<\/a><\/div>\n<\/div>\n<\/div>\n<\/div>\n\n\n\n<div style=\"height:0px\" aria-hidden=\"true\" class=\"wp-block-spacer wp-container-content-d64d2fc5\"><\/div>\n<\/div>\n\n\n<section id=\"block_efe814b9d8704ff039f0495b1a146efd\" class=\"section header \"  style=\"background-color: #ffffff;\" >\n  <div class=\"container\">\n          <h2 class=\"section-header header__header\">\n        Comit\u00e9 Permanente de Pueblos Ind\u00edgenas del FSC      <\/h2>\n      <\/div>\n<\/section>\n\n\n<div class=\"wp-block-group has-white-background-color has-background is-vertical is-content-justification-center is-layout-flex wp-container-core-group-is-layout-4b2eccd6 wp-block-group-is-layout-flex\">\n<div class=\"wp-block-columns is-layout-flex wp-container-core-columns-is-layout-9d6595d7 wp-block-columns-is-layout-flex\">\n<div class=\"wp-block-column is-vertically-aligned-center is-layout-flow wp-block-column-is-layout-flow\" style=\"flex-basis:50%\">\n<p class=\"has-text-color has-link-color wp-elements-3154be7864e9cd5ee1091553d457293c\" style=\"color:#000748;font-style:normal;font-weight:200\"><strong>El Comit\u00e9 Permanente de Pueblos Ind\u00edgenas (PIPC) del Consejo de Administraci\u00f3n Forestal (FSC<\/strong>) es un \u00f3rgano consultivo mundial compuesto por representantes Ind\u00edgenas de todas las regiones del mundo. El Comit\u00e9 asesora a la <strong>Junta Directiva Internacional del FSC <\/strong>sobre el sistema de certificaci\u00f3n FSC, con el mandato fundamental de salvaguardar los derechos de los Pueblos Ind\u00edgenas, fortalecer la gesti\u00f3n forestal responsable y apoyar a los Pueblos Ind\u00edgenas en la creaci\u00f3n y el mantenimiento de una gesti\u00f3n forestal certificada por el FSC.<\/p>\n\n\n\n<div style=\"height:45px\" aria-hidden=\"true\" class=\"wp-block-spacer\"><\/div>\n\n\n\n<div class=\"wp-block-buttons is-layout-flex wp-block-buttons-is-layout-flex\">\n<div class=\"wp-block-button is-style-fill\"><a class=\"wp-block-button__link has-text-color has-background has-link-color has-custom-font-size wp-element-button\" href=\"https:\/\/www.fscindigenousfoundation.org\/es\/permanent-indigenous-peoples-committee\/\" style=\"color:#000748;background-color:#ffa626;font-size:16px;font-style:normal;font-weight:700\" target=\"_blank\" rel=\"noreferrer noopener\">DESCUBRE M\u00c1S<\/a><\/div>\n<\/div>\n<\/div>\n\n\n\n<div class=\"wp-block-column is-layout-flow wp-block-column-is-layout-flow\" style=\"flex-basis:50%\">\n<figure class=\"wp-block-image size-full stack-centrado-custom\"><img loading=\"lazy\" decoding=\"async\" width=\"1600\" height=\"900\" src=\"https:\/\/www.fscindigenousfoundation.org\/wp-content\/uploads\/2026\/04\/bonn-pipc.jpg\" alt=\"\" class=\"wp-image-19337\"\/><\/figure>\n<\/div>\n<\/div>\n\n\n\n<div style=\"height:0px\" aria-hidden=\"true\" class=\"wp-block-spacer wp-container-content-d64d2fc5\"><\/div>\n<\/div>\n\n\n<section id=\"block_b250075cebe39ad15ee2390577075905\" class=\"section navigation-target \" data-navigation-name=\"Purpose\" data-navigation-hash=\"#purpose\">\n  <\/section>\n\n\n<section id=\"block_65b613055ac8384abe93fded77ce45a1\" class=\"section two-columns-text two-columns-text--blue old-support-banner\" >\n  <div class=\"container\">\n    <div class=\"two-columns-text__wrapper\">\n              <h2 class=\"section-header two-columns-text__header\">\n          Purpose        <\/h2>\n      \n      <div class=\"two-columns-text__rows\">\n        <div class=\"two-columns-text__row\">\n  <div class=\"two-columns-text__column two-columns-text__column-1\">\n    <h5 class=\"two-columns-text__title\">Mission<\/h5>\n  <\/div>\n\n  <div class=\"two-columns-text__column two-columns-text__column-2\">\n    <div class=\"two-columns-text__content\"><p>The FSC Indigenous Foundation, being Indigenous led, aims to uphold the rights of Indigenous Peoples, safeguarding their knowledge, authority, and traditional practices to protect Mother Earth&#8217;s forests. The Foundation acknowledges Indigenous Peoples as the rightful stewards of sacred landscapes, spanning one-quarter of the planet and affirms the alignment of the Forest Stewardship Council\u2019s mission with the Foundation\u2019s values of living in harmony with and defending Mother Earth.\u200b<\/p>\n<\/div>\n  <\/div>\n<\/div><div class=\"two-columns-text__row\">\n  <div class=\"two-columns-text__column two-columns-text__column-1\">\n    <h5 class=\"two-columns-text__title\">Vision<\/h5>\n  <\/div>\n\n  <div class=\"two-columns-text__column two-columns-text__column-2\">\n    <div class=\"two-columns-text__content\"><p>The Foundation envisions a future where the rights of Indigenous Peoples are fully honored. Through Indigenous-led solutions and actions in all regions, we will promote the self-determined well-being of Indigenous Peoples and the integration of their wisdom globally to protect and nurture Mother Earth&#8217;s forests. \u200b<\/p>\n<\/div>\n  <\/div>\n<\/div>      <\/div>\n    <\/div>\n<\/section>\n\n<section id=\"block_2f7fa1cf88f126b7a9434547c5c00a96\" class=\"section navigation-target \" data-navigation-name=\"Pilares estrat\u00e9gicos\" data-navigation-hash=\"#pilares-estrategicos\">\n  <\/section>\n\n\n<section id=\"block_d8c615a0f98c5dbf8306a770915a0e3a\" class=\"section slide-col3 \"  style=\"background-color: #ffffff;\" >\n  <div class=\"container\">\n          <h2 class=\"section-header slide-col3__header\">\n        Pilares estrat\u00e9gicos      <\/h2>\n    \n    \n    <div class=\"swiper slide-col3__swiper\">\n      <div class=\"swiper-wrapper slide-col3__swiper-wrapper\">\n        <div class=\"swiper-slide slide-col3__swiper-slide\">\n  <div class=\"slide-col3__swiper-slide-image\">\n    <img decoding=\"async\" loading=\"lazy\" src=\"https:\/\/www.fscindigenousfoundation.org\/wp-content\/uploads\/2021\/09\/indigenous-cultural-landscapes.png\" alt=\"Indigenous cultural landscapes\">\n  <\/div>\n\n      <span class=\"slide-col3__swiper-slide-title\">\n      Paisajes culturales Ind\u00edgenas    <\/span>\n  \n  <span class=\"slide-col3__swiper-slide-description\">\n    Dise\u00f1ar y promover enfoques de paisajes culturales Ind\u00edgenas para catalizar y crear resiliencia en la gobernanza Ind\u00edgena, el autodesarrollo y la sostenibilidad financiera de los territorios y comunidades Ind\u00edgenas.  <\/span>\n<\/div><div class=\"swiper-slide slide-col3__swiper-slide\">\n  <div class=\"slide-col3__swiper-slide-image\">\n    <img decoding=\"async\" loading=\"lazy\" src=\"https:\/\/www.fscindigenousfoundation.org\/wp-content\/uploads\/2021\/09\/news-icon.png\" alt=\"News icon\">\n  <\/div>\n\n      <span class=\"slide-col3__swiper-slide-title\">\n      Liderazgo Ind\u00edgena y desarrollo de capacidades    <\/span>\n  \n  <span class=\"slide-col3__swiper-slide-description\">\n    Implicar a socios multisectoriales para desarrollar y facilitar el desarrollo de capacidades y el intercambio de aprendizaje social con partes interesadas Ind\u00edgenas y no Ind\u00edgenas  <\/span>\n<\/div><div class=\"swiper-slide slide-col3__swiper-slide\">\n  <div class=\"slide-col3__swiper-slide-image\">\n    <img decoding=\"async\" loading=\"lazy\" src=\"https:\/\/www.fscindigenousfoundation.org\/wp-content\/uploads\/2021\/09\/indigenous-leadership-and-capacity-building.png\" alt=\"Indigenous leadership and capacity building\">\n  <\/div>\n\n      <span class=\"slide-col3__swiper-slide-title\">\n      Subvenciones y financiaci\u00f3n Ind\u00edgenas    <\/span>\n  \n  <span class=\"slide-col3__swiper-slide-description\">\n    Desarrollar instrumentos de concesi\u00f3n de subvenciones dirigidos por Ind\u00edgenas para promover la gesti\u00f3n de la financiaci\u00f3n liderada por Ind\u00edgenas, equilibrando los enfoques de \u00abaprender haciendo\u00bb y de gesti\u00f3n de la reducci\u00f3n de riesgos.  <\/span>\n<\/div><div class=\"swiper-slide slide-col3__swiper-slide\">\n  <div class=\"slide-col3__swiper-slide-image\">\n    <img decoding=\"async\" loading=\"lazy\" src=\"https:\/\/www.fscindigenousfoundation.org\/wp-content\/uploads\/2021\/09\/about-us-icon.png\" alt=\"About Us icon\">\n  <\/div>\n\n      <span class=\"slide-col3__swiper-slide-title\">\n      Defensa y visibilidad de los Pueblos Ind\u00edgenas    <\/span>\n  \n  <span class=\"slide-col3__swiper-slide-description\">\n    Facilitar el di\u00e1logo y la colaboraci\u00f3n multisectorial a nivel nacional, regional e interregional para incorporar e influir en los intereses Ind\u00edgenas.  <\/span>\n<\/div>      <\/div>\n      <div class=\"swiper-button-next slide-col3__swiper-button-next\"><\/div>\n      <div class=\"swiper-button-prev slide-col3__swiper-button-prev\"><\/div>\n    <\/div>\n  <\/div>\n<\/section>\n\n\n<div class=\"wp-block-cover aligncenter\" style=\"min-height:751px;aspect-ratio:unset;\"><img loading=\"lazy\" decoding=\"async\" width=\"2000\" height=\"1125\" class=\"wp-block-cover__image-background wp-image-18933 size-full\" alt=\"\" src=\"https:\/\/www.fscindigenousfoundation.org\/wp-content\/uploads\/2026\/04\/dsc06985.jpg\" style=\"object-position:45% 51%\" data-object-fit=\"cover\" data-object-position=\"45% 51%\"\/><span aria-hidden=\"true\" class=\"wp-block-cover__background has-background-dim-40 has-background-dim\" style=\"background-color:#726d6e\"><\/span><div class=\"wp-block-cover__inner-container is-layout-flow wp-block-cover-is-layout-flow\">\n<div class=\"wp-block-columns is-layout-flex wp-container-core-columns-is-layout-9d6595d7 wp-block-columns-is-layout-flex\">\n<div class=\"wp-block-column is-layout-flow wp-block-column-is-layout-flow\" style=\"flex-basis:33.33%\">\n<p class=\"has-text-align-left\" style=\"font-size:40px;font-style:normal;font-weight:700\">PROYECTOS<\/p>\n\n\n\n<p style=\"font-style:normal;font-weight:500\">Conozca nuestro trabajo para empoderar a los Pueblos Ind\u00edgenas de todo el mundo a gestionar y desarrollar sus comunidades y territorios bas\u00e1ndose en su visi\u00f3n, sus conocimientos ancestrales y sus derechos.<\/p>\n\n\n\n<div class=\"wp-block-buttons is-layout-flex wp-block-buttons-is-layout-flex\">\n<div class=\"wp-block-button\"><a class=\"wp-block-button__link has-text-color has-background has-link-color has-custom-font-size wp-element-button\" href=\"https:\/\/www.fscindigenousfoundation.org\/es\/proyectos-2\/\" style=\"color:#000748;background-color:#ffa626;font-size:16px;font-style:normal;font-weight:700\" target=\"_blank\" rel=\"noreferrer noopener\">PROYECTOS ACTUALES<\/a><\/div>\n<\/div>\n<\/div>\n\n\n\n<div class=\"wp-block-column is-layout-flow wp-block-column-is-layout-flow\" style=\"flex-basis:66.66%\"><\/div>\n<\/div>\n<\/div><\/div>\n\n\n<section id=\"block_336d9c46be12f1b9c857dffd7bce3baf\" class=\"section masthead  old-support-banner\">\n  <div class=\"container--full-width\">\n    <div class=\"masthead__image\">\n      <img decoding=\"async\" loading=\"lazy\" data-object-fit=\"cover\" data-object-position=\"center\" src=\"https:\/\/www.fscindigenousfoundation.org\/wp-content\/uploads\/2025\/04\/ses4065.jpg\" alt=\"FSC IF Indigenous Peoples\">\n    <\/div>\n\n    <div class=\"masthead__content\">\n      <div class=\"container\">\n                  <h2 class=\"masthead__title\">\n            WORK          <\/h2>\n        \n                  <p class=\"masthead__description\">Learn about our work enabling Indigenous Peoples globally to manage and develop their communities and territories based on their vision, ancestral knowledge, and rights.<\/p>\n        \n                  <a class=\"button button--secondary\" href=\"\/projects\/\" target=\"\">Learn more<\/a>\n              <\/div>\n    <\/div>\n  <\/div>\n<\/section>\n\n<section id=\"block_223b83ce1aa80395df1921073e0eb9a9\" class=\"section masthead  old-support-banner\">\n  <div class=\"container--full-width\">\n    <div class=\"masthead__image\">\n      <img decoding=\"async\" loading=\"lazy\" data-object-fit=\"cover\" data-object-position=\"center\" src=\"https:\/\/www.fscindigenousfoundation.org\/wp-content\/uploads\/2022\/12\/3cols-3-scaled.jpg\" alt=\"FSC IF indigenous fellowship program\">\n    <\/div>\n\n    <div class=\"masthead__content\">\n      <div class=\"container\">\n                  <h2 class=\"masthead__title\">\n            Indigenous Innovative Solutions Photography Contest          <\/h2>\n        \n                  <p class=\"masthead__description\">Indigenous photographers from around the world share stories and messages from their communities.<\/p>\n        \n                  <a class=\"button button--secondary\" href=\"\/indigenous-innovative-solutions-photography-contest-winners\/\" target=\"_blank\">See the winning photos and read the stories<\/a>\n              <\/div>\n    <\/div>\n  <\/div>\n<\/section>","protected":false},"excerpt":{"rendered":"<p>Conoce m\u00e1s sobre nuestro trabajo, proyectos y enfoques.<\/p>\n","protected":false},"author":2,"featured_media":15087,"parent":0,"menu_order":0,"comment_status":"closed","ping_status":"closed","template":"","meta":{"footnotes":""},"class_list":["post-2471","page","type-page","status-publish","has-post-thumbnail","hentry"],"acf":[],"yoast_head":"<!-- This site is optimized with the Yoast SEO plugin v26.9 - https:\/\/yoast.com\/product\/yoast-seo-wordpress\/ -->\n<title>Nuestro trabajo - Fundaci\u00f3n Ind\u00edgena FSC<\/title>\n<meta name=\"description\" content=\"Conoce m\u00e1s sobre nuestro trabajo, proyectos y enfoques.\" \/>\n<meta name=\"robots\" content=\"index, follow, max-snippet:-1, max-image-preview:large, max-video-preview:-1\" \/>\n<link rel=\"canonical\" href=\"https:\/\/www.fscindigenousfoundation.org\/es\/nuestro-trabajo\/\" \/>\n<meta property=\"og:locale\" content=\"es_ES\" \/>\n<meta property=\"og:type\" content=\"article\" \/>\n<meta property=\"og:title\" content=\"Nuestro trabajo - Fundaci\u00f3n Ind\u00edgena FSC\" \/>\n<meta property=\"og:description\" content=\"Conoce m\u00e1s sobre nuestro trabajo, proyectos y enfoques.\" \/>\n<meta property=\"og:url\" content=\"https:\/\/www.fscindigenousfoundation.org\/es\/nuestro-trabajo\/\" \/>\n<meta property=\"og:site_name\" content=\"Fundaci\u00f3n Ind\u00edgena FSC\" \/>\n<meta property=\"article:publisher\" content=\"https:\/\/www.facebook.com\/fscindigenousfoundation\" \/>\n<meta property=\"article:modified_time\" content=\"2026-04-24T23:56:36+00:00\" \/>\n<meta property=\"og:image\" content=\"https:\/\/www.fscindigenousfoundation.org\/wp-content\/uploads\/2025\/02\/img-9971-2.jpeg\" \/>\n\t<meta property=\"og:image:width\" content=\"1920\" \/>\n\t<meta property=\"og:image:height\" content=\"817\" \/>\n\t<meta property=\"og:image:type\" content=\"image\/jpeg\" \/>\n<meta name=\"twitter:card\" content=\"summary_large_image\" \/>\n<meta name=\"twitter:site\" content=\"@fsc_if\" \/>\n<meta name=\"twitter:label1\" content=\"Est. reading time\" \/>\n\t<meta name=\"twitter:data1\" content=\"2 minutes\" \/>\n<script type=\"application\/ld+json\" class=\"yoast-schema-graph\">{\"@context\":\"https:\/\/schema.org\",\"@graph\":[{\"@type\":\"WebPage\",\"@id\":\"https:\/\/www.fscindigenousfoundation.org\/es\/nuestro-trabajo\/\",\"url\":\"https:\/\/www.fscindigenousfoundation.org\/es\/nuestro-trabajo\/\",\"name\":\"Nuestro trabajo - Fundaci\u00f3n Ind\u00edgena FSC\",\"isPartOf\":{\"@id\":\"https:\/\/www.fscindigenousfoundation.org\/es\/#website\"},\"primaryImageOfPage\":{\"@id\":\"https:\/\/www.fscindigenousfoundation.org\/es\/nuestro-trabajo\/#primaryimage\"},\"image\":{\"@id\":\"https:\/\/www.fscindigenousfoundation.org\/es\/nuestro-trabajo\/#primaryimage\"},\"thumbnailUrl\":\"https:\/\/www.fscindigenousfoundation.org\/wp-content\/uploads\/2025\/02\/img-9971-2.jpeg\",\"datePublished\":\"2021-11-21T16:27:56+00:00\",\"dateModified\":\"2026-04-24T23:56:36+00:00\",\"description\":\"Conoce m\u00e1s sobre nuestro trabajo, proyectos y enfoques.\",\"breadcrumb\":{\"@id\":\"https:\/\/www.fscindigenousfoundation.org\/es\/nuestro-trabajo\/#breadcrumb\"},\"inLanguage\":\"es-ES\",\"potentialAction\":[{\"@type\":\"ReadAction\",\"target\":[\"https:\/\/www.fscindigenousfoundation.org\/es\/nuestro-trabajo\/\"]}]},{\"@type\":\"ImageObject\",\"inLanguage\":\"es-ES\",\"@id\":\"https:\/\/www.fscindigenousfoundation.org\/es\/nuestro-trabajo\/#primaryimage\",\"url\":\"https:\/\/www.fscindigenousfoundation.org\/wp-content\/uploads\/2025\/02\/img-9971-2.jpeg\",\"contentUrl\":\"https:\/\/www.fscindigenousfoundation.org\/wp-content\/uploads\/2025\/02\/img-9971-2.jpeg\",\"width\":1920,\"height\":817,\"caption\":\"FSC IF Indigenous Peoples\"},{\"@type\":\"BreadcrumbList\",\"@id\":\"https:\/\/www.fscindigenousfoundation.org\/es\/nuestro-trabajo\/#breadcrumb\",\"itemListElement\":[{\"@type\":\"ListItem\",\"position\":1,\"name\":\"Home\",\"item\":\"https:\/\/www.fscindigenousfoundation.org\/es\/\"},{\"@type\":\"ListItem\",\"position\":2,\"name\":\"Nuestro trabajo\"}]},{\"@type\":\"WebSite\",\"@id\":\"https:\/\/www.fscindigenousfoundation.org\/es\/#website\",\"url\":\"https:\/\/www.fscindigenousfoundation.org\/es\/\",\"name\":\"IPARD\",\"description\":\"La Fundaci\u00f3n Ind\u00edgena FSC es una fundaci\u00f3n creada para proporcionar soluciones que garanticen los derechos ind\u00edgenas y proteger sus territorios, bosques y conocimiento ancestral.\",\"publisher\":{\"@id\":\"https:\/\/www.fscindigenousfoundation.org\/es\/#organization\"},\"potentialAction\":[{\"@type\":\"SearchAction\",\"target\":{\"@type\":\"EntryPoint\",\"urlTemplate\":\"https:\/\/www.fscindigenousfoundation.org\/es\/?s={search_term_string}\"},\"query-input\":{\"@type\":\"PropertyValueSpecification\",\"valueRequired\":true,\"valueName\":\"search_term_string\"}}],\"inLanguage\":\"es-ES\"},{\"@type\":\"Organization\",\"@id\":\"https:\/\/www.fscindigenousfoundation.org\/es\/#organization\",\"name\":\"FSC Indigenous Foundation\",\"url\":\"https:\/\/www.fscindigenousfoundation.org\/es\/\",\"logo\":{\"@type\":\"ImageObject\",\"inLanguage\":\"es-ES\",\"@id\":\"https:\/\/www.fscindigenousfoundation.org\/es\/#\/schema\/logo\/image\/\",\"url\":\"https:\/\/www.fscindigenousfoundation.org\/wp-content\/uploads\/2021\/09\/fsc-indigenous-foundation-color.png\",\"contentUrl\":\"https:\/\/www.fscindigenousfoundation.org\/wp-content\/uploads\/2021\/09\/fsc-indigenous-foundation-color.png\",\"width\":657,\"height\":197,\"caption\":\"FSC Indigenous Foundation\"},\"image\":{\"@id\":\"https:\/\/www.fscindigenousfoundation.org\/es\/#\/schema\/logo\/image\/\"},\"sameAs\":[\"https:\/\/www.facebook.com\/fscindigenousfoundation\",\"https:\/\/x.com\/fsc_if\",\"https:\/\/instagram.com\/fscindigenousfoundation\"]}]}<\/script>\n<!-- \/ Yoast SEO plugin. -->","yoast_head_json":{"title":"Nuestro trabajo - Fundaci\u00f3n Ind\u00edgena FSC","description":"Conoce m\u00e1s sobre nuestro trabajo, proyectos y enfoques.","robots":{"index":"index","follow":"follow","max-snippet":"max-snippet:-1","max-image-preview":"max-image-preview:large","max-video-preview":"max-video-preview:-1"},"canonical":"https:\/\/www.fscindigenousfoundation.org\/es\/nuestro-trabajo\/","og_locale":"es_ES","og_type":"article","og_title":"Nuestro trabajo - Fundaci\u00f3n Ind\u00edgena FSC","og_description":"Conoce m\u00e1s sobre nuestro trabajo, proyectos y enfoques.","og_url":"https:\/\/www.fscindigenousfoundation.org\/es\/nuestro-trabajo\/","og_site_name":"Fundaci\u00f3n Ind\u00edgena FSC","article_publisher":"https:\/\/www.facebook.com\/fscindigenousfoundation","article_modified_time":"2026-04-24T23:56:36+00:00","og_image":[{"width":1920,"height":817,"url":"https:\/\/www.fscindigenousfoundation.org\/wp-content\/uploads\/2025\/02\/img-9971-2.jpeg","type":"image\/jpeg"}],"twitter_card":"summary_large_image","twitter_site":"@fsc_if","twitter_misc":{"Est. reading time":"2 minutes"},"schema":{"@context":"https:\/\/schema.org","@graph":[{"@type":"WebPage","@id":"https:\/\/www.fscindigenousfoundation.org\/es\/nuestro-trabajo\/","url":"https:\/\/www.fscindigenousfoundation.org\/es\/nuestro-trabajo\/","name":"Nuestro trabajo - Fundaci\u00f3n Ind\u00edgena FSC","isPartOf":{"@id":"https:\/\/www.fscindigenousfoundation.org\/es\/#website"},"primaryImageOfPage":{"@id":"https:\/\/www.fscindigenousfoundation.org\/es\/nuestro-trabajo\/#primaryimage"},"image":{"@id":"https:\/\/www.fscindigenousfoundation.org\/es\/nuestro-trabajo\/#primaryimage"},"thumbnailUrl":"https:\/\/www.fscindigenousfoundation.org\/wp-content\/uploads\/2025\/02\/img-9971-2.jpeg","datePublished":"2021-11-21T16:27:56+00:00","dateModified":"2026-04-24T23:56:36+00:00","description":"Conoce m\u00e1s sobre nuestro trabajo, proyectos y enfoques.","breadcrumb":{"@id":"https:\/\/www.fscindigenousfoundation.org\/es\/nuestro-trabajo\/#breadcrumb"},"inLanguage":"es-ES","potentialAction":[{"@type":"ReadAction","target":["https:\/\/www.fscindigenousfoundation.org\/es\/nuestro-trabajo\/"]}]},{"@type":"ImageObject","inLanguage":"es-ES","@id":"https:\/\/www.fscindigenousfoundation.org\/es\/nuestro-trabajo\/#primaryimage","url":"https:\/\/www.fscindigenousfoundation.org\/wp-content\/uploads\/2025\/02\/img-9971-2.jpeg","contentUrl":"https:\/\/www.fscindigenousfoundation.org\/wp-content\/uploads\/2025\/02\/img-9971-2.jpeg","width":1920,"height":817,"caption":"FSC IF Indigenous Peoples"},{"@type":"BreadcrumbList","@id":"https:\/\/www.fscindigenousfoundation.org\/es\/nuestro-trabajo\/#breadcrumb","itemListElement":[{"@type":"ListItem","position":1,"name":"Home","item":"https:\/\/www.fscindigenousfoundation.org\/es\/"},{"@type":"ListItem","position":2,"name":"Nuestro trabajo"}]},{"@type":"WebSite","@id":"https:\/\/www.fscindigenousfoundation.org\/es\/#website","url":"https:\/\/www.fscindigenousfoundation.org\/es\/","name":"IPARD","description":"La Fundaci\u00f3n Ind\u00edgena FSC es una fundaci\u00f3n creada para proporcionar soluciones que garanticen los derechos ind\u00edgenas y proteger sus territorios, bosques y conocimiento ancestral.","publisher":{"@id":"https:\/\/www.fscindigenousfoundation.org\/es\/#organization"},"potentialAction":[{"@type":"SearchAction","target":{"@type":"EntryPoint","urlTemplate":"https:\/\/www.fscindigenousfoundation.org\/es\/?s={search_term_string}"},"query-input":{"@type":"PropertyValueSpecification","valueRequired":true,"valueName":"search_term_string"}}],"inLanguage":"es-ES"},{"@type":"Organization","@id":"https:\/\/www.fscindigenousfoundation.org\/es\/#organization","name":"FSC Indigenous Foundation","url":"https:\/\/www.fscindigenousfoundation.org\/es\/","logo":{"@type":"ImageObject","inLanguage":"es-ES","@id":"https:\/\/www.fscindigenousfoundation.org\/es\/#\/schema\/logo\/image\/","url":"https:\/\/www.fscindigenousfoundation.org\/wp-content\/uploads\/2021\/09\/fsc-indigenous-foundation-color.png","contentUrl":"https:\/\/www.fscindigenousfoundation.org\/wp-content\/uploads\/2021\/09\/fsc-indigenous-foundation-color.png","width":657,"height":197,"caption":"FSC Indigenous Foundation"},"image":{"@id":"https:\/\/www.fscindigenousfoundation.org\/es\/#\/schema\/logo\/image\/"},"sameAs":["https:\/\/www.facebook.com\/fscindigenousfoundation","https:\/\/x.com\/fsc_if","https:\/\/instagram.com\/fscindigenousfoundation"]}]}},"_links":{"self":[{"href":"https:\/\/www.fscindigenousfoundation.org\/es\/wp-json\/wp\/v2\/pages\/2471","targetHints":{"allow":["GET"]}}],"collection":[{"href":"https:\/\/www.fscindigenousfoundation.org\/es\/wp-json\/wp\/v2\/pages"}],"about":[{"href":"https:\/\/www.fscindigenousfoundation.org\/es\/wp-json\/wp\/v2\/types\/page"}],"author":[{"embeddable":true,"href":"https:\/\/www.fscindigenousfoundation.org\/es\/wp-json\/wp\/v2\/users\/2"}],"replies":[{"embeddable":true,"href":"https:\/\/www.fscindigenousfoundation.org\/es\/wp-json\/wp\/v2\/comments?post=2471"}],"version-history":[{"count":111,"href":"https:\/\/www.fscindigenousfoundation.org\/es\/wp-json\/wp\/v2\/pages\/2471\/revisions"}],"predecessor-version":[{"id":20093,"href":"https:\/\/www.fscindigenousfoundation.org\/es\/wp-json\/wp\/v2\/pages\/2471\/revisions\/20093"}],"wp:featuredmedia":[{"embeddable":true,"href":"https:\/\/www.fscindigenousfoundation.org\/es\/wp-json\/wp\/v2\/media\/15087"}],"wp:attachment":[{"href":"https:\/\/www.fscindigenousfoundation.org\/es\/wp-json\/wp\/v2\/media?parent=2471"}],"curies":[{"name":"wp","href":"https:\/\/api.w.org\/{rel}","templated":true}]}}