{"id":14795,"date":"2025-01-08T15:35:47","date_gmt":"2025-01-08T20:35:47","guid":{"rendered":"https:\/\/www.fscindigenousfoundation.org\/permanent-indigenous-peoples-committee\/"},"modified":"2026-04-24T19:50:23","modified_gmt":"2026-04-24T23:50:23","slug":"permanent-indigenous-peoples-committee","status":"publish","type":"page","link":"https:\/\/www.fscindigenousfoundation.org\/es\/permanent-indigenous-peoples-committee\/","title":{"rendered":"Comit\u00e9 Permanente de los Pueblos Ind\u00edgenas"},"content":{"rendered":"\n<section id=\"block_0a5497574362b22fc68a46ec141efc1a\" class=\"section slide-masthead \">\n  <div class=\"container--full-width\">\n    <div class=\"swiper slide-masthead__swiper\">\n      <div class=\"swiper-wrapper slide-masthead__swiper-wrapper\">\n        <div class=\"swiper-slide slide-masthead__swiper-slide\">\n  <div class=\"slide-masthead__image\">\n    <img decoding=\"async\" loading=\"lazy\" data-object-fit=\"cover\" data-object-position=\"center\" src=\"https:\/\/www.fscindigenousfoundation.org\/wp-content\/uploads\/2026\/04\/ga-bali-2022.jpg\" alt=\"GA Bali 2022\">\n  <\/div>\n\n  <div class=\"slide-masthead__content\">\n    <div class=\"container\">\n      <div class=\"swiper-pagination\"><\/div>\n\n      <h2 class=\"slide-masthead__title\">\n               <\/h2>\n\n          <\/div>\n  <\/div>\n<\/div><div class=\"swiper-slide slide-masthead__swiper-slide\">\n  <div class=\"slide-masthead__image\">\n    <img decoding=\"async\" loading=\"lazy\" data-object-fit=\"cover\" data-object-position=\"center\" src=\"https:\/\/www.fscindigenousfoundation.org\/wp-content\/uploads\/2026\/04\/oceania-reg-m-nz-2025.jpg\" alt=\"Oceania Reg M NZ 2025\">\n  <\/div>\n\n  <div class=\"slide-masthead__content\">\n    <div class=\"container\">\n      <div class=\"swiper-pagination\"><\/div>\n\n      <h2 class=\"slide-masthead__title\">\n               <\/h2>\n\n          <\/div>\n  <\/div>\n<\/div><div class=\"swiper-slide slide-masthead__swiper-slide\">\n  <div class=\"slide-masthead__image\">\n    <img decoding=\"async\" loading=\"lazy\" data-object-fit=\"cover\" data-object-position=\"center\" src=\"https:\/\/www.fscindigenousfoundation.org\/wp-content\/uploads\/2026\/04\/latam-reg-meeting-2025-pa.jpg\" alt=\"Latam Reg M PA 2025\">\n  <\/div>\n\n  <div class=\"slide-masthead__content\">\n    <div class=\"container\">\n      <div class=\"swiper-pagination\"><\/div>\n\n      <h2 class=\"slide-masthead__title\">\n               <\/h2>\n\n          <\/div>\n  <\/div>\n<\/div><div class=\"swiper-slide slide-masthead__swiper-slide\">\n  <div class=\"slide-masthead__image\">\n    <img decoding=\"async\" loading=\"lazy\" data-object-fit=\"cover\" data-object-position=\"center\" src=\"https:\/\/www.fscindigenousfoundation.org\/wp-content\/uploads\/2026\/04\/ga-2025-panama.jpg\" alt=\"GA Panama 2025\">\n  <\/div>\n\n  <div class=\"slide-masthead__content\">\n    <div class=\"container\">\n      <div class=\"swiper-pagination\"><\/div>\n\n      <h2 class=\"slide-masthead__title\">\n               <\/h2>\n\n          <\/div>\n  <\/div>\n<\/div><div class=\"swiper-slide slide-masthead__swiper-slide\">\n  <div class=\"slide-masthead__image\">\n    <img decoding=\"async\" loading=\"lazy\" data-object-fit=\"cover\" data-object-position=\"center\" src=\"https:\/\/www.fscindigenousfoundation.org\/wp-content\/uploads\/2026\/04\/asia-reg-m-thailand-2026.jpg\" alt=\"Asia Reg M Thailand 2026\">\n  <\/div>\n\n  <div class=\"slide-masthead__content\">\n    <div class=\"container\">\n      <div class=\"swiper-pagination\"><\/div>\n\n      <h2 class=\"slide-masthead__title\">\n               <\/h2>\n\n          <\/div>\n  <\/div>\n<\/div>      <\/div>\n    <\/div>\n  <\/div>\n<\/section>\n\n<section id=\"block_e16be9e99eb107f40f3e607b6eae7281\" class=\"section header \"  style=\"background-color: #ffffff;\" >\n  <div class=\"container\">\n          <h2 class=\"section-header header__header\">\n        Historia del PIPC del FSC      <\/h2>\n      <\/div>\n<\/section>\n\n<section id=\"block_966866903d1eccbc54da052834f7de24\" class=\"section generic-content generic-content--blue\"  style=\"background-color: #ffffff;\" >\n  <div class=\"container\">\n    \n    \n          <div class=\"generic-content__simple\"><p>El Comit\u00e9 Permanente de Pueblos Ind\u00edgenas (PIPC) del Forest Stewardship Council, A.C. fue creado en 2013 mediante la Moci\u00f3n 19 de la Asamblea General del FSC de 2011, con el fin de apoyar a la Organizaci\u00f3n en sus esfuerzos por cumplir su prop\u00f3sito de promover una gesti\u00f3n viable de los recursos forestales y la producci\u00f3n forestal que preserve el medio ambiente y respete los derechos de los Pueblos Ind\u00edgenas.<\/p>\n<\/div>\n    \n    \n      <\/div>\n<\/section>\n\n\n<figure class=\"wp-block-gallery has-nested-images columns-default is-cropped wp-block-gallery-1 is-layout-flex wp-block-gallery-is-layout-flex\">\n<figure class=\"wp-block-image size-medium\"><img loading=\"lazy\" decoding=\"async\" width=\"768\" height=\"512\" data-id=\"19465\" src=\"https:\/\/www.fscindigenousfoundation.org\/wp-content\/uploads\/2026\/04\/ga-2014-sevilla-768x512.jpg\" alt=\"GA Sevilla 2014\" class=\"wp-image-19465\"\/><figcaption class=\"wp-element-caption\">Presentaci\u00f3n del PIPC, Asamblea General del FSC 2014, Sevilla<\/figcaption><\/figure>\n\n\n\n<figure class=\"wp-block-image size-large\"><img loading=\"lazy\" decoding=\"async\" width=\"2560\" height=\"1495\" data-id=\"19461\" src=\"https:\/\/www.fscindigenousfoundation.org\/wp-content\/uploads\/2026\/04\/pipc-m-2019-panama-scaled.jpg\" alt=\"PIPC M PA 2019\" class=\"wp-image-19461\"\/><figcaption class=\"wp-element-caption\">Reuni\u00f3n del PIPC en 2019, Panam\u00e1<\/figcaption><\/figure>\n\n\n\n<figure class=\"wp-block-image size-large\"><img loading=\"lazy\" decoding=\"async\" width=\"2000\" height=\"1334\" data-id=\"19457\" src=\"https:\/\/www.fscindigenousfoundation.org\/wp-content\/uploads\/2026\/04\/ocenia-reg-meeting-2025-nz.jpg\" alt=\"Oceania Reg M NZ 2025\" class=\"wp-image-19457\"\/><figcaption class=\"wp-element-caption\">Reuni\u00f3n Regional de Ocean\u00eda, 2025, Nueva Zelanda<\/figcaption><\/figure>\n\n\n\n<figure class=\"wp-block-image size-large\"><img loading=\"lazy\" decoding=\"async\" width=\"1280\" height=\"724\" data-id=\"19473\" src=\"https:\/\/www.fscindigenousfoundation.org\/wp-content\/uploads\/2026\/04\/africa-regional-meeting-2024.jpeg\" alt=\"Africa Reg M 2024\" class=\"wp-image-19473\"\/><figcaption class=\"wp-element-caption\">\u00c1frica, Reuni\u00f3n Regional, 2024, Kenia<\/figcaption><\/figure>\n\n\n\n<figure class=\"wp-block-image size-large\"><img loading=\"lazy\" decoding=\"async\" width=\"2000\" height=\"1267\" data-id=\"19453\" src=\"https:\/\/www.fscindigenousfoundation.org\/wp-content\/uploads\/2026\/04\/latam-reg-meet-panama-2025.jpg\" alt=\"Latam Reg M PA 2025\" class=\"wp-image-19453\"\/><figcaption class=\"wp-element-caption\">Reuni\u00f3n regional de Latinoam\u00e9rica, 2025, Panam\u00e1<\/figcaption><\/figure>\n\n\n\n<figure class=\"wp-block-image size-large\"><img loading=\"lazy\" decoding=\"async\" width=\"2560\" height=\"1440\" data-id=\"19469\" src=\"https:\/\/www.fscindigenousfoundation.org\/wp-content\/uploads\/2026\/04\/asia-reg-meeting-2026-thailand-scaled.jpg\" alt=\"Asia Reg M Thailand 2026\" class=\"wp-image-19469\"\/><figcaption class=\"wp-element-caption\">Reuni\u00f3n Regional de Asia, 2026, Tailandia<\/figcaption><\/figure>\n<\/figure>\n\n\n<section id=\"block_c47095eed864013f23140c59c1158b83\" class=\"section generic-content generic-content--blue\"  style=\"background-color: #ffffff;\" >\n  <div class=\"container\">\n    \n    \n          <div class=\"generic-content__simple\"><p>El PIPC es un comit\u00e9 permanente establecido para proporcionar asesoramiento y recomendaciones a la Junta Directiva del FSC (BoD). La Junta Directiva del FSC solicitar\u00e1 asesoramiento sobre asuntos relacionados con los Pueblos Ind\u00edgenas, incluidas las perspectivas Ind\u00edgenas sobre pol\u00edticas y normas, y el PIPC podr\u00e1, a su discreci\u00f3n, formular recomendaciones a la Junta Directiva sobre cualquier asunto Ind\u00edgena, incluso cuando la Junta Directiva del FSC no haya solicitado espec\u00edficamente dicho asesoramiento.<\/p>\n<\/div>\n    \n    \n      <\/div>\n<\/section>\n\n<section id=\"block_f66c5d3e47628f2393ea07a4abae4e7b\" class=\"section header \"  style=\"background-color: #ffffff;\" >\n  <div class=\"container\">\n          <h2 class=\"section-header header__header\">\n        Misi\u00f3n y objetivos del PIPC del FSC      <\/h2>\n      <\/div>\n<\/section>\n\n<section id=\"block_6dbcfb2078c6267fdc68c2689ca8106e\" class=\"section generic-content generic-content--blue\"  style=\"background-color: #ffffff;\" >\n  <div class=\"container\">\n    \n    \n          <div class=\"generic-content__simple\"><p>La misi\u00f3n del Comit\u00e9 Permanente de Pueblos Ind\u00edgenas es canalizar los esfuerzos de los Pueblos Ind\u00edgenas en el sistema de certificaci\u00f3n del FSC, salvaguardar los derechos de los Pueblos Ind\u00edgenas y mejorar la gesti\u00f3n forestal, mediante la inclusi\u00f3n y el reconocimiento de los conocimientos, la autoridad y las pr\u00e1cticas tradicionales Ind\u00edgenas; y apoyar a los Pueblos Ind\u00edgenas en la construcci\u00f3n de una gesti\u00f3n forestal certificada por el FSC, aumentando su cuota de mercado y su valor.<\/p>\n<p>Los objetivos del PIPC refuerzan la participaci\u00f3n de los Pueblos Ind\u00edgenas en el FSC mediante:<\/p>\n<ul>\n<li>Asesorar a la Junta Directiva del FSC sobre c\u00f3mo mejorar y potenciar la participaci\u00f3n de los Pueblos Ind\u00edgenas;<\/li>\n<li>Defender el compromiso del FSC de afirmar los derechos de los Pueblos Ind\u00edgenas y los valores tradicionales y consuetudinarios en el sistema de certificaci\u00f3n FSC y en los espacios de di\u00e1logo pertinentes;<\/li>\n<li>Apoyar la participaci\u00f3n de los Pueblos Ind\u00edgenas para desarrollar negocios en el sector forestal que sean coherentes con los principios \u00e9ticos del FSC, adem\u00e1s de su compromiso social, medioambiental y econ\u00f3mico, y para crear cuota de mercado.<\/li>\n<\/ul>\n<p>&nbsp;<\/p>\n<\/div>\n    \n    \n      <\/div>\n<\/section>\n\n\n<div style=\"height:60px\" aria-hidden=\"true\" class=\"wp-block-spacer\"><\/div>\n\n\n\n<figure class=\"wp-block-embed aligncenter is-type-video is-provider-youtube wp-block-embed-youtube wp-embed-aspect-16-9\"><div class=\"wp-block-embed__wrapper\">\n<iframe loading=\"lazy\" title=\"The Real Connection\" width=\"640\" height=\"360\" src=\"https:\/\/www.youtube.com\/embed\/9z5xBSJ73AU?feature=oembed\" frameborder=\"0\" allow=\"accelerometer; autoplay; clipboard-write; encrypted-media; gyroscope; picture-in-picture; web-share\" referrerpolicy=\"strict-origin-when-cross-origin\" allowfullscreen><\/iframe>\n<\/div><\/figure>\n\n\n\n<section id=\"block_544b056e61825bd1a362a59b0e257883\" class=\"section teams-grid \"  style=\"background-color: #ffffff;\" >\n  <div class=\"container\">\n          <h2 class=\"section-header teams-grid__header\">\n        Miembros del Comit\u00e9 Permanente de Pueblos Ind\u00edgenas del Consejo de Administraci\u00f3n Foresta      <\/h2>\n    \n    \n    <div class=\"teams-grid__grid\">\n            <div class=\"teams-grid-card\">\n  <div class=\"teams-grid-card__container\">\n          <div class=\"teams-grid-card__image\">\n        <a href=\"https:\/\/www.fscindigenousfoundation.org\/es\/teams\/samante-anne\/\" class=\"posts__item-image\">\n          <img loading=\"lazy\" decoding=\"async\" width=\"768\" height=\"768\" src=\"https:\/\/www.fscindigenousfoundation.org\/wp-content\/uploads\/2025\/01\/dsc00429-768x768.jpeg\" class=\"attachment-medium size-medium wp-post-image\" alt=\"Samante Anne\" \/>        <\/a>\n      <\/div>\n    \n          <span class=\"teams-grid-card__title\">\n        <a href=\"https:\/\/www.fscindigenousfoundation.org\/es\/teams\/samante-anne\/\">Samante Anne<\/a>\n      <\/span>\n    \n          <span class=\"teams-grid-card__description\">\n        Representante del PIPC para \u00c1frica angl\u00f3fona      <\/span>\n      <\/div>\n<\/div><div class=\"teams-grid-card\">\n  <div class=\"teams-grid-card__container\">\n          <div class=\"teams-grid-card__image\">\n        <a href=\"https:\/\/www.fscindigenousfoundation.org\/es\/teams\/niila-inga\/\" class=\"posts__item-image\">\n          <img loading=\"lazy\" decoding=\"async\" width=\"768\" height=\"768\" src=\"https:\/\/www.fscindigenousfoundation.org\/wp-content\/uploads\/2025\/01\/portrait-3-768x768.jpeg\" class=\"attachment-medium size-medium wp-post-image\" alt=\"Niila Inga\" \/>        <\/a>\n      <\/div>\n    \n          <span class=\"teams-grid-card__title\">\n        <a href=\"https:\/\/www.fscindigenousfoundation.org\/es\/teams\/niila-inga\/\">Niila Inga<\/a>\n      <\/span>\n    \n          <span class=\"teams-grid-card__description\">\n        Representante del PIPC para Europa      <\/span>\n      <\/div>\n<\/div><div class=\"teams-grid-card\">\n  <div class=\"teams-grid-card__container\">\n          <div class=\"teams-grid-card__image\">\n        <a href=\"https:\/\/www.fscindigenousfoundation.org\/es\/teams\/alina-liviet-santiago-jimenez\/\" class=\"posts__item-image\">\n          <img loading=\"lazy\" decoding=\"async\" width=\"752\" height=\"752\" src=\"https:\/\/www.fscindigenousfoundation.org\/wp-content\/uploads\/2025\/01\/whatsapp-image-2024-02-19-at-082758-3.jpeg\" class=\"attachment-medium size-medium wp-post-image\" alt=\"Alina Liviet Santiago Jimenez\" \/>        <\/a>\n      <\/div>\n    \n          <span class=\"teams-grid-card__title\">\n        <a href=\"https:\/\/www.fscindigenousfoundation.org\/es\/teams\/alina-liviet-santiago-jimenez\/\">Alina Liviet Santiago Jimenez<\/a>\n      <\/span>\n    \n          <span class=\"teams-grid-card__description\">\n        Representante del PIPC para Centro Am\u00e9rica y el Caribe      <\/span>\n      <\/div>\n<\/div><div class=\"teams-grid-card\">\n  <div class=\"teams-grid-card__container\">\n          <div class=\"teams-grid-card__image\">\n        <a href=\"https:\/\/www.fscindigenousfoundation.org\/es\/teams\/olga-kostrova\/\" class=\"posts__item-image\">\n          <img loading=\"lazy\" decoding=\"async\" width=\"768\" height=\"768\" src=\"https:\/\/www.fscindigenousfoundation.org\/wp-content\/uploads\/2025\/01\/olga-kostrova-768x768.png\" class=\"attachment-medium size-medium wp-post-image\" alt=\"\" \/>        <\/a>\n      <\/div>\n    \n          <span class=\"teams-grid-card__title\">\n        <a href=\"https:\/\/www.fscindigenousfoundation.org\/es\/teams\/olga-kostrova\/\">Olga Kostrova<\/a>\n      <\/span>\n    \n          <span class=\"teams-grid-card__description\">\n        Representante del PIPC para Rusia y la Comunidad de Estados Independientes      <\/span>\n      <\/div>\n<\/div><div class=\"teams-grid-card\">\n  <div class=\"teams-grid-card__container\">\n          <div class=\"teams-grid-card__image\">\n        <a href=\"https:\/\/www.fscindigenousfoundation.org\/es\/teams\/nadia-gomez\/\" class=\"posts__item-image\">\n          <img loading=\"lazy\" decoding=\"async\" width=\"768\" height=\"768\" src=\"https:\/\/www.fscindigenousfoundation.org\/wp-content\/uploads\/2025\/01\/whatsapp-image-2024-02-19-at-082853-1-768x768.jpeg\" class=\"attachment-medium size-medium wp-post-image\" alt=\"Nadia Gomez\" \/>        <\/a>\n      <\/div>\n    \n          <span class=\"teams-grid-card__title\">\n        <a href=\"https:\/\/www.fscindigenousfoundation.org\/es\/teams\/nadia-gomez\/\">Nadia Gomez<\/a>\n      <\/span>\n    \n          <span class=\"teams-grid-card__description\">\n        Representante del PIPC para Am\u00e9rica del Sur       <\/span>\n      <\/div>\n<\/div><div class=\"teams-grid-card\">\n  <div class=\"teams-grid-card__container\">\n          <div class=\"teams-grid-card__image\">\n        <a href=\"https:\/\/www.fscindigenousfoundation.org\/es\/teams\/david-flood\/\" class=\"posts__item-image\">\n          <img loading=\"lazy\" decoding=\"async\" width=\"768\" height=\"768\" src=\"https:\/\/www.fscindigenousfoundation.org\/wp-content\/uploads\/2025\/01\/david-flood-768x768.jpeg\" class=\"attachment-medium size-medium wp-post-image\" alt=\"David Flood\" \/>        <\/a>\n      <\/div>\n    \n          <span class=\"teams-grid-card__title\">\n        <a href=\"https:\/\/www.fscindigenousfoundation.org\/es\/teams\/david-flood\/\">David Flood<\/a>\n      <\/span>\n    \n          <span class=\"teams-grid-card__description\">\n        Presidente y representante del PIPC para Norte Am\u00e9rica      <\/span>\n      <\/div>\n<\/div><div class=\"teams-grid-card\">\n  <div class=\"teams-grid-card__container\">\n          <div class=\"teams-grid-card__image\">\n        <a href=\"https:\/\/www.fscindigenousfoundation.org\/es\/teams\/praful-lakra\/\" class=\"posts__item-image\">\n          <img loading=\"lazy\" decoding=\"async\" width=\"768\" height=\"768\" src=\"https:\/\/www.fscindigenousfoundation.org\/wp-content\/uploads\/2025\/01\/portrait-6-768x768.jpeg\" class=\"attachment-medium size-medium wp-post-image\" alt=\"Praful Lakra\" \/>        <\/a>\n      <\/div>\n    \n          <span class=\"teams-grid-card__title\">\n        <a href=\"https:\/\/www.fscindigenousfoundation.org\/es\/teams\/praful-lakra\/\">Praful Lakra<\/a>\n      <\/span>\n    \n          <span class=\"teams-grid-card__description\">\n        Vicepresidente del PIPC y Representante para Asia      <\/span>\n      <\/div>\n<\/div><div class=\"teams-grid-card\">\n  <div class=\"teams-grid-card__container\">\n          <div class=\"teams-grid-card__image\">\n        <a href=\"https:\/\/www.fscindigenousfoundation.org\/es\/teams\/te-ngaehe-wanikau\/\" class=\"posts__item-image\">\n          <img loading=\"lazy\" decoding=\"async\" width=\"768\" height=\"768\" src=\"https:\/\/www.fscindigenousfoundation.org\/wp-content\/uploads\/2025\/09\/te-ngaehe-wanikau-profile-photo-min-768x768.png\" class=\"attachment-medium size-medium wp-post-image\" alt=\"FSC Remedy Forum in Jakarta\" \/>        <\/a>\n      <\/div>\n    \n          <span class=\"teams-grid-card__title\">\n        <a href=\"https:\/\/www.fscindigenousfoundation.org\/es\/teams\/te-ngaehe-wanikau\/\">Te Ngaehe Wanikau<\/a>\n      <\/span>\n    \n          <span class=\"teams-grid-card__description\">\n        Representante del PIPC para Ocean\u00eda      <\/span>\n      <\/div>\n<\/div>    <\/div>\n  <\/div>\n<\/section>\n\n\n<div class=\"wp-block-buttons is-content-justification-center is-layout-flex wp-container-core-buttons-is-layout-16018d1d wp-block-buttons-is-layout-flex\">\n<div class=\"wp-block-button is-style-fill\"><a class=\"wp-block-button__link has-text-color has-background has-link-color has-custom-font-size wp-element-button\" href=\"https:\/\/www.fscindigenousfoundation.org\/es\/quienes-somos\/\" style=\"color:#000748;background-color:#ffa626;font-size:16px;font-style:normal;font-weight:700\" target=\"_blank\" rel=\"noreferrer noopener\">DESCUBRE M\u00c1S<\/a><\/div>\n<\/div>\n\n\n\n<div style=\"height:60px\" aria-hidden=\"true\" class=\"wp-block-spacer\"><\/div>\n","protected":false},"excerpt":{"rendered":"","protected":false},"author":1,"featured_media":0,"parent":0,"menu_order":0,"comment_status":"closed","ping_status":"closed","template":"","meta":{"footnotes":""},"class_list":["post-14795","page","type-page","status-publish","hentry"],"acf":[],"yoast_head":"<!-- This site is optimized with the Yoast SEO plugin v26.9 - https:\/\/yoast.com\/product\/yoast-seo-wordpress\/ -->\n<title>Comit\u00e9 Permanente de los Pueblos Ind\u00edgenas - Fundaci\u00f3n Ind\u00edgena FSC<\/title>\n<meta name=\"robots\" content=\"index, follow, max-snippet:-1, max-image-preview:large, max-video-preview:-1\" \/>\n<link rel=\"canonical\" href=\"https:\/\/www.fscindigenousfoundation.org\/es\/permanent-indigenous-peoples-committee\/\" \/>\n<meta property=\"og:locale\" content=\"es_ES\" \/>\n<meta property=\"og:type\" content=\"article\" \/>\n<meta property=\"og:title\" content=\"Comit\u00e9 Permanente de los Pueblos Ind\u00edgenas - Fundaci\u00f3n Ind\u00edgena FSC\" \/>\n<meta property=\"og:url\" content=\"https:\/\/www.fscindigenousfoundation.org\/es\/permanent-indigenous-peoples-committee\/\" \/>\n<meta property=\"og:site_name\" content=\"Fundaci\u00f3n Ind\u00edgena FSC\" \/>\n<meta property=\"article:publisher\" content=\"https:\/\/www.facebook.com\/fscindigenousfoundation\" \/>\n<meta property=\"article:modified_time\" content=\"2026-04-24T23:50:23+00:00\" \/>\n<meta property=\"og:image\" content=\"https:\/\/www.fscindigenousfoundation.org\/wp-content\/uploads\/2026\/04\/ga-2014-sevilla-768x512.jpg\" \/>\n<meta name=\"twitter:card\" content=\"summary_large_image\" \/>\n<meta name=\"twitter:site\" content=\"@fsc_if\" \/>\n<meta name=\"twitter:label1\" content=\"Est. reading time\" \/>\n\t<meta name=\"twitter:data1\" content=\"2 minutes\" \/>\n<script type=\"application\/ld+json\" class=\"yoast-schema-graph\">{\"@context\":\"https:\/\/schema.org\",\"@graph\":[{\"@type\":\"WebPage\",\"@id\":\"https:\/\/www.fscindigenousfoundation.org\/es\/permanent-indigenous-peoples-committee\/\",\"url\":\"https:\/\/www.fscindigenousfoundation.org\/es\/permanent-indigenous-peoples-committee\/\",\"name\":\"Comit\u00e9 Permanente de los Pueblos Ind\u00edgenas - Fundaci\u00f3n Ind\u00edgena FSC\",\"isPartOf\":{\"@id\":\"https:\/\/www.fscindigenousfoundation.org\/es\/#website\"},\"primaryImageOfPage\":{\"@id\":\"https:\/\/www.fscindigenousfoundation.org\/es\/permanent-indigenous-peoples-committee\/#primaryimage\"},\"image\":{\"@id\":\"https:\/\/www.fscindigenousfoundation.org\/es\/permanent-indigenous-peoples-committee\/#primaryimage\"},\"thumbnailUrl\":\"https:\/\/www.fscindigenousfoundation.org\/wp-content\/uploads\/2026\/04\/ga-2014-sevilla-768x512.jpg\",\"datePublished\":\"2025-01-08T20:35:47+00:00\",\"dateModified\":\"2026-04-24T23:50:23+00:00\",\"breadcrumb\":{\"@id\":\"https:\/\/www.fscindigenousfoundation.org\/es\/permanent-indigenous-peoples-committee\/#breadcrumb\"},\"inLanguage\":\"es-ES\",\"potentialAction\":[{\"@type\":\"ReadAction\",\"target\":[\"https:\/\/www.fscindigenousfoundation.org\/es\/permanent-indigenous-peoples-committee\/\"]}]},{\"@type\":\"ImageObject\",\"inLanguage\":\"es-ES\",\"@id\":\"https:\/\/www.fscindigenousfoundation.org\/es\/permanent-indigenous-peoples-committee\/#primaryimage\",\"url\":\"https:\/\/www.fscindigenousfoundation.org\/wp-content\/uploads\/2026\/04\/ga-2014-sevilla-768x512.jpg\",\"contentUrl\":\"https:\/\/www.fscindigenousfoundation.org\/wp-content\/uploads\/2026\/04\/ga-2014-sevilla-768x512.jpg\"},{\"@type\":\"BreadcrumbList\",\"@id\":\"https:\/\/www.fscindigenousfoundation.org\/es\/permanent-indigenous-peoples-committee\/#breadcrumb\",\"itemListElement\":[{\"@type\":\"ListItem\",\"position\":1,\"name\":\"Home\",\"item\":\"https:\/\/www.fscindigenousfoundation.org\/es\/\"},{\"@type\":\"ListItem\",\"position\":2,\"name\":\"Comit\u00e9 Permanente de los Pueblos Ind\u00edgenas\"}]},{\"@type\":\"WebSite\",\"@id\":\"https:\/\/www.fscindigenousfoundation.org\/es\/#website\",\"url\":\"https:\/\/www.fscindigenousfoundation.org\/es\/\",\"name\":\"IPARD\",\"description\":\"La Fundaci\u00f3n Ind\u00edgena FSC es una fundaci\u00f3n creada para proporcionar soluciones que garanticen los derechos ind\u00edgenas y proteger sus territorios, bosques y conocimiento ancestral.\",\"publisher\":{\"@id\":\"https:\/\/www.fscindigenousfoundation.org\/es\/#organization\"},\"potentialAction\":[{\"@type\":\"SearchAction\",\"target\":{\"@type\":\"EntryPoint\",\"urlTemplate\":\"https:\/\/www.fscindigenousfoundation.org\/es\/?s={search_term_string}\"},\"query-input\":{\"@type\":\"PropertyValueSpecification\",\"valueRequired\":true,\"valueName\":\"search_term_string\"}}],\"inLanguage\":\"es-ES\"},{\"@type\":\"Organization\",\"@id\":\"https:\/\/www.fscindigenousfoundation.org\/es\/#organization\",\"name\":\"FSC Indigenous Foundation\",\"url\":\"https:\/\/www.fscindigenousfoundation.org\/es\/\",\"logo\":{\"@type\":\"ImageObject\",\"inLanguage\":\"es-ES\",\"@id\":\"https:\/\/www.fscindigenousfoundation.org\/es\/#\/schema\/logo\/image\/\",\"url\":\"https:\/\/www.fscindigenousfoundation.org\/wp-content\/uploads\/2021\/09\/fsc-indigenous-foundation-color.png\",\"contentUrl\":\"https:\/\/www.fscindigenousfoundation.org\/wp-content\/uploads\/2021\/09\/fsc-indigenous-foundation-color.png\",\"width\":657,\"height\":197,\"caption\":\"FSC Indigenous Foundation\"},\"image\":{\"@id\":\"https:\/\/www.fscindigenousfoundation.org\/es\/#\/schema\/logo\/image\/\"},\"sameAs\":[\"https:\/\/www.facebook.com\/fscindigenousfoundation\",\"https:\/\/x.com\/fsc_if\",\"https:\/\/instagram.com\/fscindigenousfoundation\"]}]}<\/script>\n<!-- \/ Yoast SEO plugin. -->","yoast_head_json":{"title":"Comit\u00e9 Permanente de los Pueblos Ind\u00edgenas - Fundaci\u00f3n Ind\u00edgena FSC","robots":{"index":"index","follow":"follow","max-snippet":"max-snippet:-1","max-image-preview":"max-image-preview:large","max-video-preview":"max-video-preview:-1"},"canonical":"https:\/\/www.fscindigenousfoundation.org\/es\/permanent-indigenous-peoples-committee\/","og_locale":"es_ES","og_type":"article","og_title":"Comit\u00e9 Permanente de los Pueblos Ind\u00edgenas - Fundaci\u00f3n Ind\u00edgena FSC","og_url":"https:\/\/www.fscindigenousfoundation.org\/es\/permanent-indigenous-peoples-committee\/","og_site_name":"Fundaci\u00f3n Ind\u00edgena FSC","article_publisher":"https:\/\/www.facebook.com\/fscindigenousfoundation","article_modified_time":"2026-04-24T23:50:23+00:00","og_image":[{"url":"https:\/\/www.fscindigenousfoundation.org\/wp-content\/uploads\/2026\/04\/ga-2014-sevilla-768x512.jpg","type":"","width":"","height":""}],"twitter_card":"summary_large_image","twitter_site":"@fsc_if","twitter_misc":{"Est. reading time":"2 minutes"},"schema":{"@context":"https:\/\/schema.org","@graph":[{"@type":"WebPage","@id":"https:\/\/www.fscindigenousfoundation.org\/es\/permanent-indigenous-peoples-committee\/","url":"https:\/\/www.fscindigenousfoundation.org\/es\/permanent-indigenous-peoples-committee\/","name":"Comit\u00e9 Permanente de los Pueblos Ind\u00edgenas - Fundaci\u00f3n Ind\u00edgena FSC","isPartOf":{"@id":"https:\/\/www.fscindigenousfoundation.org\/es\/#website"},"primaryImageOfPage":{"@id":"https:\/\/www.fscindigenousfoundation.org\/es\/permanent-indigenous-peoples-committee\/#primaryimage"},"image":{"@id":"https:\/\/www.fscindigenousfoundation.org\/es\/permanent-indigenous-peoples-committee\/#primaryimage"},"thumbnailUrl":"https:\/\/www.fscindigenousfoundation.org\/wp-content\/uploads\/2026\/04\/ga-2014-sevilla-768x512.jpg","datePublished":"2025-01-08T20:35:47+00:00","dateModified":"2026-04-24T23:50:23+00:00","breadcrumb":{"@id":"https:\/\/www.fscindigenousfoundation.org\/es\/permanent-indigenous-peoples-committee\/#breadcrumb"},"inLanguage":"es-ES","potentialAction":[{"@type":"ReadAction","target":["https:\/\/www.fscindigenousfoundation.org\/es\/permanent-indigenous-peoples-committee\/"]}]},{"@type":"ImageObject","inLanguage":"es-ES","@id":"https:\/\/www.fscindigenousfoundation.org\/es\/permanent-indigenous-peoples-committee\/#primaryimage","url":"https:\/\/www.fscindigenousfoundation.org\/wp-content\/uploads\/2026\/04\/ga-2014-sevilla-768x512.jpg","contentUrl":"https:\/\/www.fscindigenousfoundation.org\/wp-content\/uploads\/2026\/04\/ga-2014-sevilla-768x512.jpg"},{"@type":"BreadcrumbList","@id":"https:\/\/www.fscindigenousfoundation.org\/es\/permanent-indigenous-peoples-committee\/#breadcrumb","itemListElement":[{"@type":"ListItem","position":1,"name":"Home","item":"https:\/\/www.fscindigenousfoundation.org\/es\/"},{"@type":"ListItem","position":2,"name":"Comit\u00e9 Permanente de los Pueblos Ind\u00edgenas"}]},{"@type":"WebSite","@id":"https:\/\/www.fscindigenousfoundation.org\/es\/#website","url":"https:\/\/www.fscindigenousfoundation.org\/es\/","name":"IPARD","description":"La Fundaci\u00f3n Ind\u00edgena FSC es una fundaci\u00f3n creada para proporcionar soluciones que garanticen los derechos ind\u00edgenas y proteger sus territorios, bosques y conocimiento ancestral.","publisher":{"@id":"https:\/\/www.fscindigenousfoundation.org\/es\/#organization"},"potentialAction":[{"@type":"SearchAction","target":{"@type":"EntryPoint","urlTemplate":"https:\/\/www.fscindigenousfoundation.org\/es\/?s={search_term_string}"},"query-input":{"@type":"PropertyValueSpecification","valueRequired":true,"valueName":"search_term_string"}}],"inLanguage":"es-ES"},{"@type":"Organization","@id":"https:\/\/www.fscindigenousfoundation.org\/es\/#organization","name":"FSC Indigenous Foundation","url":"https:\/\/www.fscindigenousfoundation.org\/es\/","logo":{"@type":"ImageObject","inLanguage":"es-ES","@id":"https:\/\/www.fscindigenousfoundation.org\/es\/#\/schema\/logo\/image\/","url":"https:\/\/www.fscindigenousfoundation.org\/wp-content\/uploads\/2021\/09\/fsc-indigenous-foundation-color.png","contentUrl":"https:\/\/www.fscindigenousfoundation.org\/wp-content\/uploads\/2021\/09\/fsc-indigenous-foundation-color.png","width":657,"height":197,"caption":"FSC Indigenous Foundation"},"image":{"@id":"https:\/\/www.fscindigenousfoundation.org\/es\/#\/schema\/logo\/image\/"},"sameAs":["https:\/\/www.facebook.com\/fscindigenousfoundation","https:\/\/x.com\/fsc_if","https:\/\/instagram.com\/fscindigenousfoundation"]}]}},"_links":{"self":[{"href":"https:\/\/www.fscindigenousfoundation.org\/es\/wp-json\/wp\/v2\/pages\/14795","targetHints":{"allow":["GET"]}}],"collection":[{"href":"https:\/\/www.fscindigenousfoundation.org\/es\/wp-json\/wp\/v2\/pages"}],"about":[{"href":"https:\/\/www.fscindigenousfoundation.org\/es\/wp-json\/wp\/v2\/types\/page"}],"author":[{"embeddable":true,"href":"https:\/\/www.fscindigenousfoundation.org\/es\/wp-json\/wp\/v2\/users\/1"}],"replies":[{"embeddable":true,"href":"https:\/\/www.fscindigenousfoundation.org\/es\/wp-json\/wp\/v2\/comments?post=14795"}],"version-history":[{"count":35,"href":"https:\/\/www.fscindigenousfoundation.org\/es\/wp-json\/wp\/v2\/pages\/14795\/revisions"}],"predecessor-version":[{"id":20085,"href":"https:\/\/www.fscindigenousfoundation.org\/es\/wp-json\/wp\/v2\/pages\/14795\/revisions\/20085"}],"wp:attachment":[{"href":"https:\/\/www.fscindigenousfoundation.org\/es\/wp-json\/wp\/v2\/media?parent=14795"}],"curies":[{"name":"wp","href":"https:\/\/api.w.org\/{rel}","templated":true}]}}