{"id":11632,"date":"2023-12-07T16:02:59","date_gmt":"2023-12-07T21:02:59","guid":{"rendered":"https:\/\/www.fscindigenousfoundation.org\/?page_id=11632"},"modified":"2025-10-31T14:12:06","modified_gmt":"2025-10-31T18:12:06","slug":"i-wee","status":"publish","type":"page","link":"https:\/\/www.fscindigenousfoundation.org\/es\/i-wee\/","title":{"rendered":"I-WEE"},"content":{"rendered":"<section id=\"block_a4ac6518e1be094983cd80cd87b2ec13\" class=\"section masthead--with-icon \" >\n  <div class=\"container--full-width\">\n    <div class=\"masthead--with-icon__image\">\n      <img decoding=\"async\" loading=\"lazy\" src=\"https:\/\/www.fscindigenousfoundation.org\/wp-content\/uploads\/2023\/10\/i-wee-bg1.jpg\" alt=\"FSC-IF meeting\">\n    <\/div>\n\n    <div class=\"masthead--with-icon__content\">\n      <div class=\"container\">\n                  <h2 class=\"masthead--with-icon__title\">\n            Iniciativa para el Empoderamiento Econ\u00f3mico de las Mujeres Ind\u00edgenas          <\/h2>\n        \n                  <div class=\"masthead--with-icon__icon\">\n            <img decoding=\"async\" loading=\"lazy\" src=\"https:\/\/www.fscindigenousfoundation.org\/wp-content\/uploads\/2021\/11\/our-work-icon.png\" alt=\"Our Work\">\n          <\/div>\n              <\/div>\n    <\/div>\n  <\/div>\n<\/section>\n\n<section id=\"block_b99ae7bd0c7acafa8b544a8c84d50df0\" class=\"section navigation-list \" >\n  <div class=\"container\">\n    <nav class=\"navigation-list__nav\">\n      <ul><\/ul>\n    <\/nav>\n  <\/div>\n<\/section>\n\n\n<div style=\"height:15px\" aria-hidden=\"true\" class=\"wp-block-spacer\"><\/div>\n\n\n<section id=\"block_b85f23f8fc8074ca11cdde538e7ce4fd\" class=\"section two-columns-image-text two-columns-image-text--light border-img-left h2-color-blue\"  style=\"background-color: #ffffff;\" >\n  <div class=\"container--full-width \">\n    <div class=\"two-columns-image-text__col-image\">\n      <img decoding=\"async\" loading=\"lazy\" data-object-fit=\"cover\" data-object-position=\"center\" src=\"https:\/\/www.fscindigenousfoundation.org\/wp-content\/uploads\/2023\/10\/i-wee-dream.jpg\" alt=\"FSC-IF meeting\">\n    <\/div>\n\n    <div class=\"two-columns-image-text__col-info\">\n              <h2 class=\"two-columns-image-text__header\">\n          Empoderamiento econ\u00f3mico de las mujeres y ni\u00f1as Ind\u00edgenas        <\/h2>\n      \n              <div class=\"two-columns-image-text__description\">\n          <p>La <strong>Iniciativa para el Empoderamiento Econ\u00f3mico de las Mujeres Ind\u00edgenas<\/strong> (I-WEE por sus siglas en ingl\u00e9s) tiene como objetivo promover el empoderamiento econ\u00f3mico de las mujeres y ni\u00f1as Ind\u00edgenas, fortaleciendo sus habilidades y capacidades, generando entornos propicios para la participaci\u00f3n activa y la incidencia, y fortaleciendo las iniciativas productivas lideradas por mujeres Ind\u00edgenas. Esta iniciativa se desarrolla en Guatemala y Honduras.<\/p>\n<p>La iniciativa se puso en marcha en 2020 y est\u00e1 financiada por la Agencia de los Estados Unidos para el Desarrollo Internacional (USAID) y el Consejo de Administraci\u00f3n Forestal (FSC).<\/p>\n        <\/div>\n      \n          <\/div>\n  <\/div>\n<\/section>\n\n<section id=\"block_4860aefdeb55c3bb6a21ff7eb9dc8d3a\" class=\"section navigation-target \" data-navigation-name=\"AGENTES DE CAMBIO\" data-navigation-hash=\"#agentes-de-cambio\">\n  <\/section>\n\n<section id=\"block_e2c3bf1463526b0f1cf52aea4129e48e\" class=\"section generic-content \"  style=\"background-color: #ffffff;\" >\n  <div class=\"container\">\n    \n          <h2 class=\"section-header generic-content__header\">\n        LAS MUJERES IND\u00cdGENAS COMO AGENTES DE CAMBIO      <\/h2>\n    \n    \n          <div class=\"generic-content__columns\">\n        <div class=\"generic-content__column\"><p><img loading=\"lazy\" decoding=\"async\" class=\"alignnone\" src=\"\/wp-content\/uploads\/2023\/11\/icon-familia2.png\" alt=\"Icon\" width=\"619\" height=\"572\" \/><\/p>\n<\/div>\n\n        <div class=\"generic-content__column\"><p><span style=\"color: #79a92b\"><strong>Las mujeres Ind\u00edgenas son agentes clave en el desarrollo de los Pueblos Ind\u00edgenas<\/strong><\/span>. Las mujeres Ind\u00edgenas son las protectoras de los conocimientos ancestrales, las pr\u00e1cticas culturales y tradicionales, as\u00ed como de su identidad ling\u00fc\u00edstica. Son transmisoras del conocimiento de generaci\u00f3n en generaci\u00f3n, por lo que son plenamente conscientes de las necesidades, problemas y retos a los que se enfrentan sus familias, comunidades y organizaciones. Su papel estrat\u00e9gico les permite gestionar y priorizar acciones para promover el bienestar integral.<\/p>\n<p>Sin embargo, las mujeres Ind\u00edgenas se han enfrentado a diferentes retos asociados a la discriminaci\u00f3n y la exclusi\u00f3n, lo que aumenta su vulnerabilidad. Promover su participaci\u00f3n activa en la toma de decisiones, defender sus derechos y apoyar su sostenibilidad econ\u00f3mica es esencial para su desarrollo y el de sus familias y comunidades.<\/p>\n<\/div>\n      <\/div>\n    \n      <\/div>\n<\/section>\n\n\n<hr class=\"wp-block-separator has-text-color has-alpha-channel-opacity has-background is-style-wide\" style=\"background-color:#e0e0e0;color:#e0e0e0\"\/>\n\n\n<section id=\"block_dffa7fb42624f003ee225c589089f364\" class=\"section navigation-target \" data-navigation-name=\"QUE HACEMOS\" data-navigation-hash=\"#que-hacemos\">\n  <\/section>\n\n<section id=\"block_7138011f208d893ec4d657a4f8dc9c71\" class=\"section header \"  style=\"background-color: #ffffff;\" >\n  <div class=\"container\">\n          <h2 class=\"section-header header__header\">\n        QU\u00c9 HACEMOS      <\/h2>\n      <\/div>\n<\/section>\n\n<section id=\"block_8f34bd917aa3fb7980f381064f3f4e1d\" class=\"section two-columns-image-text two-columns-image-text--light border-img-right h2-color-blue\"  style=\"background-color: #ffffff;\" >\n  <div class=\"container--full-width container--full-width-reverse\">\n    <div class=\"two-columns-image-text__col-image\">\n      <img decoding=\"async\" loading=\"lazy\" data-object-fit=\"cover\" data-object-position=\"center\" src=\"https:\/\/www.fscindigenousfoundation.org\/wp-content\/uploads\/2023\/10\/development1.jpg\" alt=\"FSC-IF meeting\">\n    <\/div>\n\n    <div class=\"two-columns-image-text__col-info\">\n              <h2 class=\"two-columns-image-text__header\">\n          Desarrollo de capacidades        <\/h2>\n      \n              <div class=\"two-columns-image-text__description\">\n          <p>Programas de formaci\u00f3n para <strong>mujeres Ind\u00edgenas sobre liderazgo, capacidades organizativas, habilidades de negociaci\u00f3n y comunicaci\u00f3n asertiva, defensa de derechos e identidad<\/strong>.<br \/>\nDesarrollo de capacidades en <strong>acciones de prevenci\u00f3n de violencia de g\u00e9nero y acceso a la justicia<\/strong>.<br \/>\nProgramas de formaci\u00f3n integral para <strong>autoridades municipales sobre c\u00f3mo trabajar con y para los Pueblos Ind\u00edgenas<\/strong>.<\/p>\n        <\/div>\n      \n          <\/div>\n  <\/div>\n<\/section>\n\n\n<div style=\"height:15px\" aria-hidden=\"true\" class=\"wp-block-spacer\"><\/div>\n\n\n<section id=\"block_54a6c4e69c90cf85e67df3fc2cbddf16\" class=\"section two-columns-image-text two-columns-image-text--light border-img-left h2-color-blue\"  style=\"background-color: #ffffff;\" >\n  <div class=\"container--full-width \">\n    <div class=\"two-columns-image-text__col-image\">\n      <img decoding=\"async\" loading=\"lazy\" data-object-fit=\"cover\" data-object-position=\"center\" src=\"https:\/\/www.fscindigenousfoundation.org\/wp-content\/uploads\/2023\/11\/i-wee5.jpg\" alt=\"FSC-IF meeting\">\n    <\/div>\n\n    <div class=\"two-columns-image-text__col-info\">\n              <h2 class=\"two-columns-image-text__header\">\n          Participaci\u00f3n activa        <\/h2>\n      \n              <div class=\"two-columns-image-text__description\">\n          <p><strong>Desarrollo de instrumentos<\/strong> que garanticen la <strong>participaci\u00f3n efectiva de las mujeres Ind\u00edgenas<\/strong>, promoviendo su capacidad de incidencia pol\u00edtica y social.<\/p>\n<p><strong>Plan de incidencia<\/strong> para lograr la desagregaci\u00f3n de datos a nivel nacional, considerando las especificidades de las mujeres y ni\u00f1as Ind\u00edgenas.<\/p>\n<p><strong>Creaci\u00f3n del observatorio de mujeres y Pueblos Ind\u00edgenas<\/strong>.<\/p>\n<p><strong>Realizaci\u00f3n de encuentros regionales<\/strong> para el intercambio de conocimientos y pr\u00e1cticas en torno a la incidencia pol\u00edtica y social.<\/p>\n        <\/div>\n      \n          <\/div>\n  <\/div>\n<\/section>\n\n\n<div style=\"height:15px\" aria-hidden=\"true\" class=\"wp-block-spacer\"><\/div>\n\n\n<section id=\"block_1a7c2c3465b5a3ecfbb3b6265bd07143\" class=\"section two-columns-image-text two-columns-image-text--light border-img-right h2-color-blue\"  style=\"background-color: #ffffff;\" >\n  <div class=\"container--full-width container--full-width-reverse\">\n    <div class=\"two-columns-image-text__col-image\">\n      <img decoding=\"async\" loading=\"lazy\" data-object-fit=\"cover\" data-object-position=\"center\" src=\"https:\/\/www.fscindigenousfoundation.org\/wp-content\/uploads\/2023\/12\/dsc00191-1.jpg\" alt=\"\">\n    <\/div>\n\n    <div class=\"two-columns-image-text__col-info\">\n              <h2 class=\"two-columns-image-text__header\">\n          Empoderamiento econ\u00f3mico        <\/h2>\n      \n              <div class=\"two-columns-image-text__description\">\n          <p>Fortalecimiento de <strong>cadenas de valor sensibles al g\u00e9nero<\/strong>.<\/p>\n<p>Desarrollo y fortalecimiento de <strong>iniciativas productivas sostenibles<\/strong>.<\/p>\n<p><strong>Plataforma digital<\/strong> para promover el <strong>comercio electr\u00f3nico<\/strong> y el <strong>emprendimiento vinculado a las artes y la cultura Ind\u00edgena<\/strong>.<\/p>\n<p><strong>Centro de Innovaci\u00f3n y Desarrollo Empresarial Ind\u00edgena<\/strong> (<strong>CIDEI<\/strong>)<\/p>\n<p><strong>Empoderamiento econ\u00f3mico<\/strong> a trav\u00e9s de la educaci\u00f3n y capacitaci\u00f3n en herramientas <strong>STEM<\/strong> para <strong>ni\u00f1as Ind\u00edgenas<\/strong>.<\/p>\n        <\/div>\n      \n          <\/div>\n  <\/div>\n<\/section>\n\n\n<hr class=\"wp-block-separator has-text-color has-alpha-channel-opacity has-background is-style-wide\" style=\"background-color:#e0e0e0;color:#e0e0e0\"\/>\n\n\n\n<div style=\"height:100px\" aria-hidden=\"true\" class=\"wp-block-spacer\"><\/div>\n\n\n<section id=\"block_36da6da8f3debab5785eb1b7a02ee1fa\" class=\"section navigation-target \" data-navigation-name=\"D\u00d3NDE TRABAJAMOS\" data-navigation-hash=\"#donde-trabajamos\">\n  <\/section>\n\n\n<div style=\"text-align: center;\">\n<h2 class=\"section-header\">D\u00d3NDE TRABAJAMOS<\/h2>\n<img loading=\"lazy\" decoding=\"async\" style=\"margin: 0 auto;\" src=\"\/wp-content\/uploads\/2023\/11\/map-regions-i-wee.png\" alt=\"\" width=\"1400\" height=\"788\" class=\"alignnone size-full wp-image-10705\" usemap=\"#regionmap1\">\n\t<map name=\"regionmap1\">\n\t<\/map>\n<\/div>\n\n\n\n<figure class=\"wp-block-embed is-type-video is-provider-youtube wp-block-embed-youtube wp-embed-aspect-16-9 wp-has-aspect-ratio\"><div class=\"wp-block-embed__wrapper\">\n<iframe loading=\"lazy\" title=\"Indigenous Women&#039;s Gathering in Guatemala | Encuentro de Mujeres Indi\u0301genas en Guatemala\" width=\"640\" height=\"360\" src=\"https:\/\/www.youtube.com\/embed\/EakerQDxAy0?feature=oembed\" frameborder=\"0\" allow=\"accelerometer; autoplay; clipboard-write; encrypted-media; gyroscope; picture-in-picture; web-share\" referrerpolicy=\"strict-origin-when-cross-origin\" allowfullscreen><\/iframe>\n<\/div><\/figure>\n\n\n\n<figure class=\"wp-block-embed is-type-video is-provider-youtube wp-block-embed-youtube wp-embed-aspect-16-9 wp-has-aspect-ratio\"><div class=\"wp-block-embed__wrapper\">\n<iframe loading=\"lazy\" title=\"Somos Mujeres Lencas\" width=\"640\" height=\"360\" src=\"https:\/\/www.youtube.com\/embed\/3SQo3saDEW0?feature=oembed\" frameborder=\"0\" allow=\"accelerometer; autoplay; clipboard-write; encrypted-media; gyroscope; picture-in-picture; web-share\" referrerpolicy=\"strict-origin-when-cross-origin\" allowfullscreen><\/iframe>\n<\/div><\/figure>\n\n\n\n<div style=\"height:50px\" aria-hidden=\"true\" class=\"wp-block-spacer\"><\/div>\n\n\n\n<section id=\"block_a439d07a11c49523ba1443956409d6e3\" class=\"section teams-grid \"  style=\"background-color: #e1e1e1;\" >\n  <div class=\"container\">\n          <h2 class=\"section-header teams-grid__header\">\n        Equipo I-WEE      <\/h2>\n    \n          <div class=\"teams-grid__description\">El equipo de trabajo cuenta con profesionales Ind\u00edgenas.<\/div>\n    \n    <div class=\"teams-grid__grid\">\n            <div class=\"teams-grid-card\">\n  <div class=\"teams-grid-card__container\">\n          <div class=\"teams-grid-card__image\">\n        <a href=\"https:\/\/www.fscindigenousfoundation.org\/es\/teams\/maatal-perez-conguache\/\" class=\"posts__item-image\">\n          <img loading=\"lazy\" decoding=\"async\" width=\"768\" height=\"768\" src=\"https:\/\/www.fscindigenousfoundation.org\/wp-content\/uploads\/2023\/08\/owl0096-157-768x768.jpeg\" class=\"attachment-medium size-medium wp-post-image\" alt=\"Maatal Perez\" \/>        <\/a>\n      <\/div>\n    \n          <span class=\"teams-grid-card__title\">\n        <a href=\"https:\/\/www.fscindigenousfoundation.org\/es\/teams\/maatal-perez-conguache\/\">Maatal P\u00e9rez Conguache<\/a>\n      <\/span>\n    \n          <span class=\"teams-grid-card__description\">\n        L\u00edder interina del Programa, Iniciativa para el Empoderamiento Econ\u00f3mico de las Mujeres Ind\u00edgenas (I-WEE)      <\/span>\n      <\/div>\n<\/div><div class=\"teams-grid-card\">\n  <div class=\"teams-grid-card__container\">\n          <div class=\"teams-grid-card__image\">\n        <a href=\"https:\/\/www.fscindigenousfoundation.org\/es\/teams\/leila-reyes\/\" class=\"posts__item-image\">\n          <img loading=\"lazy\" decoding=\"async\" width=\"768\" height=\"768\" src=\"https:\/\/www.fscindigenousfoundation.org\/wp-content\/uploads\/2023\/12\/foto-leila-reyes-diciembre-202371-768x768.jpeg\" class=\"attachment-medium size-medium wp-post-image\" alt=\"Leila Reyes\" \/>        <\/a>\n      <\/div>\n    \n          <span class=\"teams-grid-card__title\">\n        <a href=\"https:\/\/www.fscindigenousfoundation.org\/es\/teams\/leila-reyes\/\">Leila Reyes<\/a>\n      <\/span>\n    \n          <span class=\"teams-grid-card__description\">\n        Oficial de Asuntos de los Pueblos Ind\u00edgenas &#8211; Honduras      <\/span>\n      <\/div>\n<\/div><div class=\"teams-grid-card\">\n  <div class=\"teams-grid-card__container\">\n          <div class=\"teams-grid-card__image\">\n        <a href=\"https:\/\/www.fscindigenousfoundation.org\/es\/teams\/darwin-gudiel-velasquez-joachin\/\" class=\"posts__item-image\">\n          <img loading=\"lazy\" decoding=\"async\" width=\"768\" height=\"768\" src=\"https:\/\/www.fscindigenousfoundation.org\/wp-content\/uploads\/2024\/04\/darwin-velasquez-768x768.jpeg\" class=\"attachment-medium size-medium wp-post-image\" alt=\"FSC-IF staff\" \/>        <\/a>\n      <\/div>\n    \n          <span class=\"teams-grid-card__title\">\n        <a href=\"https:\/\/www.fscindigenousfoundation.org\/es\/teams\/darwin-gudiel-velasquez-joachin\/\">Darwin Gudiel Vel\u00e1squez Joach\u00edn<\/a>\n      <\/span>\n    \n          <span class=\"teams-grid-card__description\">\n        Responsable financiero y Punto focal para Am\u00e9rica Latina      <\/span>\n      <\/div>\n<\/div><div class=\"teams-grid-card\">\n  <div class=\"teams-grid-card__container\">\n          <div class=\"teams-grid-card__image\">\n        <a href=\"https:\/\/www.fscindigenousfoundation.org\/es\/teams\/yaily-castillo\/\" class=\"posts__item-image\">\n          <img loading=\"lazy\" decoding=\"async\" width=\"768\" height=\"768\" src=\"https:\/\/www.fscindigenousfoundation.org\/wp-content\/uploads\/2024\/04\/yaily-c-foto-768x768.jpg\" class=\"attachment-medium size-medium wp-post-image\" alt=\"Yaily C\" \/>        <\/a>\n      <\/div>\n    \n          <span class=\"teams-grid-card__title\">\n        <a href=\"https:\/\/www.fscindigenousfoundation.org\/es\/teams\/yaily-castillo\/\">Yaily Castillo<\/a>\n      <\/span>\n    \n          <span class=\"teams-grid-card__description\">\n        Profesional en formaci\u00f3n y asistencia t\u00e9cnica sobre el cambio clim\u00e1tico con los pueblos ind\u00edgenas      <\/span>\n      <\/div>\n<\/div>    <\/div>\n  <\/div>\n<\/section>\n\n\n<section id=\"block_0acc7165f4d9f0563664831847c93bf4\" class=\"section news-list \" >\n  <div class=\"container\">\n          <h2 class=\"section-header news-list__header\">\n        Lea las \u00faltimas actualizaciones de I-WEE      <\/h2>\n    \n    <div class=\"news-list__items\">\n            <div class=\"news-list__item\">\n  <a href=\"https:\/\/www.fscindigenousfoundation.org\/es\/mujeres-lenca-revitalizacion-cultural\/\" class=\"news-list__item-image\">\n    <img loading=\"lazy\" decoding=\"async\" width=\"768\" height=\"513\" src=\"https:\/\/www.fscindigenousfoundation.org\/wp-content\/uploads\/2024\/11\/ses4154-768x513.jpg\" class=\"attachment-medium size-medium wp-post-image\" alt=\"We are Lenca Women\" \/>  <\/a>\n\n  <a class=\"news-list__item-title\" href=\"https:\/\/www.fscindigenousfoundation.org\/es\/mujeres-lenca-revitalizacion-cultural\/\">Somos Mujeres Lencas<\/a>\n\n  <p class=\"news-list__item-excerpt\">\n    Mujeres Ind\u00edgenas Lencas lideran la revitalizaci\u00f3n cultural y el empoderamiento econ\u00f3mico   <\/p>\n\n  <a class=\"news-list__item-link\" href=\"https:\/\/www.fscindigenousfoundation.org\/es\/mujeres-lenca-revitalizacion-cultural\/\">\u203a Leer m\u00e1s<\/a>\n<\/div><div class=\"news-list__item\">\n  <a href=\"https:\/\/www.fscindigenousfoundation.org\/es\/weaving-life\/\" class=\"news-list__item-image\">\n    <img loading=\"lazy\" decoding=\"async\" width=\"768\" height=\"372\" src=\"https:\/\/www.fscindigenousfoundation.org\/wp-content\/uploads\/2024\/09\/dsc-0276-768x372.jpg\" class=\"attachment-medium size-medium wp-post-image\" alt=\"FSC-IF meeting\" \/>  <\/a>\n\n  <a class=\"news-list__item-title\" href=\"https:\/\/www.fscindigenousfoundation.org\/es\/weaving-life\/\">Tejiendo Vida<\/a>\n\n  <p class=\"news-list__item-excerpt\">\n    Organizaciones de mujeres Ind\u00edgenas de Quetzaltenango y Totonicap\u00e1n, Guatemala se reunieron para intercambiar conocimientos, experiencias, estrategias, y para dialogar con actores claves   <\/p>\n\n  <a class=\"news-list__item-link\" href=\"https:\/\/www.fscindigenousfoundation.org\/es\/weaving-life\/\">\u203a Leer m\u00e1s<\/a>\n<\/div><div class=\"news-list__item\">\n  <a href=\"https:\/\/www.fscindigenousfoundation.org\/es\/encuentro-nacional-de-la-plataforma-de-mujeres-indigenas-y-lanzamiento-de-la-escuela-de-gobernanza-y-liderazgo-para-mujeres-indigenas\/\" class=\"news-list__item-image\">\n    <img loading=\"lazy\" decoding=\"async\" width=\"768\" height=\"512\" src=\"https:\/\/www.fscindigenousfoundation.org\/wp-content\/uploads\/2024\/07\/img-8962-1-768x512.jpeg\" class=\"attachment-medium size-medium wp-post-image\" alt=\"\" \/>  <\/a>\n\n  <a class=\"news-list__item-title\" href=\"https:\/\/www.fscindigenousfoundation.org\/es\/encuentro-nacional-de-la-plataforma-de-mujeres-indigenas-y-lanzamiento-de-la-escuela-de-gobernanza-y-liderazgo-para-mujeres-indigenas\/\">Encuentro Nacional de la Plataforma de Mujeres Ind\u00edgenas y Lanzamiento de la Escuela de Gobernanza y Liderazgo para Mujeres Ind\u00edgenas<\/a>\n\n  <p class=\"news-list__item-excerpt\">\n    Se reunieron 80 lideresas para intercambiar experiencias y conocimientos  <\/p>\n\n  <a class=\"news-list__item-link\" href=\"https:\/\/www.fscindigenousfoundation.org\/es\/encuentro-nacional-de-la-plataforma-de-mujeres-indigenas-y-lanzamiento-de-la-escuela-de-gobernanza-y-liderazgo-para-mujeres-indigenas\/\">\u203a Leer m\u00e1s<\/a>\n<\/div><div class=\"news-list__item\">\n  <a href=\"https:\/\/www.fscindigenousfoundation.org\/es\/webinar-la-lengua-materna-pilar-que-sustenta-los-conocimientos-y-practicas-culturales-de-los-pueblos-indigenas-y-sus-soluciones-al-cambio-climatico\/\" class=\"news-list__item-image\">\n    <img loading=\"lazy\" decoding=\"async\" width=\"768\" height=\"629\" src=\"https:\/\/www.fscindigenousfoundation.org\/wp-content\/uploads\/2024\/03\/afiche-esp-final-1-768x629.png\" class=\"attachment-medium size-medium wp-post-image\" alt=\"\" \/>  <\/a>\n\n  <a class=\"news-list__item-title\" href=\"https:\/\/www.fscindigenousfoundation.org\/es\/webinar-la-lengua-materna-pilar-que-sustenta-los-conocimientos-y-practicas-culturales-de-los-pueblos-indigenas-y-sus-soluciones-al-cambio-climatico\/\">WEBINAR: La lengua materna, pilar que sustenta los conocimientos y pr\u00e1cticas culturales de los Pueblos Ind\u00edgenas y sus soluciones al cambio clim\u00e1tico<\/a>\n\n  <p class=\"news-list__item-excerpt\">\n    Aprenda c\u00f3mo la conservaci\u00f3n, revitalizaci\u00f3n y promoci\u00f3n de las lenguas Ind\u00edgenas contribuye a la gesti\u00f3n medioambiental   <\/p>\n\n  <a class=\"news-list__item-link\" href=\"https:\/\/www.fscindigenousfoundation.org\/es\/webinar-la-lengua-materna-pilar-que-sustenta-los-conocimientos-y-practicas-culturales-de-los-pueblos-indigenas-y-sus-soluciones-al-cambio-climatico\/\">\u203a Leer m\u00e1s<\/a>\n<\/div>    <\/div>\n\n          <div class=\"news-list__btn-wrapper\">\n        <a class=\"button button--primary button--small\" href=\"\/es\/noticias\/\" target=\"\">Lea todas las noticias de FSC-IF<\/a>\n      <\/div>\n      <\/div>\n<\/section>","protected":false},"excerpt":{"rendered":"<p>D\u00d3NDE TRABAJAMOS<\/p>\n","protected":false},"author":1,"featured_media":0,"parent":0,"menu_order":0,"comment_status":"closed","ping_status":"closed","template":"","meta":{"footnotes":""},"class_list":["post-11632","page","type-page","status-publish","hentry"],"acf":[],"yoast_head":"<!-- This site is optimized with the Yoast SEO plugin v26.9 - https:\/\/yoast.com\/product\/yoast-seo-wordpress\/ -->\n<title>I-WEE - Fundaci\u00f3n Ind\u00edgena FSC<\/title>\n<meta name=\"robots\" content=\"index, follow, max-snippet:-1, max-image-preview:large, max-video-preview:-1\" \/>\n<link rel=\"canonical\" href=\"https:\/\/www.fscindigenousfoundation.org\/es\/i-wee\/\" \/>\n<meta property=\"og:locale\" content=\"es_ES\" \/>\n<meta property=\"og:type\" content=\"article\" \/>\n<meta property=\"og:title\" content=\"I-WEE - Fundaci\u00f3n Ind\u00edgena FSC\" \/>\n<meta property=\"og:description\" content=\"D\u00d3NDE TRABAJAMOS\" \/>\n<meta property=\"og:url\" content=\"https:\/\/www.fscindigenousfoundation.org\/es\/i-wee\/\" \/>\n<meta property=\"og:site_name\" content=\"Fundaci\u00f3n Ind\u00edgena FSC\" \/>\n<meta property=\"article:publisher\" content=\"https:\/\/www.facebook.com\/fscindigenousfoundation\" \/>\n<meta property=\"article:modified_time\" content=\"2025-10-31T18:12:06+00:00\" \/>\n<meta name=\"twitter:card\" content=\"summary_large_image\" \/>\n<meta name=\"twitter:site\" content=\"@fsc_if\" \/>\n<meta name=\"twitter:label1\" content=\"Est. reading time\" \/>\n\t<meta name=\"twitter:data1\" content=\"1 minute\" \/>\n<script type=\"application\/ld+json\" class=\"yoast-schema-graph\">{\"@context\":\"https:\/\/schema.org\",\"@graph\":[{\"@type\":\"WebPage\",\"@id\":\"https:\/\/www.fscindigenousfoundation.org\/es\/i-wee\/\",\"url\":\"https:\/\/www.fscindigenousfoundation.org\/es\/i-wee\/\",\"name\":\"I-WEE - Fundaci\u00f3n Ind\u00edgena FSC\",\"isPartOf\":{\"@id\":\"https:\/\/www.fscindigenousfoundation.org\/es\/#website\"},\"datePublished\":\"2023-12-07T21:02:59+00:00\",\"dateModified\":\"2025-10-31T18:12:06+00:00\",\"breadcrumb\":{\"@id\":\"https:\/\/www.fscindigenousfoundation.org\/es\/i-wee\/#breadcrumb\"},\"inLanguage\":\"es-ES\",\"potentialAction\":[{\"@type\":\"ReadAction\",\"target\":[\"https:\/\/www.fscindigenousfoundation.org\/es\/i-wee\/\"]}]},{\"@type\":\"BreadcrumbList\",\"@id\":\"https:\/\/www.fscindigenousfoundation.org\/es\/i-wee\/#breadcrumb\",\"itemListElement\":[{\"@type\":\"ListItem\",\"position\":1,\"name\":\"Home\",\"item\":\"https:\/\/www.fscindigenousfoundation.org\/es\/\"},{\"@type\":\"ListItem\",\"position\":2,\"name\":\"I-WEE\"}]},{\"@type\":\"WebSite\",\"@id\":\"https:\/\/www.fscindigenousfoundation.org\/es\/#website\",\"url\":\"https:\/\/www.fscindigenousfoundation.org\/es\/\",\"name\":\"IPARD\",\"description\":\"La Fundaci\u00f3n Ind\u00edgena FSC es una fundaci\u00f3n creada para proporcionar soluciones que garanticen los derechos ind\u00edgenas y proteger sus territorios, bosques y conocimiento ancestral.\",\"publisher\":{\"@id\":\"https:\/\/www.fscindigenousfoundation.org\/es\/#organization\"},\"potentialAction\":[{\"@type\":\"SearchAction\",\"target\":{\"@type\":\"EntryPoint\",\"urlTemplate\":\"https:\/\/www.fscindigenousfoundation.org\/es\/?s={search_term_string}\"},\"query-input\":{\"@type\":\"PropertyValueSpecification\",\"valueRequired\":true,\"valueName\":\"search_term_string\"}}],\"inLanguage\":\"es-ES\"},{\"@type\":\"Organization\",\"@id\":\"https:\/\/www.fscindigenousfoundation.org\/es\/#organization\",\"name\":\"FSC Indigenous Foundation\",\"url\":\"https:\/\/www.fscindigenousfoundation.org\/es\/\",\"logo\":{\"@type\":\"ImageObject\",\"inLanguage\":\"es-ES\",\"@id\":\"https:\/\/www.fscindigenousfoundation.org\/es\/#\/schema\/logo\/image\/\",\"url\":\"https:\/\/www.fscindigenousfoundation.org\/wp-content\/uploads\/2021\/09\/fsc-indigenous-foundation-color.png\",\"contentUrl\":\"https:\/\/www.fscindigenousfoundation.org\/wp-content\/uploads\/2021\/09\/fsc-indigenous-foundation-color.png\",\"width\":657,\"height\":197,\"caption\":\"FSC Indigenous Foundation\"},\"image\":{\"@id\":\"https:\/\/www.fscindigenousfoundation.org\/es\/#\/schema\/logo\/image\/\"},\"sameAs\":[\"https:\/\/www.facebook.com\/fscindigenousfoundation\",\"https:\/\/x.com\/fsc_if\",\"https:\/\/instagram.com\/fscindigenousfoundation\"]}]}<\/script>\n<!-- \/ Yoast SEO plugin. -->","yoast_head_json":{"title":"I-WEE - Fundaci\u00f3n Ind\u00edgena FSC","robots":{"index":"index","follow":"follow","max-snippet":"max-snippet:-1","max-image-preview":"max-image-preview:large","max-video-preview":"max-video-preview:-1"},"canonical":"https:\/\/www.fscindigenousfoundation.org\/es\/i-wee\/","og_locale":"es_ES","og_type":"article","og_title":"I-WEE - Fundaci\u00f3n Ind\u00edgena FSC","og_description":"D\u00d3NDE TRABAJAMOS","og_url":"https:\/\/www.fscindigenousfoundation.org\/es\/i-wee\/","og_site_name":"Fundaci\u00f3n Ind\u00edgena FSC","article_publisher":"https:\/\/www.facebook.com\/fscindigenousfoundation","article_modified_time":"2025-10-31T18:12:06+00:00","twitter_card":"summary_large_image","twitter_site":"@fsc_if","twitter_misc":{"Est. reading time":"1 minute"},"schema":{"@context":"https:\/\/schema.org","@graph":[{"@type":"WebPage","@id":"https:\/\/www.fscindigenousfoundation.org\/es\/i-wee\/","url":"https:\/\/www.fscindigenousfoundation.org\/es\/i-wee\/","name":"I-WEE - Fundaci\u00f3n Ind\u00edgena FSC","isPartOf":{"@id":"https:\/\/www.fscindigenousfoundation.org\/es\/#website"},"datePublished":"2023-12-07T21:02:59+00:00","dateModified":"2025-10-31T18:12:06+00:00","breadcrumb":{"@id":"https:\/\/www.fscindigenousfoundation.org\/es\/i-wee\/#breadcrumb"},"inLanguage":"es-ES","potentialAction":[{"@type":"ReadAction","target":["https:\/\/www.fscindigenousfoundation.org\/es\/i-wee\/"]}]},{"@type":"BreadcrumbList","@id":"https:\/\/www.fscindigenousfoundation.org\/es\/i-wee\/#breadcrumb","itemListElement":[{"@type":"ListItem","position":1,"name":"Home","item":"https:\/\/www.fscindigenousfoundation.org\/es\/"},{"@type":"ListItem","position":2,"name":"I-WEE"}]},{"@type":"WebSite","@id":"https:\/\/www.fscindigenousfoundation.org\/es\/#website","url":"https:\/\/www.fscindigenousfoundation.org\/es\/","name":"IPARD","description":"La Fundaci\u00f3n Ind\u00edgena FSC es una fundaci\u00f3n creada para proporcionar soluciones que garanticen los derechos ind\u00edgenas y proteger sus territorios, bosques y conocimiento ancestral.","publisher":{"@id":"https:\/\/www.fscindigenousfoundation.org\/es\/#organization"},"potentialAction":[{"@type":"SearchAction","target":{"@type":"EntryPoint","urlTemplate":"https:\/\/www.fscindigenousfoundation.org\/es\/?s={search_term_string}"},"query-input":{"@type":"PropertyValueSpecification","valueRequired":true,"valueName":"search_term_string"}}],"inLanguage":"es-ES"},{"@type":"Organization","@id":"https:\/\/www.fscindigenousfoundation.org\/es\/#organization","name":"FSC Indigenous Foundation","url":"https:\/\/www.fscindigenousfoundation.org\/es\/","logo":{"@type":"ImageObject","inLanguage":"es-ES","@id":"https:\/\/www.fscindigenousfoundation.org\/es\/#\/schema\/logo\/image\/","url":"https:\/\/www.fscindigenousfoundation.org\/wp-content\/uploads\/2021\/09\/fsc-indigenous-foundation-color.png","contentUrl":"https:\/\/www.fscindigenousfoundation.org\/wp-content\/uploads\/2021\/09\/fsc-indigenous-foundation-color.png","width":657,"height":197,"caption":"FSC Indigenous Foundation"},"image":{"@id":"https:\/\/www.fscindigenousfoundation.org\/es\/#\/schema\/logo\/image\/"},"sameAs":["https:\/\/www.facebook.com\/fscindigenousfoundation","https:\/\/x.com\/fsc_if","https:\/\/instagram.com\/fscindigenousfoundation"]}]}},"_links":{"self":[{"href":"https:\/\/www.fscindigenousfoundation.org\/es\/wp-json\/wp\/v2\/pages\/11632","targetHints":{"allow":["GET"]}}],"collection":[{"href":"https:\/\/www.fscindigenousfoundation.org\/es\/wp-json\/wp\/v2\/pages"}],"about":[{"href":"https:\/\/www.fscindigenousfoundation.org\/es\/wp-json\/wp\/v2\/types\/page"}],"author":[{"embeddable":true,"href":"https:\/\/www.fscindigenousfoundation.org\/es\/wp-json\/wp\/v2\/users\/1"}],"replies":[{"embeddable":true,"href":"https:\/\/www.fscindigenousfoundation.org\/es\/wp-json\/wp\/v2\/comments?post=11632"}],"version-history":[{"count":46,"href":"https:\/\/www.fscindigenousfoundation.org\/es\/wp-json\/wp\/v2\/pages\/11632\/revisions"}],"predecessor-version":[{"id":16914,"href":"https:\/\/www.fscindigenousfoundation.org\/es\/wp-json\/wp\/v2\/pages\/11632\/revisions\/16914"}],"wp:attachment":[{"href":"https:\/\/www.fscindigenousfoundation.org\/es\/wp-json\/wp\/v2\/media?parent=11632"}],"curies":[{"name":"wp","href":"https:\/\/api.w.org\/{rel}","templated":true}]}}